{"id":2674,"date":"2019-10-02T16:02:58","date_gmt":"2019-10-02T19:02:58","guid":{"rendered":"http:\/\/www.laplatamagica.com.ar\/?page_id=2674"},"modified":"2020-09-24T11:45:01","modified_gmt":"2020-09-24T14:45:01","slug":"tolosa-4","status":"publish","type":"page","link":"https:\/\/laplatamagica.ar\/?page_id=2674","title":{"rendered":"Tolosa 4"},"content":{"rendered":"\n<p style=\"text-align:center\" class=\"has-large-font-size\"><strong>Testigo de la historia<\/strong><\/p>\n\n\n\n<p style=\"text-align:center\"> <br><strong><a href=\"http:\/\/www.laplatamagica.com.ar\/?page_id=2488#tolo1\">Primeros Habitantes<\/a>&#8211; <a href=\"http:\/\/www.laplatamagica.com.ar\/wp-admin\/post.php?post=2488&amp;action=edit#ejes9\">Talleres<\/a> &#8211; <a href=\"http:\/\/www.laplatamagica.com.ar\/?page_id=2488#tolo2\">Progresos Comerciales<\/a> &#8211; <a href=\"http:\/\/www.laplatamagica.com.ar\/?page_id=2488#tolo3\">Las Graser\u00edas Mataderos y Saladeros<\/a>  &#8211;  <a href=\"http:\/\/www.laplatamagica.com.ar\/?page_id=2536#ejes1\">Las Quintas<\/a>  &#8211;  <a href=\"http:\/\/www.laplatamagica.com.ar\/?page_id=2488#tolo5\">El ferrocarril y Talleres<\/a><\/strong> &#8211;<strong><a href=\"http:\/\/www.laplatamagica.com.ar\/?page_id=2536#ejes2\">Banco de la Provincia<\/a>  &#8211;  <a href=\"http:\/\/www.laplatamagica.com.ar\/wp-admin\/post.php?post=2536&amp;action=edit#ejes3\">Los primeros peri\u00f3dicos<\/a>  &#8211;  <a href=\"http:\/\/www.laplatamagica.com.ar\/?page_id=2536#ejes5\">La primera l\u00ednea de tranv\u00edas<\/a>  &#8211;  <a href=\"http:\/\/www.laplatamagica.com.ar\/?page_id=2536#ejes6\">Molino &#8220;La Julia&#8221;<\/a>   <a href=\"http:\/\/www.laplatamagica.com.ar\/?page_id=2536#ejes7\">Primeros Avisos en el diario<\/a>  &#8211;  <a href=\"http:\/\/www.laplatamagica.com.ar\/?page_id=2536#ejes8\">El Alumbrado y Polic\u00eda <\/a> &#8211;  <a href=\"http:\/\/www.laplatamagica.com.ar\/?page_id=2536#ejes4\">Las &#8220;Mil Casas&#8221;<\/a>  &#8211; <a href=\"http:\/\/www.laplatamagica.com.ar\/?page_id=2674#ejes10\">Personalidades<\/a>  &#8211;  <a href=\"http:\/\/www.laplatamagica.com.ar\/?page_id=2488#tolo4\">El Cementerio<\/a> &#8211;  <a href=\"http:\/\/www.laplatamagica.com.ar\/?page_id=2588#ejes10\">An\u00e9cdotas, Curiosidades y enlaces<\/a>  &#8211;  <a href=\"http:\/\/www.laplatamagica.com.ar\/?page_id=2855\">Fotos actuales<\/a>  &#8211;  <a href=\"http:\/\/www.laplatamagica.com.ar\/?page_id=2749\">Fotos Antiguas<\/a> &#8211;  <a href=\"http:\/\/www.laplatamagica.com.ar\/?page_id=2674#weber2\">Fecha de fundaci\u00f3n y controversia<\/a>  &#8211;  <a href=\"http:\/\/www.laplatamagica.com.ar\/?page_id=2588#weber\">Aniversario de Los Tolosanos<\/a> &#8211;  <a href=\"http:\/\/www.laplatamagica.com.ar\/?page_id=2711#weber3\">Club Uni\u00f3n y Fuerza<\/a> &#8211;   <a href=\"http:\/\/www.laplatamagica.com.ar\/?page_id=2711#weber4\">Celebraciones y conmemoraciones <\/a>&#8211; <a href=\"http:\/\/www.laplatamagica.com.ar\/?page_id=2711#barr\">Barrio Obrero<\/a><\/strong> <\/p>\n\n\n\n<hr class=\"wp-block-separator\"\/>\n\n\n\n<p id=\"ejes10\" style=\"font-size:30px;text-align:center\"><strong> \u201cPersonalidades\u201d<\/strong><\/p>\n\n\n\n<p class=\"has-medium-font-size\"><strong>Francisco Jos\u00e9 Laborde<\/strong><\/p>\n\n\n\n<p>Naci\u00f3 un 4 de mayo de 1902 y vivi\u00f3 en Tolosa a partir de los dos a\u00f1os de edad, era hijo de una familia de gran prestigio y muy querida en la zona.<br>\nDr. Francisco J. LabordeEn Tolosa vivi\u00f3, form\u00f3 su hogar y se dedic\u00f3 toda la vida a su gran amor: el ejercicio de la medicina desde 1927 a\u00f1o en que obtuvo el titulo, que la practicaba con una gran dedicaci\u00f3n y desinter\u00e9s material que sumado a su trato afable lo hicieron merecedor de la amistad de todos los que lo trataban.<\/p>\n\n\n\n<div class=\"wp-block-image\"><figure class=\"aligncenter\"><img loading=\"lazy\" decoding=\"async\" width=\"491\" height=\"700\" src=\"http:\/\/www.laplatamagica.com.ar\/wp-content\/uploads\/2019\/10\/Drlaborde.jpg\" alt=\"\" class=\"wp-image-2677\" srcset=\"https:\/\/laplatamagica.ar\/wp-content\/uploads\/2019\/10\/Drlaborde.jpg 491w, https:\/\/laplatamagica.ar\/wp-content\/uploads\/2019\/10\/Drlaborde-210x300.jpg 210w\" sizes=\"auto, (max-width: 491px) 85vw, 491px\" \/><\/figure><\/div>\n\n\n\n<p>Adem\u00e1s de dar su tiempo a sus enfermos, encontr\u00f3 espacio para la historia, este amor por la investigaci\u00f3n hist\u00f3rica le ven\u00edan de su abuelo materno Francisco Cestino, autor de una Historia de la Ensenada.<\/p>\n\n\n\n<p>Conferencista e incansable lector particip\u00f3 como miembro activo en clubes culturales, sociales y deportivos perteneciendo al Consorcio de M\u00e9dicos Cat\u00f3licos. Fue m\u00e9dico \u201cad honorem\u201d del Asilo Mar\u00edn hasta que se jubil\u00f3, m\u00e9dico del Circulo Cat\u00f3lico y Director de los Dispensarios de la Cruz Roja Argentina de La Plata.<\/p>\n\n\n\n<p>Ejerci\u00f3 cargos como miembro de las Comisiones Directivas de la Sociedad M\u00e9dica de La Plata, del Colegio de M\u00e9dicos de la Provincia de Buenos Aires, de la Liga Popular contra la Tuberculosis, del Club de Gimnasia y Esgrima La Plata, dirigente de U.C.R, de la Asociaci\u00f3n Sarmiento, interventor de la Sociedad de Historia de la En el circulo de sus amistades al Dr. lo apodaban &#8220;panchope&#8221; Medicina perteneciente a la Sociedad M\u00e9dica de La Plata, Director M\u00e9dico de la Direcci\u00f3n de Maternidad e Infancia y de la Direcci\u00f3n de Acci\u00f3n M\u00e9dico Social del Ministerio de Salud P\u00fablica de la provincia de Buenos Aires.<\/p>\n\n\n\n<p>Escribi\u00f3 el libro \u201cBreve Historia de Tolosa\u201d prologado por el Prof. Enrique M. Barba presidente de la Academia de la Historia. Sus investigaciones hist\u00f3ricas y las intensas gestiones que hiciera con un grupo de amigos tolosanos tuvo un papel important\u00edsimo en la modificaci\u00f3n de la fecha de fundaci\u00f3n de esta localidad.<\/p>\n\n\n\n<p>Se jubil\u00f3 en 1970 y se le tribut\u00f3 un homenaje organizado por las instituciones sociales de Tolosa con posterioridad a su muerte acaecida el 5 de febrero de 1975. En una un\u00e1nime resoluci\u00f3n del Consejo Deliberante de la ciudad de La Plata se le dio su nombre a la calle 2 entre 528 a 532 oportunidad en que tambi\u00e9n se colocaron placas en su casa de 2 entre 530 y 531 y en la esquina de 2 y 532 en homenaje a su filantrop\u00eda practicada en la medicina.<\/p>\n\n\n\n<p class=\"has-small-font-size\"><em>Se agradece muy especialmente la atenci\u00f3n de las Sras. Nelly Laborde de Adrover y Dora Laborde y el pr\u00e9stamo de material bibliogr\u00e1fico y fotos.<\/em><\/p>\n\n\n\n<p class=\"has-medium-font-size\"><strong>Emma de la Barra<\/strong><\/p>\n\n\n\n<p><em>La dama de &#8220;Las mil casas&#8221;<\/em><\/p>\n\n\n\n<div class=\"wp-block-image\"><figure class=\"alignleft\"><img loading=\"lazy\" decoding=\"async\" width=\"100\" height=\"105\" src=\"http:\/\/www.laplatamagica.com.ar\/wp-content\/uploads\/2019\/10\/Emmadelabarra.jpg\" alt=\"\" class=\"wp-image-2679\"\/><figcaption><strong>Emma de la Barra<\/strong><\/figcaption><\/figure><\/div>\n\n\n\n<p><br> A principios del siglo pasado, cuando no se conoc\u00eda el fen\u00f3meno llamado &#8220;best-sellerismo&#8221;, una escritora argentina se daba el lujo de agotar ediciones de su primera novela que, t\u00edmidamente, hab\u00eda aparecido en un mediointelectual reducido. Se llamaba Emma de la Barra pero eligi\u00f3 para firmar Stella, el libro que la lanz\u00f3 a la fama, un nombre masculino.<\/p>\n\n\n\n<p>Fue desde entonces &#8220;C\u00e9sar Duayen&#8221;. Hab\u00eda nacido en Rosario en 1861 y era hija de Federico de la Barra, pol\u00edtico y periodista de destacada actuaci\u00f3n que, en la villa de los a\u00f1os &#8217;60 que crec\u00eda vertiginosamente, reun\u00eda noche a noche en su casa una tertulia de personajes brillantes. Siendo todav\u00eda ni\u00f1a, Emma se traslad\u00f3 con la familia a Buenos Aires donde, a\u00f1os m\u00e1s tarde, se cas\u00f3 con su t\u00edo paterno Juan de la Barra. Inquieta por naturaleza, continu\u00f3 desarrollando sus talentos art\u00edsticos, encaminados hacia la m\u00fasica y la pintura.<\/p>\n\n\n\n<p>0tra importante empresa en la que particip\u00f3, con el marido, fue la construcci\u00f3n de un barrio obrero en Tolosa, donde estaban los talleres ferroviarios junto a La Plata, o lo que ser\u00eda entonces la capital de la provincia. Habilitado en 1882, precisamente el a\u00f1o de fundaci\u00f3n de esa ciudad, el grupo de edificaciones, que abarcaba dos manzanas, fue popularmente conocido como &#8220;las mil casas&#8221;, de las que a\u00fan quedan vestigios. Emma proyect\u00f3 all\u00ed una escuela, teatro e iglesia, pero fracas\u00f3 econ\u00f3micamente y perdi\u00f3 casi toda su fortuna.<\/p>\n\n\n\n<p>Recluida por su viudez como se acostumbraba entonces, a partir de 1904 se entreg\u00f3 a la literatura, ya que &#8220;Las mil casas&#8221;otras actividades le estaban vedadas. Escribi\u00f3 Stella en pocas semanas seg\u00fan refiri\u00f3 en un reportaje, y la dio a la imprenta en forma an\u00f3nima encarg\u00e1ndose de los tr\u00e1mites Julio Llanos, poco despu\u00e9s, su segundo marido.<\/p>\n\n\n\n<p>Tambi\u00e9n explic\u00f3 que el seud\u00f3nimo obedec\u00eda al hecho de que una mujer escritora era entonces mal vista, pero lo cierto es que el \u00e9xito fue inmediato. Corr\u00eda el a\u00f1o 1905 y la reducida sociedad de la \u00e9poca coment\u00f3 el hecho con inter\u00e9s, pues se cre\u00eda estar en presencia de una novela con personajes reales, adem\u00e1s de que conquistaron a los lectores el verismo y el estilo con que se pintaba un medio que la autora conoc\u00eda bien.<\/p>\n\n\n\n<p>Lleg\u00f3 a suponerse que Llanos era el responsable del libro, pero, ante el revuelo suscitado, la verdad sali\u00f3 a luz. La cr\u00edtica literaria fue elogiosa y la primera edici\u00f3n se agot\u00f3 enseguida. Aquella novela emocion\u00f3 a varias generaciones, dio a su autora motivos de orgullo y ganancias considerables y tuvo varias ediciones y traducciones.<\/p>\n\n\n\n<p>Entregada de lleno a la tarea literaria, Emma de la Barra public\u00f3 en 1906 otra novela, Mecha Iturbe, por cuyos originales la casa Maucci, de Barcelona, pag\u00f3 5.000 pesos adelantados por 6,000 ejemplares, hecho ins\u00f3lito er las letras argentinas.<br> Adapt\u00f3 sus obras para el cine y colabor\u00f3 en diarios y revistas, pero su mayor lauro fue Stella, escrita en una \u00e9poca en que no eran muchas las mujeres que pod\u00edan aspirar a la fama literaria, fallecio en Buenos Aires en 1947.<\/p>\n\n\n\n<p class=\"has-medium-font-size\"><strong>Matias Behety\ufeff<\/strong><\/p>\n\n\n\n<div class=\"wp-block-image\"><figure class=\"alignleft\"><img loading=\"lazy\" decoding=\"async\" width=\"295\" height=\"344\" src=\"http:\/\/www.laplatamagica.com.ar\/wp-content\/uploads\/2019\/10\/mathias1.jpg\" alt=\"\" class=\"wp-image-2681\" srcset=\"https:\/\/laplatamagica.ar\/wp-content\/uploads\/2019\/10\/mathias1.jpg 295w, https:\/\/laplatamagica.ar\/wp-content\/uploads\/2019\/10\/mathias1-257x300.jpg 257w\" sizes=\"auto, (max-width: 295px) 85vw, 295px\" \/><figcaption> <br><strong>\ufeffMatias Behety<\/strong> <\/figcaption><\/figure><\/div>\n\n\n\n<p>Puede considerarse a Behety como el primer poeta platense a pesar de que residi\u00f3 gran parte de su vida en Buenos Aires.<br>\nMat\u00edas Behety que hab\u00eda nacido en Montevideo en 1849, era hijo de vascos franceses. Se hab\u00eda educado en un colegio de Concepci\u00f3n del Uruguay que sosten\u00eda Urquiza.<br>\nTuvo como compa\u00f1eros a Roca, Manuel Quintana, Victorino de la Plaza y Olegario Andrade.<\/p>\n\n\n\n<p>Lector \u00e1vido y excelente estudiante r\u00e1pidamente lo dotaron de una cultura que llamaba la atenci\u00f3n a sus camaradas y docentes.<br>\nViaja a Buenos Aires, estudia derecho en una carrera mete\u00f3rica pero jam\u00e1s termin\u00f3 su tesis. Se inicia en el periodismo pero tambi\u00e9n frecuenta la noche y el ajenjo comienza a enfermarlo.<br>\nSu fama atrae la atenci\u00f3n de Domingo F. Sarmiento que lo visita ya que desea conocerlo por su cultura y su forma de escribir. Este soneto tal vez el m\u00e1s conocido muestra su sensibilidad.<\/p>\n\n\n\n<p style=\"text-align:center\"><em>Venid a m\u00ed sonriendo y placenteras<br> Visiones que en la infancia he idolatrado.<br> \u00a1Oh recuerdo! Mentiras del pasado.<br> \u00a1Oh esperanzas! Mentiras venideras.<\/em><\/p>\n\n\n\n<p style=\"text-align:center\"><em>Ya que huyen mis lozanas primaveras,<br> Quiero ser por vosotras consolado<br> En un mundo fant\u00e1stico, poblado<br> De delirios, de sombras y quimeras.<\/em><\/p>\n\n\n\n<p style=\"text-align:center\"><em>Mostradle horrible la verdad desnuda<br> A los que roben, de su ciencia ufanos<br> A todo lo ideal su hermoso ali\u00f1o;<\/em><\/p>\n\n\n\n<p style=\"text-align:center\"><em>Pero apartadme de su est\u00e9ril duda,<br> Y aunque me cubra de cabellos canos<br> \u00a1dejadme siempre el coraz\u00f3n de un ni\u00f1o!\u2026<\/em><\/p>\n\n\n\n<p>Conoci\u00f3 a la hermana de Antonio Lamberti, Mar\u00eda de quien se enamor\u00f3 y trat\u00f3 de encarrilar su vida pero un golpe m\u00e1s del destino, hace que su joven novia fallezca. Esto no hace m\u00e1s que precipitarlo al abismo de la noche y el ajenjo.<\/p>\n\n\n\n<p>Reside en Tolosa donde le encuentra don Enrique Uzal y lo trae a La Plata deseoso de contar con un periodista de su prestigio a colaborar en el peri\u00f3dico \u201cLa Plata\u201d pero ya es demasiado tarde, fallece a los 36 a\u00f1os el 24 de agosto de 1885 en el Hospital de Melchor Romero. Dos d\u00edas despu\u00e9s, en cortejo presidido por el cura de San Ponciano y sus amigos m\u00e1s \u00edntimos entre los cuales figura Antonio Lamberti y Leandro N. Alem, Quintana, de la Plaza, entre otras personalidades de la \u00e9poca le siguieron hasta el cementerio de Tolosa, en el que fue sepultado.<\/p>\n\n\n\n<p class=\"has-medium-font-size\"><strong> Mercedes Torres <\/strong><\/p>\n\n\n\n<div class=\"wp-block-image\"><figure class=\"alignleft\"><img loading=\"lazy\" decoding=\"async\" width=\"341\" height=\"487\" src=\"http:\/\/www.laplatamagica.com.ar\/wp-content\/uploads\/2019\/10\/mercedestorres.jpg\" alt=\"\" class=\"wp-image-2683\" srcset=\"https:\/\/laplatamagica.ar\/wp-content\/uploads\/2019\/10\/mercedestorres.jpg 341w, https:\/\/laplatamagica.ar\/wp-content\/uploads\/2019\/10\/mercedestorres-210x300.jpg 210w\" sizes=\"auto, (max-width: 341px) 85vw, 341px\" \/><figcaption> <br><strong>Mercedes Torres <\/strong><\/figcaption><\/figure><\/div>\n\n\n\n<p>Un sue\u00f1o hecho realidad: &#8220;Ten\u00eda s\u00f3lo cuatro a\u00f1os cuando con 3 o 4 plumas de tut\u00fa, en el galp\u00f3n de la casa de pap\u00e1, giraba y giraba hasta caerme, jugaba a ser bailarina&#8221;. La frase pertenece a Mercedes Torres una reconocida vecina de Tolosa y una de las fundadoras del primer cuerpo de Baile Estable del Teatro Argentino de La Plata.<\/p>\n\n\n\n<p>En 1946, con diecis\u00e9is a\u00f1os, ingres\u00f3 por concurso al Teatro Argentino para formar el grupo de danzas para las \u00f3peras. Y un a\u00f1o m\u00e1s tarde, logr\u00f3 fundar junto con un grupo de bailarinas, el primer cuerpo de Baile Estable del mencionado centro cultural.<\/p>\n\n\n\n<p>Por 1950, dirigi\u00f3 su propia escuela de ballet, que funcion\u00f3 en la Biblioteca del C\u00edrculo Cultural Tolosano&#8221;. M\u00e1s tarde Mercedes tom\u00f3 una de las decisiones m\u00e1s importantes de su vida: &#8220;debo darle algo a este barrio tan querido, Le voy a dar cultura porque la cultura, como la educaci\u00f3n, es un derecho de todos&#8221; (Tomado del libro &#8220;Tolosa las huellas del Ferrocarril&#8221; &#8211; CPES).<\/p>\n\n\n\n<p class=\"has-medium-font-size\"><strong>Nevio Correa<\/strong><\/p>\n\n\n\n<div class=\"wp-block-image\"><figure class=\"alignleft\"><img loading=\"lazy\" decoding=\"async\" width=\"200\" height=\"233\" src=\"http:\/\/www.laplatamagica.com.ar\/wp-content\/uploads\/2019\/10\/DrNeviocorrea.jpg\" alt=\"\" class=\"wp-image-2688\"\/><figcaption><strong>Dr. Nevio A. Correa<\/strong><\/figcaption><\/figure><\/div>\n\n\n\n<p>Un 13 de junio de 1915 nac\u00eda en Tolosa Nevio Am\u00e9rico Correa quien cursa sus estudios primarios en la Escuela N\u00b0 5 \u201cTom\u00e1s Espora\u201d continuando los secundarios en el Colegio Nacional.<br>\nEgresa de la Facultad de Medicina de La Plata con el t\u00edtulo de m\u00e9dico en el a\u00f1o 1942. Su primer trabajo fue en el Dispensario Polivalente que estaba en la calle 1 entre 528 y 529. Trabajando \u201cad honorem\u201d llev\u00f3 a cabo una campa\u00f1a de vacunaci\u00f3n antituberculosa y antivari\u00f3lica en toda la regi\u00f3n.<\/p>\n\n\n\n<p>Atendi\u00f3 gratuitamente en el Hogar Franc\u00e9s a los ancianos all\u00ed alojados y a todo aquel que no dispusiera de medios econ\u00f3micos. Entre los a\u00f1os 1947 y 1948 fue subteniente de reserva del ej\u00e9rcito en Esquel. All\u00ed ejerci\u00f3 su profesi\u00f3n tanto en las filas militares como en la comunidad mapuche donde obtuvo gran reconocimiento por su tarea al salvar la vida del jefe del grupo ind\u00edgena.<\/p>\n\n\n\n<p>Se casa con Livia E. Mariani el 27 de noviembre de 1952. Tuvo una gran actividad social al ser miembro del Rotary Club de Tolosa. Integr\u00f3 tambi\u00e9n la Asociaci\u00f3n Amigos de la Calle 2 donde trabaj\u00f3 arduamente por los servicios esenciales como cloacas, pavimentos, gas y colocaci\u00f3n de luminarias.<\/p>\n\n\n\n<p>En el a\u00f1o 1971 integr\u00f3 la comisi\u00f3n de festejos del Centenario de Tolosa, haciendo su aporte en la investigaci\u00f3n de la historia tolosana. El doctor Correa falleci\u00f3 un 25 de junio de 1991 pero a\u00fan hoy es recordado con afecto por su hombr\u00eda de bien y su esp\u00edritu generoso siempre dispuesto a ayudar<br><\/p>\n\n\n\n<p class=\"has-medium-font-size\"><strong>Donato&nbsp;Gerardi  <\/strong><\/p>\n\n\n\n<div class=\"wp-block-image\"><figure class=\"alignleft\"><img loading=\"lazy\" decoding=\"async\" width=\"257\" height=\"288\" src=\"http:\/\/www.laplatamagica.com.ar\/wp-content\/uploads\/2019\/10\/gerardi.jpg\" alt=\"\" class=\"wp-image-2685\"\/><\/figure><\/div>\n\n\n\n<p>Perteneciente a una familia italiana radicada en la capital federal en 1890 (hab\u00eda nacido en Avigliano, Basilicata, y a los cuatro a\u00f1os se traslad\u00f3 a la Argentina ), Gerardi cumpli\u00f3 con los estudios secundarios en el Colegio Nacional Oeste -hoy Colegio Nacional Mariano Moreno- y se recibi\u00f3 de ingeniero civil en 1910 en la UBA. Despu\u00e9s de un corto per\u00edodo en la Administraci\u00f3n Nacional de Puertos ingres\u00f3 en la Direcci\u00f3n Provincial de Puentes y Caminos, organismo que con el tiempo se convirti\u00f3 en la Direcci\u00f3n Provincial de Vialidad. Entre otros cargos en la dependencia, se desempe\u00f1\u00f3 como jefe de obras del camino Afirmado La Plata-Avellaneda (en la actualidad el camino General Belgrano).<\/p>\n\n\n\n<p>En 1915, la guerra mundial frustr\u00f3 el ingreso al pa\u00eds de un puente de hierro que se hab\u00eda construido en B\u00e9lgica para instalar sobre las v\u00edas del ramal que une Ringuelet con Brandsen, a la altura del Belgrano. Como alternativa, se le encarg\u00f3 a Gerardi el dise\u00f1o de uno de hormig\u00f3n armado, en arco y con 30 metros de luz, que fue el primero de ese material montado en el pa\u00eds. Con su nombre impuesto a\u00f1os m\u00e1s tarde, la estructura, sometida a un intenso tr\u00e1nsito pesado durante d\u00e9cadas, excedi\u00f3 en su uso todas las previsiones.<\/p>\n\n\n\n<p>Gerardi fue designado en 1926 director de Obras Sanitarias de la Provincia , cargo que ejerci\u00f3 con su tarea m\u00e1s fecunda hasta 1943. Asumi\u00f3 la funci\u00f3n cuando la repartici\u00f3n administraba s\u00f3lo los servicios p\u00fablicos de La Plata y al retirarse ya eran doce las poblaciones que se beneficiaban con la prestaci\u00f3n. Bajo su direcci\u00f3n se construyeron algunas de las primeras plantas depuradoras de l\u00edquidos cloacales que funcionaron en el pa\u00eds. Por su iniciativa se gest\u00f3 la idea de poner en marcha la toma de agua de Punta Lara y su equipo de tratamiento para el abastecimiento de esta ciudad.<\/p>\n\n\n\n<p>El reconocido profesional tuvo tambi\u00e9n una relevante carrera en la docencia: fue profesor de la facultad de Ciencias Fisicomatem\u00e1tica (hoy Ingenier\u00eda) de la UNLP , donde dict\u00f3 las c\u00e1tedras de Caminos y Ensayo de Materiales.<\/p>\n\n\n\n<p>En su trayectoria se cuenta tambi\u00e9n la intensa actuaci\u00f3n en lo institucional. Gerardi fue el primer presidente del Consejo Profesional de la Ingenier\u00eda creado por la ley 4.048; y fue socio fundador del Centro de Ingenieros de la provincia de Buenos Aires, integrando la comisi\u00f3n directiva como vicepresidente y jurado de honor. Muri\u00f3 en La Plata el 15 de julio de 1962.<\/p>\n\n\n\n<p>El Concejo Deliberante de La Plata declarar\u00e1 Ciudadano Ilustre -post mortem- al destacado ingeniero Gerardi en un acto de justicia por los servicios prestados.<\/p>\n\n\n\n<p class=\"has-medium-font-size\"> <br><strong>Carlos A Fajardo y el Primer Juzgado<\/strong><\/p>\n\n\n\n<p>En la calle 1 entre 36 y 37, funciono el primer Juzgado de Paz de la ciudad, recordemos pertenec\u00eda a Tolosa, fue su primer juez don  y su secretario, don Joaqu\u00edn Bernard, este a su vez era corresponsal de &#8220;El Correo Espa\u00f1ol&#8221; de Buenos Aires y como tal fue el primer corresponsal deDomicilio del primer juzgado  y el juez Fajardo La Plata de un diario bonaerense.<\/p>\n\n\n\n<figure class=\"wp-block-image\"><img loading=\"lazy\" decoding=\"async\" width=\"600\" height=\"449\" src=\"http:\/\/www.laplatamagica.com.ar\/wp-content\/uploads\/2019\/10\/tolosa-7.jpg\" alt=\"\" class=\"wp-image-2687\" srcset=\"https:\/\/laplatamagica.ar\/wp-content\/uploads\/2019\/10\/tolosa-7.jpg 600w, https:\/\/laplatamagica.ar\/wp-content\/uploads\/2019\/10\/tolosa-7-300x225.jpg 300w\" sizes=\"auto, (max-width: 600px) 85vw, 600px\" \/><\/figure>\n\n\n\n<p>El escribano Fajardo de origen Uruguayo vivi\u00f3 desde los albores de su juventud los avatares propios del periodismo y la pol\u00edtica de su tierra natal, al tiempo se vincula por afinidad con los los hombres y problemas argentinos, con tal magnitud que desde 1884 hasta el de su muerte 1920 que fallece en nuestra ciudad, fue la conjunci\u00f3n entre funcionario y poeta.<\/p>\n\n\n\n<p>Desde su bautismo de fuego, en el sitio de Montevideo, hasta las batallas de Pav\u00f3n y Cepeda, como ayudante del general Mitre, alcanzo distintos grados y responsabilidades militares.<\/p>\n\n\n\n<p>Su vinculaci\u00f3n personal con el doctor Dardo Rocha le atrajo a La Plata la nueva capital, el fundador lo incorporo a la vida activa de la ciudad cuando se crearon las primeras autoridades especiales por la ley del 9 de agosto de 1882, con el objeto de atender los aspectos judiciales y policiales de la jurisdicci\u00f3n territorial.<\/p>\n\n\n\n<p>Desde entonces act\u00fao en La Plata alternando su tiempo en sus trabajos de notario, tambi\u00e9n en el naciente municipio, y en su producci\u00f3n literaria, entre las cuales se destaco su libro &#8220;Reminiscencia&#8221; obra de impecable estilo.<\/p>\n\n\n\n<p id=\"weber2\" style=\"font-size:30px;text-align:center\"><strong> \u201cFecha de fundaci\u00f3n y controversia\u201d<\/strong><\/p>\n\n\n\n<div class=\"wp-block-image\"><figure class=\"alignleft is-resized\"><img loading=\"lazy\" decoding=\"async\" src=\"http:\/\/www.laplatamagica.com.ar\/wp-content\/uploads\/2019\/10\/placatolosa.jpg\" alt=\"\" class=\"wp-image-2702\" width=\"358\" height=\"525\" srcset=\"https:\/\/laplatamagica.ar\/wp-content\/uploads\/2019\/10\/placatolosa.jpg 450w, https:\/\/laplatamagica.ar\/wp-content\/uploads\/2019\/10\/placatolosa-205x300.jpg 205w\" sizes=\"auto, (max-width: 358px) 85vw, 358px\" \/><\/figure><\/div>\n\n\n\n<p><br>Placa trabajada con una hermosa alegor\u00eda que representa generaciones de obreros tolosanos, pasado, presente y porvenir.<\/p>\n\n\n\n<p>Este homenaje es con motivo del cincuentenario de Tolosa, obs\u00e9rvese que la dedicatoria presenta la fecha err\u00f3nea de fundaci\u00f3n la que durante a\u00f1os fue sostenida como la real.<\/p>\n\n\n\n<p>El 6 de julio de 1952, en una conferencia pronunciada en el Club Uni\u00f3n y Fuerza de Tolosa, el Dr. Laborde en base a la respuesta categ\u00f3rica del entonces Director Honorario del Archivo Hist\u00f3rico Dr. Ricardo Levene, a la nota cursada por aqu\u00e9l el 24 de junio de 1952, d\u00e1 a conocer dicha nota y su respuesta.<\/p>\n\n\n\n<p>&#8220;No conociendo que haya mediado en el caso de Tolosa ninguna ceremonia formal, ni acta especial de fundaci\u00f3n del pueblo, debe tomarse como fecha de fundaci\u00f3n la del decreto que aprob\u00f3 el trazado y nombre del pueblo, es decir, 20 de diciembre de 1871, en el presente caso&#8221;.<\/p>\n\n\n\n<p>Al acercarse la fecha del centenario de la fundaci\u00f3n de Tolosa, el Rotary Club de Tolosa resuelve una publicaci\u00f3n con los antecedentes hist\u00f3ricos del pueblo de Tolosa y nombra una comisi\u00f3n integrada por los se\u00f1ores doctores Nevio Correa, Rodolfo Dorna Mach\u00edn, Ra\u00fal Clua, Francisco J. Laborde y el se\u00f1or Ger\u00f3nimo Garc\u00eda los que deb\u00edan recabar de los organismos pertinente todos los datos necesarios para poner fin a la controversia.<\/p>\n\n\n\n<p>Despu\u00e9s de una serie de largas gestiones, finalmente con fecha del 16 de junio de 1977 el Gobernador General Ib\u00e9rico Saint Jean firma el Decreto N\u00b0 1329 que en su art\u00edculo n\u00famero 1 dice: &#8220;F\u00edjase el d\u00eda 20 de diciembre de 1871 como fecha de fundaci\u00f3n del pueblo de Tolosa, jurisdicci\u00f3n del partido de La Plata.&#8221;<\/p>\n\n\n\n<p style=\"text-align:center\" class=\"has-medium-font-size\"><strong>Tolosa 4<\/strong><\/p>\n\n\n\n<p style=\"text-align:center\" class=\"has-large-font-size\"><strong>Tolosa&gt;&gt;&nbsp;<a href=\"http:\/\/www.laplatamagica.com.ar\/?page_id=2488\">1<\/a>&nbsp;<a href=\"http:\/\/www.laplatamagica.com.ar\/?page_id=2536\">2<\/a>&nbsp;<a href=\"http:\/\/www.laplatamagica.com.ar\/?page_id=2588\">3 <\/a><a href=\"http:\/\/www.laplatamagica.com.ar\/?page_id=2674\">4 <\/a><a href=\"http:\/\/www.laplatamagica.com.ar\/?page_id=2711\">5<\/a><\/strong><\/p>\n","protected":false},"excerpt":{"rendered":"<p>Testigo de la historia Primeros Habitantes&#8211; Talleres &#8211; Progresos Comerciales &#8211; Las Graser\u00edas Mataderos y Saladeros &#8211; Las Quintas &#8211; El ferrocarril y Talleres &#8211;Banco de la Provincia &#8211; Los primeros peri\u00f3dicos &#8211; La primera l\u00ednea de tranv\u00edas &#8211; Molino &#8220;La Julia&#8221; Primeros Avisos en el diario &#8211; El Alumbrado y Polic\u00eda &#8211; Las &#8220;Mil &hellip; <a href=\"https:\/\/laplatamagica.ar\/?page_id=2674\" class=\"more-link\">Continuar leyendo<span class=\"screen-reader-text\"> &#8220;Tolosa 4&#8221;<\/span><\/a><\/p>\n","protected":false},"author":1,"featured_media":0,"parent":0,"menu_order":0,"comment_status":"closed","ping_status":"closed","template":"","meta":{"switch_pages_title":"","h5ap_radio_sources":[],"footnotes":""},"class_list":["post-2674","page","type-page","status-publish","hentry"],"_links":{"self":[{"href":"https:\/\/laplatamagica.ar\/index.php?rest_route=\/wp\/v2\/pages\/2674","targetHints":{"allow":["GET"]}}],"collection":[{"href":"https:\/\/laplatamagica.ar\/index.php?rest_route=\/wp\/v2\/pages"}],"about":[{"href":"https:\/\/laplatamagica.ar\/index.php?rest_route=\/wp\/v2\/types\/page"}],"author":[{"embeddable":true,"href":"https:\/\/laplatamagica.ar\/index.php?rest_route=\/wp\/v2\/users\/1"}],"replies":[{"embeddable":true,"href":"https:\/\/laplatamagica.ar\/index.php?rest_route=%2Fwp%2Fv2%2Fcomments&post=2674"}],"version-history":[{"count":0,"href":"https:\/\/laplatamagica.ar\/index.php?rest_route=\/wp\/v2\/pages\/2674\/revisions"}],"wp:attachment":[{"href":"https:\/\/laplatamagica.ar\/index.php?rest_route=%2Fwp%2Fv2%2Fmedia&parent=2674"}],"curies":[{"name":"wp","href":"https:\/\/api.w.org\/{rel}","templated":true}]}}