{"id":3828,"date":"2019-10-14T17:18:49","date_gmt":"2019-10-14T20:18:49","guid":{"rendered":"http:\/\/www.laplatamagica.com.ar\/?page_id=3828"},"modified":"2019-10-15T18:16:07","modified_gmt":"2019-10-15T21:16:07","slug":"museos-de-la-ciudad","status":"publish","type":"page","link":"https:\/\/laplatamagica.ar\/?page_id=3828","title":{"rendered":"Museos de la ciudad"},"content":{"rendered":"\n<ul class=\"wp-block-list\"><li><strong><a href=\"#policia\">Archivo Hist\u00f3rico y Museo del Servicio Penitenciario Bonaerense<\/a><\/strong><\/li><li><strong><a href=\"#arte\"> \u00c1rea de Museo, Exposiciones y Conservaci\u00f3n del Patrimonio Facultad de Bellas Artes U.N.L.P.<\/a><\/strong><\/li><li><strong> <a href=\"#balas\">Casa Museo \u201cMariani-Teruggi<\/a><\/strong><\/li><li><strong> <a href=\"#astille\">Departamento Archivo Hist\u00f3rico y Museo \u201cAstillero R\u00edo Santiago\u201d<\/a><\/strong><\/li><li><strong> <a href=\"#1871\">Museo 1871 de Berisso<\/a><\/strong><\/li><li><strong><a href=\"#nicho\"> Cementerio Municipal de La Plata Museo a Cielo Abierto<\/a><\/strong><\/li><li><strong> <a href=\"#alma\">Museo Almafuerte<\/a><\/strong><\/li><li><strong><a href=\"#abri1\"> Museo Arqueol\u00f3gico A L\u2019abri<\/a><\/strong><\/li><li><strong> <a href=\"#anatomia\">Museo de Anatom\u00eda Humana Normal<\/a> \u201cDr. Alberto Leonardo Poli\u201d U.N.L.P.<\/strong><\/li><li><strong> <a href=\"#animales\">Museo de Anatom\u00eda Veterinaria<\/a> \u201cDr. V\u00edctor Manuel Arroyo\u201d U.N.L.P.<\/strong><\/li><li><strong> <a href=\"http:\/\/www.laplatamagica.com.ar\/?page_id=3874#beato\">Museo de Arte Contempor\u00e1neo Beato Ang\u00e9lico<\/a><\/strong><\/li><li><strong> <a href=\"http:\/\/www.laplatamagica.com.ar\/?page_id=3874#macla\">Museo de Arte Contempor\u00e1neo Latinoamericano MACLA<\/a><\/strong><\/li><li><strong> <a href=\"http:\/\/www.laplatamagica.com.ar\/?page_id=3874#mam\">Museo de Arte y Memoria (mAm &#8211; CPM)<\/a><\/strong><\/li><li><strong> <a href=\"http:\/\/www.laplatamagica.com.ar\/?page_id=3874#geofisica\">Museo de Astronom\u00eda y Geof\u00edsica U.N.L.P.<\/a><\/strong><\/li><li><strong> <a href=\"http:\/\/www.laplatamagica.com.ar\/?page_id=3874#spega\">Museo de Bot\u00e1nica y Farmacognosia Carlos Spegazzini y Museo Biblioteca de Qu\u00edmica y Farmacia Prof. Dr. Carlos Sagastume U.N.L.P.<\/a><\/strong><\/li><li><strong> <a href=\"http:\/\/www.laplatamagica.com.ar\/?page_id=3874#agro\">Museo de Ciencias Agrarias y Forestales \u201cJulio Ocampo\u201d U.N.L.P.<\/a><\/strong><\/li><li><strong> <a href=\"http:\/\/www.laplatamagica.com.ar\/?page_id=3874#exacta\">Museo de F\u00edsica. Depto. de F\u00edsica. Fac. de Cs. Exactas U.N.L.P.<\/a><\/strong><\/li><li><strong> <a href=\"http:\/\/www.laplatamagica.com.ar\/?page_id=3874#victor\">Museo de F\u00edsica del Liceo V\u00edctor Mercante U.N.L.P.<\/a><\/strong><\/li><li><strong> <a href=\"http:\/\/www.laplatamagica.com.ar\/?page_id=3874#medico\">Museo de Historia de la Medicina \u201cDr. Santiago Gorostiague\u201d U.N.L.P.<\/a><\/strong><\/li><li><strong> <a href=\"http:\/\/www.laplatamagica.com.ar\/?page_id=3874#azzarini\">Museo de Instrumentos Musicales  \u201cDr. Emilio Azzarini\u201d U.N.L.P.<\/a><\/strong><\/li><li><strong> <a href=\"http:\/\/www.laplatamagica.com.ar\/?page_id=3951#anexo2\">Museo de la Escuela Anexa U.N.L.P.<\/a><\/strong><\/li><li><strong> <a href=\"http:\/\/www.laplatamagica.com.ar\/?page_id=3951#oreste\">Museo de la Escuela de Cadetes y Quinta Oreste Santospagos<\/a><\/strong><\/li><li><strong> <a href=\"http:\/\/www.laplatamagica.com.ar\/?page_id=3951#chalier\">Museo de la Escuela Naval Militar \u201cContraalmirante Rafael Eduardo Chalier\u201d<\/a><\/strong><\/li><li><strong> <a href=\"http:\/\/www.laplatamagica.com.ar\/?page_id=3951#museo10\">Museo de La Plata U.N.L.P.<\/a><\/strong><\/li><li><strong><a href=\"http:\/\/www.laplatamagica.com.ar\/?page_id=3951#sodifon\"> Museo de la Soda y el Sif\u00f3n<\/a><\/strong><\/li><li><strong><a href=\"http:\/\/www.laplatamagica.com.ar\/?page_id=3828#lobo\">Museo del Club Gimnasia y Esgrima La Plata<\/a><\/strong><\/li><li><strong> <a href=\"http:\/\/www.laplatamagica.com.ar\/?page_id=3951#yugo\">Museo de los Trabajadores \u201cEvita\u201d<\/a><\/strong><\/li><li><strong><a href=\"http:\/\/www.laplatamagica.com.ar\/?page_id=3951#dental\"> Museo de odontolog\u00eda y Archivo Hist\u00f3rico \u201cProf. Dr. Orestes Walter Siutti\u201d U.N.L.P. <\/a><\/strong><\/li><li><a href=\"http:\/\/www.laplatamagica.com.ar\/?page_id=3951#pilcha\"><strong>Museo del Club Estudiantes de La Plata<\/strong><\/a><\/li><li><strong> <a href=\"http:\/\/www.laplatamagica.com.ar\/?page_id=3951#armars\">Museo del Arma de Comunicaciones Sala  Hist\u00f3rica Guarnici\u00f3n Militar City Bell<\/a><\/strong><\/li><\/ul>\n\n\n\n<hr class=\"wp-block-separator is-style-wide\"\/>\n\n\n\n<p id=\"policia\" style=\"font-size:30px;text-align:center\"><strong> \u201cEl Archivo Hist\u00f3rico y Museo del Servicio Penitenciario Bonaerense\u201d<\/strong><\/p>\n\n\n\n<div class=\"wp-block-image\"><figure class=\"alignleft is-resized\"><img loading=\"lazy\" decoding=\"async\" src=\"http:\/\/www.laplatamagica.com.ar\/wp-content\/uploads\/2019\/10\/poliicia.jpg\" alt=\"\" class=\"wp-image-3829\" width=\"233\" height=\"383\" srcset=\"https:\/\/laplatamagica.ar\/wp-content\/uploads\/2019\/10\/poliicia.jpg 304w, https:\/\/laplatamagica.ar\/wp-content\/uploads\/2019\/10\/poliicia-182x300.jpg 182w\" sizes=\"auto, (max-width: 233px) 85vw, 233px\" \/><\/figure><\/div>\n\n\n\n<p>Se crea con la misi\u00f3n de reunir, conservar, estudiar, exponer y difundir el patrimonio cultural de una Instituci\u00f3n que cumple una tarea trascendente, procurar la reinserci\u00f3n social de quienes han transgredido normas legales. <br> El 16 septiembre de 1994, se materializa un viejo anhelo institucional, conformando un repositorio de bienes susceptible de ser considerados de inter\u00e9s cultural. Su patrimonio esta constituido b\u00e1sicamente por un importante fondo documental y su acervo museol\u00f3gico, dos tipos de patrimonio que hacen al Archivo Hist\u00f3rico y Museo \u00fanico en su tipo a nivel nacional.<\/p>\n\n\n\n<p><br> El fondo documental, es consultado por numerosos investigadores del pa\u00eds y del exterior. Becarios de Universidades importantes consulta peri\u00f3dicamente los documentos de valor hist\u00f3rico. Las series documentales que se conservan est\u00e1n determinadas por las fechas topes 1875-1960. <\/p>\n\n\n\n<p><br>La biblioteca especializada en ciencias penitenciarias y tem\u00e1ticas vinculadas al \u00e1mbito carcelario posee un fondo bibliogr\u00e1fico de, aproximadamente, 1500 vol\u00famenes, referentes a criminolog\u00eda, estad\u00edsticas, derecho  y legislaci\u00f3n penitenciaria, medicina penitenciaria, historia, entre otras disciplinas. Se compone de la secci\u00f3n de referencia, la colecci\u00f3n general y la hemeroteca (fondo de revistas y otras publicaciones peri\u00f3dicas).<\/p>\n\n\n\n<p><br>El acervo museol\u00f3gico est\u00e1 conformado por un importante patrimonio que va desde uniformes del personal penitenciario, como as\u00ed tambi\u00e9n de trabajos artesanales y art\u00edsticos de los internos alojados en las distintas unidades carcelarias. Por otro lado conforman sus colecciones obras de arte de destacados artistas pl\u00e1sticos nacionales, algunos de los que cuentan con reconocimiento internacional, como es el caso del Maestro P\u00e9rez Celis, quien lo honra con su padrinazgo. Las actividades del Archivo Hist\u00f3rico y Museo trascienden su \u00e1mbito espacial realizando muestras en otras instituciones, como Bancos, Escuelas, etc.; extendiendo su acci\u00f3n cultural a distintos municipios de la provincia. <\/p>\n\n\n\n<div class=\"wp-block-image\"><figure class=\"aligncenter\"><img loading=\"lazy\" decoding=\"async\" width=\"500\" height=\"325\" src=\"http:\/\/www.laplatamagica.com.ar\/wp-content\/uploads\/2019\/10\/poliicia1.jpg\" alt=\"\" class=\"wp-image-3830\" srcset=\"https:\/\/laplatamagica.ar\/wp-content\/uploads\/2019\/10\/poliicia1.jpg 500w, https:\/\/laplatamagica.ar\/wp-content\/uploads\/2019\/10\/poliicia1-300x195.jpg 300w\" sizes=\"auto, (max-width: 500px) 85vw, 500px\" \/><figcaption>Maqueta de la Carcel de Sierra Chica en Olavarria.<\/figcaption><\/figure><\/div>\n\n\n\n<p>Se organizan jornadas y conferencias sobre distintos temas de inter\u00e9s general,  vinculados a su patrimonio, como as\u00ed tambi\u00e9n exposiciones de pl\u00e1stica, de modo tal que se adhiere a la nueva concepci\u00f3n de las pol\u00edticas que vienen gestion\u00e1ndose a trav\u00e9s de los museos, entendiendo a estos como una posibilidad real en la construcci\u00f3n, apertura y cooperaci\u00f3n en el medio social. Para la gesti\u00f3n cuenta con el apoyo de su Asociaci\u00f3n de Amigos.<br> <strong><br><em> Calle 35 N\u00ba 535 e\/ 5 y 6 La Plata  Tel\/Fax (0221) 429 3892 archivoymuseospb@gmail.com<\/em><\/strong><\/p>\n\n\n\n<hr class=\"wp-block-separator is-style-wide\"\/>\n\n\n\n<p id=\"arte\" style=\"font-size:30px;text-align:center\"><strong> \u201c\u00c1rea de Museo, Exposiciones y Conservaci\u00f3n del Patrimonio Facultad de Bellas Artes U.N.L.P.\u201d<\/strong><\/p>\n\n\n\n<div class=\"wp-block-image\"><figure class=\"alignleft\"><img loading=\"lazy\" decoding=\"async\" width=\"302\" height=\"400\" src=\"http:\/\/www.laplatamagica.com.ar\/wp-content\/uploads\/2019\/10\/arte1.jpg\" alt=\"\" class=\"wp-image-3836\" srcset=\"https:\/\/laplatamagica.ar\/wp-content\/uploads\/2019\/10\/arte1.jpg 302w, https:\/\/laplatamagica.ar\/wp-content\/uploads\/2019\/10\/arte1-227x300.jpg 227w\" sizes=\"auto, (max-width: 302px) 85vw, 302px\" \/><\/figure><\/div>\n\n\n\n<p>El \u00c1rea de Museo, Exposiciones y Conservaci\u00f3n del Patrimonio naci\u00f3 en el a\u00f1o 2004 con el fin de catalogar, preservar, exhibir e investigar sobre la amplia y variada colecci\u00f3n de piezas escult\u00f3ricas y pict\u00f3ricas que forma el patrimonio de la Facultad de Bellas Artes. Su origen se remonta hacia finales del siglo XIX con la incorporaci\u00f3n de una serie de calcos a la secci\u00f3n de Bellas Artes del Museo de Ciencias Naturales de La Plata. Durante la segunda d\u00e9cada del siglo XX, a partir de la creaci\u00f3n de la Escuela Superior de Bellas Artes las piezas pasaron a depender de esta Casa de Estudios.<\/p>\n\n\n\n<p><br>La colecci\u00f3n cuenta con r\u00e9plicas en yeso y terracota de piezas del arte griego, romano, rom\u00e1nico, g\u00f3tico y renacentista entre los que se destacan el grupo escult\u00f3rico del Laocoonte y sus hijos, la Venus de Milo, el Mois\u00e9s y la cabeza del David de Miguel \u00c1ngel.<br>El acervo del Museo se  completa con una variedad de obras de destacados profesores de esta Casa de Estudios tales como Antonio Alice, Atilio Boveri, Ra\u00fal Bongiorno, Carlos Carre\u00f1o y Ernesto Riccio, entre otros.<br> En los \u00faltimos a\u00f1os ha recibido la donaci\u00f3n de m\u00e1s de 50 obras del artista Juan Batlle Planas.<\/p>\n\n\n\n<p><strong><br><\/strong><em><strong> Diag 78 N\u00b0 680 La Plata Tel. (0221) 423 6598 Int 146 <br> areamuseo@fba.unlp.edu.ar<\/strong><\/em><strong> <\/strong><br><br><\/p>\n\n\n\n<hr class=\"wp-block-separator is-style-wide\"\/>\n\n\n\n<p id=\"balas\" style=\"font-size:30px;text-align:center\"><strong> \u201cCasa Museo \u201cMariani-Teruggi\u201d<\/strong><\/p>\n\n\n\n<div class=\"wp-block-image\"><figure class=\"alignleft is-resized\"><img loading=\"lazy\" decoding=\"async\" src=\"http:\/\/www.laplatamagica.com.ar\/wp-content\/uploads\/2019\/10\/terugi.jpg\" alt=\"\" class=\"wp-image-3841\" width=\"277\" height=\"340\" srcset=\"https:\/\/laplatamagica.ar\/wp-content\/uploads\/2019\/10\/terugi.jpg 408w, https:\/\/laplatamagica.ar\/wp-content\/uploads\/2019\/10\/terugi-245x300.jpg 245w\" sizes=\"auto, (max-width: 277px) 85vw, 277px\" \/><\/figure><\/div>\n\n\n\n<p>El 24 de noviembre de 1976 la casa del matrimonio Mariani-Teruggi fue rodeada por las entonces llamadas \u201cfuerzas conjuntas\u201d, que atacaron y saquearon la vivienda en un operativo que dur\u00f3 cuatro horas. <\/p>\n\n\n\n<p>El hecho fue tremendamente violento, a tal punto que hoy las paredes conservan las marcas de los impactos de balas de todos los calibres causadas por los equipos y armamentos de estas fuerzas. En este ataque armado asesinaron a Diana Teruggi de Mariani, Daniel Mendiburu Eli\u00e7abe, Roberto Cesar Porfidio, Juan Carlos Peiris y Alberto Bossio. Tambi\u00e9n fue secuestrada con vida por personal policial y militar la hija del matrimonio, Clara Anah\u00ed, de tres meses de edad, que aun hoy permanece desaparecida y es intensamente buscada. <\/p>\n\n\n\n<div class=\"wp-block-image\"><figure class=\"aligncenter\"><img loading=\"lazy\" decoding=\"async\" width=\"375\" height=\"500\" src=\"http:\/\/www.laplatamagica.com.ar\/wp-content\/uploads\/2019\/10\/terugi1.jpg\" alt=\"\" class=\"wp-image-3843\" srcset=\"https:\/\/laplatamagica.ar\/wp-content\/uploads\/2019\/10\/terugi1.jpg 375w, https:\/\/laplatamagica.ar\/wp-content\/uploads\/2019\/10\/terugi1-225x300.jpg 225w\" sizes=\"auto, (max-width: 375px) 85vw, 375px\" \/><figcaption><strong>Impacto de las balas.<\/strong><\/figcaption><\/figure><\/div>\n\n\n\n<p>Su padre, Daniel Mariani, que no se encontraba en su domicilio <br>el d\u00eda del ataque, fue asesinado ocho meses despu\u00e9s en la localidad de La Plata.<br><\/p>\n\n\n\n<p>La Casa Mariani-Teruggi es la \u00fanica en el pa\u00eds que se conserva en el mismo estado en que qued\u00f3 despu\u00e9s del ataque armado, constituyendo un testimonio incuestionable del accionar del terrorismo de estado durante la \u00faltima dictadura c\u00edvico militar.<\/p>\n\n\n\n<p><em>Obtuvo las siguientes declaratorias:<\/em> de Inter\u00e9s Municipal, Patrimonio Cultural de la Prov. de Bs. As, de Inter\u00e9s Cultural de la Naci\u00f3n y Monumento Hist\u00f3rico Nacional.<\/p>\n\n\n\n<p><strong><em>Calle 30 N\u00b0 1134 e\/55 y 56 La Plata  Tel.\/ Fax: (0221) 421 2681 asociacionanahi@yahoo.com<\/em><\/strong><\/p>\n\n\n\n<hr class=\"wp-block-separator is-style-wide\"\/>\n\n\n\n<p id=\"astille\" style=\"font-size:30px;text-align:center\"><strong> \u201cDepartamento Archivo Hist\u00f3rico y Museo \u201cAstillero R\u00edo Santiago\u201d<\/strong><\/p>\n\n\n\n<p>El Departamento Archivo Hist\u00f3rico y Museo \u201cAstillero R\u00edo Santiago\u201d inici\u00f3 sus actividades el 5 de marzo de 2008. Su primera responsabilidad es proteger el patrimonio cultural, material e inmaterial, del Astillero R\u00edo Santiago y todo aquel testimonio sobre el desarrollo hist\u00f3rico de la Industria Naval.<\/p>\n\n\n\n<div class=\"wp-block-image\"><figure class=\"aligncenter\"><img loading=\"lazy\" decoding=\"async\" width=\"700\" height=\"525\" src=\"http:\/\/www.laplatamagica.com.ar\/wp-content\/uploads\/2019\/10\/naval.jpg\" alt=\"\" class=\"wp-image-3846\" srcset=\"https:\/\/laplatamagica.ar\/wp-content\/uploads\/2019\/10\/naval.jpg 700w, https:\/\/laplatamagica.ar\/wp-content\/uploads\/2019\/10\/naval-300x225.jpg 300w\" sizes=\"auto, (max-width: 700px) 85vw, 700px\" \/><\/figure><\/div>\n\n\n\n<p><br> Entre sus objetivos se destaca promover la toma de conciencia sobre la importancia de la Industria Naval y los Intereses Mar\u00edtimos Argentinos y a colaborar en estrechar lazos entre el Astillero R\u00edo Santiago, la Comunidad Regional y dem\u00e1s actores de la Industria Naval Nacional.<\/p>\n\n\n\n<p><br> El Museo, de gesti\u00f3n comunitaria, con un claro perfil orientado a la Ciencia y T\u00e9cnica Naval, trabaja en estrecha cooperaci\u00f3n con los dem\u00e1s Talleres del ARS, proveedores de la mayor\u00eda de las piezas de su colecci\u00f3n.<\/p>\n\n\n\n<p>Don Bosco e Hip\u00f3lito Yrigoyen 1925 Ensenada Bs. As. <br>Blog : <a rel=\"noreferrer noopener\" aria-label=\"https:\/\/museoastilleroriosantiago.blogspot.com.ar (abre en una nueva pesta\u00f1a)\" href=\"https:\/\/museoastilleroriosantiago.blogspot.com.ar\" target=\"_blank\">https:\/\/museoastilleroriosantiago.blogspot.com.ar<\/a><\/p>\n\n\n\n<hr class=\"wp-block-separator is-style-wide\"\/>\n\n\n\n<p id=\"1871\" style=\"font-size:30px;text-align:center\"><strong> \u201cMuseo 1871 de Berisso\u201d<\/strong><\/p>\n\n\n\n<div class=\"wp-block-image\"><figure class=\"alignleft is-resized\"><img loading=\"lazy\" decoding=\"async\" src=\"http:\/\/www.laplatamagica.com.ar\/wp-content\/uploads\/2019\/10\/museo1871.jpg\" alt=\"\" class=\"wp-image-3851\" width=\"325\" height=\"311\" srcset=\"https:\/\/laplatamagica.ar\/wp-content\/uploads\/2019\/10\/museo1871.jpg 353w, https:\/\/laplatamagica.ar\/wp-content\/uploads\/2019\/10\/museo1871-300x287.jpg 300w\" sizes=\"auto, (max-width: 325px) 85vw, 325px\" \/><\/figure><\/div>\n\n\n\n<p>Esta instituci\u00f3n toma estado legal el 1\u00ba de Julio de 2001, aunque sus inicios datan de 1992, cuando el coleccionista Luis A. Guruciaga comenz\u00f3 a reunir importantes objetos de la vida cotidiana de la comunidad de Berisso que nace en 1871, alrededor del mundo del trabajo. La fecha se\u00f1alada es la de inicio de las actividades de los saladeros, luego llegaron los frigor\u00edficos, <br>la hilander\u00eda y la destiler\u00eda de Yacimientos Petrol\u00edferos Fiscales. Hombres y mujeres de otras provincias y miles de inmigrantes que cruzaron el Oc\u00e9ano Atl\u00e1ntico est\u00e1n representados en el material documental, fotogr\u00e1fico, bibliogr\u00e1fico y piezas que se exhiben en las salas permanentes y temporarias.<\/p>\n\n\n\n<p> El Museo funciona como un espacio de memoria colectiva, reservorio de su herencia cultural y tambi\u00e9n como referente de una comunidad en permanente movimiento. Est\u00e1 ubicado, desde 2008, en el edificio que se conoce como la Toma de Agua que es tambi\u00e9n parte de la identidad local.<br> <\/p>\n\n\n\n<p><strong><em>Calle Palo Blanco N\u00ba 93 Berisso Bs. As. Tel (0221) 461 3166<\/em><\/strong><\/p>\n\n\n\n<hr class=\"wp-block-separator is-style-wide\"\/>\n\n\n\n<p id=\"nicho\" style=\"font-size:30px;text-align:center\"><strong> \u201cCementerio Municipal de La Plata Museo a Cielo Abierto\u201d<\/strong><\/p>\n\n\n\n<div class=\"wp-block-image\"><figure class=\"alignleft is-resized\"><img loading=\"lazy\" decoding=\"async\" src=\"http:\/\/www.laplatamagica.com.ar\/wp-content\/uploads\/2019\/10\/cemente.jpg\" alt=\"\" class=\"wp-image-3854\" width=\"335\" height=\"242\" srcset=\"https:\/\/laplatamagica.ar\/wp-content\/uploads\/2019\/10\/cemente.jpg 400w, https:\/\/laplatamagica.ar\/wp-content\/uploads\/2019\/10\/cemente-300x217.jpg 300w\" sizes=\"auto, (max-width: 335px) 85vw, 335px\" \/><\/figure><\/div>\n\n\n\n<p>El Cementerio est\u00e1 ubicado en el v\u00e9rtice sur de la ciudad, en el encuentro delas calle 131 y 72.El proyecto de la Necr\u00f3polis al igual que el de la ciudad de La Plata fue obra del Departamento de Ingenieros de la Provincia de Buenos Aires cuyo director era el Ing. Pedro Benoit. El dise\u00f1o similar de ambos marca el dualismo vida- muerte.<br> Cuenta aproximadamente con 3000 B\u00f3vedas, Sepulturas Perpetuas, Nichos, Sepulturas en Tierra, 12 Panteones Sociales y la Iglesia del Santo Cristo, obra del arq. Roberto Ciocchini. Arquitect\u00f3nicamente, evidencia el car\u00e1cter cosmopolita y pluri\u00e9tnico de la poblaci\u00f3n fundacional. <\/p>\n\n\n\n<p>Las primeras b\u00f3vedas construidas siguieron la modalidad de los edificios de la ciudad, en estilo neog\u00f3tico y neocl\u00e1sico. Luego el Art Nouveau di\u00f3 lugar a los artesanos y Modernismo Catal\u00e1n asombra a los visitantes. Tambi\u00e9n est\u00e1 presente el Art Dec\u00f3 que, con sus planos superpuestos, logra un interesante juego de luces. Descansan all\u00ed los cinco sabios platenses: Alejandro Korn, Pedro Bonifacio Palacios, Juan Vucetich, Carlos Spegazzini y Fiorentino Ameghino. Tambi\u00e9n artistas como: Manuel Puig, Juan Mateo, Ricardo S\u00e1nchez, Abraham Giovanola, Ernesto Riccio, la familia Podest\u00e1 y Emilio Coutaret, junto a personalidades de la historia local y nacional; maestros; comerciantes; intendentes y m\u00e9dicos.<br>La simbolog\u00eda mas\u00f3nica est\u00e1 presente desde el ingreso y junto a la historia de los fundadores de la ciudad, es uno de los motivos que atrae m\u00e1s  visitantes. Cuenta con un archivo que en breve ser\u00e1 digitalizado.<\/p>\n\n\n\n<p>Sus Galer\u00edas y sectores A &#8211; B &#8211; C &#8211; D fueron declarados Patrimonio Hist\u00f3rico Municipal por el Concejo Deliberante.  El Colectivo Cultural para el Estudio de las Necr\u00f3polis y el  Arte Funerario organiza las Colectivo Cultural del Patrimonio Funerario Platense  visitas guiadas.   <\/p>\n\n\n\n<p><br> <strong><em>Calle 131 y 72 La Plata Bs. As.   <br> Tel. (0221) 451 0331 \/ 547 7875   <\/em><\/strong><\/p>\n\n\n\n<hr class=\"wp-block-separator is-style-wide\"\/>\n\n\n\n<p id=\"alma\" style=\"font-size:30px;text-align:center\"><strong> \u201cMuseo Almafuerte\u201d<\/strong><\/p>\n\n\n\n<div class=\"wp-block-image\"><figure class=\"alignleft is-resized\"><img loading=\"lazy\" decoding=\"async\" src=\"http:\/\/www.laplatamagica.com.ar\/wp-content\/uploads\/2019\/10\/almafuerte1.jpg\" alt=\"\" class=\"wp-image-3858\" width=\"263\" height=\"321\" srcset=\"https:\/\/laplatamagica.ar\/wp-content\/uploads\/2019\/10\/almafuerte1.jpg 300w, https:\/\/laplatamagica.ar\/wp-content\/uploads\/2019\/10\/almafuerte1-246x300.jpg 246w\" sizes=\"auto, (max-width: 263px) 85vw, 263px\" \/><figcaption> <br><strong>Pedro B. Palacios  (Almafuerte)<\/strong><\/figcaption><\/figure><\/div>\n\n\n\n<p>La casa fue construida en el a\u00f1o 1885 y habitada por Pedro B. Palacios m\u00e1s conocido por su pseud\u00f3nimo de Almafuerte. Fue maestro, artista pl\u00e1stico, periodista y poeta. Vivi\u00f3 all\u00ed los \u00faltimos diez a\u00f1os de su vida y al fallecer, el 28 de febrero del a\u00f1o 1917, el edificio qued\u00f3 abandonado hasta 1921, cuando la Municipalidad de La Plata lo adquiere en remate p\u00fablico, por iniciativa de la Sociedad de Escritores de la Provincia de Buenos Aires.<br>La Agrupaci\u00f3n Bases, que ten\u00eda como Secretario al Sr. Francisco Timpone, sensibilizado por el estado ruinoso de la \u00faltima morada del poeta, solicit\u00f3 al Concejo Deliberante la tenencia y custodia de la casa, la cual acondicionaron e inauguraron como Museo y Biblioteca con el fin de difundir su obra.<\/p>\n\n\n\n<p>En el a\u00f1o 1936, la casa fue declarada Monumento Hist\u00f3rico Provincial y en 1961, por iniciativa de la Sociedad de Escritores de la Provincia de Bs.As., Monumento Hist\u00f3rico Nacional. El museo cuenta con objetos personales, muebles, fotograf\u00edas, esculturas, dibujos, pintu-<br> ras, libros, diarios y  manuscritos que fueron patrimonio de Almafuerte. Cuenta con varias salas y un espacio para el dictado de diversos talleres para todas las edades.<\/p>\n\n\n\n<p><strong><em>Calle 66 N\u00ba 530 e\/5 y 6 La Plata  Tel. (0221) 427 5631<\/em><\/strong><\/p>\n\n\n\n<hr class=\"wp-block-separator is-style-wide\"\/>\n\n\n\n<p id=\"abri1\" style=\"font-size:30px;text-align:center\"><strong> \u201cMuseo Arqueol\u00f3gico A L\u2019abri\u201d<\/strong><\/p>\n\n\n\n<div class=\"wp-block-image\"><figure class=\"alignleft\"><img loading=\"lazy\" decoding=\"async\" width=\"249\" height=\"186\" src=\"http:\/\/www.laplatamagica.com.ar\/wp-content\/uploads\/2019\/10\/abri.jpg\" alt=\"\" class=\"wp-image-3860\"\/><\/figure><\/div>\n\n\n\n<p>El Museo Arqueol\u00f3gico del Noroeste Argentino se inaugur\u00f3 en Mayo de 2016. Posee una colecci\u00f3n de 140 piezas. Las obras son reproducciones de las culturas que se desarrollaro entre los a\u00f1os 500 AC y el 1480 DC., entre ellas las culturas Ci\u00e9naga, Alamito, Aguada, Condorhuasi, Chaco Santiague\u00f1a y Santa Mariana.<br><\/p>\n\n\n\n<p>Tambi\u00e9n est\u00e1n expuestas 25 pinturas acr\u00edlicas con  recreaciones de la simbolog\u00eda indigenista. Su objetivo es dar a conocer a la comunidad las piezas que nos legaron para que sean conocidas y valoradas.<\/p>\n\n\n\n<p><em><strong>Calle 23 esq. 485 Manuel B. Gonnet La Plata Tel. (0221) 484 4010.<br> benglebienne@gmail.com <\/strong><\/em><\/p>\n\n\n\n<hr class=\"wp-block-separator is-style-wide\"\/>\n\n\n\n<p id=\"anatomia\" style=\"font-size:30px;text-align:center\"><strong> \u201cMuseo de Anatom\u00eda Humana Normal \u201d<\/strong><\/p>\n\n\n\n<div class=\"wp-block-image\"><figure class=\"alignleft\"><img loading=\"lazy\" decoding=\"async\" width=\"225\" height=\"225\" src=\"http:\/\/www.laplatamagica.com.ar\/wp-content\/uploads\/2019\/10\/calavera.jpg\" alt=\"\" class=\"wp-image-3866\" srcset=\"https:\/\/laplatamagica.ar\/wp-content\/uploads\/2019\/10\/calavera.jpg 225w, https:\/\/laplatamagica.ar\/wp-content\/uploads\/2019\/10\/calavera-150x150.jpg 150w\" sizes=\"auto, (max-width: 225px) 85vw, 225px\" \/><\/figure><\/div>\n\n\n\n<p>El Museo pertenece a la C\u00e1tedra de Anatom\u00eda B y a la Red de Museos de la Universidad Nacional de La Plata.<br> Surge a partir del proyecto del docente M\u00e9d. Calixto Yupanqui Mamani, quien fuera Jefe de Trabajos Pr\u00e1cticos y luego Profesor Adjunto de la C\u00e1tedra junto a la coordinaci\u00f3n del Dr. Sebasti\u00e1n Berrhau. A principios del a\u00f1o 2008 fueron iniciadas las actividades operativas destinadas a la reorganizaci\u00f3n y reinauguraci\u00f3n del Museo de Anatom\u00eda que fue inaugurado el d\u00eda 30 de Marzo de 2009, con el nombre de \u201cMuseo de Anatom\u00eda Prof. Dr. A. L. Poli\u201d, en homenaje a quien fuera Profesor Titular de la C\u00e1tedra. En 2011, junto a la nueva gesti\u00f3n de la C\u00e1tedra por parte del Prof. Dr. Julio C. Hijano, el Museo ha sido abierto al p\u00fablico y trasladado al hall central del primer piso de nuestra Facultad.<\/p>\n\n\n\n<p><br>La totalidad de las piezas anat\u00f3micas expuestas son el reflejo del trabajo realizado durante a\u00f1os por varias generaciones de docentes y no docentes que han formado o forman parte del personal de la C\u00e1tedra.<br> Colecciones: Macro modelos en yeso &#8211; Colecci\u00f3n A. Nicolas (M, Augier &#8211; P. Roux) Paris 1926. Modelos anat\u00f3micos &#8211; Prof. Dr. W. Benninghoven. Berlin N.W.2; Instrumental utilizado por el Prof. L. A. Poli; Grabados realizados a mano (a\u00f1o 1960); Piezas trabajadas por docentes en los a\u00f1os \u00b470. Colecci\u00f3n de fetos realizada en su mayor\u00eda por el Prof. Calixto Yupanqui.<\/p>\n\n\n\n<div class=\"wp-block-image\"><figure class=\"aligncenter is-resized\"><img loading=\"lazy\" decoding=\"async\" src=\"http:\/\/www.laplatamagica.com.ar\/wp-content\/uploads\/2019\/10\/calavera1.jpg\" alt=\"\" class=\"wp-image-3867\" width=\"317\" height=\"223\" srcset=\"https:\/\/laplatamagica.ar\/wp-content\/uploads\/2019\/10\/calavera1.jpg 400w, https:\/\/laplatamagica.ar\/wp-content\/uploads\/2019\/10\/calavera1-300x212.jpg 300w\" sizes=\"auto, (max-width: 317px) 85vw, 317px\" \/><\/figure><\/div>\n\n\n\n<p>Disecciones de material cadav\u00e9rico donado por nuestra Escuela de Ayudantes Alumnos; Material hist\u00f3rico cedido por la c\u00e1tedra de Anatom\u00eda A. Cuenta con registros fotogr\u00e1ficos Utilizados por el personal de la C\u00e1tedra en actividades program\u00e1ticas y extraprogram\u00e1ticas; archivos con documentos en formato para Microsoft Office Word para actividades de investigaci\u00f3n y\/o docencia.<\/p>\n\n\n\n<p> <br><em><strong>Facultad de Ciencias M\u00e9dicas. <br> Av. 60 y Av.120. Paseo del Bosque La Plata  anatom-b@med.unlp.edu.ar.<\/strong><\/em><\/p>\n\n\n\n<hr class=\"wp-block-separator is-style-wide\"\/>\n\n\n\n<p id=\"lobo\" style=\"font-size:30px;text-align:center\"><strong> \u201cMuseo del Club Gimnasia y Esgrima La Plata&#8221;<\/strong><\/p>\n\n\n\n<div class=\"wp-block-image\"><figure class=\"aligncenter is-resized\"><img loading=\"lazy\" decoding=\"async\" src=\"http:\/\/www.laplatamagica.com.ar\/wp-content\/uploads\/2019\/10\/escudogelp2-1.jpg\" alt=\"\" class=\"wp-image-4035\" width=\"226\" height=\"340\" srcset=\"https:\/\/laplatamagica.ar\/wp-content\/uploads\/2019\/10\/escudogelp2-1.jpg 333w, https:\/\/laplatamagica.ar\/wp-content\/uploads\/2019\/10\/escudogelp2-1-200x300.jpg 200w\" sizes=\"auto, (max-width: 226px) 85vw, 226px\" \/><\/figure><\/div>\n\n\n\n<p>El Club fue fundado el 3 de junio de 1887 en la calle 7 entre 46 y 47 y es la instituci\u00f3n decana del f\u00fatbol argentino como instituci\u00f3n social y deportiva, inici\u00e1ndose en las disciplinas de Gimnasia y Esgrima. En 1912, el club agrega a la actividad social la idea de la pr\u00e1ctica del f\u00fatbol, lo que permiti\u00f3 un conjunto de gran solvencia, ganando el torneo de 1915 y obteniendo as\u00ed el privilegio de actuar en primera divisi\u00f3n. Se fueron agregando otros deportes como b\u00e1squet ball, volley ball femenino, atletismo, gimnasia de aparatos, tenis, esgrima, tiro, pelota a paleta, box, rugby, water polo, nataci\u00f3n contando con representantes de gran nivel.<\/p>\n\n\n\n<div class=\"wp-block-image\"><figure class=\"aligncenter is-resized\"><img loading=\"lazy\" decoding=\"async\" src=\"http:\/\/www.laplatamagica.com.ar\/wp-content\/uploads\/2019\/10\/Copa-Centenario.jpg\" alt=\"\" class=\"wp-image-4031\" width=\"262\" height=\"258\"\/><figcaption><strong>Copa Centenario de AFA<\/strong><\/figcaption><\/figure><\/div>\n\n\n\n<p>El Museo se fund\u00f3 con el fin de resguardar, conservar y registrar la historia de la instituci\u00f3n. Se aboc\u00f3 a la tarea de restituci\u00f3n de elemento pertenecientes a su patrimonio; restauraci\u00f3n de antiguas armaduras y bienes. Se exhiben plaquetas, placas de bronce y escudos; copas y trofeos, banderas, carabinas de la ex Secci\u00f3n Tiro, espadas y floretes, libros, cuadros, camisetas y un archivo fotogr\u00e1fico y registro de socios entre 1894 y 1932.<\/p>\n\n\n\n<p><em><strong>Sede Social Calle 4 N\u00b0 979 al 987 La Plata Tel.(0221) 422 2510\/422 2612.<br> Mail: contacto@gimnasia.org.ar  Web:  <a rel=\"noreferrer noopener\" aria-label=\"www.gimnasia.org.ar (abre en una nueva pesta\u00f1a)\" href=\"http:\/\/www.gimnasia.org.ar\/\" target=\"_blank\">www.gimnasia.org.ar<\/a><\/strong><\/em><\/p>\n\n\n\n<hr class=\"wp-block-separator is-style-wide\"\/>\n\n\n\n<p id=\"animales\" style=\"font-size:30px;text-align:center\"><strong> \u201cMuseo de Anatom\u00eda Veterinaria\u201d<\/strong><\/p>\n\n\n\n<div class=\"wp-block-image\"><figure class=\"alignleft\"><img loading=\"lazy\" decoding=\"async\" width=\"225\" height=\"216\" src=\"http:\/\/www.laplatamagica.com.ar\/wp-content\/uploads\/2019\/10\/veterinaria.jpg\" alt=\"\" class=\"wp-image-3870\"\/><\/figure><\/div>\n\n\n\n<p>Posee tres salas con alrededor de 50 vitrinas que contienen m\u00e1s de 2000 piezas anat\u00f3micas naturales de especies dom\u00e9sticas como equino, bovino, ovino, entre otros. caprino, porcino, canino, felino, conejos, etc.) y de especies silvestres como mam\u00edferos silvestres de todos los continentes, mam\u00edferos marinos, aves ant\u00e1rticas y americanas, roedores, peces, etc. <\/p>\n\n\n\n<p>Cuenta con piezas anat\u00f3micas de alto valor hist\u00f3rico y cient\u00edfico que se han mantenido en perfecto estado y para cuya confecci\u00f3n se usaron t\u00e9cnicas hoy en desuso e imposibles de reproducir. Entre ellos, algunos preparados con m\u00e1s de 70 a\u00f1os de realizados, destac\u00e1ndose una cabeza de equino disecada que gan\u00f3 el primer premio a la disecci\u00f3n en la Escuela de Anatom\u00eda de Lyon, en el a\u00f1o 1912.<\/p>\n\n\n\n<div class=\"wp-block-image\"><figure class=\"aligncenter\"><img loading=\"lazy\" decoding=\"async\" width=\"250\" height=\"153\" src=\"http:\/\/www.laplatamagica.com.ar\/wp-content\/uploads\/2019\/10\/veterinaria1.jpg\" alt=\"\" class=\"wp-image-3871\"\/><\/figure><\/div>\n\n\n\n<p><br>El museo cumple su funci\u00f3n de preservaci\u00f3n y exhibici\u00f3n de piezas y tambi\u00e9n su funci\u00f3n did\u00e1ctica ya que las piezas anat\u00f3micas son utilizadas por docentes de la facultad para el dictado de sus clases y por las escuelas que lo visitan. Se completa su hacer con el aporte que brinda a alumnos de veterinaria, veterinarios y bi\u00f3logos que acuden para consulta y estudio. El Museo cuenta con visitas guiadas acorde al perfil del visitante.<\/p>\n\n\n\n<p><strong><em>Facultad de Ciencias Veterinarias. <br> Calle 60 y 118 s\/n\u00b0 La Plata Bs. As. Tel. (0221) 423 6663 Int. 423  museoanatomiavet@fcv.unlp.edu.ar<\/em><\/strong><\/p>\n\n\n\n<hr class=\"wp-block-separator is-style-wide\"\/>\n\n\n\n<p style=\"text-align:center\" class=\"has-medium-font-size\"><strong>Museos de la Ciudad  <a href=\"http:\/\/www.laplatamagica.com.ar\/?page_id=3874\">1<\/a>  <a href=\"http:\/\/www.laplatamagica.com.ar\/?page_id=3951\">2\ufeff<\/a><\/strong><\/p>\n","protected":false},"excerpt":{"rendered":"<p>Archivo Hist\u00f3rico y Museo del Servicio Penitenciario Bonaerense \u00c1rea de Museo, Exposiciones y Conservaci\u00f3n del Patrimonio Facultad de Bellas Artes U.N.L.P. Casa Museo \u201cMariani-Teruggi Departamento Archivo Hist\u00f3rico y Museo \u201cAstillero R\u00edo Santiago\u201d Museo 1871 de Berisso Cementerio Municipal de La Plata Museo a Cielo Abierto Museo Almafuerte Museo Arqueol\u00f3gico A L\u2019abri Museo de Anatom\u00eda Humana &hellip; <a href=\"https:\/\/laplatamagica.ar\/?page_id=3828\" class=\"more-link\">Continuar leyendo<span class=\"screen-reader-text\"> &#8220;Museos de la ciudad&#8221;<\/span><\/a><\/p>\n","protected":false},"author":1,"featured_media":0,"parent":0,"menu_order":3,"comment_status":"closed","ping_status":"closed","template":"","meta":{"switch_pages_title":"","h5ap_radio_sources":[],"footnotes":""},"class_list":["post-3828","page","type-page","status-publish","hentry"],"_links":{"self":[{"href":"https:\/\/laplatamagica.ar\/index.php?rest_route=\/wp\/v2\/pages\/3828","targetHints":{"allow":["GET"]}}],"collection":[{"href":"https:\/\/laplatamagica.ar\/index.php?rest_route=\/wp\/v2\/pages"}],"about":[{"href":"https:\/\/laplatamagica.ar\/index.php?rest_route=\/wp\/v2\/types\/page"}],"author":[{"embeddable":true,"href":"https:\/\/laplatamagica.ar\/index.php?rest_route=\/wp\/v2\/users\/1"}],"replies":[{"embeddable":true,"href":"https:\/\/laplatamagica.ar\/index.php?rest_route=%2Fwp%2Fv2%2Fcomments&post=3828"}],"version-history":[{"count":0,"href":"https:\/\/laplatamagica.ar\/index.php?rest_route=\/wp\/v2\/pages\/3828\/revisions"}],"wp:attachment":[{"href":"https:\/\/laplatamagica.ar\/index.php?rest_route=%2Fwp%2Fv2%2Fmedia&parent=3828"}],"curies":[{"name":"wp","href":"https:\/\/api.w.org\/{rel}","templated":true}]}}