{"id":3874,"date":"2019-10-14T19:03:56","date_gmt":"2019-10-14T22:03:56","guid":{"rendered":"http:\/\/www.laplatamagica.com.ar\/?page_id=3874"},"modified":"2019-10-15T18:12:17","modified_gmt":"2019-10-15T21:12:17","slug":"museos-de-la-ciudad-1","status":"publish","type":"page","link":"https:\/\/laplatamagica.ar\/?page_id=3874","title":{"rendered":"Museos de la ciudad 1"},"content":{"rendered":"\n<ul class=\"wp-block-list\"><li><strong><a href=\"#beato\">\ufeff Museo de Arte Contempor\u00e1neo Beato Ang\u00e9lico<\/a><\/strong><\/li><li><strong><a href=\"#macla\"> Museo de Arte Contempor\u00e1neo Latinoamericano MACL<\/a>A<\/strong><\/li><li><strong><a href=\"#mam\"> Museo de Arte y Memoria (mAm &#8211; CPM<\/a>)<\/strong><\/li><li><strong><a href=\"http:\/\/www.laplatamagica.com.ar\/?page_id=3874#geofisica\"> Museo de Astronom\u00eda y Geof\u00edsica U.N.L.P<\/a>.<\/strong><\/li><li><strong><a href=\"#spega\"> Museo de Bot\u00e1nica y Farmacognosia Carlos Spegazzini y Museo Biblioteca de Qu\u00edmica y Farmacia Prof. Dr. Carlos Sagastume U.N.L.P<\/a>.<\/strong><\/li><li><strong><a href=\"#agro\"> Museo de Ciencias Agrarias y Forestales \u201cJulio Ocampo\u201d U.N.L.P<\/a>.<\/strong><\/li><li><strong><a href=\"#exacta\"> Museo de F\u00edsica. Depto. de F\u00edsica. Fac. de Cs. Exactas U.N.L.P<\/a>.<\/strong><\/li><li><strong><a href=\"http:\/\/www.laplatamagica.com.ar\/?page_id=3874#victor\"> Museo de F\u00edsica del Liceo V\u00edctor Mercante U.N.L.P<\/a>.<\/strong><\/li><li><strong><a href=\"http:\/\/www.laplatamagica.com.ar\/?page_id=3874#medico\"> Museo de Historia de la Medicina \u201cDr. Santiago Gorostiague\u201d U.N.L.P<\/a>.<\/strong><\/li><li><strong><a href=\"http:\/\/www.laplatamagica.com.ar\/?page_id=3874#azzarini\"> Museo de Instrumentos Musicales  \u201cDr. Emilio Azzarini\u201d U.N.L.P<\/a>.<\/strong><\/li><\/ul>\n\n\n\n<hr class=\"wp-block-separator is-style-wide\"\/>\n\n\n\n<p style=\"font-size:24px;text-align:center\"><br><strong><a href=\"http:\/\/www.laplatamagica.com.ar\/?page_id=3828\">Museos de la Ciudad<\/a>   <a href=\"http:\/\/www.laplatamagica.com.ar\/?page_id=3951\">2<\/a><\/strong> <\/p>\n\n\n\n<p id=\"beato\" style=\"font-size:30px;text-align:center\"><strong> \u201cMuseo de Arte Contempor\u00e1neo Beato Ang\u00e9lico\u201d<\/strong><\/p>\n\n\n\n<div class=\"wp-block-image\"><figure class=\"alignleft is-resized\"><img loading=\"lazy\" decoding=\"async\" src=\"http:\/\/www.laplatamagica.com.ar\/wp-content\/uploads\/2019\/10\/beato1.jpg\" alt=\"\" class=\"wp-image-3882\" width=\"249\" height=\"331\" srcset=\"https:\/\/laplatamagica.ar\/wp-content\/uploads\/2019\/10\/beato1.jpg 301w, https:\/\/laplatamagica.ar\/wp-content\/uploads\/2019\/10\/beato1-226x300.jpg 226w\" sizes=\"auto, (max-width: 249px) 85vw, 249px\" \/><\/figure><\/div>\n\n\n\n<p>El Museo de Arte Contempor\u00e1neo Beato Ang\u00e9lico de la Universidad Cat\u00f3lica de La Plata, fue fundado el 23 de mayo de 1980. Funciona en el edificio que perteneci\u00f3 a \u201cLa Divina Providencia\u201d. Se conserv\u00f3 su fachada exterior del a\u00f1o 1902 y fue remodelado interiormente.<\/p>\n\n\n\n<p>Variadas actividades hacen de \u00e9l, un museo vivo. Mensualmente se inauguran muestras temporarias de pl\u00e1stica, con obras de artistas invitados (m\u00e1s de 60 muestras individuales por a\u00f1o). Por su forma arquitect\u00f3nica, tiene la ac\u00fastica adecuada, llev\u00e1ndose a cabo conciertos de m\u00fasica de c\u00e1mara, interpretados por prestigiosos concertistas, cantantes y j\u00f3venes talentos. Se realizan tambi\u00e9n concursos (Sal\u00f3n Distinci\u00f3n Beato Ang\u00e9lico), conferencias, proyecciones de cine, exposiciones en otras instituciones, etc.<\/p>\n\n\n\n<p>El Museo\nposee un acervo permanente integrado por obras donadas por artistas o coleccionistas\nparticulares, y seleccionadas por sus autoridades.<\/p>\n\n\n\n<p>La Fundaci\u00f3n FUCALP acompa\u00f1a al Museo desde FADAM auspiciando sus&nbsp; actividades y&nbsp; planificando la expansi\u00f3n del&nbsp; museo dentro&nbsp; del&nbsp; edificio hist\u00f3rico&nbsp; que &nbsp;lo protege.<\/p>\n\n\n\n<p><strong><em>Calle 47 esq. 16 y Diag 73 N\u00ba 2137 La Plata<br> Tel. (0221) 424 8906 \/ 439 3100 int 1778 museo@ucalpvirtual.edu.ar <\/em><\/strong><\/p>\n\n\n\n<hr class=\"wp-block-separator is-style-wide\"\/>\n\n\n\n<p id=\"macla\" style=\"font-size:30px;text-align:center\"><strong> \u201cMuseo de Arte Contempor\u00e1neo Latinoamericano MACLA\u201d<\/strong><\/p>\n\n\n\n<div class=\"wp-block-image\"><figure class=\"alignleft is-resized\"><img loading=\"lazy\" decoding=\"async\" src=\"http:\/\/www.laplatamagica.com.ar\/wp-content\/uploads\/2019\/10\/macla1.jpg\" alt=\"\" class=\"wp-image-3887\" width=\"363\" height=\"238\" srcset=\"https:\/\/laplatamagica.ar\/wp-content\/uploads\/2019\/10\/macla1.jpg 500w, https:\/\/laplatamagica.ar\/wp-content\/uploads\/2019\/10\/macla1-300x197.jpg 300w\" sizes=\"auto, (max-width: 363px) 85vw, 363px\" \/><\/figure><\/div>\n\n\n\n<p>Entre los a\u00f1os 1992 y 1994, el profesor y artista pl\u00e1stico C\u00e9sar L\u00f3peOsornio, desarroll\u00f3 en Espa\u00f1a la muestra \u201cConfluencias\u201d, la primera que reun\u00eda a artistas latinoamericanos residentes en Europa, en exilios voluntarios o forzosos. El inter\u00e9s y \u00e9xito suscitado por esta exposici\u00f3n hizo retomar una idea surgida en 1978 en el Primer Encuentro de Artistas Pl\u00e1sticos y Cr\u00edticos Iberoamericanos, desarrollado en Caracas, Venezuela. <\/p>\n\n\n\n<div class=\"wp-block-image\"><figure class=\"aligncenter\"><img loading=\"lazy\" decoding=\"async\" width=\"500\" height=\"375\" src=\"http:\/\/www.laplatamagica.com.ar\/wp-content\/uploads\/2019\/10\/pasajedardorocha1.jpg\" alt=\"\" class=\"wp-image-3888\" srcset=\"https:\/\/laplatamagica.ar\/wp-content\/uploads\/2019\/10\/pasajedardorocha1.jpg 500w, https:\/\/laplatamagica.ar\/wp-content\/uploads\/2019\/10\/pasajedardorocha1-300x225.jpg 300w\" sizes=\"auto, (max-width: 500px) 85vw, 500px\" \/><figcaption><strong>Pasaje Dardo Rocha calle 50 entre 6 y 7.<\/strong><\/figcaption><\/figure><\/div>\n\n\n\n<p>All\u00ed, varios artistas pl\u00e1sticos reconocieron que el arte latinoamericano carec\u00eda de un aut\u00e9ntico museo que nucleara y mostrara con idoneidad al mundo su producci\u00f3n, sin estar supeditado a las principales capitales del mundo. Por ello todos los artistas de la muestra \u201cConfluencias\u201d aceptaron donar sus obras para la concreci\u00f3n del tan ansiado museo: El MACLA, que realiz\u00f3 la inauguraci\u00f3n el 10 de septiembre de 1999. Actualmente su patrimonio est\u00e1 dividido en Colecci\u00f3n General (obras de Antonio Segui, Julio Le Parc, Rogelio Polesello, etc.), Colecci\u00f3n Tomasello, Colecci\u00f3n MADI Internacional, Colecci\u00f3n Jonquieres, Colecci\u00f3n C\u00e1ceres Sobrea, Colecci\u00f3n Tentind\u00f3, Colecci\u00f3n Armagni, Colecci\u00f3n D\u00edaz Larroque y Colecci\u00f3n Silva.<br>El MACLA cuenta con diferentes \u00e1reas de trabajo para su desarrollo: Comunicaci\u00f3n y prensa, Educaci\u00f3n, Biblioteca, Tienda de arte, Editorial, Administraci\u00f3n, Patrimonio, Montaje y fondo de arte.<\/p>\n\n\n\n<p><br>AAMACLA Asociaci\u00f3n Amigos del MACLA que trabaja en pro del engrandecimiento y mejor conservaci\u00f3n del patrimonio mueble e inmueble del museo; colabora en la conservaci\u00f3n, restauraci\u00f3n y difusi\u00f3n de las actividades del mismo, realizando cursos, conferencias y talleres.<\/p>\n\n\n\n<p><em><strong>Calle 50 e\/ 6 y 7 La Plata<br>Tel. (0221) 427 1843 \/ 482 6524 \/ 427 1193 <br>web: <\/strong><\/em><a rel=\"noreferrer noopener\" aria-label=\" (abre en una nueva pesta\u00f1a)\" href=\"http:\/\/www.macla.com.ar\" target=\"_blank\"><em><strong>http:\/\/www.macla.com.ar<\/strong><\/em><\/a><\/p>\n\n\n\n<hr class=\"wp-block-separator is-style-wide\"\/>\n\n\n\n<p id=\"mam\" style=\"font-size:30px;text-align:center\"><strong> \u201cMuseo de Arte y Memoria (mAm &#8211; CPM)\u201d<\/strong><\/p>\n\n\n\n<div class=\"wp-block-image\"><figure class=\"alignleft\"><img loading=\"lazy\" decoding=\"async\" width=\"221\" height=\"273\" src=\"http:\/\/www.laplatamagica.com.ar\/wp-content\/uploads\/2019\/10\/mam01.jpg\" alt=\"\" class=\"wp-image-3893\"\/><\/figure><\/div>\n\n\n\n<p>El Museo de Arte y Memoria fue creado por la Comisi\u00f3n Provincial por la Memoria en diciembre de 2002 con el objetivo de convertirse en un espacio de reflexi\u00f3n sobre el autoritarismo y la democracia, impulsando pol\u00edticas p\u00fablicas de memoria y promoviendo desde el arte los derechos humanos. Ofrece visitas guiadas y una programaci\u00f3n que incluye muestras temporales de artes visuales, presentaciones de libros, ciclos culturales, charlas y talleres. <\/p>\n\n\n\n<p>Posee un patrimonio art\u00edstico vinculado a los temas de abordaje de la CPM, una videoteca especializada en DDHH y m\u00e1s de 30 muestras itinerantes que instituciones educativas y culturales pueden solicitar gratuitamente.<\/p>\n\n\n\n<p><strong><em>Calle 9 N\u00b0 984 e\/51 y 53. La Plata Bs. As. Tel. (0221) 483 5590<br>museo@comisionporlamemoria.org  <\/em><\/strong><a rel=\"noreferrer noopener\" aria-label=\"www.comisionporlamemoria.org  (abre en una nueva pesta\u00f1a)\" href=\"http:\/\/www.comisionporlamemoria.org \ufeff\" target=\"_blank\"><strong><em>www.comisionporlamemoria.org <\/em><\/strong><\/a><\/p>\n\n\n\n<hr class=\"wp-block-separator is-style-wide\"\/>\n\n\n\n<p id=\"geofisica\" style=\"font-size:30px;text-align:center\"><strong> \u201cMuseo de Astronom\u00eda y Geof\u00edsica. (UNLP)\u201d<\/strong><\/p>\n\n\n\n<div class=\"wp-block-image\"><figure class=\"alignleft is-resized\"><img loading=\"lazy\" decoding=\"async\" src=\"http:\/\/www.laplatamagica.com.ar\/wp-content\/uploads\/2019\/10\/observatorio1a-1.jpg\" alt=\"\" class=\"wp-image-3904\" width=\"337\" height=\"224\" srcset=\"https:\/\/laplatamagica.ar\/wp-content\/uploads\/2019\/10\/observatorio1a-1.jpg 400w, https:\/\/laplatamagica.ar\/wp-content\/uploads\/2019\/10\/observatorio1a-1-300x200.jpg 300w\" sizes=\"auto, (max-width: 337px) 85vw, 337px\" \/><\/figure><\/div>\n\n\n\n<p>El Museo del Observatorio fue creado en 1997 y cont\u00f3 con un espacio propio a partir de 2001 luego de la restauraci\u00f3n de la planta baja del Telescopio Gran ecuatorial Gautier. Forma parte del \u00c1rea de Extensi\u00f3n y Difusi\u00f3n de la Facultad de Ciencias Astron\u00f3micas y Geof\u00edsicas &#8211; Universiad Nacional de La Plata.<\/p>\n\n\n\n<p>El acervo est\u00e1 compuesto por colecciones y piezas que ilustran sobre los  comienzos de la astronom\u00eda y la geof\u00edsica en nuestro pa\u00eds tales como: instrumentos de fines del siglo XIX y durante el XX; una colecci\u00f3n de negativos en vidrio y placas fotogr\u00e1ficas, muchas de las cuales fueron obtenidas en el Observatorio local y otras por investigadores en otros cen-<br> tros de observaci\u00f3n astron\u00f3mica; documentos; libros antiguos de los siglos XVII y XVIII. El Museo y el Observatorio ofrecen visitas guiadas  por las instalaciones  del Observatorio, y las \u00e1reas de la Astronom\u00eda y la Geof\u00edsica.<\/p>\n\n\n\n<p><strong><em>Facultad de Ciencias Astron\u00f3micas y Geof\u00edsicas <br>Paseo del Bosque s\/N\u00ba La Plata Tel. (0221) 423-6593 (int. 141) <\/em><\/strong><a rel=\"noreferrer noopener\" aria-label=\"www.museo.fcaglp.unlp.edu.ar (abre en una nueva pesta\u00f1a)\" href=\"http:\/\/www.museo.fcaglp.unlp.edu.ar\" target=\"_blank\"><strong><em>www.museo.fcaglp.unlp.edu.ar<\/em><\/strong><\/a><\/p>\n\n\n\n<hr class=\"wp-block-separator is-style-wide\"\/>\n\n\n\n<p id=\"spega\" style=\"font-size:30px;text-align:center\"><strong> \u201cMuseo de Bot\u00e1nica y Farmacognosia Carlos Spegazzini\ny Museo Biblioteca de Qu\u00edmica y Farmacia Prof. Dr. Carlos Sagastume (UNLP)\u201d<\/strong><\/p>\n\n\n\n<div class=\"wp-block-image\"><figure class=\"alignleft is-resized\"><img loading=\"lazy\" decoding=\"async\" src=\"http:\/\/www.laplatamagica.com.ar\/wp-content\/uploads\/2019\/10\/spegazini.jpg\" alt=\"\" class=\"wp-image-3907\" width=\"256\" height=\"343\" srcset=\"https:\/\/laplatamagica.ar\/wp-content\/uploads\/2019\/10\/spegazini.jpg 300w, https:\/\/laplatamagica.ar\/wp-content\/uploads\/2019\/10\/spegazini-224x300.jpg 224w\" sizes=\"auto, (max-width: 256px) 85vw, 256px\" \/><figcaption> <br><strong>Dr. Carlos Spegazzini <\/strong><\/figcaption><\/figure><\/div>\n\n\n\n<p>El edificio se construy\u00f3 en 1905 como apoyo del Colegio Nacional con funciones de Internado; fue cedido en 1920 a la Facultad de Qu\u00edmica y Farmacia adapt\u00e1ndose para tal fin. <br>El Museo est\u00e1 dise\u00f1ado de manera did\u00e1ctica y pedag\u00f3gica por un equipo de profesionales de diferentes disciplinas. Cuenta con colecci\u00f3n de especies vegetales  aut\u00f3ctonas empleadas en Medicina tradicional o popular argentina y de pa\u00edses lim\u00edtrofes que se expenden con fines terap\u00e9uticos, en mercados, herborister\u00edas y farmacias.<br>Tambi\u00e9n con una Colecci\u00f3n Patr\u00f3n de condimentos y alimentos de origen vegetal provenientes de diferentes pa\u00edses del mundo.<\/p>\n\n\n\n<p><br>Se expone una amplia variedad de objetos de relevancia hist\u00f3rica y cient\u00edfica. Entre ellos los objetos personales de Carlos Spegazzini y las hierbas por \u00e9l recolectadas que a\u00fan hoy siguen siendo utilizadas como material patr\u00f3n; farmacopeas de diverso origen (francesas, espa\u00f1olas y la relevante Farmacopea Brit\u00e1nica de 1816; las primeras tesis gestadas en los inicios de la Carrera de Farmacia y diversos objetos de trabajo como balanzas de precisi\u00f3n alemanas  e Inglesas de principios del Siglo XX; microscopios; prensas para corchos para su uso en microbiolog\u00eda; polar\u00edmetros,entre otras piezas de alto valor.<\/p>\n\n\n\n<p><em><strong>Calle 47 y 115 <br> museo@quimica.unlp.edu.ar etile@biol.unlp.edu.ar<br> Tel. (0221) 423 0121 Int. 36<\/strong><\/em><\/p>\n\n\n\n<hr class=\"wp-block-separator is-style-wide\"\/>\n\n\n\n<p id=\"agro\" style=\"font-size:30px;text-align:center\"><strong> \u201cMuseo de Ciencias Agrarias y Forestales \u201cJulio Ocampo\u201d UNLP\u201d<\/strong><\/p>\n\n\n\n<div class=\"wp-block-image\"><figure class=\"alignleft is-resized\"><img loading=\"lazy\" decoding=\"async\" src=\"http:\/\/www.laplatamagica.com.ar\/wp-content\/uploads\/2019\/10\/Agronomia-29.jpg\" alt=\"\" class=\"wp-image-3916\" width=\"350\" height=\"184\" srcset=\"https:\/\/laplatamagica.ar\/wp-content\/uploads\/2019\/10\/Agronomia-29.jpg 400w, https:\/\/laplatamagica.ar\/wp-content\/uploads\/2019\/10\/Agronomia-29-300x158.jpg 300w\" sizes=\"auto, (max-width: 350px) 85vw, 350px\" \/><\/figure><\/div>\n\n\n\n<p>El Museo se cre\u00f3 en el a\u00f1o 2002, teniendo como misi\u00f3n rescatar, conservar y poner en  valor el patrimonio hist\u00f3rico de la Facultad de Ciencias Agrarias y Forestales de la UNLP. Es un espacio dedicado a destacar la tarea de la comunidad educativa de esta facultad que tuvo su origen en la Escuela Pr\u00e1ctica de Agricultura de Santa Catalina, en Lomas de Zamora (1870) siendo el primero en su tipo. Luego pas\u00f3 a ser el Instituto Agron\u00f3mico Veterinario y m\u00e1s tarde, con su traslado a ciudad de La Plata, Facultad.<\/p>\n\n\n\n<p><br>Desde 2013 cuenta con espacio propio dentro de las instalaciones de la instituci\u00f3n. Su acervo re\u00fane pinturas e ilustraciones de bot\u00e1nica, instrumental de laboratorio, aparatos climatol\u00f3gicos, antiguos equipos de campo de industrias agr\u00edcolas, mobiliario, documentos y un archivo fotogr\u00e1fico compuesto por centenares de fotograf\u00edas y negativos en vidrio.<\/p>\n\n\n\n<p><em><strong>Facultad de Ciencias Agrarias y Forestales. <br> Av. 60 y 119 La Plata <br> Tel. (0221) 423 6758<br> museojocampo@agro.unlp.edu.ar <br><\/strong><a rel=\"noreferrer noopener\" aria-label=\" www.agro.unlp.edu.ar\/extension\/museo-julio-ocampo (abre en una nueva pesta\u00f1a)\" href=\"http:\/\/www.agro.unlp.edu.ar\/extension\/museo-julio-ocampo\" target=\"_blank\"><strong> www.agro.unlp.edu.ar\/extension\/museo-julio-ocampo<\/strong><\/a><\/em><\/p>\n\n\n\n<hr class=\"wp-block-separator is-style-wide\"\/>\n\n\n\n<p id=\"exacta\" style=\"font-size:30px;text-align:center\"><strong> \u201cMuseo de F\u00edsica Departamento de F\u00edsica Facultad de Ciencias Exactas (UNLP)\n\u201d<\/strong><\/p>\n\n\n\n<div class=\"wp-block-image\"><figure class=\"alignleft is-resized\"><img loading=\"lazy\" decoding=\"async\" src=\"http:\/\/www.laplatamagica.com.ar\/wp-content\/uploads\/2019\/10\/exactas01.jpg\" alt=\"\" class=\"wp-image-3923\" width=\"308\" height=\"231\" srcset=\"https:\/\/laplatamagica.ar\/wp-content\/uploads\/2019\/10\/exactas01.jpg 400w, https:\/\/laplatamagica.ar\/wp-content\/uploads\/2019\/10\/exactas01-300x225.jpg 300w\" sizes=\"auto, (max-width: 308px) 85vw, 308px\" \/><\/figure><\/div>\n\n\n\n<p>El Museo se cre\u00f3 en 1994 y fue inaugurado en 1998 para preservar el patrimonio de la instituci\u00f3n consistente en una valiosa  colecci\u00f3n de instrumentos que la  UNLP hab\u00eda adquirido en Alemania en 1906 como material de investigaci\u00f3n y demostraci\u00f3n de fen\u00f3menos f\u00edsicos, para el entonces Instituto de F\u00edsica. Con el tiempo se fue incrementando el acervo del museo con nuevas colecciones de piezas antiguas que se\u00f1alan  la evoluci\u00f3n tecnol\u00f3gica de ciertos objetos. Adem\u00e1s cuenta con un archivo de documentos y libros anteriores a 1930.<\/p>\n\n\n\n<p><br>Tiene la particularidad, como centro participativo de ciencias de que los instrumentos contin\u00faan cumpliendo su funci\u00f3n educativa a\u00fan hoy.  Son docentes y alumnos de esta casa de estudios quienes tienen a su cargo las visitas dirigidas al p\u00fablico en general y a grupos de estudiantes de todos los niveles educativos.<br>Cuenta con un taller de restauraci\u00f3n y construcci\u00f3n de dispositivos para demostraciones y experimentos.<\/p>\n\n\n\n<p><strong><em>Facultad de Ciencias Exactas. Calle 115 y 49 La Plata  <br>Tel. (0221) 425 0787 \/ 425 2006 museo@fisica.unlp.edu.ar <br><a href=\"http:\/\/www.exactas.unlp.edu.ar\/museos\/fisica\">w<\/a><a href=\"http:\/\/www.exactas.unlp.edu.ar\/museos\/fisica\" target=\"_blank\" rel=\"noreferrer noopener\" aria-label=\"ww.exactas.unlp.edu.ar\/museos\/fisica (abre en una nueva pesta\u00f1a)\">ww.exactas.unlp.edu.ar\/museos\/fisica<\/a><\/em><\/strong><\/p>\n\n\n\n<hr class=\"wp-block-separator is-style-wide\"\/>\n\n\n\n<p id=\"victor\" style=\"font-size:30px;text-align:center\"><strong> \u201c\nMuseo de F\u00edsica del Liceo V\u00edctor Mercante UNLP\u201d<\/strong><\/p>\n\n\n\n<div class=\"wp-block-image\"><figure class=\"alignleft is-resized\"><img loading=\"lazy\" decoding=\"async\" src=\"http:\/\/www.laplatamagica.com.ar\/wp-content\/uploads\/2019\/10\/victormercante.jpg\" alt=\"\" class=\"wp-image-3929\" width=\"330\" height=\"208\" srcset=\"https:\/\/laplatamagica.ar\/wp-content\/uploads\/2019\/10\/victormercante.jpg 400w, https:\/\/laplatamagica.ar\/wp-content\/uploads\/2019\/10\/victormercante-300x189.jpg 300w\" sizes=\"auto, (max-width: 330px) 85vw, 330px\" \/><\/figure><\/div>\n\n\n\n<p>Fue creado en 2004 y el objetivo fue  poner a resguardo y exhibir el valioso instrumental para demostraci\u00f3n de fen\u00f3menos f\u00edsicos destinado a equipar el laboratorio de f\u00edsica del entonces Liceo de Se\u00f1oritas. El mismo hab\u00eda sido adquirido en Europa por encargo de la UNLP con el fin de dotar al colegio con los \u00faltimos avances de  la ciencia y la tecnolog\u00eda de la \u00e9poca. Con un doble prop\u00f3sito los docentes elaboraron un proyecto participativo con alumnos y no docentes con el doble prop\u00f3sito de capacitarlos en  la recuperaci\u00f3n de piezas deterioradas para su conservaci\u00f3n preventiva y exhibici\u00f3n. Al mismo tiempo cumple el objetivo de concientizaci\u00f3n y valoraci\u00f3n de los bienes promoviendo el sentido de pertenencia en <br>toda la comunidad educativa manteniendo vivo el legado propio de un establecimiento educativo de vanguardia.<\/p>\n\n\n\n<p><br> La colecci\u00f3n incluye piezas de las firmas Max K\u00f6hl, Emile Deyrolle, Leybold, EcyT, Fairbanks, Weston, entre otras. Se exponen br\u00fajulas, balanzas, m\u00e1quinas, l\u00e1mparas que  permiten el abordaje de temas propios de la f\u00edsica con demostraciones de alto valor pedag\u00f3gico.<\/p>\n\n\n\n<p><em><strong>Liceo V\u00edctor Mercante.    <br>Diag. 77 n\u00b0 352 e\/ 4 y 5. La Plata      <br>exactas@lvm.unlp.edu.ar<\/strong><\/em><\/p>\n\n\n\n<hr class=\"wp-block-separator is-style-wide\"\/>\n\n\n\n<p id=\"medico\" style=\"font-size:30px;text-align:center\"><strong> \u201c\nMuseo de Historia de la Medicina \u201cDr. Santiago Gorostiague\u201d UNLP\u201d<\/strong><\/p>\n\n\n\n<div class=\"wp-block-image\"><figure class=\"alignleft is-resized\"><img loading=\"lazy\" decoding=\"async\" src=\"http:\/\/www.laplatamagica.com.ar\/wp-content\/uploads\/2019\/10\/medicina.jpg\" alt=\"\" class=\"wp-image-3936\" width=\"317\" height=\"201\" srcset=\"https:\/\/laplatamagica.ar\/wp-content\/uploads\/2019\/10\/medicina.jpg 400w, https:\/\/laplatamagica.ar\/wp-content\/uploads\/2019\/10\/medicina-300x191.jpg 300w\" sizes=\"auto, (max-width: 317px) 85vw, 317px\" \/><\/figure><\/div>\n\n\n\n<p>Fue inaugurado el 23 de diciembre de 1981 en la Facultad de Ciencias M\u00e9dicas como un instrumento de car\u00e1cter cient\u00edfico, pero tambi\u00e9n de proyecci\u00f3n social de la medicina de la regi\u00f3n y, por tanto, un instrumento de car\u00e1cter cultural, abierto a toda la poblaci\u00f3n. La finalidad del Museo es la educaci\u00f3n, formaci\u00f3n e investigaci\u00f3n en la comprensi\u00f3n y el conocimiento de la historia de las ciencias de la salud. Desde entonces ha incrementado su acervo por donaciones de hospitales, c\u00e1tedras, docentes, m\u00e9dicos y particulares, lo que le permite tener una exposici\u00f3n permanente dedicada a distintas especialidades, y realizar muestras temporarias que acompa\u00f1an a jornadas, congresos o conferencias que se realizan en la Facultad.<\/p>\n\n\n\n<p><br>Su patrimonio, formado fundamentalmente por instrumentos, permite observar la evoluci\u00f3n de t\u00e9cnicas y conceptos m\u00e9dicos desde el siglo XIX hasta nuestros d\u00edas y aporta al conocimiento de la historia de la medicina de la regi\u00f3n, as\u00ed como de sus protagonistas. Dentro de su acervo es posible encontrar instrumentos utilizados en procedimientos muy comunes hasta las primeras d\u00e9cadas del siglo XX, como la sangr\u00eda o la cauterizaci\u00f3n con distintas sustancias tales como escarificadores, ventosas o cauterizadores, pr\u00e1cticas habituales en la Medicina Humoral, una variedad de aparatos que muestran el uso de la electricidad en la medicina y sus fines terap\u00e9uticos desde mediados del siglo XIX hasta mediados del XX y desde un electrocardi\u00f3grafo desarrollado en 1889, capaz  de medir el ritmo card\u00edaco hasta una colecci\u00f3n de marcapasos o un ecocardi\u00f3grafo.<\/p>\n\n\n\n<p><strong><em>Facultad de Ciencias M\u00e9dicas. Calle 60 y 120  La Plata <br> Tel. (0221) 424-1596 \/424-3068\/424 2711\/423 6711 <br> museohistoriadelamedicinaunlp@gmail.com<\/em><\/strong><\/p>\n\n\n\n<hr class=\"wp-block-separator is-style-wide\"\/>\n\n\n\n<p id=\"azzarini\" style=\"font-size:30px;text-align:center\"><strong> \u201cMuseo de Instrumentos Musicales \u201cDr. Emilio Azzarini\u201d UNLP\u201d<\/strong><\/p>\n\n\n\n<div class=\"wp-block-image\"><figure class=\"alignleft is-resized\"><img loading=\"lazy\" decoding=\"async\" src=\"http:\/\/www.laplatamagica.com.ar\/wp-content\/uploads\/2019\/10\/musicales.jpg\" alt=\"\" class=\"wp-image-3942\" width=\"222\" height=\"322\" srcset=\"https:\/\/laplatamagica.ar\/wp-content\/uploads\/2019\/10\/musicales.jpg 276w, https:\/\/laplatamagica.ar\/wp-content\/uploads\/2019\/10\/musicales-207x300.jpg 207w\" sizes=\"auto, (max-width: 222px) 85vw, 222px\" \/><\/figure><\/div>\n\n\n\n<p>Fue inaugurado en 1985 y depende de la  Direcci\u00f3n de Cultura de la UNLP. Su patrimonio nace con la colecci\u00f3n privada de instrumentos musicales del Dr. Emilio Azzarini. que fuera legada a la Universidad por sus descendientes  luego de su fallecimiento en 1963.<br>La colecci\u00f3n fue exhibida en dependencias de la Universidad hasta su ubicaci\u00f3n en su sede actual. Su acervo se  fue acrecentando  con donaciones de  instrumentos de distintas \u00e9pocas y procedencia, Cuenta con una biblioteca especializada y  una Fonoteca. Recibe visitas de establecimientos educativos y coordina junto a grupos musicales, actividades abiertas a  la comunidad.<\/p>\n\n\n\n<p><strong><em>Calle 45 N\u00b0 582 entre 6 y 7 La Plata  <br> Tel\u00e9fono: 424-0401 \/ 427-4064<br> E-mail: museo.azzarini@presi.unlp.edu.ar <br><\/em><\/strong><br>La Asociaci\u00f3n de Amigos del Museo Azzarini colabora en el quehacer del museo. Organizan conciertos destac\u00e1ndose  el  denominado \u201cCiclo  de j\u00f3venes int\u00e9rpretes\u201d  que  hace  varias d\u00e9cadas ha permitido  ejecutar a  excelentes  artistas ,  hoy  consagrados que  fueron  impulsados  en  el  camino del  arte por  esta prestigiosa Asociaci\u00f3n,  que es parte de FADAM.<\/p>\n\n\n\n<hr class=\"wp-block-separator is-style-wide\"\/>\n\n\n\n<p style=\"text-align:center\" class=\"has-medium-font-size\">Museos de la ciudad 1<strong> <\/strong> <br><strong><a href=\"http:\/\/www.laplatamagica.com.ar\/?page_id=3828\">Museos de la Ciudad<\/a>   <a href=\"http:\/\/www.laplatamagica.com.ar\/?page_id=3951\">2<\/a><\/strong> <\/p>\n","protected":false},"excerpt":{"rendered":"<p>\ufeff Museo de Arte Contempor\u00e1neo Beato Ang\u00e9lico Museo de Arte Contempor\u00e1neo Latinoamericano MACLA Museo de Arte y Memoria (mAm &#8211; CPM) Museo de Astronom\u00eda y Geof\u00edsica U.N.L.P. Museo de Bot\u00e1nica y Farmacognosia Carlos Spegazzini y Museo Biblioteca de Qu\u00edmica y Farmacia Prof. Dr. Carlos Sagastume U.N.L.P. Museo de Ciencias Agrarias y Forestales \u201cJulio Ocampo\u201d U.N.L.P. &hellip; <a href=\"https:\/\/laplatamagica.ar\/?page_id=3874\" class=\"more-link\">Continuar leyendo<span class=\"screen-reader-text\"> &#8220;Museos de la ciudad 1&#8221;<\/span><\/a><\/p>\n","protected":false},"author":1,"featured_media":0,"parent":0,"menu_order":0,"comment_status":"closed","ping_status":"closed","template":"","meta":{"switch_pages_title":"","h5ap_radio_sources":[],"footnotes":""},"class_list":["post-3874","page","type-page","status-publish","hentry"],"_links":{"self":[{"href":"https:\/\/laplatamagica.ar\/index.php?rest_route=\/wp\/v2\/pages\/3874","targetHints":{"allow":["GET"]}}],"collection":[{"href":"https:\/\/laplatamagica.ar\/index.php?rest_route=\/wp\/v2\/pages"}],"about":[{"href":"https:\/\/laplatamagica.ar\/index.php?rest_route=\/wp\/v2\/types\/page"}],"author":[{"embeddable":true,"href":"https:\/\/laplatamagica.ar\/index.php?rest_route=\/wp\/v2\/users\/1"}],"replies":[{"embeddable":true,"href":"https:\/\/laplatamagica.ar\/index.php?rest_route=%2Fwp%2Fv2%2Fcomments&post=3874"}],"version-history":[{"count":0,"href":"https:\/\/laplatamagica.ar\/index.php?rest_route=\/wp\/v2\/pages\/3874\/revisions"}],"wp:attachment":[{"href":"https:\/\/laplatamagica.ar\/index.php?rest_route=%2Fwp%2Fv2%2Fmedia&parent=3874"}],"curies":[{"name":"wp","href":"https:\/\/api.w.org\/{rel}","templated":true}]}}