{"id":4965,"date":"2019-11-03T10:47:05","date_gmt":"2019-11-03T13:47:05","guid":{"rendered":"http:\/\/www.laplatamagica.com.ar\/?page_id=4965"},"modified":"2022-05-17T09:21:38","modified_gmt":"2022-05-17T12:21:38","slug":"curiosidades-1954-a-1994-4","status":"publish","type":"page","link":"https:\/\/laplatamagica.ar\/?page_id=4965","title":{"rendered":"Curiosidades 1954 a 1994 &#8211; 4"},"content":{"rendered":"\n<h3 class=\"wp-block-heading\" style=\"text-align:center\" id=\"mce_0\">Curiosidades 1954 a 1994 &#8211; <a href=\"http:\/\/www.laplatamagica.com.ar\/?page_id=579\">1<\/a> <a href=\"http:\/\/www.laplatamagica.com.ar\/?page_id=610\">2<\/a> <a href=\"http:\/\/www.laplatamagica.com.ar\/?page_id=640\">3 <\/a><a href=\"http:\/\/www.laplatamagica.com.ar\/?page_id=4965\">4<\/a><\/h3>\n\n\n\n<p class=\"has-large-font-size\"><strong>Colegio Nacional<\/strong><\/p>\n\n\n\n<p>A fines del a\u00f1o 1994 se realiz\u00f3 una reuni\u00f3n en el nuevo sal\u00f3n de actos donde se entreg\u00f3 a todos aquellos colaboradores que respondieron a la invitaci\u00f3n cursada para la ocasi\u00f3n, la medalla con el logotipo que identifica al Centro de Ex-alumnos.<\/p>\n\n\n\n<div class=\"wp-block-image\"><figure class=\"aligncenter\"><img loading=\"lazy\" decoding=\"async\" width=\"1000\" height=\"698\" src=\"http:\/\/www.laplatamagica.com.ar\/wp-content\/uploads\/2020\/09\/Exalumno-1.jpg\" alt=\"\" class=\"wp-image-8100\" srcset=\"https:\/\/laplatamagica.ar\/wp-content\/uploads\/2020\/09\/Exalumno-1.jpg 1000w, https:\/\/laplatamagica.ar\/wp-content\/uploads\/2020\/09\/Exalumno-1-300x209.jpg 300w, https:\/\/laplatamagica.ar\/wp-content\/uploads\/2020\/09\/Exalumno-1-768x536.jpg 768w\" sizes=\"auto, (max-width: 709px) 85vw, (max-width: 909px) 67vw, (max-width: 1362px) 62vw, 840px\" \/><figcaption> <br><strong>En la imagen el Lic. Sergio Jos\u00e9 Mart\u00ednez Astudillo presidente del Centro de Ex-Alumnos entregando la medalla, en el centro el vicepresidente Sr. Alberto Oldani y recibiendo la medalla el Sr. Herrero. <\/strong><\/figcaption><\/figure><\/div>\n\n\n\n<div class=\"wp-block-image\"><figure class=\"alignleft\"><img loading=\"lazy\" decoding=\"async\" width=\"300\" height=\"319\" src=\"http:\/\/www.laplatamagica.com.ar\/wp-content\/uploads\/2020\/09\/medalla1-1.jpg\" alt=\"\" class=\"wp-image-8090\" srcset=\"https:\/\/laplatamagica.ar\/wp-content\/uploads\/2020\/09\/medalla1-1.jpg 300w, https:\/\/laplatamagica.ar\/wp-content\/uploads\/2020\/09\/medalla1-1-282x300.jpg 282w\" sizes=\"auto, (max-width: 300px) 85vw, 300px\" \/><\/figure><\/div>\n\n\n\n<p><br>Est\u00e1 medalla se cre\u00f3 para ser entregada a todos los que se acercaban al Centro con el fin desinteresado de colaborar con el establecimiento donde han cursado su secundario y mantener vivo el recuerdo de aquellos a\u00f1os en la sala hist\u00f3rica.<\/p>\n\n\n\n<figure class=\"wp-block-image\"><img loading=\"lazy\" decoding=\"async\" width=\"713\" height=\"1024\" src=\"http:\/\/www.laplatamagica.com.ar\/wp-content\/uploads\/2020\/09\/medallero-713x1024.jpg\" alt=\"\" class=\"wp-image-8087\" srcset=\"https:\/\/laplatamagica.ar\/wp-content\/uploads\/2020\/09\/medallero-713x1024.jpg 713w, https:\/\/laplatamagica.ar\/wp-content\/uploads\/2020\/09\/medallero-209x300.jpg 209w, https:\/\/laplatamagica.ar\/wp-content\/uploads\/2020\/09\/medallero-768x1104.jpg 768w, https:\/\/laplatamagica.ar\/wp-content\/uploads\/2020\/09\/medallero.jpg 952w\" sizes=\"auto, (max-width: 713px) 85vw, 713px\" \/><\/figure>\n\n\n\n<h2 class=\"wp-block-heading\">Se crea la Facultad de Astronom\u00eda<\/h2>\n\n\n\n<div class=\"wp-block-image\"><figure class=\"alignleft is-resized\"><img loading=\"lazy\" decoding=\"async\" src=\"http:\/\/www.laplatamagica.com.ar\/wp-content\/uploads\/2022\/01\/Sven-Treitel.jpg\" alt=\"Por otra parte, el rector de la Universidad Dr. Guillermo G. Gallo, dispuso declarar hu\u00e9sped de honor extraordinario de la Universidad Nacional de La Plata al Dr. Sven Treitel mientras dure su permanencia en esta ciudad.\" class=\"wp-image-10448\" width=\"259\" height=\"235\" srcset=\"https:\/\/laplatamagica.ar\/wp-content\/uploads\/2022\/01\/Sven-Treitel.jpg 500w, https:\/\/laplatamagica.ar\/wp-content\/uploads\/2022\/01\/Sven-Treitel-300x272.jpg 300w\" sizes=\"auto, (max-width: 259px) 85vw, 259px\" \/><figcaption> <strong>Dr. Sven Treitel <\/strong><\/figcaption><\/figure><\/div>\n\n\n\n<p>El 1 de octubre de 1983 fue creada en la Universidad la Facultad de Astronom\u00eda por decreto del Poder Ejecutivo nacional fue creada en el \u00e1mbito de la Universidad Nacional de La Plata la Facultad de Ciencias Astron\u00f3micas y Geof\u00edsica, sobre la base del actual Instituto Superior del Observatorio Astron\u00f3mico. En los tratados de la decisi\u00f3n se recuerda que la iniciativa estuvo ya examinada en el expediente 15.828\/75 y que el citado proyecto, dice, se fundamenta en que las tareas que se desarrollan en el actual Instituto Superior del Observatorio Astron\u00f3mico, son las inherentes a una Facultad y las tareas e investigaci\u00f3n y docencia que all\u00ed se desarrollan cuentan con antecedentes suficientes para asegurar el nivel acad\u00e9mico de la Facultad a producirse. El mencionado proyecto, cuenta con la aprobaci\u00f3n de los organismos t\u00e9cnicos del Ministerio de educaci\u00f3n. Por otra parte, el rector de la Universidad doctor Guillermo G. Gallo, dispuso declarar hu\u00e9sped de honor extraordinario de la Universidad Nacional de La Plata al Dr. Sven Treitel mientras dure su permanencia en esta ciudad, con motivo de su concurrencia a la Facultad de Astronom\u00eda el d\u00eda 5 de octubre para el dictado de una conferencia sobre el tema Tendencias Actuales en Geof\u00edsica y Exploraci\u00f3n.<\/p>\n\n\n\n<p style=\"font-size:30px\"><strong>\u00bfY sobre la diversi\u00f3n? <\/strong><\/p>\n\n\n\n<p>La ciudad nocturna era un fen\u00f3meno similar al de otros lugares, adem\u00e1s era evidente que las confiter\u00edas y bailes constitu\u00edan una variante en las relaciones hombre-mujer, pero buscando los antecesores se llega hasta un reducto ubicado en un bar en 8 entre 43 y 44 al frente de la casa de Benito Lynch, inaugur\u00e1ndose el primer \u201cboliche\u201d con sentido mundano. <\/p>\n\n\n\n<div class=\"wp-block-image\"><figure class=\"aligncenter\"><img loading=\"lazy\" decoding=\"async\" width=\"302\" height=\"500\" src=\"http:\/\/www.laplatamagica.com.ar\/wp-content\/uploads\/2019\/11\/Foto-38-Karamba.jpg\" alt=\"\" class=\"wp-image-4974\" srcset=\"https:\/\/laplatamagica.ar\/wp-content\/uploads\/2019\/11\/Foto-38-Karamba.jpg 302w, https:\/\/laplatamagica.ar\/wp-content\/uploads\/2019\/11\/Foto-38-Karamba-181x300.jpg 181w\" sizes=\"auto, (max-width: 302px) 85vw, 302px\" \/><\/figure><\/div>\n\n\n\n<p>El nombre \u201cNight and Day\u201d, y los amigos del anfitri\u00f3n Jorge Martinez sab\u00edan que la intenci\u00f3n del propietario fue colocarle la denominaci\u00f3n de \u201c210\u201d que era una forma estad\u00edstica de enumerar a todos los contertulios, pero con un cartel econ\u00f3mico lo bautizaron con tan sofisticado nombre, tiempo m\u00e1s tarde se llam\u00f3 \u201cCaballito Blanco\u201d.<br>A\u00f1os m\u00e1s tarde surgi\u00f3 el \u201cMono Bar\u201d, cuyos due\u00f1os eran Perico Garcia Cortina, Pino y Alejo Arg\u00fcello, hicieron las delicias de la sociedad platense con unos sabrosos platos fr\u00edos. Pero la juventud ya comenzaba a bailar en \u201cEl negro de los zapatos blancos\u201d, un prolijo lugar donde se pod\u00eda saborear al tiempo que se bailaba, un jugo de frutas y comer un \u201cpanchito\u201d y as\u00ed surgi\u00f3 \u201cEl Teclado\u201d ideal para despedidas y reuniones de colegiales en la \u201cGaler\u00eda Rodrigo\u201d entrando por 50. <\/p>\n\n\n\n<div class=\"wp-block-image\"><figure class=\"aligncenter\"><img loading=\"lazy\" decoding=\"async\" width=\"300\" height=\"400\" src=\"http:\/\/www.laplatamagica.com.ar\/wp-content\/uploads\/2019\/11\/Frente-Rodigo.jpg\" alt=\"\" class=\"wp-image-4976\" srcset=\"https:\/\/laplatamagica.ar\/wp-content\/uploads\/2019\/11\/Frente-Rodigo.jpg 300w, https:\/\/laplatamagica.ar\/wp-content\/uploads\/2019\/11\/Frente-Rodigo-225x300.jpg 225w\" sizes=\"auto, (max-width: 300px) 85vw, 300px\" \/><figcaption><br><strong>\u201cGaler\u00eda Rodrigo\u201d entrando por 50. <\/strong><\/figcaption><\/figure><\/div>\n\n\n\n<p><br>Y all\u00ed muy cerca aparece la primera confiter\u00eda, en esta necesidad de agruparse en torno a la pista surge\u201cCristal\u201d donde las parejas suspiraban entre la sugesti\u00f3n del teclado de Coco Alvarez y las irrupciones del due\u00f1o que instaba a las parejas a separarse. Hasta all\u00ed todo bien pero se necesitaban algunos ingredientes m\u00e1s totalmente inconvenientes para menores de 18 a\u00f1os\u2026 \u201cMi Refugio\u201d, \u201cEl Tim\u00f3n\u201d, \u201cMoulin Rouge\u201d, \u201cMaracaibo\u201d, \u201cYuspe\u201d, \u201cEl Gale\u00f3n\u201d se llamaron algunos de esos nuevos locales que marcaron el comp\u00e1s de tangos y canciones donde algunos desafinaban, pero eran brillantes Ricardo Loubet con su piano, el contrabajo de Tito Russo, la guitarra de Alvaro Torres, mientras \u201cMingo\u201d Martino era el rey del jazz con su bater\u00eda. <\/p>\n\n\n\n<div class=\"wp-block-image\"><figure class=\"aligncenter\"><img loading=\"lazy\" decoding=\"async\" width=\"700\" height=\"477\" src=\"http:\/\/www.laplatamagica.com.ar\/wp-content\/uploads\/2019\/11\/barras.jpg\" alt=\"\" class=\"wp-image-4979\" srcset=\"https:\/\/laplatamagica.ar\/wp-content\/uploads\/2019\/11\/barras.jpg 700w, https:\/\/laplatamagica.ar\/wp-content\/uploads\/2019\/11\/barras-300x204.jpg 300w\" sizes=\"auto, (max-width: 700px) 85vw, 700px\" \/><figcaption><strong> <br>&#8220;Barras&#8221;Tomado de Museo de lo Cotidiano \/ La Plata (Facebook)<\/strong><\/figcaption><\/figure><\/div>\n\n\n\n<p><br> Pero mucho m\u00e1s ac\u00e1 en el tiempo, la novedad en un mismo d\u00eda se abren \u201cBarlovento\u201d y \u201cHawaii\u201den 49 entre 7 y 8, esta \u00faltima con su nombre de isla tropical y donde se aprecian las m\u00e1scaras de Elosegui, la luz negra y la novedad de un timbre por cada mesa para no molestar, con \u201cnuestro \u00fanico deseo es bailar\u201d se corporiza \u201cBarlovento\u201d en 50 entre 9 y 10 con los globos gigantes en el cielo raso y por 51 bajando la escalera estaba \u201cPaxas\u201d y seguro muchos se acuerdan de los sillones colgantes de \u201cMorocco\u201d y estar\u00e1n pensando en auto de pap\u00e1 para ir hasta \u201cSingapur\u201d y \u201cDi\u00e1volo\u201d.<br>Y ahora muchos evocar\u00e1n los enormes sillones de mimbre y un ambiente de intimidad de cortinas naranjas de \u201cTempo\u201d y el singular \u201cScampolo\u201d decorado con objetos antiguos reacondicionados, reducto exclusivo para j\u00f3venes. Aparece el simp\u00e1tico \u201cBatata\u201d recibiendo detr\u00e1s de las pesadas puertas en 48 N\u00b0759 cuyos due\u00f1os eran Jorge y Federico Vecchioli con su pantalla de vidrio en el fondo para que se viera la lluvia. <\/p>\n\n\n\n<div class=\"wp-block-image\"><figure class=\"aligncenter\"><img loading=\"lazy\" decoding=\"async\" width=\"700\" height=\"158\" src=\"http:\/\/www.laplatamagica.com.ar\/wp-content\/uploads\/2019\/11\/barras01.jpg\" alt=\"\" class=\"wp-image-4985\" srcset=\"https:\/\/laplatamagica.ar\/wp-content\/uploads\/2019\/11\/barras01.jpg 700w, https:\/\/laplatamagica.ar\/wp-content\/uploads\/2019\/11\/barras01-300x68.jpg 300w\" sizes=\"auto, (max-width: 700px) 85vw, 700px\" \/><\/figure><\/div>\n\n\n\n<p>Y pasando los l\u00edmitesde la ciudad \u201cSingapur\u201d en el camino Centenario y Olmos C\u00e1rdenas trae la idea de la \u201cTobaco\u201d marplatense en 8 entre 49 y 50, sin saco, con diskjockey, m\u00fasica continuada y fren\u00e9tico ritmo. \u201cBorboll\u00f3n\u201d marca un rumbo y en las zonas aleda\u00f1as, se inaugura \u201cLos tres escudos\u201d sitio refinado atendido por su due\u00f1a, donde se pod\u00edan probar platos de cocina internacional, bailar o darse un remoj\u00f3n en la pileta, los asistentes se divid\u00edan entre platenses y porte\u00f1os. Pero los menores de 25 no se rezagaban y \u201cSayonara\u201d los reuni\u00f3 para escuchar las \u00faltimas novedades en materia musical. <\/p>\n\n\n\n<div class=\"wp-block-image\"><figure class=\"aligncenter\"><img loading=\"lazy\" decoding=\"async\" width=\"400\" height=\"214\" src=\"http:\/\/www.laplatamagica.com.ar\/wp-content\/uploads\/2019\/11\/Galeon-51.jpg\" alt=\"\" class=\"wp-image-4978\" srcset=\"https:\/\/laplatamagica.ar\/wp-content\/uploads\/2019\/11\/Galeon-51.jpg 400w, https:\/\/laplatamagica.ar\/wp-content\/uploads\/2019\/11\/Galeon-51-300x161.jpg 300w\" sizes=\"auto, (max-width: 400px) 85vw, 400px\" \/><\/figure><\/div>\n\n\n\n<p><br>Y la lista sigue con \u201cChatarra\u201d en 7 entre 42 y 43, el suntuoso \u201cKaramba\u201den 45 entre 8 y 9 con las pistas de baile que sub\u00edan y bajaban, \u201cEl Agora\u201d de Toto y Queta (o Keta) 8 entre44 y 45 regenteado por los estudiantes de arquitectura, en 5 y 53 el muy exclusivo\u201cChihuahua\u201d y \u201cGovinda\u201d en 50 entre 12 y 13. Es notorio que el simple inventario de sitios bailables nos traslada en el tiempo y nos salva de mayores consideraciones, muchas veces los bailes en confiter\u00edas eran para recaudar fondos para el viaje de fin de curso y seguramente los lectores memorizar\u00e1n m\u00e1s lugares que asociar\u00e1n con hermosos momentos de juventud.<\/p>\n\n\n\n<p style=\"font-size:31px\"><strong>\u201cBarrio Parque La Plata\u201d<\/strong><\/p>\n\n\n\n<p><br>El 9 de octubre de 1966 fue colocada la piedra fundamental en Diag. 80 entre 116 y 117 de dos monobloques que integrar\u00e1n el \u201cBarrio Parque La Plata\u201d, cada uno de estos monumentales edificios constar\u00e1 de planta baja y 15 pisos altos con un total de 168 departamentos. Los ha mandado construir el Sindicato de Luz y Fuerza, a cuyos afiliados se adjudicar\u00e1n las viviendas. La financiaci\u00f3n se ha previsto mediante cr\u00e9ditos otorgados por el Banco Hipotecario Nacional y El Banco Interamericano de Desarrollo (BID).<\/p>\n\n\n\n<p style=\"font-size:31px\"><strong>Demolici\u00f3n del gaucho<\/strong><\/p>\n\n\n\n<p>La piqueta pas\u00f3 en el a\u00f1o 1981 por la Diag. 80 entre 3 y 4 y redujo a polvo la figura del Gaucho que estaba emplazada desde principios de siglo. El propietario del comercio explic\u00f3 \u201dlo hicimos por razones de seguridad, el Gaucho se pod\u00eda caer y entonces lo demolimos, en previsi\u00f3n de accidentes.<\/p>\n\n\n\n<div class=\"wp-block-image\"><figure class=\"aligncenter\"><img loading=\"lazy\" decoding=\"async\" width=\"500\" height=\"619\" src=\"http:\/\/www.laplatamagica.com.ar\/wp-content\/uploads\/2019\/11\/demolici\u00f3ndelgaucho.jpg\" alt=\"\" class=\"wp-image-4983\" srcset=\"https:\/\/laplatamagica.ar\/wp-content\/uploads\/2019\/11\/demolici\u00f3ndelgaucho.jpg 500w, https:\/\/laplatamagica.ar\/wp-content\/uploads\/2019\/11\/demolici\u00f3ndelgaucho-242x300.jpg 242w\" sizes=\"auto, (max-width: 500px) 85vw, 500px\" \/><figcaption> <br><strong> &#8220;El Gaucho se pod\u00eda caer y entonces lo demolimos&#8221; <\/strong><\/figcaption><\/figure><\/div>\n\n\n\n<p>As\u00ed que ya estaba muerto, podemos decir, y ahora lo estamos enterrando\u201d. A principios del siglo lleg\u00f3 a La Plata un inmigrante llamado Silvestre, luego due\u00f1o del Almacen Belgrano, de ramos generales, que ocupaba casi media cuadra de la Diag. 80 hasta la esquina de 47.<br> \u201cEra el tiempo en que pasaba el ferrocarril por la diagonal, cuando la Argentina era un pa\u00eds pr\u00f3spero\u201d reflexionaba el propietario actual, nieto del inmigrante Silvestre, quien agregaba: \u201cLa estatua era imposible de reparar, de modo que decidimos demolerla. Fijese que nos hubiera gustado quedarnos con la cabeza del Gaucho pero, por un accidente, se le cay\u00f3 al operario y se hizo trizas contra el suelo\u201d.<\/p>\n\n\n\n<p><br>El Gaucho de diagonal 80 se ergu\u00eda sobre un balc\u00f3n sosteniendo una bandera en la mano. \u201cMi abuelo lo coloc\u00f3 all\u00ed, lo hizo construir\u00e9l, en agradecimiento al pa\u00eds que le hab\u00eda dado tanto. \u00c9l dispuso que sostuviera una bandera\u201d concluy\u00f3 diciendo. La estatua estaba constru\u00edda en mamposter\u00eda imitando madera, de hormig\u00f3n, dur\u00f3 en pie setenta a\u00f1os. Tal vez demasiado para un pa\u00eds en donde sobran reglamentos para todo menos, para preservar el pasado.<\/p>\n\n\n\n<div class=\"wp-block-image\"><figure class=\"aligncenter\"><img loading=\"lazy\" decoding=\"async\" width=\"732\" height=\"1024\" src=\"http:\/\/www.laplatamagica.com.ar\/wp-content\/uploads\/2022\/01\/Pinky-732x1024.jpg\" alt=\"Lidia Satragno &quot;Pinky&quot; en Canal 2 de La Plata en 1966.\" class=\"wp-image-10515\" srcset=\"https:\/\/laplatamagica.ar\/wp-content\/uploads\/2022\/01\/Pinky-732x1024.jpg 732w, https:\/\/laplatamagica.ar\/wp-content\/uploads\/2022\/01\/Pinky-214x300.jpg 214w, https:\/\/laplatamagica.ar\/wp-content\/uploads\/2022\/01\/Pinky-768x1074.jpg 768w, https:\/\/laplatamagica.ar\/wp-content\/uploads\/2022\/01\/Pinky.jpg 800w\" sizes=\"auto, (max-width: 732px) 85vw, 732px\" \/><figcaption><strong>Lidia Satragno &#8220;Pinky&#8221;<\/strong><\/figcaption><\/figure><\/div>\n\n\n\n<p>Canal 2 fue inaugurado el 25 de junio de 1966 en La Plata, denominado Tevedos, donde su sede fue en calle 36 entre 2 y 3, y sus estudios en la Calle 32 N\u00famero 1215\/19 y 20 propiedad de la empresa Rivadavia Televisi\u00f3n S.A., compuesta por los entonces due\u00f1os de la radio porte\u00f1a hom\u00f3nima. Dada la cercan\u00eda, desde un principio fue posible sintonizarlo en el AMBA, aunque de manera bastante deficiente cuanto m\u00e1s al norte se encontrara la antena receptora, ya que a diferencia de los otros canales de aire que transmiten desde la Capital Federal, la planta transmisora del 2 est\u00e1 situada en Florencio Varela, al sur del conurbano. <\/p>\n\n\n\n<p>Varios de los t\u00e9cnicos que pasaron a esta nueva emisora emigraron de Canal 13 hacia Canal 2 entre ellos, el escen\u00f3grafo Enrique Zanini y el iluminador Juan Carlos Berraud. Tambi\u00e9n participaron en telenovelas, t\u00e9cnicos de Canal 9, como el director Nicol\u00e1s del Boca. Uno de sus primeros programas fue Femin\u00edsima de Pinky; tambi\u00e9n la primera transmisi\u00f3n completa de un Mundial de F\u00fatbol en Argentina, en este caso el de 1966 aunque en diferido.<\/p>\n\n\n\n<hr class=\"wp-block-separator is-style-wide\"\/>\n\n\n\n<p style=\"font-size:31px;text-align:left\"><strong>La casa de la calle Lavalle<\/strong><\/p>\n\n\n\n<p>El gobierno nacional derogaba las leyes 15.871 y 16.891 de los a\u00f1os 1961 y 1966, respectivamente, por las que se declaraba monumento nacional y de utilidad p\u00fablica la vieja casona del fundador de La Plata, donde el Dr. Dardo Rocha vivi\u00f3, ubicada en la calle Lavalle 835. Permanec\u00eda arrumbada y silenciosa, entre los cines y el torbellino porte\u00f1o.<\/p>\n\n\n\n<p>La medida se fundaba en el informe de la Comisi\u00f3n Nacional de Museos, Monumentos y Lugares Hist\u00f3ricos, que restaba valor hist\u00f3rico a la mencionada mansi\u00f3n. Por otra parte, se afirmaba que la privilegiada ubicaci\u00f3n del inmueble demandar\u00eda una elevada suma para su expropiaci\u00f3n, por lo cual \u201cse estimaba justo (dec\u00eda la informaci\u00f3n suministrada) desafectarlo, con el fin de que sus propietarios puedan disponer libremente de \u00e9l\u201d.<\/p>\n\n\n\n<div class=\"wp-block-image\"><figure class=\"aligncenter\"><img loading=\"lazy\" decoding=\"async\" width=\"800\" height=\"647\" src=\"http:\/\/www.laplatamagica.com.ar\/wp-content\/uploads\/2019\/11\/Casa-de-Rocha.jpg\" alt=\"\" class=\"wp-image-4988\" srcset=\"https:\/\/laplatamagica.ar\/wp-content\/uploads\/2019\/11\/Casa-de-Rocha.jpg 800w, https:\/\/laplatamagica.ar\/wp-content\/uploads\/2019\/11\/Casa-de-Rocha-300x243.jpg 300w, https:\/\/laplatamagica.ar\/wp-content\/uploads\/2019\/11\/Casa-de-Rocha-768x621.jpg 768w\" sizes=\"auto, (max-width: 800px) 85vw, 800px\" \/><\/figure><\/div>\n\n\n\n<p>Con aquella ley se trataba m\u00e1s que nada de conseguir que este palacio fuera conservado como un museo, pero integralmente, tal como estaba entonces, con cada cosa en su lugar, tal como lo cuidaron y respetaron sus hijas Mar\u00eda Celia y Jacinta Rocha de Bond y lo hab\u00eda hecho antes su hijo Carlos y la se\u00f1ora Mar\u00eda Luisa Lavi\u00e9 de Rocha. La propiedad citada constaba de 900 m2, con un martillo hacia la calle Esmeralda, perteneci\u00f3 a la familia Arana-Rocha desde aproximadamente 1789, all\u00ed vivi\u00f3 su padre, el coronel Juan Jos\u00e9 Rocha y en \u00e9l vivi\u00f3 y muri\u00f3 Dardo Rocha.<br> Es bueno se\u00f1alar que aquella casona que con la vieja denominaci\u00f3n de las calles estaba en la calle del Parque, entre Esmeralda y Artes, fue un verdadero parlamento de las m\u00e1s encumbradas figuras en tiempos dif\u00edciles en que se buscaba la salida a los grandes problemas que aflig\u00edan al pa\u00eds. Pellegrini, Goyena, Del Valle, Gorostiaga, Alem, Avellaneda, Tejedor y muchos otros hombres destacados de la historia fueron hu\u00e9spedes de Rocha. Lamentablemente, poco despu\u00e9s cay\u00f3 bajo la piqueta demoledora.<\/p>\n\n\n\n<hr class=\"wp-block-separator is-style-wide\"\/>\n\n\n\n<p style=\"font-size:30px\"><strong>Salidas nocturnas<\/strong><\/p>\n\n\n\n<div class=\"wp-block-image\"><figure class=\"aligncenter\"><img loading=\"lazy\" decoding=\"async\" width=\"800\" height=\"963\" src=\"http:\/\/www.laplatamagica.com.ar\/wp-content\/uploads\/2019\/11\/restaurantes.jpg\" alt=\"\" class=\"wp-image-4992\" srcset=\"https:\/\/laplatamagica.ar\/wp-content\/uploads\/2019\/11\/restaurantes.jpg 800w, https:\/\/laplatamagica.ar\/wp-content\/uploads\/2019\/11\/restaurantes-249x300.jpg 249w, https:\/\/laplatamagica.ar\/wp-content\/uploads\/2019\/11\/restaurantes-768x924.jpg 768w\" sizes=\"auto, (max-width: 800px) 85vw, 800px\" \/><\/figure><\/div>\n\n\n\n<p>Para las salidas nocturnas y despedidas de fin de a\u00f1o se recomendaba por ejemplo: el Restaurant y Parrilla \u201cLa Rueda de Francisco\u201d de calle 1 N\u00b0 1817, el Restaurant y Parrilla \u201cLa Plata\u201d de Diag. 74 y 10, disfrutar en \u201cHotty\u2019s\u201d de los deliciosos s\u00e1ndwiches, tragos largos y panqueques en sus dos direcciones calle 50 entre 8 y 9 y 46 entre 7 y 8, la Parrilla \u201cEl Quincho\u201d de calle 1 y 44, \u201cOasis\u201d en calle 7 N\u00b0 1131 con su especialidad de monstruos de pollo, lomo, milanesa, otro opci\u00f3n era \u201cGeneraci\u00f3n Intermedia\u201d en Diag. 74 N\u00b0 1267 con servicio de confiter\u00eda, cafeter\u00eda, cocteler\u00eda y s\u00e1ndwichs, Restaurant \u201cLos Pinos\u201d en 57 entre 9 y 10, en calle 8 y 42 estaba el Restaurant y Parrilla \u201cLa Recova\u201d, \u201cEl Ciervo\u201d de calle 1 entre 44 y 45, o la cervecer\u00eda el \u201cTirol en 51 entre 7 y 8.<\/p>\n\n\n\n<hr class=\"wp-block-separator is-style-wide\"\/>\n\n\n\n<p style=\"font-size:31px\"><strong>Homenaje a artistas<\/strong><\/p>\n\n\n\n<div class=\"wp-block-image\"><figure class=\"aligncenter\"><img loading=\"lazy\" decoding=\"async\" width=\"500\" height=\"721\" src=\"http:\/\/www.laplatamagica.com.ar\/wp-content\/uploads\/2019\/11\/Leo-Morader.jpg\" alt=\"\" class=\"wp-image-4995\" srcset=\"https:\/\/laplatamagica.ar\/wp-content\/uploads\/2019\/11\/Leo-Morader.jpg 500w, https:\/\/laplatamagica.ar\/wp-content\/uploads\/2019\/11\/Leo-Morader-208x300.jpg 208w\" sizes=\"auto, (max-width: 500px) 85vw, 500px\" \/><figcaption> <br><strong>Escultor Leo Moroder <\/strong><\/figcaption><\/figure><\/div>\n\n\n\n<p style=\"text-align:left\">Organizado por la Fundaci\u00f3nDr. Jos\u00e9 Mar\u00eda Mainetti para el Progreso de la Medicina, se efectuaba el 8 de diciembre de 1978 en el sal\u00f3n Dorado del Jockey Club de la Provincia un acto de homenaje a los artistas que intervinieron en la ejecuci\u00f3n de obras durante la construcci\u00f3n de la Catedral platense y que a\u00fan se encontraban con vida. Se trata de Leo Moroder, escultor, quien realiz\u00f3 las estatuas de la Virgen y del Cristo, Augusto Vigil y Leo Mahlknecht, quienes ejecutaron la siller\u00eda de los can\u00f3nigos y los confesionarios y Bruno Blason que realiz\u00f3 el piso del espl\u00e9ndido templo. <\/p>\n\n\n\n<div class=\"wp-block-image\"><figure class=\"alignleft is-resized\"><img loading=\"lazy\" decoding=\"async\" src=\"http:\/\/www.laplatamagica.com.ar\/wp-content\/uploads\/2019\/11\/Leo-catedral.jpg\" alt=\"\" class=\"wp-image-4997\" width=\"246\" height=\"328\" srcset=\"https:\/\/laplatamagica.ar\/wp-content\/uploads\/2019\/11\/Leo-catedral.jpg 397w, https:\/\/laplatamagica.ar\/wp-content\/uploads\/2019\/11\/Leo-catedral-225x300.jpg 225w\" sizes=\"auto, (max-width: 246px) 85vw, 246px\" \/><\/figure><\/div>\n\n\n\n<p>El acto que cont\u00f3 con la presencia de los citados artistas, consistir\u00e1 en una exposici\u00f3n que estar\u00e1 a cargo de Nelly de Pascual y en la proyecci\u00f3n del audiovisual \u201cHistoria de una catedral\u201d realizado por el Ing. Carlos Freddes.<br> Los artistas, cuatro tiroleses y un triestino, autores de las hermosas obras artesanales que engalanan la catedral g\u00f3tica platense recibieron el c\u00e1lido homenaje se trataba de los hermanos Leo Vigil y Augusto Maheknecht, Leo Moroder y Bruno Blas\u00f3n, que sumidos en el olvido desde que realizaron tan mangas obras, se mostraron sumamente emocionados con el reconocimiento que se les brind\u00f3. <\/p>\n\n\n\n<p><br>Durante el acto, en un relato nost\u00e1lgico, imbuidos de a\u00f1oranzas y recuerdos gratos, comentaron los aspectos m\u00e1s importantes de su formaci\u00f3n artesanal al borde de los Alpes, y las caracter\u00edsticas de las obras realizadas en la Catedral. El deslumbrante piso que no encuentra similitudes en las catedrales del mundo, por su brillo de su perfecci\u00f3n, fue logrado bajo la inspiraci\u00f3n de Bruno Blas\u00f3n, que realiz\u00f3 un trabajo acorde con los m\u00e9ritos que acreditaba y que le valieron su elecci\u00f3n. Blas\u00f3n, hijo de una familia de artesanos, naci\u00f3 en Aurisina, al norte de Italia, y en contra de la tradici\u00f3n familiar dej\u00f3 la escultura para ir a trabajar desde muy joven a un astillero naval de Trieste. Realiz\u00f3 un curso de tallado en piedra, convirti\u00e9ndose en pica pedrero y con motivo de la guerra mundial decidi\u00f3 trasladarse a nuestro pa\u00eds.<\/p>\n\n\n\n<div class=\"wp-block-image\"><figure class=\"aligncenter\"><img loading=\"lazy\" decoding=\"async\" width=\"500\" height=\"335\" src=\"http:\/\/www.laplatamagica.com.ar\/wp-content\/uploads\/2019\/11\/Piso-catedral.jpg\" alt=\"\" class=\"wp-image-4998\" srcset=\"https:\/\/laplatamagica.ar\/wp-content\/uploads\/2019\/11\/Piso-catedral.jpg 500w, https:\/\/laplatamagica.ar\/wp-content\/uploads\/2019\/11\/Piso-catedral-300x201.jpg 300w\" sizes=\"auto, (max-width: 500px) 85vw, 500px\" \/><\/figure><\/div>\n\n\n\n<p>Al tiempo, y con motivo de la construcci\u00f3n de la Catedral, Bruno Blas\u00f3n, fue contratado por la empresa Le\u00f3n Valli y luego por la Direcci\u00f3n de Arquitectura para realizar los trabajos de colocaci\u00f3n y pulido del piso. Fue el autor tambi\u00e9n de la talla de piedra de alguno de los capiteles de las columnas y fue quien ide\u00f3 la colocaci\u00f3n de los cuatro sarc\u00f3fagos que existen en el subsuelo. <br>Realiz\u00f3 las bases de piedra de las estatuas de San Jos\u00e9 y San Ponciano pero su obra mayor fue la colocaci\u00f3n del piso. Al respecto en la oportunidad se indic\u00f3 que: \u201cest\u00e1 construido \u00edntegramente, en granito rosado, extra\u00eddos de las canteras de Sierra Chica. El ferrocarril provincial tra\u00eda los bloques que eran depositados en el obrador de la Catedral y comenzamos a cortarlo en 1940, haciendo bloques de 50 x 50 cm. y lajas que comenzaron a ser colocados con las que se realiz\u00f3 el z\u00f3calo interno con piedra arenisca de Mar del Plata. <\/p>\n\n\n\n<div class=\"wp-block-image\"><figure class=\"aligncenter\"><img loading=\"lazy\" decoding=\"async\" width=\"491\" height=\"700\" src=\"http:\/\/www.laplatamagica.com.ar\/wp-content\/uploads\/2019\/11\/ornamentos.jpg\" alt=\"\" class=\"wp-image-4999\" srcset=\"https:\/\/laplatamagica.ar\/wp-content\/uploads\/2019\/11\/ornamentos.jpg 491w, https:\/\/laplatamagica.ar\/wp-content\/uploads\/2019\/11\/ornamentos-210x300.jpg 210w\" sizes=\"auto, (max-width: 491px) 85vw, 491px\" \/><\/figure><\/div>\n\n\n\n<p>Hasta 1942 estuvimos cortando los bloques y deposit\u00e1ndolos, y la colocaci\u00f3n se inici\u00f3 en 1942, finalizandose solamente la nave central que fue inaugurada el 11de noviembre de ese a\u00f1o. El resto se termin\u00f3 en 1946. Estuvimos muy exigidos por el tiempo y llegu\u00e9 a tener 52 obreros que trabajaban cerca de 16 horas por d\u00eda. <br>Recuerda Blas\u00f3n de esta etapa de la construcci\u00f3n, que al gobernador Moreno lo ten\u00eda todo los d\u00edas en el obrador, y me preguntaba insistentemente, c\u00f3mo iba la construcci\u00f3n dela estrella que est\u00e1 en el centro de la catedral. Yo le dec\u00eda que estaba adelantada pero \u00e9l pensaba que no la \u00edbamos a poder terminar para la inauguraci\u00f3n. Un d\u00eda lleg\u00f3 muy impaciente y me dijo que me daba 15 d\u00edas para que la terminara. Yo tuve que abandonar otros trabajos y ponerme a trabajar d\u00eda y noche en la estrella. Vino al d\u00e9cimo quinto d\u00eda y la encontr\u00f3 terminada. Se qued\u00f3 mir\u00e1ndola un rato largo, y despu\u00e9s me dijo, \u201cahora si me voy a poder dormir tranquilo\u201d. <br>Leo Moroder autor del crucifijo de Cristo, la Virgen de Nuestra Se\u00f1orade los Dolores, San Jos\u00e9 y San Ponciano, indic\u00f3 que \u201cfue un orgullo para m\u00ed haber realizado este trabajo\u201d. <br>De neta orientaci\u00f3n cat\u00f3lica, al igual que el resto de los artesanos, Leo Moroder naci\u00f3 en 1899 en Ortise, regi\u00f3n de Tirol, en el seno de una familia de escultores. A los 25 a\u00f1os vino el pa\u00eds para seguir con su profesi\u00f3n de esculpir im\u00e1genes religiosas, y en 1955 Mons. Chimento le solicit\u00f3 que realizara el crucifijo. <\/p>\n\n\n\n<div class=\"wp-block-image\"><figure class=\"alignleft is-resized\"><img loading=\"lazy\" decoding=\"async\" src=\"http:\/\/www.laplatamagica.com.ar\/wp-content\/uploads\/2019\/11\/Monse\u00f1or-Chimento.jpg\" alt=\"\" class=\"wp-image-5000\" width=\"240\" height=\"324\" srcset=\"https:\/\/laplatamagica.ar\/wp-content\/uploads\/2019\/11\/Monse\u00f1or-Chimento.jpg 349w, https:\/\/laplatamagica.ar\/wp-content\/uploads\/2019\/11\/Monse\u00f1or-Chimento-222x300.jpg 222w\" sizes=\"auto, (max-width: 240px) 85vw, 240px\" \/><\/figure><\/div>\n\n\n\n<p>El escultor indic\u00f3 que \u201ctard\u00e9 dos meses en hacerlo\u201d. Primero realic\u00e9 una peque\u00f1a maqueta de la obra y luego comenc\u00e9 a construir los bloques de que se compone la obra final. Tiene 2,05 mts. y est\u00e1 realizado \u00edntegramente en madera de roble. La Virgen la hice en 1965 a solicitud de Mons. Plaza, tiene la misma altura y fue hecha con el mismo procedimiento. Tambi\u00e9n hice las tallas de San Ponciano y San Jos\u00e9 que miden 1,20 metros, y las 28 cabezas que representan Santos y Papas pero \u00e9stas con madera de tilo. Un t\u00edo de \u00e9ste, Jos\u00e9 Moroder, tiene una talla de la Virgen Dolorosa en el Vaticano, lo que da la pauta de la orientaci\u00f3n religiosa de la familia. Leo Moroder tiene una hija religiosa en C\u00f3rdoba que tambi\u00e9n se dedica a la escultura.<br>Los hermanos Augusto, Leo y Vigil Mahlknecht, fueron quienes realizaron la siller\u00eda y can\u00f3nigos de la Catedral con un estilo que hoy no le permite saber cu\u00e1l fue la parte que realiz\u00f3 cada uno, ya cuando uno empezaba a realizar un tallado y luego se cansaba, continuaba en el trabajo o alg\u00fan otro de los dos hermanos, y as\u00ed se iban sucediendo para terminar toda la obra. Al homenaje, Vigil no pudo concurrir por problemas de salud y Leo y Augusto se encargaron de rese\u00f1ar sus or\u00edgenes y obras. Augusto de pelo blanco y rostro simp\u00e1tico, indic\u00f3 que \u201cnosotros somos del mismo pueblo de Moroder. Fue fundado por un amigo de Francisco Jos\u00e9 de Austria, porque se necesitaba cultivar pino blanco, que se estaba extinguiendo. En mi pueblo hab\u00eda 300 o 400 escultores, que trabajaban para las iglesias y obispados de la zona. En 1924, Leo se vino al pa\u00eds con Moroder y en 1929 vinimos Vigil y yo\u201d. <\/p>\n\n\n\n<div class=\"wp-block-image\"><figure class=\"aligncenter\"><img loading=\"lazy\" decoding=\"async\" width=\"488\" height=\"750\" src=\"http:\/\/www.laplatamagica.com.ar\/wp-content\/uploads\/2019\/11\/catedralmedia1.jpg\" alt=\"\" class=\"wp-image-5005\" srcset=\"https:\/\/laplatamagica.ar\/wp-content\/uploads\/2019\/11\/catedralmedia1.jpg 488w, https:\/\/laplatamagica.ar\/wp-content\/uploads\/2019\/11\/catedralmedia1-195x300.jpg 195w\" sizes=\"auto, (max-width: 488px) 85vw, 488px\" \/><\/figure><\/div>\n\n\n\n<p><br>\u201cHicimos el proyecto dise\u00f1o detallado de toda la siller\u00eda y el trono de obispo, todos los dibujos, esculturas y ornatados de estas obras. Ten\u00edamos 8 ornatistas y 8 carpinteros de arte, y tardamos un a\u00f1o para realizar todos los trabajos\u201d. \u201cDurante este tiempo, discut\u00edamos amigablemente con el Arq. Carlos Mazza quien se opon\u00eda a que las obras fueran en estilo g\u00f3tico, porque tem\u00eda que no las termin\u00e1ramos en plazo. Nosotros nos empecinamos en hacerlas as\u00ed, y con gran esfuerzo pudimos conciliar los plazos y el buen gusto\u201d. <\/p>\n\n\n\n<div class=\"wp-block-image\"><figure class=\"aligncenter\"><img loading=\"lazy\" decoding=\"async\" width=\"221\" height=\"469\" src=\"http:\/\/www.laplatamagica.com.ar\/wp-content\/uploads\/2019\/11\/Trono.jpg\" alt=\"\" class=\"wp-image-5002\" srcset=\"https:\/\/laplatamagica.ar\/wp-content\/uploads\/2019\/11\/Trono.jpg 221w, https:\/\/laplatamagica.ar\/wp-content\/uploads\/2019\/11\/Trono-141x300.jpg 141w\" sizes=\"auto, (max-width: 221px) 85vw, 221px\" \/><figcaption><strong>Talla del trono arzobispal.<\/strong><\/figcaption><\/figure><\/div>\n\n\n\n<p><br>El inspirador y autor del afamado piso de la Catedral, Bruno Blas\u00f3n mereci\u00f3 en su momento el elogio un\u00e1nime de todos los que contemplaron el estupendo gris y perfecci\u00f3n de las dos mil planchas de granito rosado. El paso del tiempo determin\u00f3 que su destino no haya sido consecuente con su magna obra, y en aquel momento con casi 80 a\u00f1os de edad, deb\u00eda seguir trabajando para vivir y lo hac\u00eda diariamente en un obrador de Gorina, con la dignidad y el brillante estilo que siempre lo caracterizaron.<\/p>\n\n\n\n<p style=\"font-size:30px;text-align:left\"><strong>Profesionales<\/strong><\/p>\n\n\n\n<div class=\"wp-block-image\"><figure class=\"alignleft is-resized\"><img loading=\"lazy\" decoding=\"async\" src=\"http:\/\/www.laplatamagica.com.ar\/wp-content\/uploads\/2019\/11\/esculapio.jpg\" alt=\"\" class=\"wp-image-5146\" width=\"154\" height=\"177\"\/><\/figure><\/div>\n\n\n\n<p>En 1954 la a gu\u00eda de profesionales que ofrec\u00eda el peri\u00f3dico abarcaba todas las especialidades. En cl\u00ednica dermatol\u00f3gica el Dr. Llort en 51 N\u00b0 487, el Dr. Federico Milman en cl\u00ednica m\u00e9dica en 51 N\u00b0 1035, las enfermedades ven\u00e9reas las atend\u00eda el Dr. Itzcovich en Diag. 80 N\u00b0 73, y el Dr. Gutman Gurfinkel en 6 N\u00b0 1273, en servicios radiol\u00f3gicos, serigraf\u00edas, tomograf\u00edas, ondas cortas y rayos ultravioletas los doctores Fernando Vidal, Domingo Valenzuela y Asdrubal F. Campana en 48 N\u00b0 322, enfermedades de se\u00f1oras y nerviosas la Dra. M. A. Villamayor en 61 N\u00b0 684, el Dr. Cesar Adolfo Limousin hacia cl\u00ednica m\u00e9dica en 6 N\u00b0 818, y el Dr. Isidro Mendoza Pe\u00f1a en 49 N\u00b0 931, en atenci\u00f3n pedi\u00e1trica se ofrec\u00eda el Dr. Juan Jos\u00e9 Grosso en 68 N\u00b0 654, la Dra. Esperanza Gurevich en ginecolog\u00eda en 3 N\u00b0 542, y para los trastornos glandulares el Dr. Saslavski Bodni en 4 N\u00b0 650, el sanatorio de fracturas estaba dirigido por el Dr. Francisco Arena en 41 N\u00b0 330, oculista Dr. Juan Giambruni en 2 N\u00b0 609. <\/p>\n\n\n\n<p>Entre las distintas especialidades en lo que a dentici\u00f3n se refiere se anunciaban el Dr. Samuel Auerbach, Dr. Arnaldo Miranda y el Dr. Julio Tajada, en 47 N\u00b0864, mientras que el Dr. Virgilio Oliva realizaba an\u00e1lisis cl\u00ednicos.<\/p>\n\n\n\n<p style=\"font-size:26px\"><strong>Fuego en el hospital<\/strong><\/p>\n\n\n\n<p>Caus\u00f3 l\u00f3gica alarma en un amplio sector de la ciudad un incendio que se origin\u00f3 en el Hospital Espa\u00f1ol, el 8 de agosto de 1963. Al llegar los bomberos comprobaron que el incendio ten\u00eda su punto de inicio en el subsuelo del edificio, donde funcionaban las calderas de calefacci\u00f3n y se propag\u00f3 hacia los pisos superiores, favorecido por el elemento aislante de la pared que estaba constituido por corcho y otros materiales inflamables. <\/p>\n\n\n\n<div class=\"wp-block-image\"><figure class=\"aligncenter\"><img loading=\"lazy\" decoding=\"async\" width=\"500\" height=\"367\" src=\"http:\/\/www.laplatamagica.com.ar\/wp-content\/uploads\/2019\/12\/Hospital-Espa\u00f1ol.jpg\" alt=\"\" class=\"wp-image-5602\" srcset=\"https:\/\/laplatamagica.ar\/wp-content\/uploads\/2019\/12\/Hospital-Espa\u00f1ol.jpg 500w, https:\/\/laplatamagica.ar\/wp-content\/uploads\/2019\/12\/Hospital-Espa\u00f1ol-300x220.jpg 300w\" sizes=\"auto, (max-width: 500px) 85vw, 500px\" \/><figcaption><strong>Hospital Espa\u00f1ol<\/strong><\/figcaption><\/figure><\/div>\n\n\n\n<p>El humo negro del incendio que ya hab\u00eda tomado el tercer piso finalmente fue sofocado. No obstante, se vivieron momentos de desesperaci\u00f3n entre los internados y enfermeros. Toda la Comisaria 2\u00b0 se sum\u00f3 a las tareas de salvamento y traslado de internados, felizmente solamente hubo que lamentar da\u00f1os materiales que originan el fuego y el agua.<\/p>\n\n\n\n<p style=\"font-size:26px\"><strong>\u00a1No talar!<\/strong><\/p>\n\n\n\n<p> La Direcci\u00f3n de Paseos y Jardines informaba ante abusos comprobados en la poda de \u00e1rboles ubicados en lugares p\u00fablicos, y pon\u00eda en conocimiento que la poda de todas las especies se realizaba por medio de esa dependencia comunal, atribuciones que no confiere a ning\u00fan particular ni entidad. Asimismo, advierte que ser\u00e1 severamente castigado todo aquel que en nombre propio o en el de la Municipalidad, proceda al corte de ramas.<\/p>\n\n\n\n<p style=\"font-size:26px\"><strong>Estacionamiento medido<\/strong><\/p>\n\n\n\n<p>A partir del 26 de agosto de 1963 se comenz\u00f3 a utilizar los cartones con horario para estacionamiento para el centro y, por lo tanto, la Direcci\u00f3n de Tr\u00e1nsito de la Municipalidad inici\u00f3 la entrega de los cartones indicadores del tiempo de detenci\u00f3n. Los cartones se retiran con la sola presentaci\u00f3n de los recibos de impuestos automotores de ese a\u00f1o y dentro del horario de 7 a 12 hs. Se utilizar\u00e1n entre las 9.30 y la 20 hs. En la avenida 7 y en la calle 51 entre 7 y 8. Asimismo, se inform\u00f3 que los cartones emitidos en la Capital Federal pueden usarse en nuestra ciudad.<\/p>\n\n\n\n<p style=\"font-size:26px\"><strong>Cine y m\u00e1s<\/strong><\/p>\n\n\n\n<p>A\u00f1os atr\u00e1s se hab\u00eda quemado el Cine San Mart\u00edn, el 18 de mayo de 1969 la realidad era muy distinta, se hab\u00eda encarado una remodelaci\u00f3n que permit\u00eda ya el funcionamiento de lo que se hab\u00eda convertido en un centro comercial y cultural, que aportar\u00eda nuevos aires de modernidad a ese sector tan importante. <\/p>\n\n\n\n<p>El edificio proyectado y en plena ejecuci\u00f3n constar\u00e1 de galer\u00eda comercial con acceso por calle 7 en planta baja, etapa ya terminada; galer\u00eda comercial con acceso por calle 50, continuaci\u00f3n de la anterior, en etapa de ejecuci\u00f3n. Sala para cine y teatro en planta alta comunicada con ambas galer\u00edas, viviendas en propiedad horizontal, sobre calle 50 y subsuelo de 1.000 metros cuadrados, cuyo destino definitivo estaba en aquel momento en estudio, con posibilidades de comunicarlo a la galer\u00eda comercial.<\/p>\n\n\n\n<p style=\"font-size:26px\"><strong>Plaza Brandsen<\/strong><\/p>\n\n\n\n<p>En una audiencia concedida al Centro de Fomento Comercial y Vecinal de la Avenida 60, el Intendente Municipal, despu\u00e9s de escuchar las observaciones que le formularon, les hizo conocer, a la vez, la preocupaci\u00f3n y los planes del municipio a su cargo. <\/p>\n\n\n\n<div class=\"wp-block-image\"><figure class=\"aligncenter\"><img loading=\"lazy\" decoding=\"async\" width=\"600\" height=\"298\" src=\"http:\/\/www.laplatamagica.com.ar\/wp-content\/uploads\/2019\/12\/bransen.jpg\" alt=\"\" class=\"wp-image-5605\" srcset=\"https:\/\/laplatamagica.ar\/wp-content\/uploads\/2019\/12\/bransen.jpg 600w, https:\/\/laplatamagica.ar\/wp-content\/uploads\/2019\/12\/bransen-300x149.jpg 300w\" sizes=\"auto, (max-width: 600px) 85vw, 600px\" \/><figcaption><strong>Plaza Brandsen o Per\u00f3n<\/strong><\/figcaption><\/figure><\/div>\n\n\n\n<p>Prometi\u00f3 en tal sentido abocarse cuanto antes a dar pronta soluci\u00f3n a la urbanizaci\u00f3n de la plaza Brandsen, como as\u00ed tambi\u00e9n a la reconstrucci\u00f3n de la fuente, arreglo de caminos, poda de \u00e1rboles, reparaciones de bancos e instalaciones de juegos para ni\u00f1os en el mencionado paseo. En tanto el Centro de Fomento dej\u00f3 aclarado que pr\u00f3ximamente se iniciar\u00e1 el cobro al vecindario, de las contribuciones para poder dar comienzo cuanto antes, a la instalaci\u00f3n de los proyectados servicios de luz a gas de mercurio. <\/p>\n\n\n\n<p style=\"font-size:26px\"><strong>Antiguos diarios<\/strong><\/p>\n\n\n\n<p>En la Biblioteca Central de la Universidad local, con la presencia de autoridades de esa alta casa de estudios, del agregado de cooperaci\u00f3n t\u00e9cnica de la Embajada de Francia, autoridades provinciales, municipales y personal de la biblioteca, se hizo la presentaci\u00f3n de un aparato lector impresor de microfilms y qued\u00f3 asimismo inaugurada una exposici\u00f3n de peri\u00f3dicos antiguos pertenecientes a la colecci\u00f3n de la Instituci\u00f3n. <\/p>\n\n\n\n<p>El Prof. Roberto Couture de Trodismonts, inform\u00f3 sobre un vasto programa de microfilmaci\u00f3n que hab\u00eda iniciado la dependencia a su cargo para la reproducci\u00f3n de peri\u00f3dicos argentinos. M\u00e1s que un procedimiento fotogr\u00e1fico se trataba de un plan de proyecci\u00f3n nacional que pretend\u00eda no solamente salvar de la destrucci\u00f3n a tan valioso material, sino reconstruir las colecciones actualmente dispersas en distintos lugares del pa\u00eds y fuera del mismo. La Biblioteca de la Universidad posee una de las colecciones m\u00e1s importantes de peri\u00f3dicos argentinos y sudamericanos muy antiguos que se conservan en la Argentina. Este adelanto ten\u00eda lugar el 21 de mayo de 1969.<\/p>\n\n\n\n<p style=\"font-size:26px\"><strong>Hu\u00e9sped desconocido<\/strong><\/p>\n\n\n\n<p> l suceso ocurri\u00f3 el 22 de mayo de 1969, ante la presencia de un grupo importante de pescadores que se encontraban dedicados a su filos\u00f3fico deporte. Los se\u00f1ores Delgado, Olivieri; Poggio, Larumbe, Viciconte, Andrade, Morales, Pujol, Ratto, C\u00faber y el Dr. Ferrand, entre otros, interrumpieron su paciente contemplaci\u00f3n desde su apostadero en el muelle del Jockey Club de Punta Lara al observar las piruetas de un borrador del estuario, que en un primer lugar tomaron por una tonina. <\/p>\n\n\n\n<div class=\"wp-block-image\"><figure class=\"aligncenter\"><img loading=\"lazy\" decoding=\"async\" width=\"600\" height=\"399\" src=\"http:\/\/www.laplatamagica.com.ar\/wp-content\/uploads\/2019\/12\/puntalara.jpg\" alt=\"\" class=\"wp-image-5607\" srcset=\"https:\/\/laplatamagica.ar\/wp-content\/uploads\/2019\/12\/puntalara.jpg 600w, https:\/\/laplatamagica.ar\/wp-content\/uploads\/2019\/12\/puntalara-300x200.jpg 300w\" sizes=\"auto, (max-width: 600px) 85vw, 600px\" \/><\/figure><\/div>\n\n\n\n<p>Sin embargo, agudizando la vista e intercambiando opiniones entre ellos llegaron a la conclusi\u00f3n de que se trataba de un delf\u00edn. El mam\u00edfero merode\u00f3 por el lugar m\u00e1s de una hora que fue aprovechada por el campe\u00f3n Viciconte para intentar su captura, con una l\u00ednea fuerte, de nylon del 70, anzuelo y de carnada, un pejerrey vivo. Pero el inteligente animal no ten\u00eda apetito, su visita s\u00f3lo era tur\u00edstica. <\/p>\n\n\n\n<p style=\"font-size:26px\"><strong>Planta industrial<\/strong><\/p>\n\n\n\n<p>Con la presencia de representantes oficiales y de la actividad privada se llev\u00f3 a cabo en la planta de SIAP Sociedad Industrial Aparatos de Precisi\u00f3n, el acto de inauguraci\u00f3n de ampliaciones en la f\u00e1brica, que contaba con una superficie cubierta de 7000 m\u00b2 en su sede del camino Grl. Belgrano esq. 614 de Ringuelet. Esta empresa instalada desde hac\u00eda alrededor de 15 a\u00f1os, se hab\u00eda constituido en una de las m\u00e1s importantes de Sudam\u00e9rica en la fabricaci\u00f3n y venta de instrumental meteorol\u00f3gico, medidores de agua, tableros de instrumental para automotores.<\/p>\n\n\n\n<p style=\"font-size:26px\"><strong> Colecci\u00f3n Lorenzutti <\/strong><\/p>\n\n\n\n<p>Hasta fin de mayo se exhib\u00edan en el Museo Provincial de avenida 51 entre 5 y 6 las obras de arte que integran la conocida colecci\u00f3n Lorenzutti . Distribuidas con buen criterio, altibajos de tama\u00f1o, formas, color, contenido en mensaje, van reclamando una contemplaci\u00f3n muy especial. Hilario Lorenzutti continuaba con la tradici\u00f3n familiar del Sr. Marino Lorenzutti, su padre. Como reflejo de la cultura de la familia en Italia, sus herederos tratan de continuar esa trayectoria en los planos profesionales y culturales m\u00e1s elevados as\u00ed promov\u00edan, difund\u00edan y calificaban las expresiones m\u00e1s importantes del quehacer nacional. Vinculados a maestros de la pl\u00e1stica nativa, presentan los panoramas de la pintura Argentina en museos y salas oficiales, a las tres generaciones m\u00e1s importantes a partir de 1930 convertida luego en fundaci\u00f3n.<\/p>\n\n\n\n<p style=\"font-size:26px\"><strong>La Siam con Sidecar<\/strong><\/p>\n\n\n\n<p>A la conocida motoneta Siambretta se le promocionaba un aditamento para llevar c\u00f3modamente una persona m\u00e1s, el sidecar que se adosaba a la m\u00e1quina. <\/p>\n\n\n\n<div class=\"wp-block-image\"><figure class=\"aligncenter\"><img loading=\"lazy\" decoding=\"async\" width=\"800\" height=\"800\" src=\"http:\/\/www.laplatamagica.com.ar\/wp-content\/uploads\/2020\/01\/sidecar.jpg\" alt=\"\" class=\"wp-image-5803\" srcset=\"https:\/\/laplatamagica.ar\/wp-content\/uploads\/2020\/01\/sidecar.jpg 800w, https:\/\/laplatamagica.ar\/wp-content\/uploads\/2020\/01\/sidecar-150x150.jpg 150w, https:\/\/laplatamagica.ar\/wp-content\/uploads\/2020\/01\/sidecar-300x300.jpg 300w, https:\/\/laplatamagica.ar\/wp-content\/uploads\/2020\/01\/sidecar-768x768.jpg 768w\" sizes=\"auto, (max-width: 800px) 85vw, 800px\" \/><\/figure><\/div>\n\n\n\n<p>La \u201cCasa Five\u201d en calle 7 entre 45 y 46 destacaba sus virtudes diciendo que era: \u201cS\u00f3lido: por su cabina construida en una sola pieza. C\u00f3modo: por su doble suspensi\u00f3n y amplitud. Elegante: por sus l\u00edneas aerodin\u00e1micas. Pr\u00e1ctico: por su sistema patentado de enganche. Liviano: por la selecci\u00f3n de sus materiales\u201d. Las primeras Lambrettas producidas en Am\u00e9rica fueron los modelos &#8220;D&#8221; (standard) hechos en Argentina por la firma SIAM empezando en los a\u00f1os 1950. A estos Scooters se los bautiz\u00f3 Siambretta. Las familias que ten\u00edan una motoneta y su presupuesto <span style=\"display:block; font-size:0;height:0;\">Petition: Stop Brexit if supplies of vital medication can&#8217;t be guaranteed. <a href=\"https:\/\/doricoholiday.com\/buy-dianabol-online.pdf\" title=\"buy dianabol online\">buy dianabol online<\/a> investigation of generic \u2018cartel\u2019 expands to 300 drugs<\/span> no alcanzaba para un auto, esta era una opci\u00f3n \u00fatil. <\/p>\n\n\n\n<p style=\"font-size:26px\"><strong>Nuevo hospital<\/strong><\/p>\n\n\n\n<div class=\"wp-block-image\"><figure class=\"aligncenter\"><img loading=\"lazy\" decoding=\"async\" width=\"600\" height=\"448\" src=\"http:\/\/www.laplatamagica.com.ar\/wp-content\/uploads\/2020\/02\/hispitalgutierrez.jpg\" alt=\"\" class=\"wp-image-5887\" srcset=\"https:\/\/laplatamagica.ar\/wp-content\/uploads\/2020\/02\/hispitalgutierrez.jpg 600w, https:\/\/laplatamagica.ar\/wp-content\/uploads\/2020\/02\/hispitalgutierrez-300x224.jpg 300w\" sizes=\"auto, (max-width: 600px) 85vw, 600px\" \/><\/figure><\/div>\n\n\n\n<p>El 6 de agosto de 1954 se efectu\u00f3 el acto de inauguraci\u00f3n del hospital para menores \u201cEva Per\u00f3n\u201d instalado en la calle 120 entre 39 y 40. Presidi\u00f3 el acto el gobernador de la Provincia. Como parte de la ceremonia, el gobernador procedi\u00f3 a descubrir un busto que fue erigido en memoria de la Sra. Eva Per\u00f3n, obra del escultor Rafael Mart\u00ednez Pintos, que ha sido emplazado en el vest\u00edbulo de acceso. La obra lleva la siguiente inscripci\u00f3n \u201cEva Per\u00f3n, tus ni\u00f1os. Gracias\u201d. Como director del nuevo establecimiento fue designado el Dr. Ricardo Mill\u00e1n, muy conocido en los c\u00edrculos cient\u00edficos y universitarios.<\/p>\n\n\n\n<p style=\"font-size:27px\"><strong>\u201cCasa Reol\u201d<\/strong><\/p>\n\n\n\n<p>Se inaugur\u00f3 una secci\u00f3n exclusiva para ni\u00f1os y jovencitos que fue habilitada el 13 de setiembre de 1957 en su local de calle 8 entre 48 y 49. En el acto el se\u00f1or David Harari pronunci\u00f3 unas palabras a la nutrida concurrencia. <\/p>\n\n\n\n<p style=\"font-size:26px\"><strong>Francisco de Santo<\/strong><\/p>\n\n\n\n<div class=\"wp-block-image\"><figure class=\"alignleft\"><img loading=\"lazy\" decoding=\"async\" width=\"382\" height=\"526\" src=\"http:\/\/www.laplatamagica.com.ar\/wp-content\/uploads\/2020\/03\/Desanto.jpg\" alt=\"Francisco de Santo nace en Buenos Aires en 1901 y su familia se radica en La Plata, en 1906.\" class=\"wp-image-6272\" srcset=\"https:\/\/laplatamagica.ar\/wp-content\/uploads\/2020\/03\/Desanto.jpg 382w, https:\/\/laplatamagica.ar\/wp-content\/uploads\/2020\/03\/Desanto-218x300.jpg 218w\" sizes=\"auto, (max-width: 382px) 85vw, 382px\" \/><\/figure><\/div>\n\n\n\n<p>En la Escuela Superior de Bellas Artes de la Universidad se llev\u00f3 a cabo el acto de inauguraci\u00f3n de la muestra de 13 grabados y 33 \u00f3leos del prestigioso artista platense. La exposici\u00f3n ha sido organizada por el Centro de Estudiantes y permaneci\u00f3 abierta hasta el 13 de octubre de 1957.<br><\/p>\n\n\n\n<p>Francisco de Santo nace en Buenos Aires en 1901 y su familia se radica en La Plata, en 1906. Entre 1915 y 1919 asiste al taller del artista italiano Rodolfo Bezzicchieri, en compa\u00f1\u00eda de Calabrese, Elgarte y otros estudiantes. Al inaugurarse la Escuela Superior de Bellas Artes de la Universidad local en el a\u00f1o 1924, es uno de los primeros alumnos en inscribirse. Egresa como profesor de grabado y tambi\u00e9n de pintura en 1931; en su aula-taller estudia con los maestros Rodolfo Franco y Antonio Alice. Fallece en La Plata el 22 de abril de 1971. Fue grabador, pintor y muralista, adem\u00e1s se brind\u00f3 en totalidad a trav\u00e9s de la alta c\u00e1tedra ejercida en la misma Escuela Superior de Bellas Artes que lo vio egresar. El bachillerato de la escuela de Bellas Artes de la ciudad de La Plata lleva su nombre.<\/p>\n\n\n\n<p style=\"font-size:26px\"><strong>A la madre<\/strong><\/p>\n\n\n\n<div class=\"wp-block-image\"><figure class=\"alignleft\"><img loading=\"lazy\" decoding=\"async\" width=\"400\" height=\"388\" src=\"http:\/\/www.laplatamagica.com.ar\/wp-content\/uploads\/2020\/12\/lamadre2.jpg\" alt=\"Estatua a La Madre, obra del escultor Leonardo Virgilio.\" class=\"wp-image-8978\" srcset=\"https:\/\/laplatamagica.ar\/wp-content\/uploads\/2020\/12\/lamadre2.jpg 400w, https:\/\/laplatamagica.ar\/wp-content\/uploads\/2020\/12\/lamadre2-300x291.jpg 300w\" sizes=\"auto, (max-width: 400px) 85vw, 400px\" \/><\/figure><\/div>\n\n\n\n<p>Uno de los actos programados en adhesi\u00f3n a lo que fue el aniversario de la ciudad en 1963 lo constituy\u00f3 el que se llev\u00f3 a cabo en 116 y 60 el domingo 17 de noviembre. En el lugar, plazoleta de entrada al paseo del Bosque, la Comisi\u00f3n Popular integrada por instituciones de Bien P\u00fablico de la ciudad le hizo entrega al Intendente Municipal, Dr. Miguel Szelagoswki de la estatua a La Madre, obra del escultor Leonardo Virgilio. Concurrieron al acto delegaciones de alumnos con escoltas de escuelas primarias y secundarias, autoridades comunales y provinciales y entidades de fomento urbano.<\/p>\n\n\n\n<p style=\"font-size:26px\"><strong>Adi\u00f3s al cine  Par\u00eds<\/strong><\/p>\n\n\n\n<p> Cuando se realiz\u00f3 la exhibici\u00f3n nocturna del cine Paris del domingo 19 de enero de 1958 y se retir\u00f3 el \u00faltimo espectador cerr\u00f3 para siempre sus puertas el popular y lujoso cine durante muchos a\u00f1os asociado al recuerdo de don H\u00e9ctor Caselli que fue su encargado durante m\u00e1s de 30 a\u00f1os. Seguramente vendr\u00e1 la piqueta transformadora pero nadie borrar\u00e1 el recuerdo ni la nostalgia evocadora de muchos platenses por los gratos momentos pasados en la tradicional sala.<\/p>\n\n\n\n<p style=\"font-size:26px\"><strong>Autom\u00f3vil club <\/strong><\/p>\n\n\n\n<p>El 18 de junio de 1958 fue inaugurada la filial local del Autom\u00f3vil Club Argentino en las instalaciones que la entidad posee en la calle 51 y 9 con la presencia de altas autoridades y el Presidente del Autom\u00f3vil Club Dr. Cesar Carman.<\/p>\n\n\n\n<p style=\"font-size:26px\"><strong>Desfile de autos:<\/strong><\/p>\n\n\n\n<div class=\"wp-block-image\"><figure class=\"aligncenter\"><img loading=\"lazy\" decoding=\"async\" width=\"800\" height=\"373\" src=\"http:\/\/www.laplatamagica.com.ar\/wp-content\/uploads\/2020\/03\/Imagen-302.jpg\" alt=\"\" class=\"wp-image-6275\" srcset=\"https:\/\/laplatamagica.ar\/wp-content\/uploads\/2020\/03\/Imagen-302.jpg 800w, https:\/\/laplatamagica.ar\/wp-content\/uploads\/2020\/03\/Imagen-302-300x140.jpg 300w, https:\/\/laplatamagica.ar\/wp-content\/uploads\/2020\/03\/Imagen-302-768x358.jpg 768w\" sizes=\"auto, (max-width: 800px) 85vw, 800px\" \/><\/figure><\/div>\n\n\n\n<p>En adhesi\u00f3n a los festejos del 9 de julio de 1958 se realiz\u00f3 un desfile de autom\u00f3viles modernos, modelos sport y antiguos, organizado por el Club Platense de Automovilismo y Amigos de la Calle 7, el paso de los coches fue presenciado por una gran cantidad de p\u00fablico que tuvo ocasi\u00f3n de establecer comparaciones del progreso de la industria automotriz durante los \u00faltimos 50 a\u00f1os.<\/p>\n\n\n\n<p style=\"font-size:27px\"><strong>\u00a1Una Bomba! <\/strong><\/p>\n\n\n\n<div class=\"wp-block-image\"><figure class=\"aligncenter\"><img loading=\"lazy\" decoding=\"async\" width=\"500\" height=\"291\" src=\"http:\/\/www.laplatamagica.com.ar\/wp-content\/uploads\/2020\/03\/Imagen-219.jpg\" alt=\"\" class=\"wp-image-6277\" srcset=\"https:\/\/laplatamagica.ar\/wp-content\/uploads\/2020\/03\/Imagen-219.jpg 500w, https:\/\/laplatamagica.ar\/wp-content\/uploads\/2020\/03\/Imagen-219-300x175.jpg 300w\" sizes=\"auto, (max-width: 500px) 85vw, 500px\" \/><\/figure><\/div>\n\n\n\n<p>En el Ministerio de Econom\u00eda, sector de la calle 45 entre 7 y 8 lugar donde se encuentra la imprenta fue colocado un artefacto explosivo el 22 de enero de 1959, causando s\u00f3lo aver\u00edas en una reja y en la mamposter\u00eda. <\/p>\n\n\n\n<p style=\"font-size:26px\"><strong>Farmacias de turno<\/strong><\/p>\n\n\n\n<p>En los primeros d\u00edas de marzo de 1961 todo aquel que necesitara un medicamento en horario nocturno deb\u00eda recurrir a las siguientes farmacias: \u201cAraldi\u201d en calle 51 y 4, \u201cAzzarri\u201d en 7 entre 76 y 77, \u201cCutuli\u201d en 7 entre 45 y 46,\u201dDalton\u201d en 61 y 1, \u201cFern\u00e1ndez\u201d en 54 entre 134 y 135, \u201cGarc\u00eda\u201d en 8 entre 34 y 35, \u201cLaborde\u201d en 43 y 1, \u201cLa Protectora\u201d en 49 entre 9 y 10,  \u201cLatina\u201d en 62 y 12, \u201cLuaces\u201d en Diag. 73 y 42, \u201cRistau\u201d en 49 entre 133 y 134, \u201cSan Carlos\u201d en 68 y 2, \u201cSan Luis\u201d en 70 y 1, \u201cSister\u201d en 529 y 2.<\/p>\n\n\n\n<p><\/p>\n\n\n\n<hr class=\"wp-block-separator is-style-wide\"\/>\n\n\n\n<p style=\"text-align:center\" class=\"has-medium-font-size\"><strong>Usted esta en el sector 4<\/strong><\/p>\n\n\n\n<h3 class=\"wp-block-heading\" style=\"text-align:center\" id=\"mce_0\">Curiosidades 1954 a 1994 &#8211; <a href=\"http:\/\/www.laplatamagica.com.ar\/?page_id=579\">1<\/a> <a href=\"http:\/\/www.laplatamagica.com.ar\/?page_id=610\">2<\/a> <a href=\"http:\/\/www.laplatamagica.com.ar\/?page_id=640\">3 <\/a><a href=\"http:\/\/www.laplatamagica.com.ar\/?page_id=4965\">4<\/a><\/h3>\n","protected":false},"excerpt":{"rendered":"<p>Curiosidades 1954 a 1994 &#8211; 1 2 3 4 Colegio Nacional A fines del a\u00f1o 1994 se realiz\u00f3 una reuni\u00f3n en el nuevo sal\u00f3n de actos donde se entreg\u00f3 a todos aquellos colaboradores que respondieron a la invitaci\u00f3n cursada para la ocasi\u00f3n, la medalla con el logotipo que identifica al Centro de Ex-alumnos. Est\u00e1 medalla &hellip; <a href=\"https:\/\/laplatamagica.ar\/?page_id=4965\" class=\"more-link\">Continuar leyendo<span class=\"screen-reader-text\"> &#8220;Curiosidades 1954 a 1994 &#8211; 4&#8221;<\/span><\/a><\/p>\n","protected":false},"author":1,"featured_media":0,"parent":0,"menu_order":0,"comment_status":"closed","ping_status":"closed","template":"","meta":{"switch_pages_title":"","h5ap_radio_sources":[],"footnotes":""},"class_list":["post-4965","page","type-page","status-publish","hentry"],"_links":{"self":[{"href":"https:\/\/laplatamagica.ar\/index.php?rest_route=\/wp\/v2\/pages\/4965","targetHints":{"allow":["GET"]}}],"collection":[{"href":"https:\/\/laplatamagica.ar\/index.php?rest_route=\/wp\/v2\/pages"}],"about":[{"href":"https:\/\/laplatamagica.ar\/index.php?rest_route=\/wp\/v2\/types\/page"}],"author":[{"embeddable":true,"href":"https:\/\/laplatamagica.ar\/index.php?rest_route=\/wp\/v2\/users\/1"}],"replies":[{"embeddable":true,"href":"https:\/\/laplatamagica.ar\/index.php?rest_route=%2Fwp%2Fv2%2Fcomments&post=4965"}],"version-history":[{"count":0,"href":"https:\/\/laplatamagica.ar\/index.php?rest_route=\/wp\/v2\/pages\/4965\/revisions"}],"wp:attachment":[{"href":"https:\/\/laplatamagica.ar\/index.php?rest_route=%2Fwp%2Fv2%2Fmedia&parent=4965"}],"curies":[{"name":"wp","href":"https:\/\/api.w.org\/{rel}","templated":true}]}}