{"id":579,"date":"2019-08-18T15:26:23","date_gmt":"2019-08-18T18:26:23","guid":{"rendered":"http:\/\/www.laplatamagica.com.ar\/?page_id=579"},"modified":"2022-01-03T15:13:37","modified_gmt":"2022-01-03T18:13:37","slug":"curiosidades-1954-a-1994-1","status":"publish","type":"page","link":"https:\/\/laplatamagica.ar\/?page_id=579","title":{"rendered":"Curiosidades 1954 a 1994 &#8211; 1"},"content":{"rendered":"\n<h3 class=\"wp-block-heading\" style=\"text-align:center\">Curiosidades 1954 a 1994 &#8211; <a href=\"http:\/\/www.laplatamagica.com.ar\/?page_id=579\">1<\/a> <a href=\"http:\/\/www.laplatamagica.com.ar\/?page_id=610\">2<\/a> <a href=\"http:\/\/www.laplatamagica.com.ar\/?page_id=640\">3 <\/a><a href=\"http:\/\/www.laplatamagica.com.ar\/?page_id=4965\">4<\/a><\/h3>\n\n\n\n<h3 class=\"wp-block-heading\"><strong>Desaparecido Teatro Argentino:<\/strong><\/h3>\n\n\n\n<p>&nbsp;Por un cortocircuito en la zona de telones, se incendi\u00f3 el Teatro Argentino, el 18 de octubre de 1977.<\/p>\n\n\n\n<div class=\"wp-block-image\"><figure class=\"aligncenter\"><img loading=\"lazy\" decoding=\"async\" width=\"500\" height=\"379\" src=\"http:\/\/www.laplatamagica.com.ar\/wp-content\/uploads\/2019\/08\/Incendio-del-teatro-argentino.jpg\" alt=\"\" class=\"wp-image-583\" srcset=\"https:\/\/laplatamagica.ar\/wp-content\/uploads\/2019\/08\/Incendio-del-teatro-argentino.jpg 500w, https:\/\/laplatamagica.ar\/wp-content\/uploads\/2019\/08\/Incendio-del-teatro-argentino-300x227.jpg 300w\" sizes=\"auto, (max-width: 500px) 85vw, 500px\" \/><\/figure><\/div>\n\n\n\n<p>Las llamas se propagaron con alarmante rapidez. Igualmente se perdieron los tres&nbsp;subsuelos. El siniestro ocurri\u00f3 pasado el mediod\u00eda. El p\u00fablico comenz\u00f3 a agolparse en las inmediaciones, no dando cr\u00e9dito a lo que estaba ocurriendo al ver perderse, de esa manera, uno de los patrimonios m\u00e1s preciados de los platenses y objeto de leg\u00edtimo orgullo de toda la poblaci\u00f3n.<\/p>\n\n\n\n<h3 class=\"wp-block-heading\"> <br><strong>Video del Incendio del Teatro ArgentinoSecuencias tomadas por Gustavo H. Torre<\/strong>&nbsp; <\/h3>\n\n\n\n<p>Desaparecieron tambi\u00e9n los instrumentos musicales y otros materiales de singular valor, entre ellos catorce pianos de distinta procedencia, en su mayor\u00eda alemanes, diversos instrumentos de cuerdas como dos arpas de origen alem\u00e1n, cinco timbales &#8220;Premier&#8221;, considerados los mejores de Sudam\u00e9rica, todos los instrumentos depositados en una sala y pertenecientes a la orquesta y m\u00e1s de 30.000 partituras, alguna de las cuales databan de m\u00e1s de 70 a\u00f1os.<\/p>\n\n\n\n<h3 class=\"wp-block-heading\"><strong>Museo de la Catedral:&nbsp;<\/strong><\/h3>\n\n\n\n<p>El museo de la Catedral se inaugur\u00f3 el s\u00e1bado 19 de noviembre de 1977 estando a cargo de la Museologa <em>Marta O. Fern\u00e1ndez de Balaguer<\/em>, siendo el precursor de la iniciativa Monse\u00f1or<em> Antonio J. Plaza.<\/em><\/p>\n\n\n\n<h3 class=\"wp-block-heading\"><strong>M\u00e1stil en la Casa de Gobierno:<\/strong>&nbsp;<\/h3>\n\n\n\n<p>El 9 de julio de 1974 se cumplieron las ceremonias dispuestas por el gobierno de la Provincia para celebrar el aniversario patrio. Primeramente, se inaugur\u00f3 el m\u00e1stil levantado en los jardines de la Casa de Gobierno acto en el que habl\u00f3 el se\u00f1or <em>Victorio Calabr\u00f3.<\/em><\/p>\n\n\n\n<p>El m\u00e1stil tiene 17 metros de altura y fue emplazado sobre 51 y 6. Su construcci\u00f3n fue dispuesta por el titular del Poder Ejecutivo, se\u00f1or <em>Calabr\u00f3. <\/em>Bendijo las obras <em>monse\u00f1or Callejas y Gonz\u00e1lez<\/em>. La ense\u00f1a patria que iz\u00f3 el se\u00f1or<em> Calabr\u00f3<\/em> con el contralmirante Guzetti, fue donada por la&nbsp;Sociedad Libanesa de La Plata. En la Catedral ofici\u00f3 una misa el Arzobispo de La Plata, monse\u00f1or <em>Antonio J. Plaza.&nbsp;<\/em><\/p>\n\n\n\n<h3 class=\"wp-block-heading\"><strong>Troleb\u00fas:&nbsp;<\/strong><\/h3>\n\n\n\n<div class=\"wp-block-image\"><figure class=\"aligncenter is-resized\"><img loading=\"lazy\" decoding=\"async\" src=\"http:\/\/www.laplatamagica.com.ar\/wp-content\/uploads\/2019\/08\/Trolebus-inauguraci\u00f3n.jpg\" alt=\"Inauguraci\u00f3n del troleb\u00fas. ciudad de La Plata.\" class=\"wp-image-584\" width=\"457\" height=\"426\" srcset=\"https:\/\/laplatamagica.ar\/wp-content\/uploads\/2019\/08\/Trolebus-inauguraci\u00f3n.jpg 500w, https:\/\/laplatamagica.ar\/wp-content\/uploads\/2019\/08\/Trolebus-inauguraci\u00f3n-300x280.jpg 300w\" sizes=\"auto, (max-width: 457px) 85vw, 457px\" \/><figcaption><strong>Inauguraci\u00f3n del troleb\u00fas<\/strong><\/figcaption><\/figure><\/div>\n\n\n\n<p>Otra modalidad que funcion\u00f3 en La Plata, operado por la Administraci\u00f3n General del Transporte de Pasajeros y por el Consorcio de Transportes de Pasajeros de&nbsp;la Municipalidad de La Plata, fue el troleb\u00fas.<\/p>\n\n\n\n<p>Fue inaugurado el 4 de junio de 1955. A su primer recorrido, le dec\u00edan &#8220;la calesita&#8221; y part\u00eda desde la actual terminal de \u00f3mnibus, pasaba por la Estaci\u00f3n del F.C.Roca, continuaba por diagonal 80, Plaza San Mart\u00edn, avda.7, Plaza Italia y volv\u00eda a su punto inicial por diagonal 74.<\/p>\n\n\n\n<p>Tiempo despu\u00e9s extendi\u00f3 su recorrido hasta Tribunales y el barrio de La Loma. Ces\u00f3 a fines de 1966, conjuntamente con los tranv\u00edas.<\/p>\n\n\n\n<h3 class=\"wp-block-heading\"><strong>Vaciado del Lago:<\/strong>&nbsp;<\/h3>\n\n\n\n<div class=\"wp-block-image\"><figure class=\"aligncenter\"><img loading=\"lazy\" decoding=\"async\" width=\"450\" height=\"234\" src=\"http:\/\/www.laplatamagica.com.ar\/wp-content\/uploads\/2019\/08\/Imagen-297.jpg\" alt=\"\" class=\"wp-image-587\" srcset=\"https:\/\/laplatamagica.ar\/wp-content\/uploads\/2019\/08\/Imagen-297.jpg 450w, https:\/\/laplatamagica.ar\/wp-content\/uploads\/2019\/08\/Imagen-297-300x156.jpg 300w\" sizes=\"auto, (max-width: 450px) 85vw, 450px\" \/><\/figure><\/div>\n\n\n\n<p>En 1964 fue vaciado el Lago del Bosque porque se buscaba por orden judicial el arma con la cual se hab\u00eda cometido un homicidio, quedando a la vista botellas rotas y latas oxidadas. Finalmente no se encontr\u00f3 lo que se buscaba.<\/p>\n\n\n\n<h3 class=\"wp-block-heading\"><strong>Corsos:<\/strong>&nbsp;<\/h3>\n\n\n\n<p>&#8220;A principios de la d\u00e9cada del cincuenta los corsos se hab\u00edan desplazado a la calle 12, constituy\u00e9ndose en el eje del carnaval, pues representaban la antesala de los bailes que organizaban las instituciones del centro y los clubes de barrio, preferentemente con orquestas locales.<\/p>\n\n\n\n<p>El Centro de Fomento y Propaganda de de Calle 12 varios meses antes del comienzo del carnaval integraba una comisi\u00f3n encargada de organizar el corso, recayendo esa responsabilidad en los se\u00f1ores J<em>uan B, Juarez, Mart\u00edn Cerd\u00e1, Vicente Chechile, Manuel Zingoni, Eduardo Busto, Natalio D&#8217;El\u00eda, Silverio Ju\u00e1rez, Francisco Maggi, Pedro Rica, Juan Jos\u00e9 Padula, Carlos A. Merlo, Francisco Terrasa y Humberto Sampaolo<\/em> con motivos de las fiestas de 1952&#8243;.(sic) Pag.168 del libro &#8220;Familias Platense&#8221; de <em>Ruben Mario De Luca <\/em>(Edigraf S.A.)<\/p>\n\n\n\n<h3 class=\"wp-block-heading\"><strong>Rep\u00fablica de los Ni\u00f1os:<\/strong>&nbsp;<\/h3>\n\n\n\n<div class=\"wp-block-image\"><figure class=\"aligncenter\"><img loading=\"lazy\" decoding=\"async\" width=\"500\" height=\"375\" src=\"http:\/\/www.laplatamagica.com.ar\/wp-content\/uploads\/2019\/08\/Plaza-principal.jpg\" alt=\"\" class=\"wp-image-588\" srcset=\"https:\/\/laplatamagica.ar\/wp-content\/uploads\/2019\/08\/Plaza-principal.jpg 500w, https:\/\/laplatamagica.ar\/wp-content\/uploads\/2019\/08\/Plaza-principal-300x225.jpg 300w\" sizes=\"auto, (max-width: 500px) 85vw, 500px\" \/><figcaption><strong>Plaza principal de la Rep\u00fablica de los Ni\u00f1os.<\/strong><\/figcaption><\/figure><\/div>\n\n\n\n<p>Al visitar <em>Walt Disney<\/em> el paseo conocido como Rep\u00fablica de los Ni\u00f1os, que se encuentra en la cercana localidad de Gonnet, se inspiro para la construcci\u00f3n de Disneylandia&nbsp;en California.<\/p>\n\n\n\n<h3 class=\"wp-block-heading\"> D\u00eda de Ex Alumnas del Colegio Misericordia<\/h3>\n\n\n\n<p>Con diversos actos se celebr\u00f3 el D\u00eda de la Ex Alumna del Colegio Misericordia el 25 de noviembre de 1973,  y entre los actos se agasaj\u00f3 a las docentes que cumplen sus Bodas de Plata: Edelma Esther Balestracci, Eufemia Clara Aceto, Hilda del Carmen Acosta, Mabel Ethel Beatriz Arruaz\u00fa, \u00a0Graciana Paula Balo, N\u00e9lida Burhaille, Elena Capelletti, Martha Ether Ciano, Emma Luisa Courteau, Delia Aurora de Rankenberg, Ana Mar\u00eda Delfino, Mar\u00eda Elena Di Lorenzo, Josefina Filardi, Hebe Mirta Franca, Dora Raquel Gorostiague, Margarita Benedicta Jaury, Mirta Hebe Laurencena, Amalia Edith Lise, Zulema Hilda Ligresti, Mar\u00eda Genoveva L\u00f3pez Seco, Mercedes Paulina L\u00f3pez Seco, Edith Mercedes Marenzi, Ada Matano, Maria Edith Monroy, Elsa N\u00e9lida Ostinelli, Mar\u00eda Elena Panelli, Mar\u00eda Teresa Romero, Mar\u00eda del Carmen Rubinos, Lidia Mar\u00eda Ruso, Alicia Sagarduy, Eleonora Beatriz Salgado, Olga Mar\u00eda Sagado, Mar\u00eda Luz Torres G\u00f3mez, Ana Soledad Trobo, Dora Villena y Blanca Esther Zabaleta.<\/p>\n\n\n\n<p><strong>Sabin:&nbsp;<\/strong><\/p>\n\n\n\n<div class=\"wp-block-image\"><figure class=\"aligncenter\"><img loading=\"lazy\" decoding=\"async\" width=\"400\" height=\"358\" src=\"http:\/\/www.laplatamagica.com.ar\/wp-content\/uploads\/2019\/08\/Sabin.jpg\" alt=\"\" class=\"wp-image-589\" srcset=\"https:\/\/laplatamagica.ar\/wp-content\/uploads\/2019\/08\/Sabin.jpg 400w, https:\/\/laplatamagica.ar\/wp-content\/uploads\/2019\/08\/Sabin-300x269.jpg 300w\" sizes=\"auto, (max-width: 400px) 85vw, 400px\" \/><figcaption><strong>Albert Bruce Sabin<\/strong><\/figcaption><\/figure><\/div>\n\n\n\n<p>El viernes 28 de julio de 1967 visita la ciudad el Sabio inventor de la vacuna contra la Poliomielitis Infantil, . La ciudadan\u00eda platense le tribut\u00f3 su emocionado homenaje. Lo recibieron el Intendente <em>Coronel Icazati<\/em> y el Gobernador de la Provincia de Buenos Aires<em> General Imaz.<\/em><\/p>\n\n\n\n<h3 class=\"wp-block-heading\"><strong>Casa de Almafuerte:<\/strong>&nbsp;<\/h3>\n\n\n\n<p>El Poder Ejecutivo Nacional por decreto n\u00famero 932 con fecha del 2 de febrero de 1961 declara &#8220;Monumento Hist\u00f3rico Nacional&#8221; la casa de la calle 66 N\u00b0530 donde vivi\u00f3 y muri\u00f3 el poeta Pedro B. Palacios (Almafuerte).<\/p>\n\n\n\n<h3 class=\"wp-block-heading\"><strong>Concurso de vidrieras:<\/strong>&nbsp;<\/h3>\n\n\n\n<p>El 20 de enero de 1954 el jurado que dictamin\u00f3 en el concurso de vidrieras comerciales organizado por la Asociaci\u00f3n &#8220;Amigos de la Calle 7&#8221;, con motivo de las fiestas de fin de a\u00f1o realizadas en nuestra arteria principal, resolvi\u00f3 adjudicar los tres primeros premios a las casas Gath y Chaves, Delmar y Roy, en ese orden.<\/p>\n\n\n\n<h3 class=\"wp-block-heading\">&nbsp;<strong>Correo:<\/strong>&nbsp;<\/h3>\n\n\n\n<p>Su construcci\u00f3n se comenz\u00f3 en 1970 y fue inaugurado el 1 de octubre de 1982.<\/p>\n\n\n\n<h3 class=\"wp-block-heading\"><strong>Emilio Pettorutti:<\/strong><\/h3>\n\n\n\n<p><\/p>\n\n\n\n<p><strong>&nbsp;<\/strong>El 16 de octubre de 1971, muere en Par\u00eds a la edad de 79 a\u00f1os, v\u00edctima de una afecci\u00f3n hepatorrenal. Hab\u00eda nacido en la La Plata, a dies a\u00f1os de fundada un 1 de octubre.<\/p>\n\n\n\n<div class=\"wp-block-image\"><figure class=\"aligncenter is-resized\"><img loading=\"lazy\" decoding=\"async\" src=\"http:\/\/www.laplatamagica.com.ar\/wp-content\/uploads\/2019\/08\/EmilioPettoruti.jpg\" alt=\"\" class=\"wp-image-594\" width=\"372\" height=\"451\" srcset=\"https:\/\/laplatamagica.ar\/wp-content\/uploads\/2019\/08\/EmilioPettoruti.jpg 400w, https:\/\/laplatamagica.ar\/wp-content\/uploads\/2019\/08\/EmilioPettoruti-247x300.jpg 247w\" sizes=\"auto, (max-width: 372px) 85vw, 372px\" \/><figcaption> <br><strong>Emilio Pettorutti<\/strong> <\/figcaption><\/figure><\/div>\n\n\n\n<p>A la temprana edad de 11 a\u00f1os y por iniciativa de su abuelo, pinta en lo alto de un muro, un gran canasto de flores, fruto exclusivo de su imaginaci\u00f3n.&nbsp;<br>M\u00e1s tarde, se inscribir\u00eda en la Academia de Bellas Artes de La Plata.<\/p>\n\n\n\n<p>Luego de realizar algunas muestras en La Plata, se embarca en el a\u00f1o 1913 rumbo a Italia. Ya en Venecia con sus veinte a\u00f1os reci\u00e9n cumplidos; all\u00ed r\u00e1pidamente toma contacto con la vanguardia art\u00edstica italiana, los j\u00f3venes artistas y el ya famoso <em>Marinetti<\/em>, autor cuatro a\u00f1os antes del c\u00e9lebre &#8221; Manifiesto del Futurismo &#8220;.<\/p>\n\n\n\n<p>Viaja a trav\u00e9s de Italia. En 1916 realiza su primera exposici\u00f3n individual en la Galleria Gonelli, que fuera uno de los bastiones del futurismo en Florencia.<\/p>\n\n\n\n<ul class=\"wp-block-gallery aligncenter columns-1 wp-block-gallery-1 is-layout-flex wp-block-gallery-is-layout-flex\"><li class=\"blocks-gallery-item\"><figure><img loading=\"lazy\" decoding=\"async\" width=\"400\" height=\"300\" src=\"http:\/\/www.laplatamagica.com.ar\/wp-content\/uploads\/2019\/08\/ObrasPettoruti.jpg\" alt=\"\" data-id=\"596\" class=\"wp-image-596\" srcset=\"https:\/\/laplatamagica.ar\/wp-content\/uploads\/2019\/08\/ObrasPettoruti.jpg 400w, https:\/\/laplatamagica.ar\/wp-content\/uploads\/2019\/08\/ObrasPettoruti-300x225.jpg 300w\" sizes=\"auto, (max-width: 400px) 85vw, 400px\" \/><\/figure><\/li><\/ul>\n\n\n\n<p>En 1917 se instala en Roma. Durante la guerra realiza los m\u00e1s variados trabajos. All\u00ed traba amistad con Soffici, Carr\u00e1 y De Chirico, entre otros.&nbsp;<br>Luego de exponer colectiva e individualmente en distintas ciudades de Italia parte a Munich en 1921. Dos a\u00f1os m\u00e1s tarde es invitado por la Galer\u00eda Der Sturm de Berl\u00edn, consolidada como la galer\u00eda de la vanguardia alemana, donde tambi\u00e9n expusieron los futuristas italianos.<\/p>\n\n\n\n<p>Luego de una breve estad\u00eda en Par\u00eds donde se hace amigo de <em>Juan Gris y Gino Severini <\/em>regresa a Buenos Aires.<\/p>\n\n\n\n<p>En octubre de 1924 en el Sal\u00f3n Witcomb de Buenos Aires, realiza Pettoruti su primera muestra luego de once a\u00f1os de ausencia. Sus obras, decididamente vanguardistas para la \u00e9poca, provocan un esc\u00e1ndalo de proporciones.<\/p>\n\n\n\n<p>Con el correr de los a\u00f1os, <em>Pettoruti <\/em>se esfuerza por hacer conocer el arte de vanguardia a trav\u00e9s de conferencias, revistas, diarios y frecuentes exposiciones.<br>A fines de 1927 es nombrado Director del Museo Provincial de Bellas Artes de La Plata.<\/p>\n\n\n\n<div class=\"wp-block-image\"><figure class=\"aligncenter\"><img loading=\"lazy\" decoding=\"async\" width=\"400\" height=\"531\" src=\"http:\/\/www.laplatamagica.com.ar\/wp-content\/uploads\/2019\/08\/Sif\u00f3n.jpg\" alt=\"\" class=\"wp-image-590\" srcset=\"https:\/\/laplatamagica.ar\/wp-content\/uploads\/2019\/08\/Sif\u00f3n.jpg 400w, https:\/\/laplatamagica.ar\/wp-content\/uploads\/2019\/08\/Sif\u00f3n-226x300.jpg 226w\" sizes=\"auto, (max-width: 400px) 85vw, 400px\" \/><\/figure><\/div>\n\n\n\n<p>En 1940 Amigos del Arte de Buenos Aires organizan la primer muestra retrospectiva de Pettoruti, muchas de las obras anta\u00f1o criticadas cruelmente son ahora admiradas por el p\u00fablico y la cr\u00edtica.<\/p>\n\n\n\n<p>Durante 1944 pasa ocho meses recorriendo museos y universidades de los Estados Unidos invitado por el Comitee for Interamerican Artistic and Intellectual Relations. Expone en el San Francisco Museum of Art y otros museos de los Estados Unidos.<\/p>\n\n\n\n<p>Regresa en 1952 a Europa, luego de haber expuesto en 1950 en el Museo Nacional de Bellas Artes de Chile. Expone en Mil\u00e1n y en Florencia luego de casi treinta a\u00f1os de ausencia.<br>Contin\u00faa exponiendo en a\u00f1os sucesivos; en 1953 en Roma, en 1954 en Par\u00eds, junto con Latour, Masson y Mir\u00f3.<\/p>\n\n\n\n<p>Recibe en 1956 el premio Continental Guggenheim de las Am\u00e9ricas y con \u00e9l el derecho a concurrir al Premio Mundial que se otorga en Par\u00eds; lo gana Ben Nicholson, la cr\u00edtica mundial esperaba una decisi\u00f3n en favor de <em>Beaud\u00edn, Tamayo o Pettoruti.<\/em><\/p>\n\n\n\n<p>Contin\u00faa su obra a lo largo de los a\u00f1os y realizando con ellas notables exposiciones; en 1960 en la Molton Gallery de Londres, el Walker Art Center de Minne\u00e1polis, <em>Denise Ren\u00e9<\/em> de Par\u00eds, etc.<\/p>\n\n\n\n<p>En 1964 comienza a escribir sus memorias que publicar\u00e1 en 1966 con el t\u00edtulo &#8221; Un pintor ante el espejo &#8220;.<\/p>\n\n\n\n<h3 class=\"wp-block-heading\"><strong>Matt Monro:<\/strong>&nbsp;<\/h3>\n\n\n\n<p>Los memoriosos recuerdan que el cantante ingl\u00e9s <em>Matt Monro<\/em> fue el artista que m\u00e1s p\u00fablico atrajo al viejo auditorio de Radio Provincia en los altos del Teatro&nbsp;Argentino. Tanta era la gente que asisti\u00f3, que la cola era de varias cuadras, tanto es as\u00ed que para los que no pudieron ingresar al auditorio canto desde uno de los balcones del teatro. Al margen de sus tres actuaciones en el teatro Gran Rex de Buenos Aires, esta fue la \u00fanica actuaci\u00f3n en vivo que realiz\u00f3 <em>Monro<\/em> en su visita a nuestro pa\u00eds.<\/p>\n\n\n\n<div class=\"wp-block-image\"><figure class=\"aligncenter is-resized\"><img loading=\"lazy\" decoding=\"async\" src=\"http:\/\/www.laplatamagica.com.ar\/userfiles\/image\/matt.png\" alt=\"\" width=\"221\" height=\"166\"\/><\/figure><\/div>\n\n\n\n<p><br>Corr\u00eda el mes de abril de 1969 y la actuaci\u00f3n del cantante favorito de la Reina de Inglaterra constituy\u00f3 el primero de una seria de programas espectaculares que la Radio ofreci\u00f3 a lo largo de ese a\u00f1o.<br><\/p>\n\n\n\n<h3 class=\"wp-block-heading\"><strong>La ultima pelea:<\/strong><\/h3>\n\n\n\n<p>&nbsp;Un platense <em>Adolfo Arce Rossi<\/em> fue el que protagonizo la ultima velada de box del Luna Park, el 17 de octubre de 1987, al enfrentarse con <em>Ram\u00f3n Gaspar Abelda\u00f1<\/em>o, por la categor\u00eda welter.<\/p>\n\n\n\n<h3 class=\"wp-block-heading\">Televisi\u00f3n en 1959<\/h3>\n\n\n\n<p>El diario &#8220;El D\u00eda&#8221; en su edici\u00f3n del jueves 19 de noviembre de 1959 mostraba el programa de Televisi\u00f3n de ese d\u00eda: <\/p>\n\n\n\n<div class=\"wp-block-image\"><figure class=\"aligncenter\"><img loading=\"lazy\" decoding=\"async\" width=\"225\" height=\"161\" src=\"http:\/\/www.laplatamagica.com.ar\/wp-content\/uploads\/2019\/08\/televisor.jpg\" alt=\"\" class=\"wp-image-603\"\/><figcaption><strong>Se\u00f1al de Canal 7<\/strong><\/figcaption><\/figure><\/div>\n\n\n\n<p style=\"text-align:center\">15: Se\u00f1al 15.15: Bolet\u00edn informativo 15.30: El club de la mam\u00e1. 15.55: Cr\u00f3nicas con radar 16: Noticiero del ayer 16.30: Cine cartelera TV 17: Ensayo para un primer plano 17.30: Teleteatro para la hora del t\u00e9 18: Tardes de vosotras 18.55: El alma y su espejo 19: Pantalla gigante 19.30: Noticiero TV 19.55: Entre caf\u00e9 y caf\u00e9 20: El arte de la elegancia 20.30: &#8220;La azafata enamorada&#8221; 20.55: Los que permanecen 21: Guardarme el secreto 21.30: Desfile musical 21.55: Platos voladores 22: El Drama: Pone en escena la obra de Charles Dickens titulada &#8220;El velo negro&#8221; 22.30: &#8220;Panorama mundial&#8221;<\/p>\n\n\n\n<h3 class=\"wp-block-heading\"><strong>La Luz de Plata:<\/strong><\/h3>\n\n\n\n<p><strong>&nbsp;<\/strong>En la esquina de las calles 5 y 50 en el a\u00f1o 1961 se habilita la primera instalaci\u00f3n de gas de mercurio de la ciudad, por lo que se la conocer\u00e1 por mucho tiempo como; &#8220;La Luz de Plata&#8221;, mas tarde el 21 de junio de 1967, queda inaugurada la nueva iluminaci\u00f3n en el tramo de calle 17 de 67 a 71.<\/p>\n\n\n\n<h3 class=\"wp-block-heading\"><strong>Centro Geogr\u00e1fico:<\/strong>&nbsp;<\/h3>\n\n\n\n<p>El mosaico que fue colocado en el centro de la plaza Moreno donde se encuentra el macizo fundacional y que representa el Escudo Municipal, se realizo en la entonces Escuela Superior de Bellas Artes en el a\u00f1o 1961 por <em>Juan Carlos Mar\u00edn.<br>&nbsp;<\/em><\/p>\n\n\n\n<h3 class=\"wp-block-heading\"><strong>Ardi\u00f3 Gobierno:<\/strong><\/h3>\n\n\n\n<div class=\"wp-block-image\"><figure class=\"aligncenter is-resized\"><img loading=\"lazy\" decoding=\"async\" src=\"http:\/\/www.laplatamagica.com.ar\/userfiles\/image\/enllamas.jpg\" alt=\"Gentileza del fot\u00f3grafo Eduardo Finocchi.\" width=\"338\" height=\"226\"\/><figcaption><strong>Gentileza del fot\u00f3grafo Eduardo Finocchi.<\/strong><\/figcaption><\/figure><\/div>\n\n\n\n<p><strong>&nbsp;<\/strong>El 13 de septiembre de 1974 a las 12.15 horas comenz\u00f3 a incendiarse la parte superior de la Casa de Gobierno.&nbsp;En ese lugar funcionaba parte de la biblioteca, un taller de fotograf\u00eda y una peque\u00f1a imprenta.&nbsp;Un operario sordomudo fallecido ya, de apellido Cosentino, tuvo que ser rescatado de una cornisa que da a los patios interiores.La r\u00e1pida actuaci\u00f3n de varios cuerpos de bomberos no impidi\u00f3 que la c\u00fapula resultara totalmente quemada.&nbsp;&nbsp;&nbsp;<\/p>\n\n\n\n<h3 class=\"wp-block-heading\">&nbsp;<strong>Dibujo de 7 y 50:<\/strong><\/h3>\n\n\n\n<p>&nbsp;Dibujo realizado a mano alzada por <em>Jos\u00e9 Francisco Elverdin Giraldez <\/em>de la esquina de 7 y 50 tal cual como se ve\u00eda cuando el hoy pasaje Dardo Rocha era la estaci\u00f3n ferroviaria \u201c19 de noviembre\u201d, le fue obsequiado a su hija <em>Carolina Elverdin.&nbsp;<\/em><\/p>\n\n\n\n<div class=\"wp-block-image\"><figure class=\"aligncenter\"><img loading=\"lazy\" decoding=\"async\" width=\"500\" height=\"376\" src=\"http:\/\/www.laplatamagica.com.ar\/wp-content\/uploads\/2019\/08\/cuadrodeelverdin.jpg\" alt=\"\" class=\"wp-image-601\" srcset=\"https:\/\/laplatamagica.ar\/wp-content\/uploads\/2019\/08\/cuadrodeelverdin.jpg 500w, https:\/\/laplatamagica.ar\/wp-content\/uploads\/2019\/08\/cuadrodeelverdin-300x226.jpg 300w\" sizes=\"auto, (max-width: 500px) 85vw, 500px\" \/><\/figure><\/div>\n\n\n\n<p>El se\u00f1or<em> Elverdin Giraldez <\/em>curso sus estudios en el colegio San Jos\u00e9, luego trabajo como dibujante t\u00e9cnico en el estudio de los ingenieros <em>Castro y Albamonte<\/em>, en sus ratos de ocio se dedicaba a retratar las esquinas m\u00e1s emblem\u00e1ticas de la ciudad. Ad honorem ha realizado dibujos para la Facultad de Odontolog\u00eda y de Medicina &#8220;seriadas de operaciones&#8221;, ya que no exist\u00edan las computadoras en ese entonces. La se\u00f1ora Carolina es nieta del aviador <em>Jos\u00e9 Elverdin<\/em>, pionero de la aviaci\u00f3n platense que tambi\u00e9n fue fundador de la Polic\u00eda de Aviaci\u00f3n bonaerense y que adem\u00e1s junto con Estegui, realizaron un vuelo en el avi\u00f3n Ciudad de La Plata que uni\u00f3 sin escalas nuestra ciudad con la ciudad de La Paz, con motivo de celebrarse el Centenario de la hermana Rep\u00fablica de Bolivia. En dicho pa\u00eds fue recibido y condecorado por las m\u00e1s altas autoridades. (Cortes\u00eda de <em>Carolina Elverdin<\/em> y de su hijo<em> Juan Jes\u00fas Bautista Elverdin<\/em>). <\/p>\n\n\n\n<div class=\"wp-block-image\"><figure class=\"aligncenter\"><img loading=\"lazy\" decoding=\"async\" width=\"445\" height=\"288\" src=\"http:\/\/www.laplatamagica.com.ar\/wp-content\/uploads\/2019\/08\/centrogubernamental.jpg\" alt=\"\" class=\"wp-image-607\" srcset=\"https:\/\/laplatamagica.ar\/wp-content\/uploads\/2019\/08\/centrogubernamental.jpg 445w, https:\/\/laplatamagica.ar\/wp-content\/uploads\/2019\/08\/centrogubernamental-300x194.jpg 300w\" sizes=\"auto, (max-width: 445px) 85vw, 445px\" \/><\/figure><\/div>\n\n\n\n<p>A lo largo de casi dos d\u00e9cadas en las esferas\ngubernamentales de la provincia de Buenos Aires fue increment\u00e1ndose el d\u00e9ficit\nque, en materia edilicia, afecta seriamente a la administraci\u00f3n p\u00fablica,\nderiv\u00e1ndose de esta situaci\u00f3n un sinn\u00famero de dificultades que trababan en\ngrado sumo el normal desenvolvimiento de las tareas de gobierno.<\/p>\n\n\n\n<p>Estos edificios en su mayor\u00eda alquilados resultaban inadecuados cuando no obsoletos, es as\u00ed que a mediados de 1970, el Ministerio de Obras P\u00fablicas resuelve encarar el estudio de necesidades de aquellos organismos provinciales cuya situaci\u00f3n aparec\u00eda como cr\u00edtica.<\/p>\n\n\n\n<p>A manera de ejemplo, entre muchos otros resulta conveniente conocer que el Ministerio de Asuntos Agrarios ocupaba por carencia de edificios propios alrededor de 40 propiedades diseminadas a lo largo y ancho de la ciudad de La Plata.<\/p>\n\n\n\n<div class=\"wp-block-image\"><figure class=\"aligncenter\"><img loading=\"lazy\" decoding=\"async\" width=\"450\" height=\"388\" src=\"http:\/\/www.laplatamagica.com.ar\/wp-content\/uploads\/2019\/08\/Centro-Administrativo.jpg\" alt=\"Calle 12 entre 51 y 53.\" class=\"wp-image-608\" srcset=\"https:\/\/laplatamagica.ar\/wp-content\/uploads\/2019\/08\/Centro-Administrativo.jpg 450w, https:\/\/laplatamagica.ar\/wp-content\/uploads\/2019\/08\/Centro-Administrativo-300x259.jpg 300w\" sizes=\"auto, (max-width: 450px) 85vw, 450px\" \/><figcaption><strong>Calle 12 entre 51 y 53.<\/strong><\/figcaption><\/figure><\/div>\n\n\n\n<p>Los terrenos disponibles fueron seleccionados luego de una\nevaluaci\u00f3n de diversas alternativas. La falta de espacios libres en el \u00e1rea\ncentral de la ciudad y el deseo de no emplazar edificios oficiales en sectores\neminentemente residenciales, as\u00ed como la necesidad de contar con excelentes\ncomunicaciones diarias y abiertas que jerarquizar a la obra y posibilitar\u00e1n soluciones\npara el estacionamiento y movimiento peatonal, hizo que se optara finalmente\npor la decisi\u00f3n de seleccionar dos predios iguales y sim\u00e9tricos con respecto al\nedificio de la Municipalidad, que se encuentran ubicados frente a la gran plaza\nMoreno enfrentando la Catedral de la ciudad.<\/p>\n\n\n\n<p>Es as\u00ed que en el mes de enero de 1971 se realiz\u00f3 un concurso nacional de anteproyectos con el patrocinio de la Federaci\u00f3n Argentina de Arquitectos, a fin de seleccionar el anteproyecto para la realizaci\u00f3n de esta obra que fue adjudicada el 19 mayo 1970 y uno al equipo de arquitectos compuesto por <em>Antonio Antonini, Juan Manuel Llaur\u00f3, Gerardo Schon, Jos\u00e9 Antonio Urgel, y Eduardo Zemborain.<\/em><\/p>\n\n\n\n<p>&nbsp;Concluida la esta\netapa se decide la construcci\u00f3n de un &#8220;Centro Administrativo\nGubernamental&#8221; que quedar\u00eda integrado por los siguientes organismos:\nGobernaci\u00f3n Planosy distintas dependencias, Ministerio de Gobierno, Ministerio\nde Asuntos Agrarios y sus distintas secretar\u00edas, Fiscal\u00eda de Estado en su\ntotalidad, Honorable Tribunal de Cuentas en su totalidad, Ministerio de\nHacienda su Direcci\u00f3n de Turismo. null<\/p>\n\n\n\n<h3 class=\"wp-block-heading\"><strong>El Astrolabio:&nbsp;<\/strong><\/h3>\n\n\n\n<p>Fue inaugurado el monumento al Inmigrante \u00c1rabe &#8220;El Astrolabio&#8221;, el 10 de octubre 1994 en el centro de la plaza Juan J. Paso, al acto asisti\u00f3 el Presidente de la Naci\u00f3n <em>Dr. Carlos Sa\u00fal Menem<\/em>.<\/p>\n\n\n\n<h3 class=\"wp-block-heading\">&nbsp;<strong>\u00daltima Visita:<\/strong>&nbsp;<\/h3>\n\n\n\n<p>Las hijas del fundador de la ciudad Dr. Dardo Rocha ancianas ya, <em>Mar\u00eda Celia y Jacinta Hayd\u00e9e Rocha<\/em>, efect\u00faan su \u00faltima visita con motivo de un nuevo aniversario de la ciudad en el a\u00f1o 1961, acompa\u00f1adas por la esposa del Gobernador <em>Do\u00f1a Elena Vicario<\/em> <em>de Alende<\/em>. Visitando adem\u00e1s la tumba de sus padres en la Catedral.&nbsp;<\/p>\n\n\n\n<h3 class=\"wp-block-heading\"><strong>Museo Policial:<\/strong>&nbsp;<\/h3>\n\n\n\n<p>En mayo del a\u00f1o 1957 es librado al p\u00fablico en un espacioso local de dos plantas, ubicado en la calle 54 N\u00ba 393 el Museo Policial que hasta entonces hab\u00eda estado reservado exclusivamente al personal de la repartici\u00f3n o a funcionarios del gobierno.<br><\/p>\n\n\n\n<p style=\"font-size:26px\"><strong>Verano de 1956<\/strong><\/p>\n\n\n\n<div class=\"wp-block-image\"><figure class=\"aligncenter\"><img decoding=\"async\" src=\"http:\/\/www.laplatamagica.com.ar\/userfiles\/image\/pulmotor.png\" alt=\"\"\/><figcaption><strong>Pulmotor<\/strong><\/figcaption><\/figure><\/div>\n\n\n\n<p>Comienza una epidemia de Poliomielitis enfermedad viral que afecta al Sistema Nervioso Central produciendo par\u00e1lisis generalizada. Uno de los tratamientos fue la utilizaci\u00f3n de Pulmotores, dispositivo en forma de tubo, donde se colocaba al enfermo paralizado. Funcionaba mediante un fuelle que se accionaba por un motor con un accesorio que produc\u00eda el vaiv\u00e9n de la palanca del fuelle, comprimiendo y descomprimiendo al paciente, ayud\u00e1ndolo a respirar, cumpliendo la funci\u00f3n del pulm\u00f3n<strong>.<\/strong><\/p>\n\n\n\n<p style=\"font-size:25px\"><strong>\u201cAdorado John\u201d:<\/strong><\/p>\n\n\n\n<p><strong> <\/strong>Pel\u00edcula sueca del a\u00f1o 1964 dirigida por Lars-Magnus Lindgren y protagonizada por Jarl Kulle y Christina Schollin. Este film fue especialmente conocido por sus escenas nudistas, inusuales para la \u00e9poca que llam\u00f3 la atenci\u00f3n por presentar el primer desnudo frontal masculino en exteriores y se vio aqu\u00ed en 1969. Fue nominada al Oscar como mejor pel\u00edcula extranjera. Este tipo de film se exhib\u00eda en el cine Select y contrariaban lo socialmente aceptado y trascendi\u00f3 al plasmar el erotismo en la pantalla grande. Sin embargo, vistas en aquellos d\u00edas de 1969, estas pel\u00edculas reflejan cierta inocencia por la raz\u00f3n de que dichos temas considerados tab\u00faes en su momento ya no lo son en la actualidad.<\/p>\n\n\n\n<div class=\"wp-block-image\"><figure class=\"aligncenter\"><img loading=\"lazy\" decoding=\"async\" width=\"223\" height=\"300\" src=\"http:\/\/www.laplatamagica.com.ar\/wp-content\/uploads\/2019\/11\/Adorado-John.png\" alt=\"\" class=\"wp-image-4929\"\/><\/figure><\/div>\n\n\n\n<p style=\"text-align:center\" class=\"has-medium-font-size\"><strong>Usted se encuentra en el sector 1<\/strong><\/p>\n\n\n\n<h3 class=\"wp-block-heading\" style=\"text-align:center\">Curiosidades 1954 a 1994 &#8211; <a href=\"http:\/\/www.laplatamagica.com.ar\/?page_id=579\">1<\/a> <a href=\"http:\/\/www.laplatamagica.com.ar\/?page_id=610\">2<\/a> <a href=\"http:\/\/www.laplatamagica.com.ar\/?page_id=640\">3 <\/a><a href=\"http:\/\/www.laplatamagica.com.ar\/?page_id=4965\">4<\/a><\/h3>\n","protected":false},"excerpt":{"rendered":"<p>Curiosidades 1954 a 1994 &#8211; 1 2 3 4 Desaparecido Teatro Argentino: &nbsp;Por un cortocircuito en la zona de telones, se incendi\u00f3 el Teatro Argentino, el 18 de octubre de 1977. Las llamas se propagaron con alarmante rapidez. Igualmente se perdieron los tres&nbsp;subsuelos. El siniestro ocurri\u00f3 pasado el mediod\u00eda. El p\u00fablico comenz\u00f3 a agolparse en &hellip; <a href=\"https:\/\/laplatamagica.ar\/?page_id=579\" class=\"more-link\">Continuar leyendo<span class=\"screen-reader-text\"> &#8220;Curiosidades 1954 a 1994 &#8211; 1&#8221;<\/span><\/a><\/p>\n","protected":false},"author":1,"featured_media":0,"parent":0,"menu_order":0,"comment_status":"closed","ping_status":"closed","template":"","meta":{"switch_pages_title":"","h5ap_radio_sources":[],"footnotes":""},"class_list":["post-579","page","type-page","status-publish","hentry"],"_links":{"self":[{"href":"https:\/\/laplatamagica.ar\/index.php?rest_route=\/wp\/v2\/pages\/579","targetHints":{"allow":["GET"]}}],"collection":[{"href":"https:\/\/laplatamagica.ar\/index.php?rest_route=\/wp\/v2\/pages"}],"about":[{"href":"https:\/\/laplatamagica.ar\/index.php?rest_route=\/wp\/v2\/types\/page"}],"author":[{"embeddable":true,"href":"https:\/\/laplatamagica.ar\/index.php?rest_route=\/wp\/v2\/users\/1"}],"replies":[{"embeddable":true,"href":"https:\/\/laplatamagica.ar\/index.php?rest_route=%2Fwp%2Fv2%2Fcomments&post=579"}],"version-history":[{"count":0,"href":"https:\/\/laplatamagica.ar\/index.php?rest_route=\/wp\/v2\/pages\/579\/revisions"}],"wp:attachment":[{"href":"https:\/\/laplatamagica.ar\/index.php?rest_route=%2Fwp%2Fv2%2Fmedia&parent=579"}],"curies":[{"name":"wp","href":"https:\/\/api.w.org\/{rel}","templated":true}]}}