{"id":610,"date":"2019-08-18T17:35:19","date_gmt":"2019-08-18T20:35:19","guid":{"rendered":"http:\/\/www.laplatamagica.com.ar\/?page_id=610"},"modified":"2024-09-08T15:50:13","modified_gmt":"2024-09-08T18:50:13","slug":"curiosidades-1954-a-1994-2","status":"publish","type":"page","link":"https:\/\/laplatamagica.ar\/?page_id=610","title":{"rendered":"Curiosidades 1954 a 1994 &#8211; 2"},"content":{"rendered":"\n<meta name=\"google-site-verification\" content=\"M7MLd8EiK6vH3vKiaxJhArPjny-NOmeNFIymND3QUrI\" \/>\n\n\n\n<h3 class=\"wp-block-heading has-text-align-center\" id=\"mce_0\"> <br>Curiosidades 1954 a 1994 &#8211; <a href=\"http:\/\/www.laplatamagica.com.ar\/?page_id=579\">1<\/a> <a href=\"http:\/\/www.laplatamagica.com.ar\/?page_id=610\">2<\/a> <a href=\"http:\/\/www.laplatamagica.com.ar\/?page_id=640\">3 <\/a><a href=\"http:\/\/www.laplatamagica.com.ar\/?page_id=4965\">4<\/a> <\/h3>\n\n\n\n<p style=\"font-size:31px\"><strong>El \u00e1rbol de Italia<\/strong><\/p>\n\n\n<div class=\"wp-block-image\">\n<figure class=\"alignleft is-resized\"><img loading=\"lazy\" decoding=\"async\" width=\"275\" height=\"183\" src=\"http:\/\/www.laplatamagica.com.ar\/wp-content\/uploads\/2019\/11\/pino.jpg\" alt=\"\" class=\"wp-image-4962\" style=\"width:223px;height:148px\"\/><\/figure>\n<\/div>\n\n\n<p>El 12 de julio de 1966 lleg\u00f3 en el Vapor Augustus un pasajero extra\u00f1o: un \u00e1rbol de gran tama\u00f1o, un Pinus Pinea, el \u00e1rbol nacional de Italia, que env\u00eda a nuestra ciudad como manifestaci\u00f3n de la amistad que une al pueblo argentino con el italiano. El pino fue inmediatamente plantado en la plaza Italia, en el sector de la Diag. 74 y calle 7. Este mensaje de amistad, se debe a las gestiones de Ferrucio Bidinost, canciller del consulado italiano y director del Organismo Oficial del Estado Italiano para el Turismo (ENIT) Dr. Juan Carlos Zanichelli.<\/p>\n\n\n\n<h3 class=\"wp-block-heading\"><strong>Santuario de Schoenstatt:<\/strong>&nbsp;<\/h3>\n\n\n\n<p>El 15 de agosto de 1965 nac\u00eda un nuevo santuario a trav\u00e9s de una Alianza de Amor con la Sant\u00edsima Virgen. Este hermoso lugar ubicado en la calle 15 N\u00b0 1044 entre 53 y 54, lugar de recogimiento y oraci\u00f3n a la &#8220;Madre tres veces Admirable&#8221;.<\/p>\n\n\n<div class=\"wp-block-image\">\n<figure class=\"aligncenter\"><img loading=\"lazy\" decoding=\"async\" width=\"300\" height=\"401\" src=\"http:\/\/www.laplatamagica.com.ar\/wp-content\/uploads\/2019\/08\/santuario.jpg\" alt=\"\nSantuario de Schoenstatt\" class=\"wp-image-620\" srcset=\"https:\/\/laplatamagica.ar\/wp-content\/uploads\/2019\/08\/santuario.jpg 300w, https:\/\/laplatamagica.ar\/wp-content\/uploads\/2019\/08\/santuario-224x300.jpg 224w\" sizes=\"auto, (max-width: 300px) 85vw, 300px\" \/><figcaption class=\"wp-element-caption\"><strong>Santuario de Schoenstatt<\/strong><\/figcaption><\/figure>\n<\/div>\n\n\n<p>En el fondo se recorta en el cielo las torres del la catedral, la mayor de Am\u00e9rica.<\/p>\n\n\n\n<h3 class=\"wp-block-heading\"><strong>19 de noviembre de 1982:<\/strong>&nbsp;<\/h3>\n\n\n<div class=\"wp-block-image\">\n<figure class=\"aligncenter\"><img loading=\"lazy\" decoding=\"async\" width=\"400\" height=\"275\" src=\"http:\/\/www.laplatamagica.com.ar\/wp-content\/uploads\/2019\/08\/piedrafundamental1.jpg\" alt=\"\nExtracci\u00f3n de la piedra fundamental \" class=\"wp-image-636\" srcset=\"https:\/\/laplatamagica.ar\/wp-content\/uploads\/2019\/08\/piedrafundamental1.jpg 400w, https:\/\/laplatamagica.ar\/wp-content\/uploads\/2019\/08\/piedrafundamental1-300x206.jpg 300w\" sizes=\"auto, (max-width: 400px) 85vw, 400px\" \/><figcaption class=\"wp-element-caption\">Extracci\u00f3n de la piedra fundamental <\/figcaption><\/figure>\n<\/div>\n\n\n<p>En el centro de la Plaza Moreno en el d\u00eda del centenario de la ciudad finalmente se abri\u00f3 el foso fundacional. <\/p>\n\n\n<div class=\"wp-block-image\">\n<figure class=\"aligncenter\"><img decoding=\"async\" src=\"http:\/\/www.laplatamagica.com.ar\/wp-content\/uploads\/2020\/02\/macizo.jpg\" alt=\"\" class=\"wp-image-5875\"\/><\/figure>\n<\/div>\n\n\n<p>Siguiendo el programa de festejos del Centenario, en la mitad de aquel d\u00eda 19 de noviembre se dio el acto de exhumaci\u00f3n de la Piedra Fundamental y de la Caja Fundacional, acompa\u00f1ada por efusivos discursos del intendente Rom\u00e1n y del presidente dictador Reynaldo Bignone. Pero por la delicada tarea de no degradar el Macizo Fundacional, los trabajos de exhumaci\u00f3n en realidad empezaron dos meses antes, en el 20 de septiembre. Fue una ardua labor manual, debido al desconocimiento sobre el grosor del muro de ladrillos que encerraba el recinto. Para realizar dicha acci\u00f3n fue creada la \u201cComisi\u00f3n de Exhumaci\u00f3n Fundacional\u201d o \u201cComisi\u00f3n Especial Evocaci\u00f3n Fundacional\u201d, que trabaj\u00f3 diariamente investigando los fragmentos que se desprend\u00edan y otros hallazgos. En el d\u00eda 9 de octubre, finalmente se logr\u00f3 visualizar por primera vez una parte de la caja fundacional. Como se observ\u00f3 una clara penetraci\u00f3n de humedad (lo que se debi\u00f3 muy probablemente a la remodelaci\u00f3n de Plaza Moreno en 1942), se decidi\u00f3 retirar los documentaci\u00f3n. <\/p>\n\n\n\n<p>Todos ten\u00edan cargos sin remuneraci\u00f3n, siendo su presidente el Subsecretario de Obras y Servicios P\u00fablicos de la Municipalidad, el Ing. Hor\u00e1cio Ra\u00fal Ortale. Los restantes miembros ser\u00edan: Por la Municipalidad de La Plata: el Arq. Carlos Augusto G\u00f3mez Destrade, Arq. Muse\u00f3loga Alicia PerezNu\u00f1ez y el se\u00f1or Roberto Walter Guillaume; 2) Por la UNLP: el Ing. Augusto Cardich (profesor de Arqueolog\u00eda Americana I) y la Lic. Mar\u00eda Estela Mansur (jefa de trabajos pr\u00e1cticos de M\u00e9todos y t\u00e9cnicas de la Investigaci\u00f3n Arqueol\u00f3gica, ambos de la Facultad de Ciencias Naturales y Museo de Ciencias Naturales; 3) Por la Asociaci\u00f3n de Amigos del Museo y Archivo Dardo Rocha: el Muse\u00f3logo Ricardo Manuel Perez Tiribelli, la Prof. Elvira Alicia Berrahu de Terzaghi y la Muse\u00f3loga Nancy Rosa Trepicchio de Perez Tiribelli. <\/p>\n\n\n<div class=\"wp-block-image\">\n<figure class=\"aligncenter\"><img loading=\"lazy\" decoding=\"async\" width=\"467\" height=\"700\" src=\"http:\/\/www.laplatamagica.com.ar\/wp-content\/uploads\/2020\/02\/Negative3-10-01.jpg\" alt=\"\" class=\"wp-image-5881\" srcset=\"https:\/\/laplatamagica.ar\/wp-content\/uploads\/2020\/02\/Negative3-10-01.jpg 467w, https:\/\/laplatamagica.ar\/wp-content\/uploads\/2020\/02\/Negative3-10-01-200x300.jpg 200w\" sizes=\"auto, (max-width: 467px) 85vw, 467px\" \/><figcaption class=\"wp-element-caption\"><strong>Macizo fundacional.<\/strong><\/figcaption><\/figure>\n<\/div>\n\n\n<p>En: Decreto Municipal n\u00famero 16891\/82, de 13 de septiembre de 1982. Documento del Archivo del Museo Dardo Rocha elementos del interior  para restaurarlos y reubicarlos en su lugar original para una apertura simb\u00f3lica el 19 de noviembre. Debido a la situaci\u00f3n de degrado de algunos elementos, se resolvi\u00f3 incorporar a la Comisi\u00f3n de Evocaci\u00f3n Fundacional un experto en preservaci\u00f3n fundacional, el Arq. Prof. Jorge Gazaneo. Esquema sobre situaci\u00f3n encontrada de la caja fundacional.<\/p>\n\n\n<div class=\"wp-block-image\">\n<figure class=\"aligncenter\"><img loading=\"lazy\" decoding=\"async\" width=\"334\" height=\"465\" src=\"http:\/\/www.laplatamagica.com.ar\/wp-content\/uploads\/2020\/02\/Carpa-centenario2.jpg\" alt=\"\" class=\"wp-image-5883\" srcset=\"https:\/\/laplatamagica.ar\/wp-content\/uploads\/2020\/02\/Carpa-centenario2.jpg 334w, https:\/\/laplatamagica.ar\/wp-content\/uploads\/2020\/02\/Carpa-centenario2-215x300.jpg 215w\" sizes=\"auto, (max-width: 334px) 85vw, 334px\" \/><figcaption class=\"wp-element-caption\"><strong>En el centro el Intendente Roman y a la derecha  <br>el Muse\u00f3logo Ricardo Manuel Perez Tiribelli investigando los dones fundacionales.<\/strong><\/figcaption><\/figure>\n<\/div>\n\n\n<p><br>Seg\u00fan Gazaneo, fue en tal clima de excavaci\u00f3n del macizo fundacional y de preocupaciones por el Centenario que surgi\u00f3 la idea de postular a La Plata como Patrimonio de la Humanidad ante la UNESCO. Adem\u00e1s de tener papel actuante en el ICOMOS internacional, Gazaneo era profesor en la Facultad de Arquitectura y Urbanismo de la Universidad Nacional de La Plata y en tal ambiente se hab\u00eda empezado a debatir el tema. De tal forma, la incipiente idea es llevada a las autoridades de la Municipalidad.<\/p>\n\n\n\n<h3 class=\"wp-block-heading\"><strong>Legado:<\/strong>&nbsp;<\/h3>\n\n\n\n<p>En el centro de la plaza Moreno se han depositado los nuevos dones legados como mensaje a la conmemoraci\u00f3n del bicentenario de la ciudad.<\/p>\n\n\n\n<p>La nueva redoma contiene siete mensajes; una fotografia a\u00e9rea de Plaza Moreno; un ejemplar de la &#8220;Cronica del Centenario&#8221;, escrita por el Dr. Miguel Szelagowski; un ejemplar del diario El D\u00eda y un ejemplar de La Gaceta, ambos del d\u00eda 19-11-1982, 231 medallas de organismos oficiales y entidades civiles.<\/p>\n\n\n\n<p>La redoma fue colocada en una c\u00e1psula de acero de cierre herm\u00e9tico.<\/p>\n\n\n\n<h3 class=\"wp-block-heading\"><strong>Regimietno 7&nbsp;de Infanter\u00eda &#8220;Cnl. Conde&#8221;:<\/strong>&nbsp;<\/h3>\n\n\n\n<p>Esta unidad Sanmartiniana guarnece La Plata desde el 12 abril de 1917.<\/p>\n\n\n\n<p>Fue creada durante la primera campa\u00f1a al Alto Per\u00fa el 21 de noviembre de 1810, en Cochabamba.<\/p>\n\n\n<div class=\"wp-block-image\">\n<figure class=\"aligncenter\"><img loading=\"lazy\" decoding=\"async\" width=\"250\" height=\"296\" src=\"http:\/\/www.laplatamagica.com.ar\/wp-content\/uploads\/2019\/08\/regimiento.jpg\" alt=\"\" class=\"wp-image-622\"\/><\/figure>\n<\/div>\n\n\n<p>Combati\u00f3 en Huaqui -20 de junio de 1811-, al mando del Sargento Mayor D <em>Bartolome Guzm\u00e1n<\/em>, tras lo cual, se dio por terminada la campa\u00f1a y se disolvi\u00f3 la Unidad, situaci\u00f3n habitual de las Unidades despu\u00e9s de las campa\u00f1as en esa \u00e9poca.<\/p>\n\n\n\n<p>Desde el 17 noviembre 1982, ocupa los cuarteles de Arana predio que fuera su campo de instrucci\u00f3n y por ende m\u00e1s apto para su establecimiento y adiestramiento en una superficie total de 210 hect\u00e1reas. El antiguo cuartel dio lugar para la construcci\u00f3n del complejo cultural Islas Malvinas y habiendo sido decretado el Casino de Oficiales como Monumento Hist\u00f3rico, actualmente conserva funcionando en el un centro comercial y cultural.<\/p>\n\n\n<div class=\"wp-block-image\">\n<figure class=\"aligncenter\"><img loading=\"lazy\" decoding=\"async\" width=\"277\" height=\"182\" src=\"http:\/\/www.laplatamagica.com.ar\/wp-content\/uploads\/2019\/08\/Banderaensenada.jpg\" alt=\"Bandera de Ensenada.\" class=\"wp-image-623\"\/><figcaption class=\"wp-element-caption\">Bandera de Ensenada.<\/figcaption><\/figure>\n<\/div>\n\n\n<h3 class=\"wp-block-heading\"><strong>Autonom\u00eda de Ensenada:<\/strong><\/h3>\n\n\n<div class=\"wp-block-image\">\n<figure class=\"aligncenter\"><img loading=\"lazy\" decoding=\"async\" width=\"400\" height=\"255\" src=\"http:\/\/www.laplatamagica.com.ar\/wp-content\/uploads\/2019\/08\/Autonom\u00eda.jpg\" alt=\"Firma de la Autonom\u00eda para Ensenada y Berisso.\" class=\"wp-image-625\" srcset=\"https:\/\/laplatamagica.ar\/wp-content\/uploads\/2019\/08\/Autonom\u00eda.jpg 400w, https:\/\/laplatamagica.ar\/wp-content\/uploads\/2019\/08\/Autonom\u00eda-300x191.jpg 300w\" sizes=\"auto, (max-width: 400px) 85vw, 400px\" \/><figcaption class=\"wp-element-caption\">Firma de la Autonom\u00eda para Ensenada y Berisso.<\/figcaption><\/figure>\n<\/div>\n\n\n<p>&nbsp;Por decreto del 3 de abril de 1957, la intervenci\u00f3n Federal de la Provincia de Buenos Aires otorga a Ensenada su autonom\u00eda municipal, independiz\u00e1ndola del Partido de La Plata, al que hab\u00eda pertenecido desde su fundaci\u00f3n.<\/p>\n\n\n\n<h3 class=\"wp-block-heading\"><strong>Museo Policial:<\/strong><\/h3>\n\n\n\n<p><strong>&nbsp;<\/strong>En mayo de 1957 es librado al p\u00fablico en espacioso local de dos plantas, ubicado en la calle 54 N\u00ba 393, el Museo Policial, que hasta entonces hab\u00eda estado reservado exclusivamente al personal de la repartici\u00f3n o a funcionarios de gobierno.<\/p>\n\n\n\n<h3 class=\"wp-block-heading\"><strong>Cine Par\u00eds:<\/strong>&nbsp;<\/h3>\n\n\n\n<p>Durante el a\u00f1o 1958 es demolido el cine Par\u00eds, de 7 entre 47 y 48, con el prop\u00f3sito de instalar all\u00ed otro tipo de negocio.<br>El Par\u00eds hab\u00eda nacido el 12 de octubre de 1912, con el nombre de \u201cPalais Cine Par\u00eds\u201d. Eran entonces sus empresarios los se\u00f1ores <em>C\u00faccolo, Ambrosis y Falabella.<\/em><\/p>\n\n\n<div class=\"wp-block-image\">\n<figure class=\"aligncenter\"><img loading=\"lazy\" decoding=\"async\" width=\"400\" height=\"475\" src=\"http:\/\/www.laplatamagica.com.ar\/wp-content\/uploads\/2019\/08\/CineParis.jpg\" alt=\"\" class=\"wp-image-628\" srcset=\"https:\/\/laplatamagica.ar\/wp-content\/uploads\/2019\/08\/CineParis.jpg 400w, https:\/\/laplatamagica.ar\/wp-content\/uploads\/2019\/08\/CineParis-253x300.jpg 253w\" sizes=\"auto, (max-width: 400px) 85vw, 400px\" \/><\/figure>\n<\/div>\n\n\n<p>En 1933 lo tom\u00f3 a su cargo la Empresa A.I.A., que lo explot\u00f3 hasta el d\u00eda de su desaparici\u00f3n.Fue una de las salas de m\u00e1s jerarqu\u00eda en nuestro medio, presentado destacados espect\u00e1culos tanto cinematogr\u00e1ficos como de variedades. En 1932 introdujo un importante adelanto: las butacas \u201cpullman\u201d que en su momento significaron todo un acontecimiento.<\/p>\n\n\n\n<h3 class=\"wp-block-heading\"><strong>Par\u00e1lisis Infantil:<\/strong> <\/h3>\n\n\n\n<p>El d\u00eda 2 de marzo de 1956 se anunciaba que hab\u00eda decrecido levemente el brote de par\u00e1lisis infantil. Se hablaba de la vacuna Salk que se estaba experimentando en los EE.UU. y se estudiaba la posibilidad de fabricarla aqu\u00ed en el pa\u00eds.<br>Mientras tanto se aconsejaba extremar las medidas de higiene, evitar las moscas, los focos de suciedad, etc. Se supon\u00eda que los enfriamientos y fatigas predispon\u00edan a la enfermedad. El d\u00eda 2 de marzo se hab\u00edan registrado 46 casos.<br><\/p>\n\n\n\n<h3 class=\"wp-block-heading\"><strong>Ezrah:<\/strong>&nbsp;<\/h3>\n\n\n\n<p>La Sociedad Israelita Ezrah (en la calle 4) inaugura su sede social el d\u00eda 19 de agosto de 1956.<\/p>\n\n\n\n<h3 class=\"wp-block-heading\"><strong>Centro de Fomento:&nbsp;<\/strong><\/h3>\n\n\n\n<p>En agosto de 1968 un grupo de vecinos de la zona comprendida entre las calles 59 a 61 y de 19 a 31, realizan una reuni\u00f3n durante la cual queda constituido el Centro de Fomento Comercial y Vecinal de la Avenida 60.<\/p>\n\n\n\n<h3 class=\"wp-block-heading\"><strong>Historietas:<\/strong>&nbsp;<\/h3>\n\n\n<div class=\"wp-block-image\">\n<figure class=\"aligncenter\"><img loading=\"lazy\" decoding=\"async\" width=\"400\" height=\"296\" src=\"http:\/\/www.laplatamagica.com.ar\/wp-content\/uploads\/2019\/08\/Mandrake-1.jpg\" alt=\"\" class=\"wp-image-630\" srcset=\"https:\/\/laplatamagica.ar\/wp-content\/uploads\/2019\/08\/Mandrake-1.jpg 400w, https:\/\/laplatamagica.ar\/wp-content\/uploads\/2019\/08\/Mandrake-1-300x222.jpg 300w\" sizes=\"auto, (max-width: 400px) 85vw, 400px\" \/><\/figure>\n<\/div>\n\n\n<p>Aparecen a partir de 1973 en las p\u00e1gina de historietas del diario &#8220;El D\u00eda&#8221;, como tiras c\u00f3micas y de aventuras, el <em>Pato Donald, Mandrake y e Rat\u00f3n Mickey.<\/em><\/p>\n\n\n\n<h3 class=\"wp-block-heading\"><strong>Incendio en el cine San Mart\u00edn<\/strong><\/h3>\n\n\n\n<p>El 3 julio de 1967 parte del cine y la galer\u00eda San Mart\u00edn fueron destruidas y la zona c\u00e9ntrica de nuestra ciudad fue convulsionada a ser poco despu\u00e9s de las 11 por el siniestro de inusitadas proporciones que causo un incendio en el interior del cine y la galer\u00eda San Mart\u00edn en calle 7entre 50 y 51.<\/p>\n\n\n\n<p>El febril ritmo que a esa hora caracteriza al sector en cuyas inmediaciones desarrollaban sus actividades numerosos comercios donde funcionan diversos establecimientos p\u00fablicos hizo que la conmoci\u00f3n fuera m\u00e1s y que a poco de verse densas columnas de humo recortada n\u00edtidamente sobre el cielo libre de nubes que cubri\u00f3 el mediod\u00eda de ese d\u00eda, una verdadera multitud se congreg\u00f3 en las inmediaciones por observar paso a paso las alternativas del suceso.<\/p>\n\n\n\n<p>Lo que obligo a las autoridades policiales a tender un cord\u00f3n mantenido en su sitio por la contundente presencia a varios miembros de la guardia de caballer\u00eda y al cortar la circulaci\u00f3n de veh\u00edculos en las esquinas para facilitar la labor del cuerpo de bomberos que concurri\u00f3 al lugar con la dotaci\u00f3n de 70 hombres.<\/p>\n\n\n\n<h3 class=\"wp-block-heading\"><strong>Museo policial<\/strong><\/h3>\n\n\n\n<p>&nbsp;En mayo de 1957 es liberado al p\u00fablico un espacio local de dos plantas ubicado en la calle 50 y cuatro n\u00famero 393, el Museo Policial que hasta ese entonces hab\u00eda estado reservado exclusivamente al personal de la repartici\u00f3n o a funcionarios de gobierno.<\/p>\n\n\n\n<h3 class=\"wp-block-heading\"> <br><strong>La casa de Rocha en Buenos Aires<\/strong> <\/h3>\n\n\n\n<p><em><strong>Ligia Spina<\/strong><\/em> redacta una cr\u00f3nica period\u00edstica en 1961 en la que describe su visita a la casa de<em> Dardo Rocha <\/em>y la titula \u201cLos m\u00faltiples cambios de la vida moderna pasan de largo por el viejo solar de la calle Lavalle\u201d en algunos de sus pasajes cuenta: \u201cBuenos Aires, Lavalle al 800 pleno centro comercial, calle de constante ajetreo de contenido rumor calle donde s\u00f3lo muy tarde y por breves horas llega el recogimiento los cines se han apoderado de la zona la han invadido con sus carteles con sus luces con sus afiches.<\/p>\n\n\n\n<p>El transe\u00fante que lleva con su prisa el signo de la \u00e9poca y pasa dejando deslizar su mirada a trav\u00e9s del color de los carteles no puede por menos de demorar el paso sorprendido cuando la reja negra quiebra la l\u00ednea de construcci\u00f3n y empu\u00f1ar sus lanzas para defenderse de correr del tiempo tras la reja una mansi\u00f3n que hab\u00eda habla de otras horas, atravesar el portal dar la espalda a la calle es dar la espalda al presente ya dentro del patio se pierde el bullicio de la calle Lavalle porque el ruido parece aquietarse, la perspectiva deja levantar el edificio neocl\u00e1sico con sus reminiscencias renacentistas viven all\u00ed las hijas de <em>Dardo Rocha<\/em> guardan la memoria del padre ilustren el ambiente que el fundador cre\u00f3 todo se mantiene intacto las mismas cosas en el mismo lugar.<\/p>\n\n\n\n<p>En 1884 los amigos hicieron construir la casa en el solar de la familia Rocha para ofrec\u00e9rsela en homenaje al fundador de La Plata era entonces ese sector de la calle Lavalle chato y residencial un cuadro en el interior muestra la contrastante insospechada fisonom\u00eda, el selecto esp\u00edritu de <em>Dardo Rocha <\/em>est\u00e1 presente en todos y en cada uno de los detalles interiores, recorrer el amplio hall salita escritorio, sala de billar, biblioteca, salones, comedor, es dejarse envolver cada vez m\u00e1s en el mundo de <em>Dardo Rocha<\/em> en ese mundo del fin del siglo del centenario a trav\u00e9s del deleite de los descubrimientos.<\/p>\n\n\n<div class=\"wp-block-image\">\n<figure class=\"aligncenter\"><img loading=\"lazy\" decoding=\"async\" width=\"338\" height=\"500\" src=\"http:\/\/www.laplatamagica.com.ar\/wp-content\/uploads\/2022\/05\/casadelosrocha.png\" alt=\"Buenos Aires, Lavalle al 800 pleno centro comercial, all\u00ed se encontraba la casa de los Rocha.\" class=\"wp-image-10791\" srcset=\"https:\/\/laplatamagica.ar\/wp-content\/uploads\/2022\/05\/casadelosrocha.png 338w, https:\/\/laplatamagica.ar\/wp-content\/uploads\/2022\/05\/casadelosrocha-203x300.png 203w\" sizes=\"auto, (max-width: 338px) 85vw, 338px\" \/><figcaption class=\"wp-element-caption\"><strong>Casa de Dardo Rocha en Buenos Aires.<\/strong><\/figcaption><\/figure>\n<\/div>\n\n\n<p>Muebles porcelanas y libros antiguos piezas de valor arqueol\u00f3gico revelan sus aficiones de coleccionista, el ropero que perteneci\u00f3 a <em>Manuel Belgrano<\/em> el bargue\u00f1o de marfil que representa el credo donde cada cajoncito es un ap\u00f3stol, en la planta alta dando a la calle, esta el sal\u00f3n rojo, las grandes recepciones.No cuesta mucho a la imaginaci\u00f3n poblarlo de voces de m\u00fasica de figuras de entonces valor resplandecer a la luz de la suntuosa e inmensa ara\u00f1a austr\u00edaca de rojo caireles.<\/p>\n\n\n\n<p>Ara\u00f1a que el mismo Rocha ya descubro en una casa de venta ante el menosprecio de su ayudante que la supon\u00eda de madera de tal modo estaba cubierta de tierra, los muebles del sal\u00f3n son Carlos III blancos y dorados tapizados de rojo una de las cabeceras del mismo es una salita turca fruto del viaje Oriente; sobre la baja mesita los labrados espejos de mano conservan la tradici\u00f3n oriental de mantener vuelta hacia abajo la cara azogada.<\/p>\n\n\n\n<p>Sobre el div\u00e1n un magn\u00edfico espejo veneciano la otra cabecera es de bargue\u00f1os espa\u00f1oles. Las porcelanas gozaron de la predilecci\u00f3n del <em>Dr. Rocha<\/em>, platos potiches, juegos de t\u00e9 comprados en su viaje por Europa y por Oriente enriquecen su colecci\u00f3n.<\/p>\n\n\n\n<p>Platos \u201cfalance\u201d isabelinos, franceses con figuras de la revoluci\u00f3n, alternan con el plato azul cuya historia dice que debi\u00f3 permanecer enterrado durante la \u00e9poca de Rosas por el comprometedor color tampoco grato los ojos oficiales, con la vajilla que lleva la R de Rivadavia y que perteneci\u00f3 al pr\u00f3cer.<\/p>\n\n\n\n<p>La biblioteca con sus tres habitaciones ocupa lugar de retiro que su \u00edndole reclama, miles de vol\u00famenes catalogados la componen encierran tambi\u00e9n una valiosa documentaci\u00f3n hist\u00f3rico una secci\u00f3n de libros antiguos coleccionados por el <em>Dr. Dardo Rocha,<\/em> ejemplares raros, algunos incunables, la vasta cultura de<em> Dardo Rocha <\/em>se evidencia palpable en esa biblioteca de obras le\u00eddas y anotadas.<\/p>\n\n\n\n<p>Cultura human\u00edstica, con amplio dominio del lat\u00edn, largo ser\u00eda enumerar cuanto se descubre habitaci\u00f3n tras habitaci\u00f3n, un cuarto con todos los diplomas de Dardo Rocha, otro con las vistas de La Plata en la hora de la fundaci\u00f3n, cuadros, bronces, obras de arte por doquier, muestra de gusto, de cultura, de refinamiento espiritual.<br>Este a\u00f1o una ley del Congreso de la Naci\u00f3n la ha declarada la casa, Monumento Nacional.<\/p>\n\n\n\n<p>Esta casa tiene claramente marcado su destino, transformarse en museo hist\u00f3rico y archivo Dardo Rocha, la ley debe ser completada. Podr\u00e1 entonces abrir sus puertas a todos en el mejor de los homenajes, cumplir la doble misi\u00f3n de rendir culto a uno de los constructores de nuestro presente y educar a las nuevas generaciones por los firmes caminos de la historia, lamentablemente la casa fue a\u00f1os despu\u00e9s demolida, por la \u00e9poca de 1970&#8243;.<\/p>\n\n\n\n<h3 class=\"wp-block-heading\"> <br><strong>Las verjas de la casa de la calle Lavalle&nbsp;\ufeff<\/strong> <\/h3>\n\n\n\n<p>El gobierno nacional por una reciente ley, resolvi\u00f3 desafectar del car\u00e1cter de monumento hist\u00f3rico, la casa del doctor la Plata Dardo Rocha, declarada si por ley del Congreso, ley de la que fuera autor el diputado<em> Federico Fern\u00e1ndez Monjard\u00edn.<\/em> Iniciar gestiones con el fin de interesar al poder ejecutivo de la provincia, en el sentido de que se impida la demolici\u00f3n de la casona de la casa de la calle Lavalle, llegando a un entendimiento con la sucesi\u00f3n del doctor <em>Dardo Rocha<\/em>.<\/p>\n\n\n<div class=\"wp-block-image\">\n<figure class=\"aligncenter\"><img loading=\"lazy\" decoding=\"async\" width=\"500\" height=\"374\" src=\"http:\/\/www.laplatamagica.com.ar\/wp-content\/uploads\/2019\/08\/rejas-de-casa-de-Rocha.jpg\" alt=\"Rejas en el Museo y Archivo Dardo Rocha\" class=\"wp-image-632\" srcset=\"https:\/\/laplatamagica.ar\/wp-content\/uploads\/2019\/08\/rejas-de-casa-de-Rocha.jpg 500w, https:\/\/laplatamagica.ar\/wp-content\/uploads\/2019\/08\/rejas-de-casa-de-Rocha-300x224.jpg 300w\" sizes=\"auto, (max-width: 500px) 85vw, 500px\" \/><figcaption class=\"wp-element-caption\"><strong>Rejas en el Museo y Archivo Dardo Rocha<\/strong><\/figcaption><\/figure>\n<\/div>\n\n\n<p>Mientras tanto el presidente de la pe\u00f1a cultural se\u00f1or <em>Jos\u00e9 Mar\u00eda Prado<\/em>, se ha dirigido a la se\u00f1ora <em>Ana Reynal de Bonn<\/em>, solicit\u00e1ndole que para el caso de que se llegue a la demolici\u00f3n y venta de la ex mansi\u00f3n del fundador de La Plata, se contemple la posibilidad de donar al Museo <em>Dardo Rocha<\/em>, de nuestra ciudad, o a la Municipalidad local las verjas y puerta de hierro exterior, con destino a preservar algo de ese edificio hist\u00f3rico y sede de grandes y largas reuniones, entre los hombres de la generaci\u00f3n del 80, para encontrar la soluci\u00f3n de la conciliaci\u00f3n nacional.<\/p>\n\n\n\n<p>La se\u00f1ora de <em>Bonn<\/em>, ha respondido que tendr\u00e1 muy en cuenta el pedido, para cuando decida, lo que se habr\u00e1, en definitiva con la casa. Agradece el art\u00edculo publicado en el d\u00eda., sobre ese tr\u00e1mite, \u201cya que es uno de los pocos en el que el tema ha sido tratado con seriedad\u201d, expresa la se\u00f1ora de <em>Bonn.<\/em><\/p>\n\n\n\n<p style=\"font-size:26px\"><strong>\u201cMi T\u00edo Archivaldo\u201d<\/strong><\/p>\n\n\n\n<p>A finales de la d\u00e9cada del 60, el diario \u201cEl D\u00eda\u201d daba entre otras publicidades, el curioso anuncio de \u201cMi T\u00edo Archivaldo\u201d reducto para saborear panqueques, wafles, una copa\u2026 adem\u00e1s del obligado t\u00e9 que se pod\u00eda disfrutar al lado de una estufa o una antigua salamandra cada d\u00eda a partir de las 16.30 hs. <\/p>\n\n\n\n<p>Yo no recuerdo la direcci\u00f3n, pero usted, seguramente lo har\u00e1, en el aviso puede leerse una atractiva carta de cosas dulces, pero parad\u00f3jicamente no se consigna la direcci\u00f3n, pero es como dice mi amiga M\u00f3nica P\u00e9rez que por ser muy joven no lo recuerda \u201cseguramente porque todav\u00eda corr\u00edan los tiempos en los que todos conoc\u00edan la direcci\u00f3n de los locales m\u00e1s concurridos\u201d, indudablemente en ello reside la falta de domicilio.<\/p>\n\n\n<div class=\"wp-block-image\">\n<figure class=\"aligncenter\"><img loading=\"lazy\" decoding=\"async\" width=\"176\" height=\"300\" src=\"http:\/\/www.laplatamagica.com.ar\/wp-content\/uploads\/2019\/11\/favaloro.jpg\" alt=\"\" class=\"wp-image-4921\"\/><figcaption class=\"wp-element-caption\"> <br><strong>Dr. Ren\u00e9 G. Favaloro <\/strong><\/figcaption><\/figure>\n<\/div>\n\n\n<p><strong>Disert\u00f3 Favaloro: <\/strong>El 30 de junio de 1969 se realiz\u00f3 la esperada conferencia del cardiocirujano argentino Dr. Ren\u00e9 G. Favaloro. La audiencia se concret\u00f3 con gran cantidad de personas, en su totalidad profesionales de la medicina, que colm\u00f3 las instalaciones del aula del 3er piso de la Facultad de Ciencias M\u00e9dicas. El inter\u00e9s era justificado ampliamente ya que el Dr. Favaloro, que integra actualmente el equipo de la Cleveland Clinic de los EE UU, realiz\u00f3 una labor en el campo de la especialidad que lo proyect\u00f3 al plano internacional. El orador fue presentado por el Prof. Dr. Ricardo Reca, Director del Departamento de Graduados de la Facultad.<\/p>\n\n\n<div class=\"wp-block-image\">\n<figure class=\"aligncenter\"><img loading=\"lazy\" decoding=\"async\" width=\"350\" height=\"364\" src=\"http:\/\/www.laplatamagica.com.ar\/wp-content\/uploads\/2022\/05\/bypass.png\" alt=\"El desarrollo de la cirug\u00eda conocida como bypass coronario y su primera aplicaci\u00f3n pr\u00e1ctica, el 9 de mayo de 1967.\" class=\"wp-image-10781\" srcset=\"https:\/\/laplatamagica.ar\/wp-content\/uploads\/2022\/05\/bypass.png 350w, https:\/\/laplatamagica.ar\/wp-content\/uploads\/2022\/05\/bypass-288x300.png 288w\" sizes=\"auto, (max-width: 350px) 85vw, 350px\" \/><\/figure>\n<\/div>\n\n\n<p> <br><strong> \u201cBypass\u201d<\/strong> Hay que mencionar muy especialmente que el Dr. Ren\u00e9 Favaloro realiz\u00f3 el primer \u201cbypass\u201d de coraz\u00f3n en el mundo: \u201cLos progresos de la medicina y de la bioingenier\u00eda podr\u00e1n considerarse verdaderos logros para la humanidad cuando todas las personas tengan acceso a sus beneficios y dejen de ser un privilegio para las minor\u00edas\u201d. La frase perteneci\u00f3 al prestigioso m\u00e9dico platense Ren\u00e9 Ger\u00f3nimo Favaloro y ejemplifica a la perfecci\u00f3n lo que fue su m\u00e1ximo legado cient\u00edfico: el desarrollo de la cirug\u00eda conocida como bypass coronario y su primera aplicaci\u00f3n pr\u00e1ctica, el 9 de mayo de 1967. La tambi\u00e9n llamada cirug\u00eda de revascularizaci\u00f3n mioc\u00e1rdica es hoy el procedimiento quir\u00fargico de coraz\u00f3n m\u00e1s difundido en el mundo. Favaloro hab\u00eda nacido en el barrio El Mondongo el 12 de julio de 1923. El destacado m\u00e9dico, que muri\u00f3 el 29 de julio de 2000, supo decir: \u201cQuisiera ser recordado como un docente m\u00e1s que como un cirujano\u201d.<\/p>\n\n\n\n<p><strong>Fuente en la plaza:<\/strong> El 1 de julio se procedi\u00f3 a inaugurar la fuente art\u00edstica construida en la plaza Moreno para el cultivo de plantas acu\u00e1ticas. El acto cont\u00f3 con la presencia del Intendente, Cnl. Icazatti, funcionarios y p\u00fablico. La fuente fue emplazada sobre el sector izquierdo comprendido entre las calles 50 entre 12 y 13 y contribuir\u00e1 por su l\u00ednea arquitect\u00f3nica a realzar arm\u00f3nicamente la belleza del paseo. El conjunto consta del estanque propiamente dicho, cuyo fin principal es el cultivo de plantas acu\u00e1ticas, y una zona adyacente con plataformas elevadas y bancos con lugares de reuni\u00f3n en su entorno. La fuente fue proyectada por la Arq. Josefina Vitale, de la Direcci\u00f3n de Obras P\u00fablicas de la Municipalidad.<\/p>\n\n\n\n<p><strong>\u201cVoss\u201d:<\/strong> En la calle 49 entre 7 y 8 qued\u00f3 inaugurado el sal\u00f3n de ventas de casa \u201cVoss\u201d luego del traslado desde su antiguo local en la calle 5 y 49 donde funcion\u00f3 por espacio de muchos a\u00f1os, siempre atendiendo a los clientes en los renglones de varones, ni\u00f1os y jovencitos. La reuni\u00f3n fue presidida por el titular de la firma Sr. Baltasar Voss y el Gerente local, Sr. Fern\u00e1ndez.<\/p>\n\n\n<div class=\"wp-block-image\">\n<figure class=\"aligncenter\"><img loading=\"lazy\" decoding=\"async\" width=\"400\" height=\"265\" src=\"http:\/\/www.laplatamagica.com.ar\/wp-content\/uploads\/2019\/11\/hombre-en-la-luna.jpg\" alt=\"\" class=\"wp-image-4924\" srcset=\"https:\/\/laplatamagica.ar\/wp-content\/uploads\/2019\/11\/hombre-en-la-luna.jpg 400w, https:\/\/laplatamagica.ar\/wp-content\/uploads\/2019\/11\/hombre-en-la-luna-300x199.jpg 300w\" sizes=\"auto, (max-width: 400px) 85vw, 400px\" \/><\/figure>\n<\/div>\n\n\n<p><strong>Hombres en la luna:<\/strong> El domingo 20 de junio de 1969, el hombre descendi\u00f3 en la Luna y dio sus primeros pasos por la superficie selenita, en la mayor haza\u00f1a espacial de la historia. Eran las 22.56 hora Argentina cuando el pie izquierdo de Neil Armstrong abandon\u00f3 el \u00faltimo pelda\u00f1o de la escalerilla que descend\u00eda del m\u00f3dulo alunizador \u201cAguila\u201d y dej\u00f3 impresa la primera huella humana en el polvoriento suelo del sat\u00e9lite. La misi\u00f3n espacial norteamericana Apolo 11 coloca a los primeros hombres en la Luna: el comandante Neil Armstrong y el piloto del m\u00f3dulo Edwin F. Aldrin. Cuando el m\u00f3dulo \u201cAguila\u201d aluniza en el Mar de la Tranquilidad las im\u00e1genes en vivo son seguidas en televisi\u00f3n por millones de personas.<br> Aqu\u00ed en nuestra ciudad y en el mundo entero el sensacional acontecimiento fue seguido a trav\u00e9s de la televisi\u00f3n. Yo escribo esto hoy como un acontecimiento m\u00e1s, en la actualidad parece que nada nos asombra, pero en aquellos a\u00f1os ten\u00edamos una gran capacidad de sorprendernos, pero en realidad fue mucho m\u00e1s importante: esta salida al espacio exterior tuvo implicancias muy grandes, en los aspectos sociales y religiosos.<\/p>\n\n\n<div class=\"wp-block-image\">\n<figure class=\"alignleft\"><img loading=\"lazy\" decoding=\"async\" width=\"220\" height=\"200\" src=\"http:\/\/www.laplatamagica.com.ar\/wp-content\/uploads\/2019\/11\/Imagen-545.jpg\" alt=\"\" class=\"wp-image-4926\"\/><\/figure>\n<\/div>\n\n\n<p><strong>Motos para vigilar:<\/strong> La Municipalidad estaba adoptando nuevas medidas tendientes a reprimir las infracciones de tr\u00e1nsito, as\u00ed como para evitar que los responsables no puedan eludir a los inspectores acelerando la marcha de sus veh\u00edculos. Los inspectores tendr\u00edan nuevos recursos no utilizados antes. Se ha recurrido, entre otras medidas, al empleo de motocicletas modernas y veloces, con sus bocinas estridentes. Son cinco m\u00e1quinas que fueron puestas en funcionamiento y que permitir\u00e1n una vigilancia en la organizaci\u00f3n del tr\u00e1nsito.<\/p>\n\n\n\n<p class=\"has-text-align-center has-medium-font-size\"><strong>Usted se encuentra en el sector 2<\/strong><\/p>\n\n\n\n<h3 class=\"wp-block-heading has-text-align-center\" id=\"mce_0\"><br>Curiosidades 1954 a 1994 &#8211; <a href=\"http:\/\/www.laplatamagica.com.ar\/?page_id=579\">1<\/a> <a href=\"http:\/\/www.laplatamagica.com.ar\/?page_id=610\">2<\/a> <a href=\"http:\/\/www.laplatamagica.com.ar\/?page_id=640\">3 <\/a><a href=\"http:\/\/www.laplatamagica.com.ar\/?page_id=4965\">4<\/a> <\/h3>\n","protected":false},"excerpt":{"rendered":"<p>Curiosidades 1954 a 1994 &#8211; 1 2 3 4 El \u00e1rbol de Italia El 12 de julio de 1966 lleg\u00f3 en el Vapor Augustus un pasajero extra\u00f1o: un \u00e1rbol de gran tama\u00f1o, un Pinus Pinea, el \u00e1rbol nacional de Italia, que env\u00eda a nuestra ciudad como manifestaci\u00f3n de la amistad que une al pueblo argentino &hellip; <a href=\"https:\/\/laplatamagica.ar\/?page_id=610\" class=\"more-link\">Continuar leyendo<span class=\"screen-reader-text\"> &#8220;Curiosidades 1954 a 1994 &#8211; 2&#8221;<\/span><\/a><\/p>\n","protected":false},"author":1,"featured_media":0,"parent":0,"menu_order":0,"comment_status":"closed","ping_status":"closed","template":"","meta":{"switch_pages_title":"","h5ap_radio_sources":[],"footnotes":""},"class_list":["post-610","page","type-page","status-publish","hentry"],"_links":{"self":[{"href":"https:\/\/laplatamagica.ar\/index.php?rest_route=\/wp\/v2\/pages\/610","targetHints":{"allow":["GET"]}}],"collection":[{"href":"https:\/\/laplatamagica.ar\/index.php?rest_route=\/wp\/v2\/pages"}],"about":[{"href":"https:\/\/laplatamagica.ar\/index.php?rest_route=\/wp\/v2\/types\/page"}],"author":[{"embeddable":true,"href":"https:\/\/laplatamagica.ar\/index.php?rest_route=\/wp\/v2\/users\/1"}],"replies":[{"embeddable":true,"href":"https:\/\/laplatamagica.ar\/index.php?rest_route=%2Fwp%2Fv2%2Fcomments&post=610"}],"version-history":[{"count":1,"href":"https:\/\/laplatamagica.ar\/index.php?rest_route=\/wp\/v2\/pages\/610\/revisions"}],"predecessor-version":[{"id":12762,"href":"https:\/\/laplatamagica.ar\/index.php?rest_route=\/wp\/v2\/pages\/610\/revisions\/12762"}],"wp:attachment":[{"href":"https:\/\/laplatamagica.ar\/index.php?rest_route=%2Fwp%2Fv2%2Fmedia&parent=610"}],"curies":[{"name":"wp","href":"https:\/\/api.w.org\/{rel}","templated":true}]}}