{"id":640,"date":"2019-08-18T18:47:47","date_gmt":"2019-08-18T21:47:47","guid":{"rendered":"http:\/\/www.laplatamagica.com.ar\/?page_id=640"},"modified":"2022-12-14T11:07:19","modified_gmt":"2022-12-14T14:07:19","slug":"curiosidades-1954-a-1994-3","status":"publish","type":"page","link":"https:\/\/laplatamagica.ar\/?page_id=640","title":{"rendered":"Curiosidades 1954 a 1994 &#8211; 3"},"content":{"rendered":"\n<h3 class=\"has-text-align-center wp-block-heading\" id=\"mce_1\"> <br>Curiosidades 1954 a 1994 &#8211; <a href=\"http:\/\/www.laplatamagica.com.ar\/?page_id=579\">1<\/a> <a href=\"http:\/\/www.laplatamagica.com.ar\/?page_id=610\">2<\/a> <a href=\"http:\/\/www.laplatamagica.com.ar\/?page_id=640\">3 <\/a><a href=\"http:\/\/www.laplatamagica.com.ar\/?page_id=4965\">4<\/a> <\/h3>\n\n\n\n<p style=\"font-size:24px\"><strong>El novio dijo \u00a1no!<\/strong><\/p>\n\n\n<div class=\"wp-block-image\">\n<figure class=\"alignleft is-resized\"><img loading=\"lazy\" decoding=\"async\" src=\"http:\/\/www.laplatamagica.com.ar\/wp-content\/uploads\/2019\/11\/boda3.jpg\" alt=\"\" class=\"wp-image-4939\" width=\"240\" height=\"150\"\/><\/figure>\n<\/div>\n\n\n<p>Desde el punto de vista jur\u00eddico el matrimonio era la uni\u00f3n de dos contrayentes de conformidad a las normas civiles. El acto matrimonial prestado ante un funcionario p\u00fablico que da fe, ante la pregunta si se aceptan como esposos. El acto queda registrado en un acta, que acredita la realizaci\u00f3n del mismo. Despu\u00e9s vino el arroz y la foto con la libreta, las felicitaciones y all\u00ed termina esta parte.<\/p>\n\n\n\n<p>Hace m\u00e1s de 35 a\u00f1os, en el mes de octubre se publicit\u00f3 un episodio que dio para los comentarios m\u00e1s diversos, algunos dicen conocer a las personas, otros aseguran haber estado en el lugar, otros dicen que el hecho fue para tapar otras cosas o desviar la atenci\u00f3n a trav\u00e9s del diario y que no sucedi\u00f3.<br> Lo cierto es que un matrimonio se hab\u00eda consumado en el registro civil, m\u00e1s precisamente un jueves, sin duda para la ley la ceremonia m\u00e1s importante.<\/p>\n\n\n<div class=\"wp-block-image\">\n<figure class=\"aligncenter\"><img loading=\"lazy\" decoding=\"async\" width=\"290\" height=\"174\" src=\"http:\/\/www.laplatamagica.com.ar\/wp-content\/uploads\/2019\/11\/boda2.jpg\" alt=\"\" class=\"wp-image-4938\"\/><\/figure>\n<\/div>\n\n\n<p><br> Para la novia el m\u00e1s importante es el acto en la iglesia, all\u00ed entra acompa\u00f1ada generalmente por su padre y luce su vestido y el novio la espera en el altar. En principio todo funciona as\u00ed, algunos afirman que la boda fue en San Ponciano otros manifiestan que all\u00ed no fue, la entrada de los futuros c\u00f3nyuges se realiz\u00f3 sin contratiempos, nadie pod\u00eda imaginar lo que despu\u00e9s suceder\u00eda.<\/p>\n\n\n<div class=\"wp-block-image\">\n<figure class=\"alignleft\"><img loading=\"lazy\" decoding=\"async\" width=\"239\" height=\"268\" src=\"http:\/\/www.laplatamagica.com.ar\/wp-content\/uploads\/2019\/11\/boda1.jpg\" alt=\"\" class=\"wp-image-4936\"\/><\/figure>\n<\/div>\n\n\n<p><br> La marcha nupcial y el lento tr\u00e1nsito hasta donde el novio la esperaba. Las palabras del oficiante siguiendo el protocolo nupcial y ante la pregunta la novia respondi\u00f3 con el acostumbrado \u201csi quiero\u201d, pero la respuesta del novio para la misma interrogaci\u00f3n ante el estupor general fue un \u201cno\u201d rotundo.El sacerdote formul\u00f3 nuevamente la pregunta por si no se hab\u00eda escuchado bien, la respuesta fue negativa.<\/p>\n\n\n\n<p><br> El murmullo crec\u00eda en la adornada y repleta iglesia, el cura insisti\u00f3 y el novio acaloradamente en otro tono replic\u00f3 \u201cno\u201d, el cura entonces increp\u00f3 al novio dici\u00e9ndole si no cre\u00eda \u201cque era un poco tarde para darse cuenta de que no quer\u00eda casarse con su prometida\u201d y la raz\u00f3n que los acontecimientos llegaran a tal extremo, a lo que el novio le contest\u00f3 con un \u201cvoy a explicar por qu\u00e9\u201d. Y a continuaci\u00f3n tom\u00f3 el micr\u00f3fono, y dirigi\u00e9ndose a los presentes, explic\u00f3 que se negaba a casarse dado que quien iba a ser su esposa ante Dios y que ya lo era ante la ley, lo hab\u00eda enga\u00f1ado con el padrino de la boda. <\/p>\n\n\n\n<p>La madre de la novia grit\u00f3 entonces \u201cno, eso es mentira\u201d a lo que el joven contest\u00f3: \u201cSe\u00f1ora, dan fe de mi acusaci\u00f3n los se\u00f1ores tal y tal\u201d que se hallaban en la primera fila, de all\u00ed en m\u00e1s la novia estall\u00f3 en una crisis nerviosa agarr\u00e1ndose a golpes con la hermana de su frustrado prometido y el padre de la muchacha se lanz\u00f3 sobre el novio a trompadas. La imagen general era un bochorno, pero la violencia no lleg\u00f3 a mayores gracias a la intervenci\u00f3n del cura y de algunos presentes.<\/p>\n\n\n<div class=\"wp-block-image\">\n<figure class=\"aligncenter\"><img loading=\"lazy\" decoding=\"async\" width=\"400\" height=\"181\" src=\"http:\/\/www.laplatamagica.com.ar\/wp-content\/uploads\/2019\/11\/boda4.jpg\" alt=\"\" class=\"wp-image-4942\" srcset=\"https:\/\/laplatamagica.ar\/wp-content\/uploads\/2019\/11\/boda4.jpg 400w, https:\/\/laplatamagica.ar\/wp-content\/uploads\/2019\/11\/boda4-300x136.jpg 300w\" sizes=\"auto, (max-width: 400px) 85vw, 400px\" \/><\/figure>\n<\/div>\n\n\n<p><br>\u00bfPero c\u00f3mo se lleg\u00f3 a esto?, todo sucedi\u00f3 despu\u00e9s del acto civil, donde un amigo del novio lo alert\u00f3 de la infidelidad de la novia, con fundamentos precisos para avisar al futuro esposo. Seg\u00fan trascendi\u00f3, el amigo asegur\u00f3 que la novia lo enga\u00f1aba con su mejor amigo, indicando que podr\u00eda demostrarle ese mismo d\u00eda, d\u00f3nde y con qui\u00e9n lo hac\u00eda. Es as\u00ed que poco despu\u00e9s, los dos j\u00f3venes junto a un tercero, partieron en autom\u00f3vil hacia la zona norte de las afueras de La Plata, donde se encuentra un hotel alojamiento de los denominados transitorios, con una c\u00e1mara fotogr\u00e1fica. <\/p>\n\n\n<div class=\"wp-block-image\">\n<figure class=\"alignleft is-resized\"><img loading=\"lazy\" decoding=\"async\" src=\"http:\/\/www.laplatamagica.com.ar\/wp-content\/uploads\/2019\/11\/boda5.jpg\" alt=\"\" class=\"wp-image-4943\" width=\"190\" height=\"219\"\/><\/figure>\n<\/div>\n\n\n<p><br>Una vez en el hotel se\u00f1alado por el amigo que denunciara el enga\u00f1o, los tres aguardaron la salida de la pareja, tom\u00e1ndoles varias fotos, en el instante preciso en que abandonaban el lugar, sin ser vistos por los infieles.Acto seguido, el novio y sus amigos fueron al estudio de un escribano, donde labraron un acta con la denuncia del novio y los dos testigos, y la constancia de que el enga\u00f1o podr\u00eda evidenciarse por medio de las im\u00e1genes tomadas.Asimismo un abogado habr\u00eda asesorado al novio sobre los pasos a seguir para lograr la nulidad del casamiento legal y poder luego iniciar un juicio por adulterio. As\u00ed fue que el joven decidi\u00f3 concurrir al oficio religioso dejando que todo siguiera su curso, aunque alertando a su familia para que no concurriera, que fue lo que m\u00e1s llam\u00f3 la atenci\u00f3n a muchos de los que asistieron.<\/p>\n\n\n\n<p><br>Para hacer m\u00e1s escandaloso el enfrentamiento, pero que no pudo confirmarse, la versi\u00f3n indicaba que la novia habr\u00eda fugado con el padrino luego del esc\u00e1ndalo a Chascom\u00fas, para esconderse en casa de unos parientes.<br>Esto aconteci\u00f3 en La Plata hace m\u00e1s de tres d\u00e9cadas, \u00bfes inveros\u00edmil pensar que sucedi\u00f3? yo creo que no, l\u00f3gicamente dada la sociedad de aquella \u00e9poca, la verg\u00fcenza para las partes implicadas en una comunidad, por entonces m\u00e1s apegada a las tradiciones, hizo que se negara el episodio.<\/p>\n\n\n\n<hr class=\"wp-block-separator has-css-opacity is-style-wide\"\/>\n\n\n\n<p class=\"has-medium-font-size\"><strong>Est\u00e1n en el Archivo Dardo Rocha las verjas de la calle Lavalle<\/strong><\/p>\n\n\n\n<p><strong><em>Dec\u00eda el peri\u00f3dico en 1976:<\/em><\/strong> En marzo de 1969 el presidente de la Federaci\u00f3n de Instituciones Culturales y Deportivas, don Jos\u00e9 Mar\u00eda Prado, dirigi\u00f3 una nota a la se\u00f1ora Ana Reynal de Bond Rocha, viuda del nieto del fundador de La Plata y heredera definitiva del patrimonio de su esposo. <\/p>\n\n\n<div class=\"wp-block-image\">\n<figure class=\"aligncenter size-full\"><img loading=\"lazy\" decoding=\"async\" width=\"500\" height=\"374\" src=\"https:\/\/laplatamagica.ar\/wp-content\/uploads\/2022\/12\/rejas05.jpg\" alt=\"\" class=\"wp-image-11846\" srcset=\"https:\/\/laplatamagica.ar\/wp-content\/uploads\/2022\/12\/rejas05.jpg 500w, https:\/\/laplatamagica.ar\/wp-content\/uploads\/2022\/12\/rejas05-300x224.jpg 300w\" sizes=\"auto, (max-width: 500px) 85vw, 500px\" \/><figcaption><strong>Jard\u00edn de Museo y Archivo Dardo Rocha.<\/strong><\/figcaption><\/figure>\n<\/div>\n\n\n<p>Le solicitaba que para el caso de demolerse la residencia de la calle Lavalle 835, desafectada por el gobierno nacional del car\u00e1cter de monumento hist\u00f3rico, que revest\u00eda desde hac\u00eda diez a\u00f1os, en virtud de ley del Congreso, fueran cedidos a la municipalidad de La Plata, las verjas y el port\u00f3n de hierro, con la placa ofrecida por las entidades de bien p\u00fablico, \u00fanico homenaje al Fundador tributado en la vieja casona. El autor de la ley sancionada por el Congreso Nacional hab\u00eda sido el ex- presidente de la C\u00e1mara de diputados de la Naci\u00f3n, profesor don Federico Fern\u00e1ndez de Monjardin. La se\u00f1ora de Bond Rocha, que cambi\u00f3 correspondencia al respecto con el se\u00f1or Prado, le prometi\u00f3 hacer una reserva de las citadas verjas, para el caso de decidirse la venta de la propiedad, y su posterior demolici\u00f3n, como as\u00ed ocurri\u00f3 posteriormente.<\/p>\n\n\n\n<p>Las verjas, con intervenci\u00f3n de las autoridades de la Direcci\u00f3n de Museos y del Archivo, fueron trasladadas a La Plata, y dejadas en dep\u00f3sito en el corral\u00f3n municipal. Por gesti\u00f3n del citado Museo y Archivo, han sido trasladadas al mismo en la calle 50 N\u00b0 933, durante la semana anterior, y por su peso y volumen, est\u00e1n esperando los medios adecuados para entrarlas. Mientras tanto, h\u00e1llanse depositadas en la vereda. Culminan as\u00ed improbas gestiones para obtener esas reliquias hist\u00f3ricas de la antigua casona donde se elabor\u00f3 entre el 80 y el 32, la fundaci\u00f3n de la Nueva Capital.<\/p>\n\n\n\n<h3 class=\"has-text-align-left wp-block-heading\"> Celebr\u00f3 su cincuentenario <\/h3>\n\n\n\n<p>El centro de fomento Manuel Belgrano una prestigiosa instituci\u00f3n vecinal h cumpli\u00f3 sus bodas de oro. Se trata del Centro de fomento y biblioteca Manuel Belgrano con sede en la calle 13 N\u00ba 892. Hace 50 a\u00f1os cuando se estableci\u00f3 la instituci\u00f3n en la zona noroeste comprendida entre las calles 9 a 19 y de 529 a 38 la urbanizaci\u00f3n figuraba solamente en los planos y sobre el terreno hab\u00eda lotes en total estado de abandono y grandes pastizales. La celebraci\u00f3n de las bodas de oro realizada el 12 de diciembre de 1978 cont\u00f3 con la presencia de la comisi\u00f3n directiva, ex dirigentes y numerosos vecinos que se asociaron a los actos. Por la ma\u00f1ana se procedi\u00f3 a izar la ense\u00f1a patria en el m\u00e1stil de la instituci\u00f3n y poco despu\u00e9s las autoridades del Centro se dirigieron al cementerio donde depositaron una ofrenda floral al pie del monumento al Dirigente.<\/p>\n\n\n\n<hr class=\"wp-block-separator has-css-opacity is-style-wide\"\/>\n\n\n<div class=\"wp-block-image\">\n<figure class=\"aligncenter\"><img loading=\"lazy\" decoding=\"async\" width=\"700\" height=\"142\" src=\"http:\/\/www.laplatamagica.com.ar\/wp-content\/uploads\/2019\/08\/Elestdiotitulo.png\" alt=\"\" class=\"wp-image-654\" srcset=\"https:\/\/laplatamagica.ar\/wp-content\/uploads\/2019\/08\/Elestdiotitulo.png 700w, https:\/\/laplatamagica.ar\/wp-content\/uploads\/2019\/08\/Elestdiotitulo-300x61.png 300w\" sizes=\"auto, (max-width: 700px) 85vw, 700px\" \/><\/figure>\n<\/div>\n\n\n<p class=\"has-text-align-center has-medium-font-size\"><\/p>\n\n\n\n<p>La Municipalidad de la ciudad de la Plata, por intermedio del Colegio de Arquitectos y del Centro de Ingenieros de la provincia de Buenos Aires, llam\u00f3 a concurso nacional de anteproyectos para la construcci\u00f3n del Estadio \u00danico de la Plata.<\/p>\n\n\n\n<p>El Jurado encargado de dictaminar en el concurso estuvo integrado por el ingeniero<em> Rub\u00e9n H. Santos<\/em> y los arquitectos <em>Eduardo Corkhill<\/em> y <em>Osvaldo G. P\u00e9rez Pardo<\/em>, en representaci\u00f3n de la Municipalidad de la Plata; el ingeniero <em>Mart\u00edn Canter<\/em> y el arquitecto<em> El\u00edas Rosenfeld<\/em> por el Centro de Ingenieros y Colegio de Arquitectos, respectivamente; el arquitecto<em> Francisco Garc\u00eda V\u00e1squez<\/em>, en representaci\u00f3n de los participantes, y la escribana <em>Orfilia F. de Binetti<\/em>, por la Direcci\u00f3n de Asuntos Legales de la Municipalidad. Actuaron como asesores los ingenieros <em>Iris Josch, V\u00edctor Testoni y Enrique Villareal, <\/em>por el Centro de Ingenieros, y los arquitectos D<em>aniel E. Costa, Roberto S. Germani y Marcos Winograd<\/em> por el Colegio de Arquitectos.<\/p>\n\n\n\n<p>El mes de agosto de 1973 ya hab\u00eda una definici\u00f3n con respecto al Juicio del Jurado y este otorgo el Primer Premio.<\/p>\n\n\n\n<h3 class=\"wp-block-heading\">Primer Premio<\/h3>\n\n\n\n<p>Anteproyecto del equipo: A<em>ntonini, Schon, Zemborain<\/em> y Asociados; Latinoconsult S.A. e Ingeniero<em> Roberto Bramante<\/em>, Fueron asesores de organizaci\u00f3n general:<em> Francisco Ortiz<\/em>, arquitecto y <em>Victor Roo<\/em>. Los integrantes del equipo fueron:<em> Antonio Antonini, Gerardo Schon y Eduardo Zemborain<\/em>, arqs.;<em> Guillermo Baiocchi<\/em>, asociado; como colaboradores<em> Juan C. Fervenza, arq., Carlos Lopez Achaval, Ernesto Ca\u00f1as, Guillermo Chausovsky, Rodolfo Romero, Carlos Mu\u00f1oz, Luis Durau, Juan C. Molina Pico, arq. Y Cristina Torres<\/em>. Latinoconsult S.A. estuvo representada por lo ingenieros <em>Jotge A. Lombardi, Luis Rocha, Augusto Pezcuma y Manuel Morales.<\/em><\/p>\n\n\n\n<p>Es as\u00ed que para el que ser\u00eda el futuro estadio \u00fanico, el dictamen del Jurado fue el siguiente &#8220;el Jurado pondera la composici\u00f3n urban\u00edstica ofrecida que cuenta con una eficaz zonificaci\u00f3n que permite al proyectista discriminar con gran claridad las tres principales corrientes de espectadores, provenientes del transporte p\u00fablico, del ferrocarril y de rodados&#8221;. &#8220;Las llegadas peatonales son sumamente claras y bien diferenciadas pudiendo decirse otro tanto de las vehiculares.<\/p>\n\n\n\n<p>Sobre el particular es ponderable la ubicaci\u00f3n dada al estacionamiento destinado al servicio colectivo (\u00f3mnibus, colectivos de l\u00ednea) la que permite una positiva segregaci\u00f3n de su flujo y, por ende, una vez congesti\u00f3n del tr\u00e1nsito que bordea al estadio&#8221;. En su informe agrega luego el jurado que se &#8220;propone una buena soluci\u00f3n para resolver los aspectos viales, la que se ve reforzada por un aceptable cambio de las manos de tr\u00e1nsito, en funci\u00f3n de los horarios deportivos.<\/p>\n\n\n\n<p>Para resolver la circulaci\u00f3n perimetral introduce un cruce a distinto nivel en la calle cuatro que por las dimensiones de su planta no resultar\u00e1 practicable si no se ampl\u00eda su aria de desarrollo. El nudo dos lo resuelve mediante un paso bajo nivel de las v\u00edas del ferrocarril General Roca con dos carriles de circulaci\u00f3n.<\/p>\n\n\n\n<p>En la forma en que est\u00e1 planteado (aclara el jurado cierra par\u00e9ntesis requerir\u00e1 una expropiaci\u00f3n para permitir el acceso a los frentistas&#8221;.<\/p>\n\n\n<div class=\"wp-block-image\">\n<figure class=\"aligncenter\"><img loading=\"lazy\" decoding=\"async\" width=\"700\" height=\"185\" src=\"http:\/\/www.laplatamagica.com.ar\/wp-content\/uploads\/2019\/08\/Estadio-1a.jpg\" alt=\"\" class=\"wp-image-652\" srcset=\"https:\/\/laplatamagica.ar\/wp-content\/uploads\/2019\/08\/Estadio-1a.jpg 700w, https:\/\/laplatamagica.ar\/wp-content\/uploads\/2019\/08\/Estadio-1a-300x79.jpg 300w\" sizes=\"auto, (max-width: 700px) 85vw, 700px\" \/><\/figure>\n<\/div>\n\n\n<p>&#8220;La estructura de cubierta es independiente de las grader\u00edas y proyectada conforme a los criterios con que se conciben los puentes colgantes. Esta convenientemente rigidizada mediante una adecuada disposici\u00f3n de cables. Del dintel del marco logrado se suspende la cubierta realizada en forma de grilla met\u00e1lica, logrando as\u00ed una estructura agradable y funcional.&#8221;<\/p>\n\n\n\n<h3 class=\"wp-block-heading\">Memoria descriptiva de los autores<\/h3>\n\n\n\n<p>La estructura del conjunto contemplar\u00e1 la posibilidad de emplazar el estadio propiamente dicho dentro de las \u00e1reas en posesi\u00f3n del municipio, siempre que ello permita una simple interrelaci\u00f3n y conexi\u00f3n con los diversos medios de acceso (ferrocarril, automotores, peatones cierra par\u00e9ntesis posibilitando independizar en toda la extensi\u00f3n del terreno al movimiento peatonal del veh\u00edculo la, canalizando Este hacia las diversas v\u00edas seg\u00fan sus posibilidades de capacidad de absorci\u00f3n de determinado flujo de tr\u00e1nsito.<\/p>\n\n\n\n<p>Y aparte la materializaci\u00f3n de los sectores de acceso independientes a las distintas tribunas permitir\u00e1 con un criterio de flexibilidad, remover los elementos divisorios de los mismos respecto al aria de circunvalaci\u00f3n, unificando el uso de todos ellos en torno a dicha aria.<\/p>\n\n\n\n<p>La estructura del estadio permitir\u00e1 sin mayores problemas una posible ampliaci\u00f3n del mismo en el sector de localidades numeradas y sin asiento.<\/p>\n\n\n\n<h3 class=\"wp-block-heading\">Estructuras resistente<\/h3>\n\n\n<div class=\"wp-block-image\">\n<figure class=\"aligncenter\"><img loading=\"lazy\" decoding=\"async\" width=\"512\" height=\"1000\" src=\"http:\/\/www.laplatamagica.com.ar\/wp-content\/uploads\/2019\/08\/Estadio-1.jpg\" alt=\"\" class=\"wp-image-655\" srcset=\"https:\/\/laplatamagica.ar\/wp-content\/uploads\/2019\/08\/Estadio-1.jpg 512w, https:\/\/laplatamagica.ar\/wp-content\/uploads\/2019\/08\/Estadio-1-154x300.jpg 154w\" sizes=\"auto, (max-width: 512px) 85vw, 512px\" \/><\/figure>\n<\/div>\n\n<div class=\"wp-block-image\">\n<figure class=\"aligncenter\"><img loading=\"lazy\" decoding=\"async\" width=\"699\" height=\"1024\" src=\"http:\/\/www.laplatamagica.com.ar\/wp-content\/uploads\/2019\/08\/Estadio2-699x1024.png\" alt=\"\" class=\"wp-image-656\" srcset=\"https:\/\/laplatamagica.ar\/wp-content\/uploads\/2019\/08\/Estadio2-699x1024.png 699w, https:\/\/laplatamagica.ar\/wp-content\/uploads\/2019\/08\/Estadio2-205x300.png 205w, https:\/\/laplatamagica.ar\/wp-content\/uploads\/2019\/08\/Estadio2-768x1125.png 768w, https:\/\/laplatamagica.ar\/wp-content\/uploads\/2019\/08\/Estadio2.png 782w\" sizes=\"auto, (max-width: 699px) 85vw, 699px\" \/><\/figure>\n<\/div>\n\n\n<p>El esquema de la cubierta propuesta se enmarca dentro de los t\u00e9rminos generales de un puente colgante. Est\u00e1 constituida por una estructura portante central de 21 m de ancho, compuesta por un conjunto de vigas longitudinales y transversales de hormig\u00f3n prefabricado y pretensionado con diagonales met\u00e1licas; una estructura met\u00e1lica de barras apoyada en la espina central, que se prolonga 21 m en voladizo hacia ambos lados; todo el conjunto cuelga de los cables que llevan las cargas a las pilas extremas y finalmente a tierra.<\/p>\n\n\n\n<h3 class=\"wp-block-heading\">Accesos viales al estadio<\/h3>\n\n\n\n<p><br> Es de importancia fundamental contemplar, para un estadio de estas caracter\u00edsticas, un sistema de accesos, estacionamientos y \u00e1reas de espera, ascenso y descenso de veh\u00edculos de transporte automotor de pasajeros, acorde con las dimensiones de las obras a las cuales sirven.<\/p>\n\n\n\n<p><strong>A) Ingres\u00f3 al estadio:<\/strong> El ingreso se produce a trav\u00e9s de los accesos propuestos en las bases del concurso por la asesor\u00eda y aceptados por el ente promotor:<\/p>\n\n\n\n<p><strong>1)<\/strong> <strong>Ingreso correspondiente a la calle 7:<\/strong> Este acceso se previ\u00f3 por medio del ensanche de la calle siete desde avenida 520 a la 508, y con la construcci\u00f3n de un paso bajo nivel para resolver el cruce de las v\u00edas del ferrocarril Roca a la altura de la estaci\u00f3n R\u00ednguelet.<\/p>\n\n\n\n<p><strong>2) Ingreso correspondiente a la calle 505:<\/strong> Con un m\u00e1ximo posible de dos trochas por el ancho disponible. Este ingreso se reserva para autoridades y otros usos especiales (polic\u00eda, bomberos, ambulancias, etc.). Ser\u00e1 de doble mano y cruzar a las v\u00edas mediante un paso bajo nivel.<\/p>\n\n\n\n<p><strong>3) Ingreso correspondiente a la calle 508: <\/strong>Este acceso se realizar\u00e1 continuando a la avenida 508 desde el camino General Belgrano. El cruce de las v\u00edas se realizar\u00e1 por un paso a bajo nivel.<\/p>\n\n\n\n<p><strong>4) Ingresos correspondientes a la calle 120:<\/strong> los dos ingresos que confluyen en la calle 120, responden al plan general indicado en las bases y otorgan una doble posibilidad al tr\u00e1nsito que ingresa al estadio, respecto de su ubicaci\u00f3n final en los &#8220;peines&#8221; de estacionamientos previstos.<\/p>\n\n\n\n<p><strong>b) Egreso del estadio (autom\u00f3viles particulares):<\/strong> Al igual que el ingreso, el egreso se produce a trav\u00e9s de los accesos planteados en las bases del concurso. En todos los casos menos el de la calle 505, el egreso se realiza mediante la inversi\u00f3n del sentido de circulaci\u00f3n de las calzadas.<\/p>\n\n\n\n<p><strong>c) Veh\u00edculos de transporte automotor p\u00fablico:<\/strong> Estos acceder\u00e1n al estadio por medio de 1 a prevista a tal efecto, dicha aria se subdivide en tres zonas que permiten el estacionamiento detenci\u00f3n moment\u00e1nea para ascenso y descenso de pasajeros de taxis y colectivos de l\u00ednea y el estacionamiento de \u00f3mnibus que cumplen servicios especiales.<\/p>\n\n\n\n<h3 class=\"wp-block-heading\">Iluminaci\u00f3n<\/h3>\n\n\n\n<p>Para la iluminaci\u00f3n del campo de juego, se emplazar\u00e1n cuatro torres ubicadas sobre las diagonales del mismo, de 40 m de altura cada una, con una potencia de aproximadamente 300 Kw. por torre.<\/p>\n\n\n\n<h3 class=\"wp-block-heading\">Gobernador Alejandro Armend\u00e1riz <\/h3>\n\n\n<div class=\"wp-block-image\">\n<figure class=\"aligncenter\"><img loading=\"lazy\" decoding=\"async\" width=\"333\" height=\"500\" src=\"http:\/\/www.laplatamagica.com.ar\/wp-content\/uploads\/2019\/08\/Armendariz.jpg\" alt=\"Alejandro Armend\u00e1riz fue un m\u00e9dico y pol\u00edtico argentino, gobernador de la Provincia de Buenos Aires desde 1983 hasta 1987.\" class=\"wp-image-659\" srcset=\"https:\/\/laplatamagica.ar\/wp-content\/uploads\/2019\/08\/Armendariz.jpg 333w, https:\/\/laplatamagica.ar\/wp-content\/uploads\/2019\/08\/Armendariz-200x300.jpg 200w\" sizes=\"auto, (max-width: 333px) 85vw, 333px\" \/><figcaption> <br><strong>Alejandro Armend\u00e1riz<\/strong> fue un m\u00e9dico y pol\u00edtico argentino, gobernador de la Provincia de Buenos Aires desde 1983 hasta 1987.<\/figcaption><\/figure>\n<\/div>\n\n\n<p>Naci\u00f3 en Saladillo, provincia de Buenos Aires, 5 de junio de 1923 fue un m\u00e9dico y pol\u00edtico argentino, gobernador de la Provincia de Buenos Aires en 1983, luego del retorno de la democracia al pa\u00eds.<\/p>\n\n\n\n<p>En segundo a\u00f1o de la escuela secundaria, se mud\u00f3 a la Ciudad de Buenos Aires, donde estudi\u00f3 en el colegio San Jos\u00e9. Obtuvo el t\u00edtulo de Bachiller en 1941, y posteriormente curs\u00f3 la carrera de medicina en la Universidad de Buenos Aires donde se gradu\u00f3 en 1949.<\/p>\n\n\n\n<p>En 1950 regresa a Saladillo, donde ejerce su profesi\u00f3n en el Sanatorio Posadas, y comienza a participar de forma activa en pol\u00edtica. Al a\u00f1o siguiente, es elegido vicepresidente de la filial local de la Uni\u00f3n C\u00edvica Radical, y luego ser\u00eda concejal, candidato a intendente local, y diputado provincial en 1965, mandato que quedar\u00eda trunco por el golpe institucional de 1966 contra el gobierno de <em>Arturo Illia.<\/em><\/p>\n\n\n\n<p>Armend\u00e1riz se retira a la vida privada, volviendo a la pol\u00edtica en 1972 con Ra\u00fal Alfons\u00edn, con quien formar\u00eda la corriente &#8220;Renovaci\u00f3n y Cambio&#8221; dentro su partido.<\/p>\n\n\n\n<p>En 1983, con el retorno a la democracia luego del golpe militar de 1976, es elegido gobernador de la provincia de Buenos Aires. Finaliz\u00f3 su mandato en 1987, siendo su sucesor <em>Antonio Cafiero<\/em>. Fue diputado nacional y vicepresidente de la Convenci\u00f3n Nacional de su partido. El dirigente, quien estaba casado con <em>Olga Gaddi, <\/em>ten\u00eda dos hijos y cinco nietos, estaba cuadripl\u00e9jico desde hac\u00eda m\u00e1s de un a\u00f1o y medio a ra\u00edz de un accidente automovil\u00edstico que lo mantuvo internado hasta su muerte el 7 de agosto de 2005, en su casa de Saladillo.<\/p>\n\n\n<div class=\"wp-block-image\">\n<figure class=\"alignleft\"><img loading=\"lazy\" decoding=\"async\" width=\"293\" height=\"400\" src=\"http:\/\/www.laplatamagica.com.ar\/wp-content\/uploads\/2019\/11\/Ioma.jpg\" alt=\"\" class=\"wp-image-4896\" srcset=\"https:\/\/laplatamagica.ar\/wp-content\/uploads\/2019\/11\/Ioma.jpg 293w, https:\/\/laplatamagica.ar\/wp-content\/uploads\/2019\/11\/Ioma-220x300.jpg 220w\" sizes=\"auto, (max-width: 293px) 85vw, 293px\" \/><\/figure>\n<\/div>\n\n<p><!--EndFragment--><\/p>\n<p><\/p>\n\n\n<p><strong>IOMA: <\/strong>El 22 de junio de 1966 se colocaba la piedra fundamental del nuevo edificio del IOMA (Instituto de Obra M\u00e9dico Asistencial) en 46 entre 12 y 13 contando con la presencia del primer mandatario bonaerense, el Presidente del Directorio del IOMA, Dr. Ricardo Berri, Adem\u00e1s del acto de la piedra basal, el IOMA realiz\u00f3 en la sede de 13 N\u00b0 714 la inauguraci\u00f3n del sector de procesamiento electr\u00f3nico de datos, que ya contaba con los equipos adquiridos en licitaci\u00f3n p\u00fablica.<\/p>\n\n\n\n<hr class=\"wp-block-separator has-css-opacity is-style-default\"\/>\n\n\n\n<p><strong>Lechero:<\/strong> El lechero orde\u00f1aba sus vacas y llevaba el producto a su clientela en su carro, en un balde de metal que usaban los tamberos. La se\u00f1ora sal\u00eda a atender al lechero con un recipiente ya dispuesto y le compraba la necesidad de su familia. Pero ya est\u00e1bamos en abril de 1969 y los tiempos fueron cambiando, aquellos m\u00e9todos iban quedando relegados, se buscaba m\u00e1s higiene. En tanto la Municipalidad realizaba una intensa campa\u00f1a dispuesta por el Intendente Municipal Cnl. Icazatti, tendiente a resguardar la higiene y la salud de la poblaci\u00f3n, en lo que ata\u00f1e a la adquisici\u00f3n de productos alimenticios. <\/p>\n\n\n<div class=\"wp-block-image\">\n<figure class=\"aligncenter\"><img loading=\"lazy\" decoding=\"async\" width=\"250\" height=\"168\" src=\"http:\/\/www.laplatamagica.com.ar\/wp-content\/uploads\/2019\/11\/Lechero-1.jpg\" alt=\"\" class=\"wp-image-4918\"\/><\/figure>\n<\/div>\n\n\n<p>Personal de la Direcci\u00f3n de Higiene y Abastecimiento efectuaba diariamente recorridas por distintas zonas, a efectos de establecer si se cumpl\u00edan las disposiciones de la reglamentaci\u00f3n, que proh\u00edben la tenencia o exposici\u00f3n de los productos sin la protecci\u00f3n higi\u00e9nica necesaria y de conservaci\u00f3n a temperatura adecuada, es as\u00ed que en los primeros d\u00edas de abril se secuestraron m\u00e1s de 400 de leche embotellada que hab\u00eda sido dejada en la v\u00eda p\u00fablica. <\/p>\n\n\n<div class=\"wp-block-image\">\n<figure class=\"alignleft\"><img loading=\"lazy\" decoding=\"async\" width=\"300\" height=\"274\" src=\"http:\/\/www.laplatamagica.com.ar\/wp-content\/uploads\/2019\/11\/TV2.png\" alt=\"\" class=\"wp-image-4897\"\/><\/figure>\n<\/div>\n\n\n<p><strong>Canal de TV platense: <\/strong>Canal 2 Tevedos fue inaugurado el 25 de junio de 1966, propiedad de la empresa Rivadavia Televisi\u00f3n S.A. Dada la cercan\u00eda, desde un principio fue posible sintonizarlo en el \u00c1rea Metropolitana de Buenos Aires, aunque de manera bastante deficiente cuanto m\u00e1s al norte se encontrara la antena receptora, ya que a diferencia de los otros canales de aire que transmit\u00edan desde la Capital Federal, la planta transmisora del 2 estaba situada en Florencio Varela, al sur del conurbano. Uno de sus primeros programas fue \u201cFemin\u00edsima\u201d de Pinky ; tambi\u00e9n la primera transmisi\u00f3n completa de un Mundial de F\u00fatbol para Argentina, en este caso el de 1966 aunque en diferido. La inauguraci\u00f3n del canal se trasmiti\u00f3 en un programa que consisti\u00f3 1\u00b0 el Himno Nacional, 2\u00b0 palabras de \u00c1ngel Lapieza Elli, 3\u00b0 presentaci\u00f3n por Cacho Fontana, 4\u00b0 Pinky muestra los estudios en Sono Film, 5\u00b0 Augusto Bonardo muestra los estudios en La Plata, 6\u00b0 Antonio Carrizo presenta el partido de Argentina con Italia jugado en d\u00edas pasados, 7\u00b0 Cacho Fontana ofrece la pel\u00edcula \u201cEl incre\u00edble mundo de James Bond\u201d, 8\u00b0 Pinky anticipa la programaci\u00f3n total del d\u00eda siguiente, en la que se comenz\u00f3 con la programaci\u00f3n regular.<\/p>\n\n\n\n<p><strong>A la 60:<\/strong> El 25 de abril de 1969 se realiz\u00f3 una asamblea en la Asociaci\u00f3n Cnl. Brandsen en 60 N\u00ba 1467 a los efectos de renovar las autoridades del Centro Comercial y Vecinal de la Avenida 60, quedando conformada la nueva Comisi\u00f3n Directiva de la siguiente manera. Presidente Ing. Miguel Marmonti; Vicepresidente 1\u00b0 Miguel Steffanizzi; Vicepresidente 2\u00b0 Juan Rimoldi; Secretario de Prensa y Propaganda Antonio De Luca; Tesorero Julio Aberastain; Protesorero Ernesto Capalbo; Vocales Titulares Jos\u00e9 Candreva, Jos\u00e9 Marquesano y Joaqu\u00edn Garcia y Vocales Suplentes Carlos Pochs, Julio Marmonti y Juan Gervasio; Revisores de Cuentas Titulares, Cr. Rub\u00e9n De Luca y Esc. Marcos Klusman; Revisor de Cuentas Suplente, Eleuterio Ardile y en aquella primera reuni\u00f3n, las nuevas autoridades se abocaron a tratar las gestiones ya realizadas para la instalaci\u00f3n de la luz y gas de mercurio de la avenida de 19 a 31.<\/p>\n\n\n\n<hr class=\"wp-block-separator has-css-opacity is-style-wide\"\/>\n\n\n\n<p style=\"font-size:30px\"><strong>Navegantes perdidos<\/strong><\/p>\n\n\n\n<p>Tuvo final feliz con el arribo al Puerto local de los hermanos Rub\u00e9n Eduardo y Miguel Angel D\u00edaz, quienes conjuntamente con H\u00e9ctor Julio M\u00e9ndez y Ricardo Ra\u00fal Fillol culminaron en Riachuelo (paraje de la costa uruguaya cercano a Colonia), una odisea que dur\u00f3 muchas horas y culmin\u00f3 con el cruce en bote del R\u00edo de la Plata. <\/p>\n\n\n<div class=\"wp-block-image\">\n<figure class=\"aligncenter\"><img loading=\"lazy\" decoding=\"async\" width=\"500\" height=\"289\" src=\"http:\/\/www.laplatamagica.com.ar\/wp-content\/uploads\/2019\/11\/naufragos.jpg\" alt=\"\" class=\"wp-image-4948\" srcset=\"https:\/\/laplatamagica.ar\/wp-content\/uploads\/2019\/11\/naufragos.jpg 500w, https:\/\/laplatamagica.ar\/wp-content\/uploads\/2019\/11\/naufragos-300x173.jpg 300w\" sizes=\"auto, (max-width: 500px) 85vw, 500px\" \/><\/figure>\n<\/div>\n\n\n<p><br> Los cuatro j\u00f3venes platenses, vecinos de Villa Ponsati, abordaron un bote de pl\u00e1stico con el objetivo de vivir una jornada de pesca en las proximidades de Punta Blanca, protuberancia geogr\u00e1fica cercana a la localidad de Bavio. Los j\u00f3venes juzgaron que el estado del r\u00edo era bueno para la pesca, se internaron el s\u00e1bado 8 de noviembre de 1980 con todos los elementos aguas adentro, unos 200 metros cuando un viento, del sector Sud Este se hizo presente con toda la potencia. <\/p>\n\n\n\n<p><br>Ante el aviso dado al destacamento de Bartolome Bavio por uno de los hermanos Diaz, que hab\u00eda quedado en la costa al cuidado del autom\u00f3vil, la Prefectura Naval Puerto La Plata retransmiti\u00f3 el alerta y de inmediato se mont\u00f3 un importante operativo de rescate que afect\u00f3 a dos guardacostas, tres helic\u00f3pteros con sus correspondientes hombres ranas.Las b\u00fasquedas sedeten\u00edan al caer la noche.<br> Los muchachos relataron que al advertir la fuerza del viento decidieron regresar a la costa remando, pero el viento les impedia volver y el bote considerado de gran trama\u00f1o (4,50 de largo por 1,90 de ancho) ofrec\u00eda gran resisitencia, decidieron arrojar el ancla para no alejarse de la costa. Pero \u00e9sta por sus caracter\u00edsticas (rez\u00f3n) no se adapta a fondos arenosos o barrosos como son los de la costa argentina del r\u00edo, por lo tanto se resignaron a su suerte y a esperar que los encuentren.<\/p>\n\n\n<div class=\"wp-block-image\">\n<figure class=\"aligncenter\"><img loading=\"lazy\" decoding=\"async\" width=\"300\" height=\"162\" src=\"http:\/\/www.laplatamagica.com.ar\/wp-content\/uploads\/2019\/11\/naufragos1.jpg\" alt=\"\" class=\"wp-image-4950\"\/><\/figure>\n<\/div>\n\n\n<p><br> As\u00ed pasaron la noche, acurrucados en el fondo del bote, sin nada para comer, pero en ning\u00fan momento pensaron en abandonarlo y dentro de todo estaban de buen \u00e1nimo. Les pas\u00f3 cerca un barco, pero al no tener bengalas no pudieron hacer se\u00f1ales, helic\u00f3pteros sobrevolaron cerca, pero no fueron vistos. <\/p>\n\n\n<div class=\"wp-block-image\">\n<figure class=\"aligncenter\"><img loading=\"lazy\" decoding=\"async\" width=\"321\" height=\"176\" src=\"http:\/\/www.laplatamagica.com.ar\/wp-content\/uploads\/2019\/11\/naufragos2.jpg\" alt=\"\" class=\"wp-image-4952\" srcset=\"https:\/\/laplatamagica.ar\/wp-content\/uploads\/2019\/11\/naufragos2.jpg 321w, https:\/\/laplatamagica.ar\/wp-content\/uploads\/2019\/11\/naufragos2-300x164.jpg 300w\" sizes=\"auto, (max-width: 321px) 85vw, 321px\" \/><\/figure>\n<\/div>\n\n\n<p><br> Para fortuna de los cuatro navegantes, por la ma\u00f1ana del lunes, comenzaron a divisar la costay vieron una playa en la que finalmente desembarcaron y al caminar vieron una edificaci\u00f3n que result\u00f3 ser la Prefectura de ese lugar que se llama Riachuelo, paraje de la costa uruguaya.<br> All\u00ed los recibi\u00f3 un tal Ferreyra, que llam\u00f3 a Colonia por tel\u00e9fono y los fueron abuscar en un cami\u00f3n en el cual los trasladaron junto conel bote.<\/p>\n\n\n\n<p>Miguel D\u00edaz mi amigo y compa\u00f1ero de trabajo me cont\u00f3: \u201cen Colonia nos trataron de maravilla. Vivimos en la Prefectura y paseamos por la ciudad, esperando la lancha que sab\u00edamos q    ue nos vendr\u00eda a buscar\u201d. En el retorno se dieron circunstancias emotivas con abrazos y gritos y banderas y as\u00ed retornaron a Villa Ponsati en caravana, entre bocinazos y llantos felices que marcaron el final de una aventura con final feliz que dur\u00f3 46 horas.<\/p>\n\n\n\n<hr class=\"wp-block-separator has-css-opacity is-style-wide\"\/>\n\n\n\n<h2 class=\"wp-block-heading\"> Cena del Empresariado <\/h2>\n\n\n\n<p>El 12 de noviembre de 1973 en el balneario del Jockey Club, en Punta Lara, tuvo lugar la denominada Cena del Empresariado, conmemoraci\u00f3n anual que organiza con singular suceso la C\u00e1mara de Comercio e Industria. Asistieron a la reuni\u00f3n varios centenares de personas, prolong\u00e1ndose la fiesta hasta las primeras horas de la madrugada. La cabecera de la mesa fue ocupada por el ministro de Econom\u00eda de la Provincia. Dr. Ram\u00f3n Miralles, quien represent\u00f3 al Gobernador; el titular de Bienestar Social, Dr. Carlos A. Bocalandro; el intendente municipal, profesor Rub\u00e9n Cartier, el subsecretario de Industria y Comercio, arquitecto Alberto Libermann; el vicepresidente del IOMA Dr. Salvador Pappalardo; secretario de Hacienda de la comuna, contador Tom\u00e1s Annuassi.<\/p>\n\n\n\n<p style=\"font-size:31px\"><strong>Peculiar mudanza<\/strong><\/p>\n\n\n<div class=\"wp-block-image\">\n<figure class=\"aligncenter is-resized\"><img loading=\"lazy\" decoding=\"async\" src=\"http:\/\/www.laplatamagica.com.ar\/wp-content\/uploads\/2019\/11\/\u00e1rbol.jpg\" alt=\"\" class=\"wp-image-4955\" width=\"434\" height=\"326\" srcset=\"https:\/\/laplatamagica.ar\/wp-content\/uploads\/2019\/11\/\u00e1rbol.jpg 501w, https:\/\/laplatamagica.ar\/wp-content\/uploads\/2019\/11\/\u00e1rbol-300x225.jpg 300w\" sizes=\"auto, (max-width: 434px) 85vw, 434px\" \/><\/figure>\n<\/div>\n\n\n<p>El 3 de junio de 1966 llam\u00f3 la atenci\u00f3n de los que pasaban por los Jardines del Banco de la Provincia, la actividad que realizaban los bomberos en los trabajos para proceder a la extracci\u00f3n y posterior traslado a otro lugar de un hermoso ejemplar de \u201csequoia gigante\u201d, ya que el mismo no pod\u00eda permanecer en ese lugar a causa de las obras de ampliaci\u00f3n que, en breve se realizar\u00edan en esa instituci\u00f3n bancaria sobre 6 de 46 a 47. El \u00e1rbol ubicado sobre la esquina de 46 y 6 data de la primera \u00e9poca de la ciudad, ya que fue plantado cuando se inici\u00f3 la edificaci\u00f3n del banco.<\/p>\n\n\n\n<p>La sequoia gigante es el organismo vegetal m\u00e1s grande del mundo en t\u00e9rminos de suma del volumen. Crecen a una altura media de entre 50 a 85 m y de 5 a 7 m de di\u00e1metro. Se tienen referencias de \u00e1rboles que han existido de 94 m de altura y m\u00e1s de 11 m de di\u00e1metro. La sequoia gigante, conocida y m\u00e1s vieja con 3.200 a\u00f1os calcul\u00e1ndose su edad con el recuento de sus anillos de crecimiento. <\/p>\n\n\n<div class=\"wp-block-image\">\n<figure class=\"aligncenter\"><img loading=\"lazy\" decoding=\"async\" width=\"700\" height=\"428\" src=\"http:\/\/www.laplatamagica.com.ar\/wp-content\/uploads\/2019\/11\/parque-castelli-mejor.jpg\" alt=\"\" class=\"wp-image-4958\" srcset=\"https:\/\/laplatamagica.ar\/wp-content\/uploads\/2019\/11\/parque-castelli-mejor.jpg 700w, https:\/\/laplatamagica.ar\/wp-content\/uploads\/2019\/11\/parque-castelli-mejor-300x183.jpg 300w\" sizes=\"auto, (max-width: 700px) 85vw, 700px\" \/><figcaption><strong> Parque Castelli de 25 y 66.<\/strong><\/figcaption><\/figure>\n<\/div>\n\n\n<p>Este ejemplar fue replantado en el parque Castelli de 25 y 66 y al mismo lugar fueron trasladados dos ejemplares de \u201cBaobad\u201d o Palo Borracho. Toda esta tarea fue realizada con especial cuidado, dejando de lado en sus ra\u00edces, un gran block de tierra para que el cambio no los pueda afectar. Sobre la sequoia gigante, el Ing. Oitaven se expres\u00f3 con profunda pena diciendo que literalmente el \u00e1rbol estaba siendo descalzado casi a ras del suelo, lo que significaba, pr\u00e1cticamente, el sacrifico de la sequoia, haciendo notar su pr\u00e9dica en defensa de los \u00e1rboles, y remarc\u00f3 \u201crealmente es lamentable la destrucci\u00f3n de los \u00e1rboles que sistem\u00e1ticamente se realiza por entidades y organismos oficiales en diversas ciudades y zonas de la provincia y en particular de nuestra ciudad\u201d. <\/p>\n\n\n\n<figure class=\"wp-block-image\"><img decoding=\"async\" src=\"https:\/\/upload.wikimedia.org\/wikipedia\/commons\/9\/99\/Sky_From_Sequoia_Forest_Floor.jpg\" alt=\"Imagen relacionada\"\/><\/figure>\n\n\n\n<p> y al mismo lugar fueron trasladados dos ejemplares de \u201cBaobad\u201d o Palo Borracho. Toda esta tarea fue realizada con especial cuidado, dejando de lado en sus ra\u00edces, un gran block de tierra para que el cambio no los pueda afectar. Sobre la sequoia gigante, el Ing. Oitaven se expres\u00f3 con profunda pena diciendo que literalmente el \u00e1rbol estaba siendo descalzado casi a ras del suelo, lo que significaba, pr\u00e1cticamente, el sacrifico de la sequoia, haciendo notar su pr\u00e9dica en defensa de los \u00e1rboles, y remarc\u00f3 \u201crealmente es lamentable la destrucci\u00f3n de los \u00e1rboles que sistem\u00e1ticamente se realiza por entidades y organismos oficiales en diversas ciudades y zonas de la provincia y en particular de nuestra ciudad\u201d. <\/p>\n\n\n\n<h3 class=\"wp-block-heading\"> Agasaj\u00f3 a notarios jubilados <\/h3>\n\n\n<div class=\"wp-block-image\">\n<figure class=\"aligncenter\"><img loading=\"lazy\" decoding=\"async\" width=\"261\" height=\"220\" src=\"http:\/\/www.laplatamagica.com.ar\/wp-content\/uploads\/2022\/01\/notarios.jpg\" alt=\"Se agasaj\u00f3 a notarios jubilados, tuvo lugar en diciembre de 1978.\" class=\"wp-image-10443\"\/><\/figure>\n<\/div>\n\n\n<p>Se agasaj\u00f3 a notarios jubilados, tuvo lugar el 29 de diciembre de 1978  en el sal\u00f3n del Colegio de Escribanos se ofreci\u00f3 el acostumbrado almuerzo a los notarios jubilados, el que fue presidido por el vicepresidente 1\u00ba notario don Luis Llorente, a quien acompa\u00f1aban en la cabecera el presidente de la Asociaci\u00f3n de Jubilados y Pensionistas Notariales, Esc. Don Jorge Ram\u00f3n D\u00edaz, el secretario de Previsi\u00f3n y el tesorero del Colegio notarios don H\u00e9ctor Jorge Carattoli y Luis Mar\u00eda Bordenave, y el Inspector General notario don Jorge. G.F. Barrio Olivares. Rodearon la mesa numerosos escribanos retirados de La Plata y del interior de la Provincia, y a los postres ofreci\u00f3 la demostraci\u00f3n el vicepresidente del Colegio notario don Luis Llorente. Al brindis respondi\u00f3 el titular de la Asociaci\u00f3n de Jubilados quien destac\u00f3 la labor de las autoridades del Colegio en favor de los colegas en pasividad.<\/p>\n\n\n\n<p style=\"font-size:31px\"><strong>Mudanza del corral\u00f3n <\/strong><\/p>\n\n\n\n<p>El viejo corral\u00f3n municipal  de 12 y 64 que all\u00ed se encontraba, merced a iniciativas vecinales se pidi\u00f3 que fuera trasladado a otra zona. <\/p>\n\n\n<div class=\"wp-block-image\">\n<figure class=\"aligncenter\"><img loading=\"lazy\" decoding=\"async\" width=\"700\" height=\"459\" src=\"http:\/\/www.laplatamagica.com.ar\/wp-content\/uploads\/2020\/01\/Imagen-294.jpg\" alt=\"\" class=\"wp-image-5807\" srcset=\"https:\/\/laplatamagica.ar\/wp-content\/uploads\/2020\/01\/Imagen-294.jpg 700w, https:\/\/laplatamagica.ar\/wp-content\/uploads\/2020\/01\/Imagen-294-300x197.jpg 300w\" sizes=\"auto, (max-width: 700px) 85vw, 700px\" \/><\/figure>\n<\/div>\n\n\n<p>El Intendente Municipal Dr. Juan Jos\u00e9 Alsina solicit\u00f3 autorizaci\u00f3n para gestionar la venta de la manzana de 11 a 12 y de 64 a 65 al Banco Hipotecario Nacional para la construcci\u00f3n de monobloques. Asimismo, a la brevedad el municipio resolver\u00eda el sitio donde llevar\u00e1 las instalaciones a desmantelarse. <\/p>\n\n\n\n<hr class=\"wp-block-separator has-css-opacity is-style-wide\"\/>\n\n\n\n<p class=\"has-text-align-center has-medium-font-size\"><strong>Usted se encuentra en el sector 3<\/strong><\/p>\n\n\n\n<h3 class=\"has-text-align-center wp-block-heading\" id=\"mce_1\"> <br>Curiosidades 1954 a 1994 &#8211; <a href=\"http:\/\/www.laplatamagica.com.ar\/?page_id=579\">1<\/a> <a href=\"http:\/\/www.laplatamagica.com.ar\/?page_id=610\">2<\/a> <a href=\"http:\/\/www.laplatamagica.com.ar\/?page_id=640\">3 <\/a><a href=\"http:\/\/www.laplatamagica.com.ar\/?page_id=4965\">4<\/a>  <\/h3>\n","protected":false},"excerpt":{"rendered":"<p>Curiosidades 1954 a 1994 &#8211; 1 2 3 4 El novio dijo \u00a1no! Desde el punto de vista jur\u00eddico el matrimonio era la uni\u00f3n de dos contrayentes de conformidad a las normas civiles. El acto matrimonial prestado ante un funcionario p\u00fablico que da fe, ante la pregunta si se aceptan como esposos. El acto queda &hellip; <a href=\"https:\/\/laplatamagica.ar\/?page_id=640\" class=\"more-link\">Continuar leyendo<span class=\"screen-reader-text\"> &#8220;Curiosidades 1954 a 1994 &#8211; 3&#8221;<\/span><\/a><\/p>\n","protected":false},"author":1,"featured_media":0,"parent":0,"menu_order":0,"comment_status":"closed","ping_status":"closed","template":"","meta":{"switch_pages_title":"","h5ap_radio_sources":[],"footnotes":""},"class_list":["post-640","page","type-page","status-publish","hentry"],"_links":{"self":[{"href":"https:\/\/laplatamagica.ar\/index.php?rest_route=\/wp\/v2\/pages\/640","targetHints":{"allow":["GET"]}}],"collection":[{"href":"https:\/\/laplatamagica.ar\/index.php?rest_route=\/wp\/v2\/pages"}],"about":[{"href":"https:\/\/laplatamagica.ar\/index.php?rest_route=\/wp\/v2\/types\/page"}],"author":[{"embeddable":true,"href":"https:\/\/laplatamagica.ar\/index.php?rest_route=\/wp\/v2\/users\/1"}],"replies":[{"embeddable":true,"href":"https:\/\/laplatamagica.ar\/index.php?rest_route=%2Fwp%2Fv2%2Fcomments&post=640"}],"version-history":[{"count":0,"href":"https:\/\/laplatamagica.ar\/index.php?rest_route=\/wp\/v2\/pages\/640\/revisions"}],"wp:attachment":[{"href":"https:\/\/laplatamagica.ar\/index.php?rest_route=%2Fwp%2Fv2%2Fmedia&parent=640"}],"curies":[{"name":"wp","href":"https:\/\/api.w.org\/{rel}","templated":true}]}}