{"id":6804,"date":"2020-04-20T16:03:40","date_gmt":"2020-04-20T19:03:40","guid":{"rendered":"http:\/\/www.laplatamagica.com.ar\/?page_id=6804"},"modified":"2024-12-04T17:06:38","modified_gmt":"2024-12-04T20:06:38","slug":"monumentos-y-estatuas","status":"publish","type":"page","link":"https:\/\/laplatamagica.ar\/?page_id=6804","title":{"rendered":"Monumentos y Estatuas"},"content":{"rendered":"\n<meta name=\"google-site-verification\" content=\"M7MLd8EiK6vH3vKiaxJhArPjny-NOmeNFIymND3QUrI\" \/>\n\n\n\n<p class=\"has-text-align-center has-medium-font-size\"><strong>Obra               Autor                Inauguraci\u00f3n                      Ubicaci\u00f3n<\/strong><\/p>\n\n\n\n<p class=\"has-text-align-center\"><br><strong> A la madre    <\/strong>An\u00f3nimo     60 y 137<\/p>\n\n\n<div class=\"wp-block-image\">\n<figure class=\"aligncenter\"><img loading=\"lazy\" decoding=\"async\" width=\"792\" height=\"639\" src=\"http:\/\/www.laplatamagica.com.ar\/wp-content\/uploads\/2020\/04\/Los-Hornos.jpg\" alt=\"\" class=\"wp-image-6810\" srcset=\"https:\/\/laplatamagica.ar\/wp-content\/uploads\/2020\/04\/Los-Hornos.jpg 792w, https:\/\/laplatamagica.ar\/wp-content\/uploads\/2020\/04\/Los-Hornos-300x242.jpg 300w, https:\/\/laplatamagica.ar\/wp-content\/uploads\/2020\/04\/Los-Hornos-768x620.jpg 768w\" sizes=\"auto, (max-width: 792px) 85vw, 792px\" \/><figcaption class=\"wp-element-caption\"><strong>&#8220;Los Hornos a la Madre, s\u00edmbolo universal de amor sublime&#8221; &#8211; Los Hornos, 20 de octubre de 1963\u201d<\/strong><\/figcaption><\/figure>\n<\/div>\n\n\n<p class=\"has-text-align-center\"><br><strong> A la Madre <\/strong>     Leonardo Virgilio     1963      60 y 116<\/p>\n\n\n<div class=\"wp-block-image\">\n<figure class=\"aligncenter\"><img loading=\"lazy\" decoding=\"async\" width=\"400\" height=\"367\" src=\"http:\/\/www.laplatamagica.com.ar\/wp-content\/uploads\/2020\/04\/lamadre.jpg\" alt=\"\" class=\"wp-image-6807\" srcset=\"https:\/\/laplatamagica.ar\/wp-content\/uploads\/2020\/04\/lamadre.jpg 400w, https:\/\/laplatamagica.ar\/wp-content\/uploads\/2020\/04\/lamadre-300x275.jpg 300w\" sizes=\"auto, (max-width: 400px) 85vw, 400px\" \/><figcaption class=\"wp-element-caption\"> <br><strong> A la Madre    Leonardo Virgilio <\/strong><\/figcaption><\/figure>\n<\/div>\n\n\n<p class=\"has-text-align-center\"><br><strong> A la Medicina <\/strong>   Eduardo Migo    1992    Dg. 79 y 1<\/p>\n\n\n<div class=\"wp-block-image\">\n<figure class=\"aligncenter is-resized\"><img loading=\"lazy\" decoding=\"async\" width=\"300\" height=\"319\" src=\"http:\/\/www.laplatamagica.com.ar\/wp-content\/uploads\/2020\/04\/migo.jpg\" alt=\"\" class=\"wp-image-6820\" style=\"width:239px;height:254px\" srcset=\"https:\/\/laplatamagica.ar\/wp-content\/uploads\/2020\/04\/migo.jpg 300w, https:\/\/laplatamagica.ar\/wp-content\/uploads\/2020\/04\/migo-282x300.jpg 282w\" sizes=\"auto, (max-width: 300px) 85vw, 300px\" \/><\/figure>\n<\/div>\n\n\n<p class=\"has-small-font-size\">El maestro <a href=\"#Migo\">Eduardo Migo<\/a> haciendo un mausoleo de &#8220;La ciudadan\u00eda y los soldados de Malvinas&#8221;-  Se inaugurar\u00e1 en junio de 2022 por los 40 a\u00f1os de la guerra.<br>Migo es egresado de la Facultad de Artes de la ciudad de La Plata, donde luego fue docente durante tres d\u00e9cadas.<br> El artista expone tanto en forma individual como colectiva desde 1974 en nuestro pa\u00eds y el exterior; m\u00e1s de 30 monumentos de su autor\u00eda se encuentran emplazados en espacios p\u00fablicos en distintos puntos de nuestro pa\u00eds. Eduardo Migo es tambi\u00e9n investigador-director en la Universidad Nacional de La Plata y perito investigador asignado por el Juzgado Provincial de Buenos Aires para efectuar diagn\u00f3sticos de obras escult\u00f3ricas y objetos da\u00f1ados.<br>Su apertura a la comunidad se da en diversos \u00e1mbitos a trav\u00e9s de charlas sobre temas escult\u00f3ricos brindadas en escuelas, universidades, museos, centro culturales, as\u00ed como tambi\u00e9n con publicaciones en revistas culturales y de investigaci\u00f3n.<\/p>\n\n\n<div style=\"width: 840px;\" class=\"wp-video\"><video class=\"wp-video-shortcode\" id=\"video-6804-1\" width=\"840\" height=\"473\" preload=\"metadata\" controls=\"controls\"><source type=\"video\/mp4\" src=\"https:\/\/laplatamagica.ar\/wp-content\/uploads\/2024\/09\/Migo-Arte-\u2010-Hecho-con-Clipchamp.mp4?_=1\" \/><a href=\"https:\/\/laplatamagica.ar\/wp-content\/uploads\/2024\/09\/Migo-Arte-\u2010-Hecho-con-Clipchamp.mp4\">https:\/\/laplatamagica.ar\/wp-content\/uploads\/2024\/09\/Migo-Arte-\u2010-Hecho-con-Clipchamp.mp4<\/a><\/video><\/div>\n\n\n<p class=\"has-text-align-center\"><br><strong>A La Plata<\/strong>    Eduardo Migo    182 14 y 66<br><strong>A los Poetas  <\/strong>  Carlos W. Butin    1992    Parque Saavedra<br><strong>Al F\u00fatbol de La Plata <\/strong>   An\u00f3nimo 1982    Hip\u00f3dromo<\/p>\n\n\n<div class=\"wp-block-image\">\n<figure class=\"aligncenter is-resized\"><img loading=\"lazy\" decoding=\"async\" width=\"600\" height=\"615\" src=\"http:\/\/www.laplatamagica.com.ar\/wp-content\/uploads\/2020\/04\/algaucho.jpg\" alt=\"\" class=\"wp-image-6812\" style=\"width:478px;height:490px\" srcset=\"https:\/\/laplatamagica.ar\/wp-content\/uploads\/2020\/04\/algaucho.jpg 600w, https:\/\/laplatamagica.ar\/wp-content\/uploads\/2020\/04\/algaucho-293x300.jpg 293w\" sizes=\"auto, (max-width: 600px) 85vw, 600px\" \/><figcaption class=\"wp-element-caption\"> <br><strong> Al gaucho  <\/strong><\/figcaption><\/figure>\n<\/div>\n\n\n<p class=\"has-text-align-center\"><br><strong> Al gaucho  <\/strong>  R. Dalla Lasta  1972    calle 12 y 524<br><strong> Al inmigrante \u00c1rabe<\/strong> El Astrolabio    Zinij y D\u00edaz    1994    Pza. Paso<br><strong> Al Maestro<\/strong>    Ricardo Musso   1935    Mrio. Educaci\u00f3n<br> <strong>Al soldado ca\u00eddo en Malvinas <\/strong>   Levaggi &#8211; Vilardebo 1987    Plaza Malvinas<br><strong> Alfonsina Storni <\/strong>   Pedro Godoy  1984    Parque Saavedra<\/p>\n\n\n<div class=\"wp-block-image\">\n<figure class=\"aligncenter\"><img loading=\"lazy\" decoding=\"async\" width=\"300\" height=\"323\" src=\"http:\/\/www.laplatamagica.com.ar\/wp-content\/uploads\/2020\/04\/Butin.jpg\" alt=\"\" class=\"wp-image-6821\" srcset=\"https:\/\/laplatamagica.ar\/wp-content\/uploads\/2020\/04\/Butin.jpg 300w, https:\/\/laplatamagica.ar\/wp-content\/uploads\/2020\/04\/Butin-279x300.jpg 279w\" sizes=\"auto, (max-width: 300px) 85vw, 300px\" \/><\/figure>\n<\/div>\n\n\n<p><\/p>\n\n\n\n<p class=\"has-text-align-center\"><br><strong> Centenario de la Cfcion Canadiense<\/strong>    An\u00f3nimo 1967    119 y 60<br><strong> Ciervo <\/strong>    Prosper Lecourtier          zoo<br><strong> Cornelio Saavedra <\/strong>   Pietro Costa    1920    Parque Saavedra<br><strong> Creugas y Damoxenos<\/strong>    Copia de Canova    1915    Pza. San Martin<br><strong> Dardo Rocha<\/strong>    Cesar Sforza    1934    Pza. Dardo Rocha<br><strong> Disc\u00f3bolo<\/strong>    Copia Miron 1910    Hip\u00f3dromo<br><strong> Domingo Matheu<\/strong>    Pietro Costa    1920    Pza. Matheu 1 y 66<br><strong> Don Bosco <\/strong>   Quint\u00edn Piana   1934?   Diag. 73 y 58<br><strong> El Arquero  <\/strong>  Troiano Troiani  1970    Pza. Moreno<br><strong> El cargador de le\u00f1a  <\/strong>  Emmanuel hannax 1893    Municipalidad<br><strong> El comercio<\/strong>    Pietro Costa        Paseo del lago<br><strong> El Oc\u00e9ano Atl\u00e1ntico<\/strong>    Raymond Rivoire 1914    Parque Saavedra<br><strong> El portador de la antorcha ol\u00edmpica <\/strong>   V\u00edctor de Pol   1906    53 y 7<br><strong> El R\u00edo de La Plata<\/strong>-hurto-    Raymond Rivoire 1914    Parque Saavedra<br><strong> El Trabajo<\/strong>    Alessandro Laforet      Pza. Italia<br><strong> En memoria de los l\u00e1pices<\/strong>    An\u00f3nimo 1996    8 y 61<br><strong> Estudiante Platense <\/strong>   Pablo Semenas   1980    53 y 1<br><strong> Eva Per\u00f3n<\/strong>    An\u00f3nimo 1984    Plaza Moreno<\/p>\n\n\n\n<p class=\"has-text-align-center\"><br><strong> Bancos del Bosque <\/strong>   M\u00e1ximo C. Maldonado    1958    1 y 52<br><strong> Bancos del Bosque<\/strong>    Susana Macris   1998     <br><strong> Bernardino Rivadavia <\/strong>   Pietro Costa    1903    Pza. Rivadavia<br><strong> Bernardo Houssay  <\/strong>  An\u00f3nimo 1976    Pza. Dardo Rocha<br><strong> Carlos Gardel   <\/strong> Leonardo Virgilio   1984    Teatro del Lago<br><strong> Carlos Spegazzini <\/strong>   M\u00e1ximo Maldonado    1942    Cerca museo<\/p>\n\n\n<div class=\"wp-block-image\">\n<figure class=\"aligncenter\"><img loading=\"lazy\" decoding=\"async\" width=\"343\" height=\"466\" src=\"http:\/\/www.laplatamagica.com.ar\/wp-content\/uploads\/2020\/04\/maldonado.jpg\" alt=\"\" class=\"wp-image-6824\" srcset=\"https:\/\/laplatamagica.ar\/wp-content\/uploads\/2020\/04\/maldonado.jpg 343w, https:\/\/laplatamagica.ar\/wp-content\/uploads\/2020\/04\/maldonado-221x300.jpg 221w\" sizes=\"auto, (max-width: 343px) 85vw, 343px\" \/><\/figure>\n<\/div>\n\n\n<p class=\"has-text-align-center\"><strong>Faro de la Ingenier\u00eda<\/strong> &nbsp;&nbsp;&nbsp;&nbsp; Gyula Koisce&nbsp;&nbsp;&nbsp;&nbsp;&nbsp; 1982&nbsp;&nbsp;&nbsp;&nbsp;&nbsp; 7 y 528<br><strong> Flora<\/strong>    Fremin? 1914    zoo<br> <strong>Florencio S\u00e1nchez <\/strong>   Leonardo Virgilio   1961    22 e\/ 57 y dg. 75<br><strong> Francisco L\u00f3pez Merino<\/strong>   Agust\u00edn Riganelle   1921    Paseo del lago<br><strong> Fuente con delfines<\/strong>    An\u00f3nimo     zoo<br><strong> Fuente escult\u00f3rica<\/strong>    An\u00f3nimo     izquierda zoo<\/p>\n\n\n<div class=\"wp-block-image\">\n<figure class=\"aligncenter\"><img loading=\"lazy\" decoding=\"async\" width=\"343\" height=\"364\" src=\"http:\/\/www.laplatamagica.com.ar\/wp-content\/uploads\/2020\/05\/Gyula-Kosice.jpg\" alt=\"Gyula Kosice Artista\" class=\"wp-image-6866\" srcset=\"https:\/\/laplatamagica.ar\/wp-content\/uploads\/2020\/05\/Gyula-Kosice.jpg 343w, https:\/\/laplatamagica.ar\/wp-content\/uploads\/2020\/05\/Gyula-Kosice-283x300.jpg 283w\" sizes=\"auto, (max-width: 343px) 85vw, 343px\" \/><\/figure>\n<\/div>\n\n\n<p class=\"has-text-align-center\"><br><strong> Fuente escult\u00f3rica<\/strong>    An\u00f3nimo     izquierda zoo<br><strong> Fuente Fernando Arranz<\/strong>    Fernando Arranz  1931    Dg. 80 y 48<\/p>\n\n\n<div class=\"wp-block-image\">\n<figure class=\"aligncenter\"><img loading=\"lazy\" decoding=\"async\" width=\"268\" height=\"397\" src=\"http:\/\/www.laplatamagica.com.ar\/wp-content\/uploads\/2020\/05\/Erranz.jpg\" alt=\"\" class=\"wp-image-6867\" srcset=\"https:\/\/laplatamagica.ar\/wp-content\/uploads\/2020\/05\/Erranz.jpg 268w, https:\/\/laplatamagica.ar\/wp-content\/uploads\/2020\/05\/Erranz-203x300.jpg 203w\" sizes=\"auto, (max-width: 268px) 85vw, 268px\" \/><\/figure>\n<\/div>\n\n\n<p class=\"has-text-align-center\"><br><strong> Fuente. Al inmigrante italiano<\/strong>    Eduardo Rguez del Pino  1983    Plaza Italia<br> <strong>Fuente. Los 5 Continentes<\/strong>    Cesar L\u00f3pez Osornio     Pza. Malvinas<br><strong> Fuente. Plano de La Plata<\/strong>    An\u00f3nimo     13 y 32<br><strong> Fuerzas emergentes <\/strong>   Uliana y Sirabo 1994    3 y 34<br> <strong>Gran vaso cabeza de fauno<\/strong>, 2    An\u00f3nimo 1912    Pza. Moreno<br><strong> Guillermo Brown<\/strong>    Nicasio Fern\u00e1ndez Mar   1955    1 y 52<br><strong> Guillermo Udaondo<\/strong>    Alberto Lagos   1940    1 y 53<\/p>\n\n\n<div class=\"wp-block-image\">\n<figure class=\"aligncenter\"><img loading=\"lazy\" decoding=\"async\" width=\"357\" height=\"600\" src=\"http:\/\/www.laplatamagica.com.ar\/wp-content\/uploads\/2020\/04\/Alberto-Lagos.jpg\" alt=\"\" class=\"wp-image-6825\" srcset=\"https:\/\/laplatamagica.ar\/wp-content\/uploads\/2020\/04\/Alberto-Lagos.jpg 357w, https:\/\/laplatamagica.ar\/wp-content\/uploads\/2020\/04\/Alberto-Lagos-179x300.jpg 179w\" sizes=\"auto, (max-width: 357px) 85vw, 357px\" \/><\/figure>\n<\/div>\n\n\n<p class=\"has-text-align-center\"><br><strong> Hip\u00f3lito Yrigoyen <\/strong>&#8211; hurto-    An\u00f3nimo 1992    Pza. Irigoyen<br><strong> Inmaculada Concepci\u00f3n <\/strong>   An\u00f3nimo 1905    Jardines de la catedral hacia 54<br><strong> Inmaculada Concepci\u00f3n<\/strong>    An\u00f3nimo 1981    7 y 32<br><strong> Confraternidad Italoargentina<\/strong>    Giovanola- Vecellio 1917    Pza. Italia<br><strong> Joaqu\u00edn V\u00edctor Gonz\u00e1lez  <\/strong>  Carlos Butin    1982    Odontolog\u00eda 1 y 50<br><strong> Joaqu\u00edn V\u00edctor Gonz\u00e1lez  <\/strong>  Hernan Cullen Ayerza    1930    unlp calle 47<br><strong> Jos\u00e9 Caselli<\/strong>    Franco Furfaro  1972    Paseo del lago<\/p>\n\n\n<div class=\"wp-block-image\">\n<figure class=\"aligncenter\"><img loading=\"lazy\" decoding=\"async\" width=\"310\" height=\"363\" src=\"http:\/\/www.laplatamagica.com.ar\/wp-content\/uploads\/2020\/04\/Henri-Allouard.jpg\" alt=\"\" class=\"wp-image-6826\" srcset=\"https:\/\/laplatamagica.ar\/wp-content\/uploads\/2020\/04\/Henri-Allouard.jpg 310w, https:\/\/laplatamagica.ar\/wp-content\/uploads\/2020\/04\/Henri-Allouard-256x300.jpg 256w\" sizes=\"auto, (max-width: 310px) 85vw, 310px\" \/><\/figure>\n<\/div>\n\n\n<p class=\"has-text-align-center\"><br><strong> Jos\u00e9 de San Martin<\/strong>     Henri Allourd 1914    Pza. San Martin<br><strong> Jos\u00e9 Gervasio Artigas  <\/strong> Juan Luis Blanes    1968    Av. Iraola.Frente Jard\u00edn Paz<br> <\/p>\n\n\n<div class=\"wp-block-image\">\n<figure class=\"aligncenter\"><img loading=\"lazy\" decoding=\"async\" width=\"329\" height=\"363\" src=\"http:\/\/www.laplatamagica.com.ar\/wp-content\/uploads\/2020\/04\/Juan-Luis-Blanes.jpg\" alt=\"\" class=\"wp-image-6827\" srcset=\"https:\/\/laplatamagica.ar\/wp-content\/uploads\/2020\/04\/Juan-Luis-Blanes.jpg 329w, https:\/\/laplatamagica.ar\/wp-content\/uploads\/2020\/04\/Juan-Luis-Blanes-272x300.jpg 272w\" sizes=\"auto, (max-width: 329px) 85vw, 329px\" \/><\/figure>\n<\/div>\n\n\n<p class=\"has-text-align-center\"><strong>Jos\u00e9 Luis Cabezas<\/strong>    An\u00f3nimo     Pza. San Martin<br><strong> Juan Domingo Per\u00f3n<\/strong>    An\u00f3nimo 2009    Plaza Moreno<br><strong> Juan Jos\u00e9 Paso <\/strong>   Pietro Costa    1920    Pza. Pazo<br><strong> Jules Nicol\u00e1s Crevaux  <\/strong>  L.Benoit-Godet  1885    zoo<br><strong> Korn Alejandro  <\/strong>  M\u00e1ximo Maldonado    1942    Cerca museo<br><strong> La Agricultura<\/strong>    Raymond Rivoire 1914    Moreno Pza. Olazabal<br><strong> La Arquitectura <\/strong>   Lucio Correa Morales    1884    jardines unlp<br><strong> La casa<\/strong>    An\u00f3nimo-Fleming 1914    zoo<\/p>\n\n\n<div class=\"wp-block-image\">\n<figure class=\"aligncenter\"><img loading=\"lazy\" decoding=\"async\" width=\"332\" height=\"400\" src=\"http:\/\/www.laplatamagica.com.ar\/wp-content\/uploads\/2020\/06\/Rivoire.jpg\" alt=\"\" class=\"wp-image-7135\" srcset=\"https:\/\/laplatamagica.ar\/wp-content\/uploads\/2020\/06\/Rivoire.jpg 332w, https:\/\/laplatamagica.ar\/wp-content\/uploads\/2020\/06\/Rivoire-249x300.jpg 249w\" sizes=\"auto, (max-width: 332px) 85vw, 332px\" \/><\/figure>\n<\/div>\n\n\n<p class=\"has-text-align-center\"><br> <strong>La Ganader\u00eda. Zeus Europa <\/strong>   Raymond Rivoire 1914    Parque Saavedra<br><strong> La naturaleza del arte<\/strong>    Fundaci\u00f3n a la pl\u00e1stica 1994    izquierda zoo<br><strong> La Paz-hurto- <\/strong>   An\u00f3nimo     Parque Saavedra<br><strong> Las Artes<\/strong>    Pietro Costa        Av. Iraola-zoo<\/p>\n\n\n<div class=\"wp-block-image\">\n<figure class=\"aligncenter\"><img loading=\"lazy\" decoding=\"async\" width=\"243\" height=\"310\" src=\"http:\/\/www.laplatamagica.com.ar\/wp-content\/uploads\/2020\/06\/Mathurin-Moreau.jpg\" alt=\"\" class=\"wp-image-7136\" srcset=\"https:\/\/laplatamagica.ar\/wp-content\/uploads\/2020\/06\/Mathurin-Moreau.jpg 243w, https:\/\/laplatamagica.ar\/wp-content\/uploads\/2020\/06\/Mathurin-Moreau-235x300.jpg 235w\" sizes=\"auto, (max-width: 243px) 85vw, 243px\" \/><\/figure>\n<\/div>\n\n\n<p class=\"has-text-align-center\"><br><strong> Las Cuatro Estaciones <\/strong>   Mathurin Moreau 1912    Plaza Moreno<br><strong> Las Tres Gracias<\/strong>    An\u00f3nimo 1917    zoo<br><strong> Los N\u00e1ufragos<\/strong>    Emilio Andina   1907    Paseo del lago<br><strong> Marcelino Ugarte<\/strong>    L.C.Rovatti 1961    jardines Bco. Pcia<br><strong> Marcos Levalle<\/strong>    An\u00f3nimo     Diag.74 y 120<\/p>\n\n\n<div class=\"wp-block-image\">\n<figure class=\"aligncenter\"><img loading=\"lazy\" decoding=\"async\" width=\"299\" height=\"381\" src=\"http:\/\/www.laplatamagica.com.ar\/wp-content\/uploads\/2020\/05\/D-Lasta.jpg\" alt=\"Ricardo Dalla Lasta\" class=\"wp-image-6868\" srcset=\"https:\/\/laplatamagica.ar\/wp-content\/uploads\/2020\/05\/D-Lasta.jpg 299w, https:\/\/laplatamagica.ar\/wp-content\/uploads\/2020\/05\/D-Lasta-235x300.jpg 235w\" sizes=\"auto, (max-width: 299px) 85vw, 299px\" \/><\/figure>\n<\/div>\n\n\n<p class=\"has-text-align-center\"><br><strong> Mariano Moreno<\/strong>    Ricardo Dalla Lasta  1999    Pza. Moreno<br><strong> Martin Iraola<\/strong>    Copia Escuela de Tolosa- ?  1921    Pza. Tolosa<br><strong> Mujer con c\u00e1ntaro<\/strong>    An\u00f3nimo     Parque Saavedra<br><strong> Mulitas<\/strong>    M\u00e1ximo Maldonado    1958    120 y 52<br><strong> Ni\u00f1o con delf\u00edn <\/strong>   F. Lovatelli    1914    Parque Saavedra<br><strong> Ni\u00f1o<\/strong>    An\u00f3nimo     Jardines Legislatura<br><strong> Obelisco a los t\u00e9cnicos de la ciudad.  <\/strong>  Jos\u00e9 L. Negri   1932    50,6 y Dg. 80<br><strong> Perro vagabundo<\/strong>    Jorge Iza   1991    13 y 38<br><strong> Personificaci\u00f3n?<\/strong>    An\u00f3nimo     Estanque zoo<br><strong> Pila con putti    An\u00f3nimo     zoo<br> Polic\u00edas muertos en servicio<\/strong>    Carlos Butin    1966    Pza. Rivadavia<br><strong> Reloj de sol <\/strong>   An\u00f3nimo 1981    Pza. Irigoyen<br><strong> Rep\u00fablica del L\u00edbano <\/strong>   Sirabo y Tomas  1971    Pza. del L\u00edbano 1 y 54<br><strong> Roberto Themis Speron<\/strong>i    Heberto W. Andrade 1967    Paseo del Lago<\/p>\n\n\n<div class=\"wp-block-image\">\n<figure class=\"aligncenter\"><img loading=\"lazy\" decoding=\"async\" width=\"319\" height=\"300\" src=\"http:\/\/www.laplatamagica.com.ar\/wp-content\/uploads\/2020\/05\/Andrade.jpg\" alt=\"Heberto Washington Andrade Escultor\" class=\"wp-image-6870\" srcset=\"https:\/\/laplatamagica.ar\/wp-content\/uploads\/2020\/05\/Andrade.jpg 319w, https:\/\/laplatamagica.ar\/wp-content\/uploads\/2020\/05\/Andrade-300x282.jpg 300w\" sizes=\"auto, (max-width: 319px) 85vw, 319px\" \/><\/figure>\n<\/div>\n\n\n<p class=\"has-text-align-center\"><br><strong> San Francisco de As\u00eds<\/strong>    Reyling     zoo<br><strong> San Ponciano<\/strong>    M\u00e1ximo Maldonado    1973    Jardines de la catedral hacia 51<br><strong> Sargento Cabral<\/strong>            7 y 32<br><strong> Sargento Cabral  <\/strong>  An\u00f3nimo 1986    Av. 32 e\/ 6 y 7<br><strong> Sarmiento<\/strong>-hurto-    An\u00f3nimo     Pza. Sarmiento<br><strong> Sim\u00f3n Bol\u00edvar<\/strong>    M\u00e1ximo Maldonado        53 e\/ 11 y 12<br><strong> Tambor de Tacuar\u00ed<\/strong>    Feliz Pardo de Tavera       Pza. M\u00e1ximo Paz<br><em><strong> Tehuelche<\/strong><\/em>-hurto-    Emilio Andina       Parque Saavedra<br><strong> Trabajador<\/strong>    A. Perekrest    1996    Parque Saavedra<br><strong> Vasos 3<\/strong>    An\u00f3nimo     Teatro del Lago<br><strong> Vestal <\/strong>   Mathurin Moreau 1982    Municipalidad<br> <strong>Vucetich  <\/strong>  M\u00e1ximo Maldonado    1942    Cerca museo<\/p>\n\n\n\n<p class=\"has-text-align-center\"><br><strong> Alfredo Palacios<\/strong>     Carlos Walter Butin      1996    7 y 50<br><strong> Almafuerte<\/strong>    M\u00e1ximo Maldonado    1942    Cerca museo<br><strong> Ana Mar\u00eda Goitia<\/strong>    R. Dalla Lasta  1995    6 y 51<br><strong> Arturo Jauretche <\/strong>   An\u00f3nimo 1976    Dg. 78 y 4<\/p>\n\n\n\n<figure class=\"wp-block-image size-full\"><a href=\"https:\/\/revolucion989.com.ar\/\" target=\"_blank\" rel=\" noreferrer noopener\"><img decoding=\"async\" src=\"https:\/\/laplatamagica.ar\/wp-content\/uploads\/2024\/12\/baner-1.jpg\" alt=\"\" class=\"wp-image-12871\"\/><\/a><\/figure>\n\n\n\n<p><\/p>\n","protected":false},"excerpt":{"rendered":"<p>Obra Autor Inauguraci\u00f3n Ubicaci\u00f3n A la madre An\u00f3nimo 60 y 137 A la Madre Leonardo Virgilio 1963 60 y 116 A la Medicina Eduardo Migo 1992 Dg. 79 y 1 El maestro Eduardo Migo haciendo un mausoleo de &#8220;La ciudadan\u00eda y los soldados de Malvinas&#8221;- Se inaugurar\u00e1 en junio de 2022 por los 40 a\u00f1os &hellip; <a href=\"https:\/\/laplatamagica.ar\/?page_id=6804\" class=\"more-link\">Continuar leyendo<span class=\"screen-reader-text\"> &#8220;Monumentos y Estatuas&#8221;<\/span><\/a><\/p>\n","protected":false},"author":1,"featured_media":0,"parent":0,"menu_order":0,"comment_status":"closed","ping_status":"closed","template":"","meta":{"switch_pages_title":"","h5ap_radio_sources":[],"footnotes":""},"class_list":["post-6804","page","type-page","status-publish","hentry"],"_links":{"self":[{"href":"https:\/\/laplatamagica.ar\/index.php?rest_route=\/wp\/v2\/pages\/6804","targetHints":{"allow":["GET"]}}],"collection":[{"href":"https:\/\/laplatamagica.ar\/index.php?rest_route=\/wp\/v2\/pages"}],"about":[{"href":"https:\/\/laplatamagica.ar\/index.php?rest_route=\/wp\/v2\/types\/page"}],"author":[{"embeddable":true,"href":"https:\/\/laplatamagica.ar\/index.php?rest_route=\/wp\/v2\/users\/1"}],"replies":[{"embeddable":true,"href":"https:\/\/laplatamagica.ar\/index.php?rest_route=%2Fwp%2Fv2%2Fcomments&post=6804"}],"version-history":[{"count":4,"href":"https:\/\/laplatamagica.ar\/index.php?rest_route=\/wp\/v2\/pages\/6804\/revisions"}],"predecessor-version":[{"id":12886,"href":"https:\/\/laplatamagica.ar\/index.php?rest_route=\/wp\/v2\/pages\/6804\/revisions\/12886"}],"wp:attachment":[{"href":"https:\/\/laplatamagica.ar\/index.php?rest_route=%2Fwp%2Fv2%2Fmedia&parent=6804"}],"curies":[{"name":"wp","href":"https:\/\/api.w.org\/{rel}","templated":true}]}}