{"id":7599,"date":"2020-07-26T11:56:44","date_gmt":"2020-07-26T14:56:44","guid":{"rendered":"http:\/\/www.laplatamagica.com.ar\/?page_id=7599"},"modified":"2024-12-04T16:44:07","modified_gmt":"2024-12-04T19:44:07","slug":"fotos-antiguas-11","status":"publish","type":"page","link":"https:\/\/laplatamagica.ar\/?page_id=7599","title":{"rendered":"Fotos Antiguas 11"},"content":{"rendered":"\n<h5 class=\"wp-block-heading has-text-align-center\"><br>Galer\u00eda de Fotos>\u00a0<a href=\"http:\/\/www.laplatamagica.com.ar\/?page_id=922\">1\u00a0\u00a0<\/a><a href=\"http:\/\/www.laplatamagica.com.ar\/?page_id=1010\">2\u00a0\u00a0<\/a><a href=\"http:\/\/www.laplatamagica.com.ar\/?page_id=1121\">3\u00a0<\/a><a href=\"http:\/\/www.laplatamagica.com.ar\/?page_id=1245\">4\u00a0<\/a><a href=\"http:\/\/www.laplatamagica.com.ar\/?page_id=1404\">5\u00a0<\/a><a href=\"http:\/\/www.laplatamagica.com.ar\/?page_id=1508\">6\u00a0<\/a><a href=\"http:\/\/www.laplatamagica.com.ar\/?page_id=5305\">7\u00a0<\/a><a href=\"http:\/\/www.laplatamagica.com.ar\/?page_id=6133\">8 <\/a><a href=\"http:\/\/www.laplatamagica.com.ar\/?page_id=6706\">9 <\/a><a href=\"http:\/\/www.laplatamagica.com.ar\/?page_id=6987\">10 <\/a><a href=\"http:\/\/www.laplatamagica.com.ar\/?page_id=7599\">11 <\/a><a href=\"http:\/\/www.laplatamagica.com.ar\/?page_id=8208\">12 <\/a><a href=\"http:\/\/www.laplatamagica.com.ar\/?page_id=8725\">13 <\/a><a href=\"http:\/\/www.laplatamagica.com.ar\/?page_id=9158\">14<\/a> <br><\/h5>\n\n\n\n<meta name=\"google-site-verification\" content=\"M7MLd8EiK6vH3vKiaxJhArPjny-NOmeNFIymND3QUrI\" \/>\n\n\n<div class=\"wp-block-image\">\n<figure class=\"aligncenter\"><img loading=\"lazy\" decoding=\"async\" width=\"100\" height=\"127\" src=\"http:\/\/www.laplatamagica.com.ar\/wp-content\/uploads\/2019\/09\/fotografo-3.jpg\" alt=\"\" class=\"wp-image-1672\"\/><\/figure>\n<\/div>\n\n\n<figure class=\"wp-block-image\"><img loading=\"lazy\" decoding=\"async\" width=\"900\" height=\"525\" src=\"http:\/\/www.laplatamagica.com.ar\/wp-content\/uploads\/2020\/09\/legislaturapor51.jpg\" alt=\"Vista de la Legislatura sobre calle 7 desde calle 51.\" class=\"wp-image-8170\" srcset=\"https:\/\/laplatamagica.ar\/wp-content\/uploads\/2020\/09\/legislaturapor51.jpg 900w, https:\/\/laplatamagica.ar\/wp-content\/uploads\/2020\/09\/legislaturapor51-300x175.jpg 300w, https:\/\/laplatamagica.ar\/wp-content\/uploads\/2020\/09\/legislaturapor51-768x448.jpg 768w\" sizes=\"auto, (max-width: 709px) 85vw, (max-width: 909px) 67vw, (max-width: 1362px) 62vw, 840px\" \/><\/figure>\n\n\n\n<p class=\"has-text-align-center\"><strong>Vista de la Legislatura sobre calle 7 desde calle 51, cuando no se hab\u00edan colocado las rejas.<\/strong><\/p>\n\n\n\n<figure class=\"wp-block-image\"><img loading=\"lazy\" decoding=\"async\" width=\"1000\" height=\"670\" src=\"http:\/\/www.laplatamagica.com.ar\/wp-content\/uploads\/2020\/07\/diagonal-73.jpg\" alt=\"Diagonal 73 hacia la plaza San Mart\u00edn en el a\u00f1o 1939.\" class=\"wp-image-7610\" srcset=\"https:\/\/laplatamagica.ar\/wp-content\/uploads\/2020\/07\/diagonal-73.jpg 1000w, https:\/\/laplatamagica.ar\/wp-content\/uploads\/2020\/07\/diagonal-73-300x201.jpg 300w, https:\/\/laplatamagica.ar\/wp-content\/uploads\/2020\/07\/diagonal-73-768x515.jpg 768w\" sizes=\"auto, (max-width: 709px) 85vw, (max-width: 909px) 67vw, (max-width: 1362px) 62vw, 840px\" \/><\/figure>\n\n\n\n<p class=\"has-text-align-center\"><strong>Vista de la diagonal 79 en el a\u00f1o 1939, al fondo se aprecia la legislatura y la plaza San Mart\u00edn, la circulaci\u00f3n de veh\u00edculos es hacia la izquierda.<\/strong><\/p>\n\n\n\n<figure class=\"wp-block-image\"><img loading=\"lazy\" decoding=\"async\" width=\"800\" height=\"643\" src=\"http:\/\/www.laplatamagica.com.ar\/wp-content\/uploads\/2020\/07\/calle-53.jpg\" alt=\"Jefatura de Polic\u00eda en el a\u00f1o 1897 de La Plata.\" class=\"wp-image-7612\" srcset=\"https:\/\/laplatamagica.ar\/wp-content\/uploads\/2020\/07\/calle-53.jpg 800w, https:\/\/laplatamagica.ar\/wp-content\/uploads\/2020\/07\/calle-53-300x241.jpg 300w, https:\/\/laplatamagica.ar\/wp-content\/uploads\/2020\/07\/calle-53-768x617.jpg 768w\" sizes=\"auto, (max-width: 800px) 85vw, 800px\" \/><\/figure>\n\n\n\n<p class=\"has-text-align-center\"><strong>Jefatura de Polic\u00eda en el a\u00f1o 1897, se puede observar la poca gente en las calles , en una ciudad tranquila.<\/strong><\/p>\n\n\n\n<figure class=\"wp-block-image\"><img loading=\"lazy\" decoding=\"async\" width=\"1000\" height=\"558\" src=\"http:\/\/www.laplatamagica.com.ar\/wp-content\/uploads\/2020\/07\/Estaci\u00f3n19-de-noviembre.jpg\" alt=\"Vista de la calle 50 en 1897, la estaci\u00f3n ferroviaria a la izquierda.\" class=\"wp-image-7616\" srcset=\"https:\/\/laplatamagica.ar\/wp-content\/uploads\/2020\/07\/Estaci\u00f3n19-de-noviembre.jpg 1000w, https:\/\/laplatamagica.ar\/wp-content\/uploads\/2020\/07\/Estaci\u00f3n19-de-noviembre-300x167.jpg 300w, https:\/\/laplatamagica.ar\/wp-content\/uploads\/2020\/07\/Estaci\u00f3n19-de-noviembre-768x429.jpg 768w\" sizes=\"auto, (max-width: 709px) 85vw, (max-width: 909px) 67vw, (max-width: 1362px) 62vw, 840px\" \/><\/figure>\n\n\n\n<p class=\"has-text-align-center\"><strong>Vista de la calle 50 en 1897, la estaci\u00f3n ferroviaria a la izquierda y el transito de la \u00e9poca.<\/strong><\/p>\n\n\n<div class=\"wp-block-image\">\n<figure class=\"aligncenter\"><img loading=\"lazy\" decoding=\"async\" width=\"1000\" height=\"810\" src=\"http:\/\/www.laplatamagica.com.ar\/wp-content\/uploads\/2020\/07\/Dia_247-01055.jpg\" alt=\"Casa de gobierno vista desde la esquina de 6 esquina 51.\" class=\"wp-image-7619\" srcset=\"https:\/\/laplatamagica.ar\/wp-content\/uploads\/2020\/07\/Dia_247-01055.jpg 1000w, https:\/\/laplatamagica.ar\/wp-content\/uploads\/2020\/07\/Dia_247-01055-300x243.jpg 300w, https:\/\/laplatamagica.ar\/wp-content\/uploads\/2020\/07\/Dia_247-01055-768x622.jpg 768w\" sizes=\"auto, (max-width: 709px) 85vw, (max-width: 909px) 67vw, (max-width: 1362px) 62vw, 840px\" \/><\/figure>\n<\/div>\n\n\n<p class=\"has-text-align-center\"><strong>Casa de gobierno vista desde la esquina de 6 esquina 51 a\u00f1o 1898.<\/strong><\/p>\n\n\n<div class=\"wp-block-image\">\n<figure class=\"aligncenter\"><img loading=\"lazy\" decoding=\"async\" width=\"1000\" height=\"650\" src=\"http:\/\/www.laplatamagica.com.ar\/wp-content\/uploads\/2020\/07\/ba\u00f1osturcos.jpg\" alt=\"&quot;La Protectora&quot;, con su sede instalada en pleno centro, 49 entre 8 y 9 de La Plata.\" class=\"wp-image-7666\" srcset=\"https:\/\/laplatamagica.ar\/wp-content\/uploads\/2020\/07\/ba\u00f1osturcos.jpg 1000w, https:\/\/laplatamagica.ar\/wp-content\/uploads\/2020\/07\/ba\u00f1osturcos-300x195.jpg 300w, https:\/\/laplatamagica.ar\/wp-content\/uploads\/2020\/07\/ba\u00f1osturcos-768x499.jpg 768w\" sizes=\"auto, (max-width: 709px) 85vw, (max-width: 909px) 67vw, (max-width: 1362px) 62vw, 840px\" \/><\/figure>\n<\/div>\n\n\n<p class=\"has-text-align-center\"><strong>&#8220;La Protectora&#8221;, con su sede instalada en pleno centro, 49 entre 8 y 9, es conocida por los platenses por sus ba\u00f1os turcos, su gimnasio y su cancha de pelota paleta. Nacida el 25 de febrero de 1890 como Sociedad de Socorros Mutuos &#8220;La Protectora&#8221;, fue la mutual de los empleados p\u00fablicos en una ciudad que reci\u00e9n nac\u00eda. <\/strong><\/p>\n\n\n<div class=\"wp-block-image\">\n<figure class=\"aligncenter\"><img loading=\"lazy\" decoding=\"async\" width=\"1000\" height=\"698\" src=\"http:\/\/www.laplatamagica.com.ar\/wp-content\/uploads\/2020\/07\/Argentino.jpg\" alt=\"Vista del el hermoso teatro Argentino de La Plata, inaugurado en 1890.\" class=\"wp-image-7621\" srcset=\"https:\/\/laplatamagica.ar\/wp-content\/uploads\/2020\/07\/Argentino.jpg 1000w, https:\/\/laplatamagica.ar\/wp-content\/uploads\/2020\/07\/Argentino-300x209.jpg 300w, https:\/\/laplatamagica.ar\/wp-content\/uploads\/2020\/07\/Argentino-768x536.jpg 768w\" sizes=\"auto, (max-width: 709px) 85vw, (max-width: 909px) 67vw, (max-width: 1362px) 62vw, 840px\" \/><\/figure>\n<\/div>\n\n\n<p class=\"has-text-align-center\"><strong>Vista del el hermoso teatro Argentino su construcci\u00f3n demand\u00f3 cinco a\u00f1os de  ardua tarea, pero esto no impidi\u00f3 estrenar su primera obra el d\u00eda del  octavo aniversario de la joven ciudad de La Plata, el 19 de noviembre de 1890. <\/strong><\/p>\n\n\n<div class=\"wp-block-image\">\n<figure class=\"aligncenter\"><img loading=\"lazy\" decoding=\"async\" width=\"1000\" height=\"542\" src=\"http:\/\/www.laplatamagica.com.ar\/wp-content\/uploads\/2020\/09\/hospital.jpg\" alt=\"\" class=\"wp-image-8116\" srcset=\"https:\/\/laplatamagica.ar\/wp-content\/uploads\/2020\/09\/hospital.jpg 1000w, https:\/\/laplatamagica.ar\/wp-content\/uploads\/2020\/09\/hospital-300x163.jpg 300w, https:\/\/laplatamagica.ar\/wp-content\/uploads\/2020\/09\/hospital-768x416.jpg 768w\" sizes=\"auto, (max-width: 709px) 85vw, (max-width: 909px) 67vw, (max-width: 1362px) 62vw, 840px\" \/><\/figure>\n<\/div>\n\n\n<p class=\"has-text-align-center\"><strong>Construcci\u00f3n del Hospital de Gonnet de La Plata, hoy denominado Hospital &#8220;San Roque&#8221; foto del a\u00f1o 1959.<\/strong><\/p>\n\n\n<div class=\"wp-block-image\">\n<figure class=\"aligncenter\"><img loading=\"lazy\" decoding=\"async\" width=\"1000\" height=\"665\" src=\"http:\/\/www.laplatamagica.com.ar\/wp-content\/uploads\/2020\/07\/plazarocha.jpg\" alt=\"Vista de la Plaza Rocha en el a\u00f1o 1936, el monumento fue inaugurado en 1932.\" class=\"wp-image-7625\" srcset=\"https:\/\/laplatamagica.ar\/wp-content\/uploads\/2020\/07\/plazarocha.jpg 1000w, https:\/\/laplatamagica.ar\/wp-content\/uploads\/2020\/07\/plazarocha-300x200.jpg 300w, https:\/\/laplatamagica.ar\/wp-content\/uploads\/2020\/07\/plazarocha-768x511.jpg 768w\" sizes=\"auto, (max-width: 709px) 85vw, (max-width: 909px) 67vw, (max-width: 1362px) 62vw, 840px\" \/><\/figure>\n<\/div>\n\n\n<p class=\"has-text-align-center\"><strong>Vista de la Plaza Rocha en el a\u00f1o 1936, el monumento fue inaugurado en 1932.<\/strong><\/p>\n\n\n<div class=\"wp-block-image\">\n<figure class=\"aligncenter\"><img loading=\"lazy\" decoding=\"async\" width=\"1000\" height=\"694\" src=\"http:\/\/www.laplatamagica.com.ar\/wp-content\/uploads\/2020\/07\/catedralw01.jpg\" alt=\"Vista de la Catedral en 1935, as\u00ed se ve\u00eda antes de su completamiento.\" class=\"wp-image-7626\" srcset=\"https:\/\/laplatamagica.ar\/wp-content\/uploads\/2020\/07\/catedralw01.jpg 1000w, https:\/\/laplatamagica.ar\/wp-content\/uploads\/2020\/07\/catedralw01-300x208.jpg 300w, https:\/\/laplatamagica.ar\/wp-content\/uploads\/2020\/07\/catedralw01-768x533.jpg 768w\" sizes=\"auto, (max-width: 709px) 85vw, (max-width: 909px) 67vw, (max-width: 1362px) 62vw, 840px\" \/><\/figure>\n<\/div>\n\n\n<p class=\"has-text-align-center\"><strong>Vista de la Catedral en 1935, as\u00ed se ve\u00eda antes de su completamiento.<\/strong><\/p>\n\n\n<div class=\"wp-block-image\">\n<figure class=\"aligncenter\"><img loading=\"lazy\" decoding=\"async\" width=\"1000\" height=\"694\" src=\"http:\/\/www.laplatamagica.com.ar\/wp-content\/uploads\/2020\/07\/observatorior56.jpg\" alt=\"Observatorio astronomico en el Bosque platense.\" class=\"wp-image-7639\" srcset=\"https:\/\/laplatamagica.ar\/wp-content\/uploads\/2020\/07\/observatorior56.jpg 1000w, https:\/\/laplatamagica.ar\/wp-content\/uploads\/2020\/07\/observatorior56-300x208.jpg 300w, https:\/\/laplatamagica.ar\/wp-content\/uploads\/2020\/07\/observatorior56-768x533.jpg 768w\" sizes=\"auto, (max-width: 709px) 85vw, (max-width: 909px) 67vw, (max-width: 1362px) 62vw, 840px\" \/><\/figure>\n<\/div>\n\n\n<p class=\"has-text-align-center\"><strong>Observatorio astron\u00f3mico en el Bosque platense.<\/strong><\/p>\n\n\n<div class=\"wp-block-image\">\n<figure class=\"aligncenter\"><img loading=\"lazy\" decoding=\"async\" width=\"700\" height=\"501\" src=\"http:\/\/www.laplatamagica.com.ar\/wp-content\/uploads\/2020\/12\/observatorioparaweb02.jpg\" alt=\"Observatorio Astron\u00f3mico en el Bosque platense a\u00f1o 1933.\ufeff\" class=\"wp-image-8934\" srcset=\"https:\/\/laplatamagica.ar\/wp-content\/uploads\/2020\/12\/observatorioparaweb02.jpg 700w, https:\/\/laplatamagica.ar\/wp-content\/uploads\/2020\/12\/observatorioparaweb02-300x215.jpg 300w\" sizes=\"auto, (max-width: 700px) 85vw, 700px\" \/><\/figure>\n<\/div>\n\n\n<p class=\"has-text-align-center\"><strong>Otro sector del Observatorio Astron\u00f3mico en el Bosque platense a\u00f1o 1933.<\/strong><\/p>\n\n\n\n<figure class=\"wp-block-image size-full\"><img loading=\"lazy\" decoding=\"async\" width=\"1000\" height=\"701\" src=\"https:\/\/laplatamagica.ar\/wp-content\/uploads\/2023\/08\/Plot-y-grupo.jpg\" alt=\"\" class=\"wp-image-12233\" srcset=\"https:\/\/laplatamagica.ar\/wp-content\/uploads\/2023\/08\/Plot-y-grupo.jpg 1000w, https:\/\/laplatamagica.ar\/wp-content\/uploads\/2023\/08\/Plot-y-grupo-300x210.jpg 300w, https:\/\/laplatamagica.ar\/wp-content\/uploads\/2023\/08\/Plot-y-grupo-768x538.jpg 768w\" sizes=\"auto, (max-width: 709px) 85vw, (max-width: 909px) 67vw, (max-width: 1362px) 62vw, 840px\" \/><\/figure>\n\n\n\n<p class=\"has-text-align-center\"><strong>La Casa de madera del ex Zool\u00f3gico de La Plata, fue sede de la Asociaci\u00f3n de Avicultores de la Provincia de Buenos Aires. All\u00ed se reun\u00edan habitualmente y formaron los lineamientos que ser\u00edan la base para el desarrollo de la actividad Av\u00edcola en nuestro pa\u00eds. Esta propiedad fue tambi\u00e9n el espacio donde el primer director del Zoo Don Alfredo Florencio Plot, viv\u00eda junto a su familia, que vivi\u00f3 dentro del Jard\u00edn Zool\u00f3gico por espacio de aproximadamente 11 a\u00f1os a partir de 1907.<\/strong><\/p>\n\n\n<div class=\"wp-block-image\">\n<figure class=\"aligncenter\"><img loading=\"lazy\" decoding=\"async\" width=\"1000\" height=\"730\" src=\"http:\/\/www.laplatamagica.com.ar\/wp-content\/uploads\/2020\/07\/Museo-ciencias02.jpg\" alt=\"Vista del Museo de Ciencias Naturales en el Bosque de nuestra ciudad.\" class=\"wp-image-7668\" srcset=\"https:\/\/laplatamagica.ar\/wp-content\/uploads\/2020\/07\/Museo-ciencias02.jpg 1000w, https:\/\/laplatamagica.ar\/wp-content\/uploads\/2020\/07\/Museo-ciencias02-300x219.jpg 300w, https:\/\/laplatamagica.ar\/wp-content\/uploads\/2020\/07\/Museo-ciencias02-768x561.jpg 768w\" sizes=\"auto, (max-width: 709px) 85vw, (max-width: 909px) 67vw, (max-width: 1362px) 62vw, 840px\" \/><\/figure>\n<\/div>\n\n\n<p class=\"has-text-align-center\"><strong>Vista del Museo de Ciencias Naturales en el Bosque de nuestra ciudad, en el a\u00f1o 1895, obs\u00e9rvese que todav\u00eda estaba el camino de tierra para llegar. <\/strong><\/p>\n\n\n<div class=\"wp-block-image\">\n<figure class=\"aligncenter\"><img loading=\"lazy\" decoding=\"async\" width=\"1000\" height=\"738\" src=\"http:\/\/www.laplatamagica.com.ar\/wp-content\/uploads\/2021\/02\/bibliotecadelmuseo.jpg\" alt=\"Creada en 1884, es la Biblioteca Central de la Facultad de Ciencias Naturales y Museo de la Universidad Nacional de La Plata. \n La Biblioteca Florentino Ameghino es la Biblioteca Central de la Facultad de Ciencias Naturales y Museo (FCNyM) perteneciente a la Universidad Nacional de La Plata.\" class=\"wp-image-9675\" srcset=\"https:\/\/laplatamagica.ar\/wp-content\/uploads\/2021\/02\/bibliotecadelmuseo.jpg 1000w, https:\/\/laplatamagica.ar\/wp-content\/uploads\/2021\/02\/bibliotecadelmuseo-300x221.jpg 300w, https:\/\/laplatamagica.ar\/wp-content\/uploads\/2021\/02\/bibliotecadelmuseo-768x567.jpg 768w\" sizes=\"auto, (max-width: 709px) 85vw, (max-width: 909px) 67vw, (max-width: 1362px) 62vw, 840px\" \/><\/figure>\n<\/div>\n\n\n<p class=\"has-text-align-center\"><strong>Creada en 1884, es la Biblioteca Central de la Facultad de Ciencias Naturales y Museo de la Universidad Nacional de La Plata. <br> La Biblioteca Florentino Ameghino es la Biblioteca Central de la Facultad de Ciencias Naturales y Museo (FCNyM) perteneciente a la Universidad Nacional de La Plata.<br> Fue creada en 1884 como Biblioteca del Museo de Ciencias Naturales de esta ciudad. Su fondo bibliogr\u00e1fico se conform\u00f3 inicialmente con donaciones y compras de libros y otros materiales pertenecientes a las bibliotecas particulares de importantes personalidades de la \u00e9poca, como Francisco P. Moreno, Antonio Zinni, Nicol\u00e1s Avellaneda, entre otros.<\/strong><\/p>\n\n\n<div class=\"wp-block-image\">\n<figure class=\"aligncenter\"><img loading=\"lazy\" decoding=\"async\" width=\"1000\" height=\"578\" src=\"http:\/\/www.laplatamagica.com.ar\/wp-content\/uploads\/2020\/07\/facultades.jpg\" alt=\"Facultades de Agronom\u00eda y Veterinaria a\u00f1o 1900, en La Plata.\" class=\"wp-image-7676\" srcset=\"https:\/\/laplatamagica.ar\/wp-content\/uploads\/2020\/07\/facultades.jpg 1000w, https:\/\/laplatamagica.ar\/wp-content\/uploads\/2020\/07\/facultades-300x173.jpg 300w, https:\/\/laplatamagica.ar\/wp-content\/uploads\/2020\/07\/facultades-768x444.jpg 768w\" sizes=\"auto, (max-width: 709px) 85vw, (max-width: 909px) 67vw, (max-width: 1362px) 62vw, 840px\" \/><\/figure>\n<\/div>\n\n\n<p class=\"has-text-align-center\"><strong>Facultades de Agronom\u00eda y Veterinaria a\u00f1o 1900.<\/strong><\/p>\n\n\n<div class=\"wp-block-image\">\n<figure class=\"aligncenter\"><img loading=\"lazy\" decoding=\"async\" width=\"1000\" height=\"734\" src=\"http:\/\/www.laplatamagica.com.ar\/wp-content\/uploads\/2020\/07\/interiormuseo.jpg\" alt=\"Sala de exposici\u00f3n del Museo de Ciencias Naturales de La Plata. \" class=\"wp-image-7671\" srcset=\"https:\/\/laplatamagica.ar\/wp-content\/uploads\/2020\/07\/interiormuseo.jpg 1000w, https:\/\/laplatamagica.ar\/wp-content\/uploads\/2020\/07\/interiormuseo-300x220.jpg 300w, https:\/\/laplatamagica.ar\/wp-content\/uploads\/2020\/07\/interiormuseo-768x564.jpg 768w\" sizes=\"auto, (max-width: 709px) 85vw, (max-width: 909px) 67vw, (max-width: 1362px) 62vw, 840px\" \/><\/figure>\n<\/div>\n\n\n<p class=\"has-text-align-center\"><strong>Una de las salas de exposici\u00f3n del Museo de Ciencias Naturales. <\/strong><\/p>\n\n\n<div class=\"wp-block-image\">\n<figure class=\"aligncenter\"><img loading=\"lazy\" decoding=\"async\" width=\"1000\" height=\"294\" src=\"http:\/\/www.laplatamagica.com.ar\/wp-content\/uploads\/2020\/09\/directoras.jpg\" alt=\"Directoras de la Escuela Normal N\u00famero 2\" class=\"wp-image-8184\" srcset=\"https:\/\/laplatamagica.ar\/wp-content\/uploads\/2020\/09\/directoras.jpg 1000w, https:\/\/laplatamagica.ar\/wp-content\/uploads\/2020\/09\/directoras-300x88.jpg 300w, https:\/\/laplatamagica.ar\/wp-content\/uploads\/2020\/09\/directoras-768x226.jpg 768w\" sizes=\"auto, (max-width: 709px) 85vw, (max-width: 909px) 67vw, (max-width: 1362px) 62vw, 840px\" \/><figcaption class=\"wp-element-caption\"><strong>Directoras de la Escuela Normal N\u00famero 2<\/strong><\/figcaption><\/figure>\n<\/div>\n\n<div class=\"wp-block-image\">\n<figure class=\"aligncenter\"><img loading=\"lazy\" decoding=\"async\" width=\"1000\" height=\"706\" src=\"http:\/\/www.laplatamagica.com.ar\/wp-content\/uploads\/2020\/07\/bosque1936.jpg\" alt=\"Vista del Bosque en la d\u00e9cada de 1930.\" class=\"wp-image-7627\" srcset=\"https:\/\/laplatamagica.ar\/wp-content\/uploads\/2020\/07\/bosque1936.jpg 1000w, https:\/\/laplatamagica.ar\/wp-content\/uploads\/2020\/07\/bosque1936-300x212.jpg 300w, https:\/\/laplatamagica.ar\/wp-content\/uploads\/2020\/07\/bosque1936-768x542.jpg 768w\" sizes=\"auto, (max-width: 709px) 85vw, (max-width: 909px) 67vw, (max-width: 1362px) 62vw, 840px\" \/><\/figure>\n<\/div>\n\n\n<p class=\"has-text-align-center\"><strong>Vista del Bosque en la d\u00e9cada de 1930.<\/strong><\/p>\n\n\n<div class=\"wp-block-image\">\n<figure class=\"aligncenter\"><img loading=\"lazy\" decoding=\"async\" width=\"1000\" height=\"825\" src=\"http:\/\/www.laplatamagica.com.ar\/wp-content\/uploads\/2020\/07\/picnic.jpg\" alt=\"\" class=\"wp-image-7662\" srcset=\"https:\/\/laplatamagica.ar\/wp-content\/uploads\/2020\/07\/picnic.jpg 1000w, https:\/\/laplatamagica.ar\/wp-content\/uploads\/2020\/07\/picnic-300x248.jpg 300w, https:\/\/laplatamagica.ar\/wp-content\/uploads\/2020\/07\/picnic-768x634.jpg 768w\" sizes=\"auto, (max-width: 709px) 85vw, (max-width: 909px) 67vw, (max-width: 1362px) 62vw, 840px\" \/><\/figure>\n<\/div>\n\n\n<p class=\"has-text-align-center\"><strong>En el pasado hacer un picnic era un paseo com\u00fan al aire libre, la foto es de 1893 y el grupo al parecer la paso muy bien.<\/strong><\/p>\n\n\n<div class=\"wp-block-image\">\n<figure class=\"aligncenter\"><img loading=\"lazy\" decoding=\"async\" width=\"1000\" height=\"507\" src=\"http:\/\/www.laplatamagica.com.ar\/wp-content\/uploads\/2020\/07\/Escuelae-1.jpg\" alt=\"El Dr. Alfredo Palacios siendo presidente de la Universidad Nacional de La Plata, en la foto en el acto de cierre de la escuela de madera.\" class=\"wp-image-7683\" srcset=\"https:\/\/laplatamagica.ar\/wp-content\/uploads\/2020\/07\/Escuelae-1.jpg 1000w, https:\/\/laplatamagica.ar\/wp-content\/uploads\/2020\/07\/Escuelae-1-300x152.jpg 300w, https:\/\/laplatamagica.ar\/wp-content\/uploads\/2020\/07\/Escuelae-1-768x389.jpg 768w\" sizes=\"auto, (max-width: 709px) 85vw, (max-width: 909px) 67vw, (max-width: 1362px) 62vw, 840px\" \/><\/figure>\n<\/div>\n\n\n<p class=\"has-text-align-center\"><strong>El Dr. Alfredo Palacios siendo presidente de la Universidad Nacional de La Plata, en la foto en el acto de cierre de la escuela de madera y la colocaci\u00f3n de la piedra fundacional del nuevo edificio para la Escuela Graduada Joaqu\u00edn V. Gonz\u00e1lez el 14 de noviembre de 1942.<\/strong><\/p>\n\n\n\n<figure class=\"wp-block-image\"><img loading=\"lazy\" decoding=\"async\" width=\"1000\" height=\"640\" src=\"http:\/\/www.laplatamagica.com.ar\/wp-content\/uploads\/2020\/07\/Calle7ayer.jpg\" alt=\"Una imagen distinta de calle 7 desde la esquina de 42.\" class=\"wp-image-7636\" srcset=\"https:\/\/laplatamagica.ar\/wp-content\/uploads\/2020\/07\/Calle7ayer.jpg 1000w, https:\/\/laplatamagica.ar\/wp-content\/uploads\/2020\/07\/Calle7ayer-300x192.jpg 300w, https:\/\/laplatamagica.ar\/wp-content\/uploads\/2020\/07\/Calle7ayer-768x492.jpg 768w\" sizes=\"auto, (max-width: 709px) 85vw, (max-width: 909px) 67vw, (max-width: 1362px) 62vw, 840px\" \/><\/figure>\n\n\n\n<p class=\"has-text-align-center\"><strong>Una imagen distinta de calle 7 desde la esquina de 42, el edificio de 7 y 45 a la izquierda en construcci\u00f3n y el monumento en el centro en la plaza Italia.<\/strong><\/p>\n\n\n\n<figure class=\"wp-block-image\"><img loading=\"lazy\" decoding=\"async\" width=\"1000\" height=\"376\" src=\"http:\/\/www.laplatamagica.com.ar\/wp-content\/uploads\/2020\/08\/clementinas.jpg\" alt=\"\" class=\"wp-image-8063\" srcset=\"https:\/\/laplatamagica.ar\/wp-content\/uploads\/2020\/08\/clementinas.jpg 1000w, https:\/\/laplatamagica.ar\/wp-content\/uploads\/2020\/08\/clementinas-300x113.jpg 300w, https:\/\/laplatamagica.ar\/wp-content\/uploads\/2020\/08\/clementinas-768x289.jpg 768w\" sizes=\"auto, (max-width: 709px) 85vw, (max-width: 909px) 67vw, (max-width: 1362px) 62vw, 840px\" \/><\/figure>\n\n\n\n<p class=\"has-text-align-center\"><strong>Una de las locomotoras denominadas \u201cClementinas\u201d que &nbsp;hac\u00edan la conexi\u00f3n ferroviaria entre nuestra ciudad y los mataderos de Abasto.<\/strong><\/p>\n\n\n<div class=\"wp-block-image\">\n<figure class=\"aligncenter\"><img loading=\"lazy\" decoding=\"async\" width=\"1000\" height=\"507\" src=\"http:\/\/www.laplatamagica.com.ar\/wp-content\/uploads\/2020\/09\/comercial46.jpg\" alt=\"El ex comercial San Mart\u00edn de calle 46 n\u00b0 386 e\/2 y 3 actual escuela Media 31.\" class=\"wp-image-8107\" srcset=\"https:\/\/laplatamagica.ar\/wp-content\/uploads\/2020\/09\/comercial46.jpg 1000w, https:\/\/laplatamagica.ar\/wp-content\/uploads\/2020\/09\/comercial46-300x152.jpg 300w, https:\/\/laplatamagica.ar\/wp-content\/uploads\/2020\/09\/comercial46-768x389.jpg 768w\" sizes=\"auto, (max-width: 709px) 85vw, (max-width: 909px) 67vw, (max-width: 1362px) 62vw, 840px\" \/><figcaption class=\"wp-element-caption\"> <br><strong> El ex comercial San Mart\u00edn de calle 46 n\u00b0 386 e\/2 y 3 actual escuela Media 31.<\/strong><\/figcaption><\/figure>\n<\/div>\n\n\n<p><strong>El viernes 12 de mayo de 2017 se llev\u00f3 a cabo el Acto de Inauguraci\u00f3n luego de su Restauraci\u00f3n y Puesta en valor del Sal\u00f3n de Actos  del ex Comercial San Mart\u00edn. <\/strong><\/p>\n\n\n\n<p><strong>En el mismo, estuvieron presentes el Sr. Presidente del Honorable Senado de la Naci\u00f3n Federico Pinedo, el Sr Intendente Julio Garro, Presidente del Concejo Deliberante de la ciudad de La Plata Fernando Ponce, Subsecretario de la Juventud Sr. Agust\u00edn Scotti y dem\u00e1s funcionarios municipales junto con el Equipo Directivo, docentes, alumnos, Asociaci\u00f3n Cooperadora, ex docentes y ex alumnos de la comunidad educativa. El Gran Sal\u00f3n, tal como se lo denomin\u00f3 originalmente, se ha conservado por m\u00e1s de cien a\u00f1os con diferentes destinos. En sus inicios, ofici\u00f3 de sal\u00f3n comedor y sala de reuniones de la familia que all\u00ed habit\u00f3, una de las primeras de la ciudad. Una vez instalada la Escuela de Comercio funcionaron aulas, la biblioteca, sal\u00f3n de actos, y finalmente dep\u00f3sito.<\/strong><\/p>\n\n\n\n<p><strong>En materia de dise\u00f1o, all\u00ed nada qued\u00f3 al azar, por el contrario, fue fruto de una conjunci\u00f3n de un gran conocimiento de la arquitectura y una realizaci\u00f3n artesanal t\u00edpica de las t\u00e9cnicas provenientes de escuelas europeas.<\/strong><\/p>\n\n\n<div class=\"wp-block-image\">\n<figure class=\"aligncenter\"><img loading=\"lazy\" decoding=\"async\" width=\"1000\" height=\"383\" src=\"http:\/\/www.laplatamagica.com.ar\/wp-content\/uploads\/2020\/09\/comercial46A.jpg\" alt=\"El Gran Sal\u00f3n, tal como se lo denomin\u00f3 originalmente, se ha conservado por m\u00e1s de cien a\u00f1os\" class=\"wp-image-8108\" srcset=\"https:\/\/laplatamagica.ar\/wp-content\/uploads\/2020\/09\/comercial46A.jpg 1000w, https:\/\/laplatamagica.ar\/wp-content\/uploads\/2020\/09\/comercial46A-300x115.jpg 300w, https:\/\/laplatamagica.ar\/wp-content\/uploads\/2020\/09\/comercial46A-768x294.jpg 768w\" sizes=\"auto, (max-width: 709px) 85vw, (max-width: 909px) 67vw, (max-width: 1362px) 62vw, 840px\" \/><\/figure>\n<\/div>\n\n\n<p><strong>La magnificencia de la Sala se expresa a trav\u00e9s de gran cantidad de recursos ornamentales y de una diversidad de colores. En los muros, los elementos decorativos lucen como pilastras, frisos y capiteles que han sido modelados directamente en los revoques. En el cielorraso se enfatizaron molduras y elementos moldeados que demuestran el grado de refinamiento empleado en el trabajo del estucado.<\/strong><\/p>\n\n\n\n<p><strong>La superficie del cielorraso fue pintada con gran riqueza crom\u00e1tica, cuya tem\u00e1tica consiste en escenograf\u00edas aleg\u00f3ricas, y una alternancia de paisajes imaginarios y fantas\u00edas pastoriles, lo que nos puede remitir a la Escuela Veneciana del siglo XVIII. En ese espacio hay obras del artista Jos\u00e9 Speroni.<\/strong><\/p>\n\n\n\n<p><strong>Cabe mencionar la posibilidad de que algunos de estos murales ya hayan sido repintados o retocados, en m\u00e1s de 120 a\u00f1os de existencia de la finc<\/strong>a.<\/p>\n\n\n\n<p><strong>En la construcci\u00f3n se utilizaron materiales nobles, algunos importados de Europa, de acuerdo a la tendencia hacia fines del siglo XIX y principios del XX. As\u00ed lo demuestran algunos de los pisos, o la estufa hogar, por caso, construida en \u00e9bano tallado con plancha superior de m\u00e1rmol negro y corta chispas en fundici\u00f3n de bronce. Para la restauraci\u00f3n se  invirti\u00f3 mucho dinero, colaboro la Cooperadora y el resto la Provincia.<\/strong><\/p>\n\n\n\n<p><strong>Por Decreto N\u00b0 1084 de la Municipalidad de La Plata, los murales fueron declarados de \u201cInter\u00e9s Hist\u00f3rico Cultural\u201d, y el Sal\u00f3n y las galer\u00edas contiguas de \u201cInter\u00e9s Municipal\u201d.<\/strong><\/p>\n\n\n<div class=\"wp-block-image\">\n<figure class=\"aligncenter\"><img loading=\"lazy\" decoding=\"async\" width=\"1000\" height=\"635\" src=\"http:\/\/www.laplatamagica.com.ar\/wp-content\/uploads\/2020\/09\/Imagen-310.jpg\" alt=\"La tarea que debieron realizar los empleados Municipales con urgencia el 30 junio de 1938.\" class=\"wp-image-8181\" srcset=\"https:\/\/laplatamagica.ar\/wp-content\/uploads\/2020\/09\/Imagen-310.jpg 1000w, https:\/\/laplatamagica.ar\/wp-content\/uploads\/2020\/09\/Imagen-310-300x191.jpg 300w, https:\/\/laplatamagica.ar\/wp-content\/uploads\/2020\/09\/Imagen-310-768x488.jpg 768w\" sizes=\"auto, (max-width: 709px) 85vw, (max-width: 909px) 67vw, (max-width: 1362px) 62vw, 840px\" \/><\/figure>\n<\/div>\n\n\n<p class=\"has-text-align-center\"><strong>En la foto se observa la tarea que debieron realizar los empleados Municipales con urgencia el 30 junio de 1938 para despejar de desperdicios y de suciedad el sector de diagonal 74 y 22, por el cual despu\u00e9s desfilar\u00eda una verdadera multitud. <\/strong><\/p>\n\n\n<div class=\"wp-block-image\">\n<figure class=\"aligncenter\"><img loading=\"lazy\" decoding=\"async\" width=\"1000\" height=\"677\" src=\"http:\/\/www.laplatamagica.com.ar\/wp-content\/uploads\/2020\/09\/homenaje-a-sarmiento.jpg\" alt=\"Septiembre 11 de 1938, homenaje a Domingo Faustino Sarmiento en la Plaza Moreno.\" class=\"wp-image-8186\" srcset=\"https:\/\/laplatamagica.ar\/wp-content\/uploads\/2020\/09\/homenaje-a-sarmiento.jpg 1000w, https:\/\/laplatamagica.ar\/wp-content\/uploads\/2020\/09\/homenaje-a-sarmiento-300x203.jpg 300w, https:\/\/laplatamagica.ar\/wp-content\/uploads\/2020\/09\/homenaje-a-sarmiento-768x520.jpg 768w\" sizes=\"auto, (max-width: 709px) 85vw, (max-width: 909px) 67vw, (max-width: 1362px) 62vw, 840px\" \/><\/figure>\n<\/div>\n\n\n<p class=\"has-text-align-center\"><strong>Septiembre 11 de 1938, homenaje a Domingo Faustino Sarmiento en la Plaza Moreno.<\/strong><\/p>\n\n\n<div class=\"wp-block-image\">\n<figure class=\"aligncenter\"><img loading=\"lazy\" decoding=\"async\" width=\"1000\" height=\"667\" src=\"http:\/\/www.laplatamagica.com.ar\/wp-content\/uploads\/2020\/09\/diag.80y49.jpg\" alt=\"Se observa la Ferreter\u00eda &quot;Argentina, sobre la calle 49 y el cine Belgrano sobre la diagonal 80. La Plata\" class=\"wp-image-8188\" srcset=\"https:\/\/laplatamagica.ar\/wp-content\/uploads\/2020\/09\/diag.80y49.jpg 1000w, https:\/\/laplatamagica.ar\/wp-content\/uploads\/2020\/09\/diag.80y49-300x200.jpg 300w, https:\/\/laplatamagica.ar\/wp-content\/uploads\/2020\/09\/diag.80y49-768x512.jpg 768w\" sizes=\"auto, (max-width: 709px) 85vw, (max-width: 909px) 67vw, (max-width: 1362px) 62vw, 840px\" \/><\/figure>\n<\/div>\n\n\n<p class=\"has-text-align-center\"><strong>Vista de la d\u00e9cada del 60, donde se observa la Ferreter\u00eda &#8220;Argentina, sobre la calle 49 y el cine Belgrano sobre la diagonal 80. <\/strong><br><\/p>\n\n\n<div class=\"wp-block-image\">\n<figure class=\"aligncenter\"><img loading=\"lazy\" decoding=\"async\" width=\"1000\" height=\"623\" src=\"http:\/\/www.laplatamagica.com.ar\/wp-content\/uploads\/2021\/03\/Boris-Krakover.jpg\" alt=\"El organismo bonaerense tuvo a su primer fot\u00f3grafo Boris Krakover para dejar plasmada en im\u00e1genes los primeros a\u00f1os de la rica historia de la cartera sanitaria. \" class=\"wp-image-9739\" srcset=\"https:\/\/laplatamagica.ar\/wp-content\/uploads\/2021\/03\/Boris-Krakover.jpg 1000w, https:\/\/laplatamagica.ar\/wp-content\/uploads\/2021\/03\/Boris-Krakover-300x187.jpg 300w, https:\/\/laplatamagica.ar\/wp-content\/uploads\/2021\/03\/Boris-Krakover-768x478.jpg 768w\" sizes=\"auto, (max-width: 709px) 85vw, (max-width: 909px) 67vw, (max-width: 1362px) 62vw, 840px\" \/><figcaption class=\"wp-element-caption\">Fotos de Boris Krakover cortes\u00eda de Carlos Rango.<\/figcaption><\/figure>\n<\/div>\n\n\n<p class=\"has-text-align-center\"><strong>Boris Krakover que naci\u00f3 en 1919 y muri\u00f3 un 15 de diciembre del a\u00f1o 1999, era de una familia Austro-H\u00fangara. Jos\u00e9 Krakover, su padre, vino a la Argentina en los primeros a\u00f1os de 1900, se afinc\u00f3 en Campana donde naci\u00f3 Boris, aunque este muy joven se vino a La Plata y fue platense por adopci\u00f3n.<br> Despu\u00e9s de la creaci\u00f3n del Ministerio de Salud de la provincia de Buenos Aires, el organismo bonaerense tuvo a su primer fot\u00f3grafo Boris Krakover para dejar plasmada en im\u00e1genes los primeros a\u00f1os de la rica historia de la cartera sanitaria en la que trabajo hasta 1977, quien adem\u00e1s era actor y compositor de m\u00fasica tanguera, un distintivo personaje que brill\u00f3 en su juventud durante las d\u00e9cadas de los \u00b440 y \u00b450 en la bohemia de la ciudad utilizando un seud\u00f3nimo art\u00edstico \u201cMerry\u201d.<\/strong>L<strong>a familia Krakover ten\u00eda la peculiaridad que todos los hombres eran fot\u00f3grafos, reporteros y las mujeres iluminadoras y dibujaban y retocaban las fotos como se acostumbra en aquella \u00e9poca. <\/strong><\/p>\n\n\n\n<p class=\"has-text-align-center\"><strong>Galer\u00eda de Fotos Antiguas 11<\/strong><\/p>\n\n\n\n<hr class=\"wp-block-separator has-css-opacity is-style-wide\"\/>\n\n\n\n<h5 class=\"wp-block-heading has-text-align-center\"> <br><br>Galer\u00eda de Fotos&gt;&nbsp;<a href=\"http:\/\/www.laplatamagica.com.ar\/?page_id=922\">1&nbsp;&nbsp;<\/a><a href=\"http:\/\/www.laplatamagica.com.ar\/?page_id=1010\">2&nbsp;&nbsp;<\/a><a href=\"http:\/\/www.laplatamagica.com.ar\/?page_id=1121\">3&nbsp;<\/a><a href=\"http:\/\/www.laplatamagica.com.ar\/?page_id=1245\">4&nbsp;<\/a><a href=\"http:\/\/www.laplatamagica.com.ar\/?page_id=1404\">5&nbsp;<\/a><a href=\"http:\/\/www.laplatamagica.com.ar\/?page_id=1508\">6&nbsp;<\/a><a href=\"http:\/\/www.laplatamagica.com.ar\/?page_id=5305\">7&nbsp;<\/a><a href=\"http:\/\/www.laplatamagica.com.ar\/?page_id=6133\">8 <\/a><a href=\"http:\/\/www.laplatamagica.com.ar\/?page_id=6706\">9 <\/a><a href=\"http:\/\/www.laplatamagica.com.ar\/?page_id=6987\">10 <\/a><a href=\"http:\/\/www.laplatamagica.com.ar\/?page_id=7599\">11 <\/a><a href=\"http:\/\/www.laplatamagica.com.ar\/?page_id=8208\">12 <\/a><a href=\"http:\/\/www.laplatamagica.com.ar\/?page_id=8725\">13 <\/a><a href=\"http:\/\/www.laplatamagica.com.ar\/?page_id=9158\">14<\/a> <br><\/h5>\n\n\n\n<p class=\"has-text-align-center\"><strong><br><\/strong><\/p>\n","protected":false},"excerpt":{"rendered":"<p>Galer\u00eda de Fotos>\u00a01\u00a0\u00a02\u00a0\u00a03\u00a04\u00a05\u00a06\u00a07\u00a08 9 10 11 12 13 14 Vista de la Legislatura sobre calle 7 desde calle 51, cuando no se hab\u00edan colocado las rejas. Vista de la diagonal 79 en el a\u00f1o 1939, al fondo se aprecia la legislatura y la plaza San Mart\u00edn, la circulaci\u00f3n de veh\u00edculos es hacia la izquierda. Jefatura &hellip; <a href=\"https:\/\/laplatamagica.ar\/?page_id=7599\" class=\"more-link\">Continuar leyendo<span class=\"screen-reader-text\"> &#8220;Fotos Antiguas 11&#8221;<\/span><\/a><\/p>\n","protected":false},"author":1,"featured_media":0,"parent":0,"menu_order":0,"comment_status":"closed","ping_status":"closed","template":"","meta":{"switch_pages_title":"","h5ap_radio_sources":[],"footnotes":""},"class_list":["post-7599","page","type-page","status-publish","hentry"],"_links":{"self":[{"href":"https:\/\/laplatamagica.ar\/index.php?rest_route=\/wp\/v2\/pages\/7599","targetHints":{"allow":["GET"]}}],"collection":[{"href":"https:\/\/laplatamagica.ar\/index.php?rest_route=\/wp\/v2\/pages"}],"about":[{"href":"https:\/\/laplatamagica.ar\/index.php?rest_route=\/wp\/v2\/types\/page"}],"author":[{"embeddable":true,"href":"https:\/\/laplatamagica.ar\/index.php?rest_route=\/wp\/v2\/users\/1"}],"replies":[{"embeddable":true,"href":"https:\/\/laplatamagica.ar\/index.php?rest_route=%2Fwp%2Fv2%2Fcomments&post=7599"}],"version-history":[{"count":2,"href":"https:\/\/laplatamagica.ar\/index.php?rest_route=\/wp\/v2\/pages\/7599\/revisions"}],"predecessor-version":[{"id":12795,"href":"https:\/\/laplatamagica.ar\/index.php?rest_route=\/wp\/v2\/pages\/7599\/revisions\/12795"}],"wp:attachment":[{"href":"https:\/\/laplatamagica.ar\/index.php?rest_route=%2Fwp%2Fv2%2Fmedia&parent=7599"}],"curies":[{"name":"wp","href":"https:\/\/api.w.org\/{rel}","templated":true}]}}